{"id":1101,"date":"2025-10-12T10:36:33","date_gmt":"2025-10-12T08:36:33","guid":{"rendered":"https:\/\/kalandoroktarsasaga.hu\/?post_type=event&#038;p=1101"},"modified":"2025-10-31T18:46:41","modified_gmt":"2025-10-31T17:46:41","slug":"kilfar-romjai","status":"publish","type":"event","link":"https:\/\/kalandoroktarsasaga.hu\/index.php\/event\/kilfar-romjai\/","title":{"rendered":"Kilf\u00e4r romjai"},"content":{"rendered":"<p><b>Mes\u00e9l\u0151: <\/b>Hajdu Tibor (Kalevias)<img loading=\"lazy\" decoding=\"async\" class=\" wp-image-1237 alignright\" src=\"https:\/\/kalandoroktarsasaga.hu\/wp-content\/uploads\/2025\/10\/kilfar-terkepe-teljes-300x225.png\" alt=\"\" width=\"569\" height=\"427\" srcset=\"https:\/\/kalandoroktarsasaga.hu\/wp-content\/uploads\/2025\/10\/kilfar-terkepe-teljes-300x225.png 300w, https:\/\/kalandoroktarsasaga.hu\/wp-content\/uploads\/2025\/10\/kilfar-terkepe-teljes-1024x768.png 1024w, https:\/\/kalandoroktarsasaga.hu\/wp-content\/uploads\/2025\/10\/kilfar-terkepe-teljes-768x576.png 768w, https:\/\/kalandoroktarsasaga.hu\/wp-content\/uploads\/2025\/10\/kilfar-terkepe-teljes-1536x1152.png 1536w, https:\/\/kalandoroktarsasaga.hu\/wp-content\/uploads\/2025\/10\/kilfar-terkepe-teljes-2048x1536.png 2048w\" sizes=\"auto, (max-width: 569px) 100vw, 569px\" \/><\/p>\n<p><b>Rendszer:\u00a0<\/b>Kincseskamra<\/p>\n<p class=\"v1MsoNormal\"><b>Vil\u00e1g: <\/b>D\u00e9ra (Kincseskamra vil\u00e1ga)<\/p>\n<p class=\"v1MsoNormal\"><b>Kedvcsin\u00e1l\u00f3:\u00a0<\/b>Ami\u00f3ta az Anduri id\u0151sz\u00e1m\u00edt\u00e1s el\u0151tti negyedik \u00e9vezredben a legend\u00e1s\u00a0K\u00edr-birodalom elbukott, az\u00f3ta mes\u00e9lik a b\u00e1rdok \u00e9s a reg\u00f6s\u00f6k az \u0151si v\u00e1rosnak, Kilf\u00e4rnak a nagys\u00e1g\u00e1t \u00e9s gazdags\u00e1g\u00e1t. Ebben a v\u00e1rosban halmozt\u00e1k fel a\u00a0k\u00edr\u00a0fejedelmek a bronzkori vil\u00e1g minden gazdags\u00e1g\u00e1t.\u00a0Ethru\u00a0m\u00e1gusok elfeledett var\u00e1zslatait,\u00a0askhel\u00f3ni\u00a0papok szent erekly\u00e9it \u00e9s elf uradalmak kincseit\u00a0\u0151rizik\u00a0az elveszett v\u00e1ros kazamat\u00e1i. \u00c9vsz\u00e1zadok \u00f3ta senki sem tudta megmondani, hogy pontosan hol is lehet a k\u00edrek egykori f\u0151v\u00e1ros\u00e1nak marad\u00e9ka, de most \u00fagy t\u0171nik el\u0151ker\u00fclt egy t\u00e9rk\u00e9p, amelyen t\u00f6rp\u00e9k r\u00fan\u00e1i mes\u00e9lik el a\u00a0k\u00edrek\u00a0nyelv\u00e9n, hogy a legmer\u00e9szebb kincsvad\u00e1szok, hol tal\u00e1lhatj\u00e1k meg Kilf\u00e4r romjait.<\/p>\n<p class=\"v1MsoNormal\"><b>Ami v\u00e1rhat\u00f3: <\/b>9. szint\u0171 karakterek sz\u00e1m\u00e1ra\u00a0n\u00e9mi sz\u00f6rny \u00f6l\u00e9s, kazamat\u00e1k \u00e9s rem\u00e9lhet\u0151leg a v\u00e9g\u00e9n kincs.<\/p>\n<p class=\"v1MsoNormal\"><b>Karakterek: <\/b>7 el\u0151regy\u00e1rtott karakter<\/p>\n<p class=\"v1MsoNormal\">\u00a0<\/p>\n","protected":false},"excerpt":{"rendered":"<p>Mes\u00e9l\u0151: Hajdu Tibor (Kalevias) Rendszer:\u00a0Kincseskamra Vil\u00e1g: D\u00e9ra (Kincseskamra vil\u00e1ga) Kedvcsin\u00e1l\u00f3:\u00a0Ami\u00f3ta az Anduri id\u0151sz\u00e1m\u00edt\u00e1s el\u0151tti negyedik \u00e9vezredben a legend\u00e1s\u00a0K\u00edr-birodalom elbukott, az\u00f3ta mes\u00e9lik a b\u00e1rdok \u00e9s a reg\u00f6s\u00f6k az \u0151si v\u00e1rosnak, Kilf\u00e4rnak a nagys\u00e1g\u00e1t \u00e9s gazdags\u00e1g\u00e1t. Ebben a v\u00e1rosban halmozt\u00e1k fel a\u00a0k\u00edr\u00a0fejedelmek a bronzkori vil\u00e1g minden gazdags\u00e1g\u00e1t.\u00a0Ethru\u00a0m\u00e1gusok elfeledett var\u00e1zslatait,\u00a0askhel\u00f3ni\u00a0papok szent erekly\u00e9it \u00e9s elf uradalmak kincseit\u00a0\u0151rizik\u00a0az elveszett v\u00e1ros&#8230;<\/p>\n","protected":false},"author":1,"featured_media":0,"comment_status":"closed","ping_status":"closed","template":"","meta":{"_kadence_starter_templates_imported_post":false,"_kad_post_transparent":"default","_kad_post_title":"default","_kad_post_layout":"default","_kad_post_sidebar_id":"","_kad_post_content_style":"default","_kad_post_vertical_padding":"default","_kad_post_feature":"","_kad_post_feature_position":"","_kad_post_header":false,"_kad_post_footer":false,"footnotes":""},"categories":[13,10],"tags":[],"class_list":["post-1101","event","type-event","status-publish","hentry","category-kata-xiii","category-mesek"],"yoast_head":"<!-- This site is optimized with the Yoast SEO plugin v26.2 - https:\/\/yoast.com\/wordpress\/plugins\/seo\/ -->\n<title>Kilf\u00e4r romjai - Kalandorok T\u00e1rsas\u00e1ga<\/title>\n<meta name=\"robots\" content=\"index, follow, max-snippet:-1, max-image-preview:large, max-video-preview:-1\" \/>\n<link rel=\"canonical\" href=\"https:\/\/kalandoroktarsasaga.hu\/index.php\/event\/kilfar-romjai\/\" \/>\n<meta property=\"og:locale\" content=\"hu_HU\" \/>\n<meta property=\"og:type\" content=\"article\" \/>\n<meta property=\"og:title\" content=\"Kilf\u00e4r romjai - Kalandorok T\u00e1rsas\u00e1ga\" \/>\n<meta property=\"og:description\" content=\"Mes\u00e9l\u0151: Hajdu Tibor (Kalevias) Rendszer:\u00a0Kincseskamra Vil\u00e1g: D\u00e9ra (Kincseskamra vil\u00e1ga) Kedvcsin\u00e1l\u00f3:\u00a0Ami\u00f3ta az Anduri id\u0151sz\u00e1m\u00edt\u00e1s el\u0151tti negyedik \u00e9vezredben a legend\u00e1s\u00a0K\u00edr-birodalom elbukott, az\u00f3ta mes\u00e9lik a b\u00e1rdok \u00e9s a reg\u00f6s\u00f6k az \u0151si v\u00e1rosnak, Kilf\u00e4rnak a nagys\u00e1g\u00e1t \u00e9s gazdags\u00e1g\u00e1t. Ebben a v\u00e1rosban halmozt\u00e1k fel a\u00a0k\u00edr\u00a0fejedelmek a bronzkori vil\u00e1g minden gazdags\u00e1g\u00e1t.\u00a0Ethru\u00a0m\u00e1gusok elfeledett var\u00e1zslatait,\u00a0askhel\u00f3ni\u00a0papok szent erekly\u00e9it \u00e9s elf uradalmak kincseit\u00a0\u0151rizik\u00a0az elveszett v\u00e1ros...\" \/>\n<meta property=\"og:url\" content=\"https:\/\/kalandoroktarsasaga.hu\/index.php\/event\/kilfar-romjai\/\" \/>\n<meta property=\"og:site_name\" content=\"Kalandorok T\u00e1rsas\u00e1ga\" \/>\n<meta property=\"article:modified_time\" content=\"2025-10-31T17:46:41+00:00\" \/>\n<meta property=\"og:image\" content=\"https:\/\/kalandoroktarsasaga.hu\/wp-content\/uploads\/2025\/10\/kilfar-terkepe-teljes-1024x768.png\" \/>\n\t<meta property=\"og:image:width\" content=\"1024\" \/>\n\t<meta property=\"og:image:height\" content=\"768\" \/>\n\t<meta property=\"og:image:type\" content=\"image\/png\" \/>\n<meta name=\"twitter:card\" content=\"summary_large_image\" \/>\n<script type=\"application\/ld+json\" class=\"yoast-schema-graph\">{\"@context\":\"https:\/\/schema.org\",\"@graph\":[{\"@type\":\"WebPage\",\"@id\":\"https:\/\/kalandoroktarsasaga.hu\/index.php\/event\/kilfar-romjai\/\",\"url\":\"https:\/\/kalandoroktarsasaga.hu\/index.php\/event\/kilfar-romjai\/\",\"name\":\"Kilf\u00e4r romjai - Kalandorok T\u00e1rsas\u00e1ga\",\"isPartOf\":{\"@id\":\"https:\/\/kalandoroktarsasaga.hu\/#website\"},\"primaryImageOfPage\":{\"@id\":\"https:\/\/kalandoroktarsasaga.hu\/index.php\/event\/kilfar-romjai\/#primaryimage\"},\"image\":{\"@id\":\"https:\/\/kalandoroktarsasaga.hu\/index.php\/event\/kilfar-romjai\/#primaryimage\"},\"thumbnailUrl\":\"https:\/\/kalandoroktarsasaga.hu\/wp-content\/uploads\/2025\/10\/kilfar-terkepe-teljes-300x225.png\",\"datePublished\":\"2025-10-12T08:36:33+00:00\",\"dateModified\":\"2025-10-31T17:46:41+00:00\",\"breadcrumb\":{\"@id\":\"https:\/\/kalandoroktarsasaga.hu\/index.php\/event\/kilfar-romjai\/#breadcrumb\"},\"inLanguage\":\"hu\",\"potentialAction\":[{\"@type\":\"ReadAction\",\"target\":[\"https:\/\/kalandoroktarsasaga.hu\/index.php\/event\/kilfar-romjai\/\"]}]},{\"@type\":\"ImageObject\",\"inLanguage\":\"hu\",\"@id\":\"https:\/\/kalandoroktarsasaga.hu\/index.php\/event\/kilfar-romjai\/#primaryimage\",\"url\":\"https:\/\/kalandoroktarsasaga.hu\/wp-content\/uploads\/2025\/10\/kilfar-terkepe-teljes-scaled.png\",\"contentUrl\":\"https:\/\/kalandoroktarsasaga.hu\/wp-content\/uploads\/2025\/10\/kilfar-terkepe-teljes-scaled.png\",\"width\":2560,\"height\":1920},{\"@type\":\"BreadcrumbList\",\"@id\":\"https:\/\/kalandoroktarsasaga.hu\/index.php\/event\/kilfar-romjai\/#breadcrumb\",\"itemListElement\":[{\"@type\":\"ListItem\",\"position\":1,\"name\":\"Kezd\u0151lap\",\"item\":\"https:\/\/kalandoroktarsasaga.hu\/\"},{\"@type\":\"ListItem\",\"position\":2,\"name\":\"Events\",\"item\":\"https:\/\/kalandoroktarsasaga.hu\/index.php\/event\/\"},{\"@type\":\"ListItem\",\"position\":3,\"name\":\"Kilf\u00e4r romjai\"}]},{\"@type\":\"WebSite\",\"@id\":\"https:\/\/kalandoroktarsasaga.hu\/#website\",\"url\":\"https:\/\/kalandoroktarsasaga.hu\/\",\"name\":\"Kalandorok T\u00e1rsas\u00e1ga\",\"description\":\"Szerepj\u00e1t\u00e9kos rendezv\u00e9nyeket szervez\u00fcnk - veletek, nektek\",\"publisher\":{\"@id\":\"https:\/\/kalandoroktarsasaga.hu\/#organization\"},\"potentialAction\":[{\"@type\":\"SearchAction\",\"target\":{\"@type\":\"EntryPoint\",\"urlTemplate\":\"https:\/\/kalandoroktarsasaga.hu\/?s={search_term_string}\"},\"query-input\":{\"@type\":\"PropertyValueSpecification\",\"valueRequired\":true,\"valueName\":\"search_term_string\"}}],\"inLanguage\":\"hu\"},{\"@type\":\"Organization\",\"@id\":\"https:\/\/kalandoroktarsasaga.hu\/#organization\",\"name\":\"Kalandorok T\u00e1rsas\u00e1ga\",\"url\":\"https:\/\/kalandoroktarsasaga.hu\/\",\"logo\":{\"@type\":\"ImageObject\",\"inLanguage\":\"hu\",\"@id\":\"https:\/\/kalandoroktarsasaga.hu\/#\/schema\/logo\/image\/\",\"url\":\"https:\/\/kalandoroktarsasaga.hu\/wp-content\/uploads\/2023\/08\/cropped-Logo-1.png\",\"contentUrl\":\"https:\/\/kalandoroktarsasaga.hu\/wp-content\/uploads\/2023\/08\/cropped-Logo-1.png\",\"width\":599,\"height\":832,\"caption\":\"Kalandorok T\u00e1rsas\u00e1ga\"},\"image\":{\"@id\":\"https:\/\/kalandoroktarsasaga.hu\/#\/schema\/logo\/image\/\"}}]}<\/script>\n<!-- \/ Yoast SEO plugin. -->","yoast_head_json":{"title":"Kilf\u00e4r romjai - Kalandorok T\u00e1rsas\u00e1ga","robots":{"index":"index","follow":"follow","max-snippet":"max-snippet:-1","max-image-preview":"max-image-preview:large","max-video-preview":"max-video-preview:-1"},"canonical":"https:\/\/kalandoroktarsasaga.hu\/index.php\/event\/kilfar-romjai\/","og_locale":"hu_HU","og_type":"article","og_title":"Kilf\u00e4r romjai - Kalandorok T\u00e1rsas\u00e1ga","og_description":"Mes\u00e9l\u0151: Hajdu Tibor (Kalevias) Rendszer:\u00a0Kincseskamra Vil\u00e1g: D\u00e9ra (Kincseskamra vil\u00e1ga) Kedvcsin\u00e1l\u00f3:\u00a0Ami\u00f3ta az Anduri id\u0151sz\u00e1m\u00edt\u00e1s el\u0151tti negyedik \u00e9vezredben a legend\u00e1s\u00a0K\u00edr-birodalom elbukott, az\u00f3ta mes\u00e9lik a b\u00e1rdok \u00e9s a reg\u00f6s\u00f6k az \u0151si v\u00e1rosnak, Kilf\u00e4rnak a nagys\u00e1g\u00e1t \u00e9s gazdags\u00e1g\u00e1t. Ebben a v\u00e1rosban halmozt\u00e1k fel a\u00a0k\u00edr\u00a0fejedelmek a bronzkori vil\u00e1g minden gazdags\u00e1g\u00e1t.\u00a0Ethru\u00a0m\u00e1gusok elfeledett var\u00e1zslatait,\u00a0askhel\u00f3ni\u00a0papok szent erekly\u00e9it \u00e9s elf uradalmak kincseit\u00a0\u0151rizik\u00a0az elveszett v\u00e1ros...","og_url":"https:\/\/kalandoroktarsasaga.hu\/index.php\/event\/kilfar-romjai\/","og_site_name":"Kalandorok T\u00e1rsas\u00e1ga","article_modified_time":"2025-10-31T17:46:41+00:00","og_image":[{"width":1024,"height":768,"url":"https:\/\/kalandoroktarsasaga.hu\/wp-content\/uploads\/2025\/10\/kilfar-terkepe-teljes-1024x768.png","type":"image\/png"}],"twitter_card":"summary_large_image","schema":{"@context":"https:\/\/schema.org","@graph":[{"@type":"WebPage","@id":"https:\/\/kalandoroktarsasaga.hu\/index.php\/event\/kilfar-romjai\/","url":"https:\/\/kalandoroktarsasaga.hu\/index.php\/event\/kilfar-romjai\/","name":"Kilf\u00e4r romjai - Kalandorok T\u00e1rsas\u00e1ga","isPartOf":{"@id":"https:\/\/kalandoroktarsasaga.hu\/#website"},"primaryImageOfPage":{"@id":"https:\/\/kalandoroktarsasaga.hu\/index.php\/event\/kilfar-romjai\/#primaryimage"},"image":{"@id":"https:\/\/kalandoroktarsasaga.hu\/index.php\/event\/kilfar-romjai\/#primaryimage"},"thumbnailUrl":"https:\/\/kalandoroktarsasaga.hu\/wp-content\/uploads\/2025\/10\/kilfar-terkepe-teljes-300x225.png","datePublished":"2025-10-12T08:36:33+00:00","dateModified":"2025-10-31T17:46:41+00:00","breadcrumb":{"@id":"https:\/\/kalandoroktarsasaga.hu\/index.php\/event\/kilfar-romjai\/#breadcrumb"},"inLanguage":"hu","potentialAction":[{"@type":"ReadAction","target":["https:\/\/kalandoroktarsasaga.hu\/index.php\/event\/kilfar-romjai\/"]}]},{"@type":"ImageObject","inLanguage":"hu","@id":"https:\/\/kalandoroktarsasaga.hu\/index.php\/event\/kilfar-romjai\/#primaryimage","url":"https:\/\/kalandoroktarsasaga.hu\/wp-content\/uploads\/2025\/10\/kilfar-terkepe-teljes-scaled.png","contentUrl":"https:\/\/kalandoroktarsasaga.hu\/wp-content\/uploads\/2025\/10\/kilfar-terkepe-teljes-scaled.png","width":2560,"height":1920},{"@type":"BreadcrumbList","@id":"https:\/\/kalandoroktarsasaga.hu\/index.php\/event\/kilfar-romjai\/#breadcrumb","itemListElement":[{"@type":"ListItem","position":1,"name":"Kezd\u0151lap","item":"https:\/\/kalandoroktarsasaga.hu\/"},{"@type":"ListItem","position":2,"name":"Events","item":"https:\/\/kalandoroktarsasaga.hu\/index.php\/event\/"},{"@type":"ListItem","position":3,"name":"Kilf\u00e4r romjai"}]},{"@type":"WebSite","@id":"https:\/\/kalandoroktarsasaga.hu\/#website","url":"https:\/\/kalandoroktarsasaga.hu\/","name":"Kalandorok T\u00e1rsas\u00e1ga","description":"Szerepj\u00e1t\u00e9kos rendezv\u00e9nyeket szervez\u00fcnk - veletek, nektek","publisher":{"@id":"https:\/\/kalandoroktarsasaga.hu\/#organization"},"potentialAction":[{"@type":"SearchAction","target":{"@type":"EntryPoint","urlTemplate":"https:\/\/kalandoroktarsasaga.hu\/?s={search_term_string}"},"query-input":{"@type":"PropertyValueSpecification","valueRequired":true,"valueName":"search_term_string"}}],"inLanguage":"hu"},{"@type":"Organization","@id":"https:\/\/kalandoroktarsasaga.hu\/#organization","name":"Kalandorok T\u00e1rsas\u00e1ga","url":"https:\/\/kalandoroktarsasaga.hu\/","logo":{"@type":"ImageObject","inLanguage":"hu","@id":"https:\/\/kalandoroktarsasaga.hu\/#\/schema\/logo\/image\/","url":"https:\/\/kalandoroktarsasaga.hu\/wp-content\/uploads\/2023\/08\/cropped-Logo-1.png","contentUrl":"https:\/\/kalandoroktarsasaga.hu\/wp-content\/uploads\/2023\/08\/cropped-Logo-1.png","width":599,"height":832,"caption":"Kalandorok T\u00e1rsas\u00e1ga"},"image":{"@id":"https:\/\/kalandoroktarsasaga.hu\/#\/schema\/logo\/image\/"}}]}},"_links":{"self":[{"href":"https:\/\/kalandoroktarsasaga.hu\/index.php\/wp-json\/wp\/v2\/event\/1101","targetHints":{"allow":["GET"]}}],"collection":[{"href":"https:\/\/kalandoroktarsasaga.hu\/index.php\/wp-json\/wp\/v2\/event"}],"about":[{"href":"https:\/\/kalandoroktarsasaga.hu\/index.php\/wp-json\/wp\/v2\/types\/event"}],"author":[{"embeddable":true,"href":"https:\/\/kalandoroktarsasaga.hu\/index.php\/wp-json\/wp\/v2\/users\/1"}],"replies":[{"embeddable":true,"href":"https:\/\/kalandoroktarsasaga.hu\/index.php\/wp-json\/wp\/v2\/comments?post=1101"}],"version-history":[{"count":3,"href":"https:\/\/kalandoroktarsasaga.hu\/index.php\/wp-json\/wp\/v2\/event\/1101\/revisions"}],"predecessor-version":[{"id":1238,"href":"https:\/\/kalandoroktarsasaga.hu\/index.php\/wp-json\/wp\/v2\/event\/1101\/revisions\/1238"}],"wp:attachment":[{"href":"https:\/\/kalandoroktarsasaga.hu\/index.php\/wp-json\/wp\/v2\/media?parent=1101"}],"wp:term":[{"taxonomy":"category","embeddable":true,"href":"https:\/\/kalandoroktarsasaga.hu\/index.php\/wp-json\/wp\/v2\/categories?post=1101"},{"taxonomy":"post_tag","embeddable":true,"href":"https:\/\/kalandoroktarsasaga.hu\/index.php\/wp-json\/wp\/v2\/tags?post=1101"}],"curies":[{"name":"wp","href":"https:\/\/api.w.org\/{rel}","templated":true}]}}