{"id":1105,"date":"2025-10-12T10:35:06","date_gmt":"2025-10-12T08:35:06","guid":{"rendered":"https:\/\/kalandoroktarsasaga.hu\/?post_type=event&#038;p=1105"},"modified":"2025-10-31T18:46:56","modified_gmt":"2025-10-31T17:46:56","slug":"a-kek-mauzoleum","status":"publish","type":"event","link":"https:\/\/kalandoroktarsasaga.hu\/index.php\/event\/a-kek-mauzoleum\/","title":{"rendered":"A K\u00e9k Mauz\u00f3leum"},"content":{"rendered":"<p><strong>Mes\u00e9l\u0151<\/strong>: elGabor<img loading=\"lazy\" decoding=\"async\" class=\" wp-image-1229 alignright\" src=\"https:\/\/kalandoroktarsasaga.hu\/wp-content\/uploads\/2025\/10\/kek_mauzoleum-300x300.jpg\" alt=\"\" width=\"516\" height=\"516\" srcset=\"https:\/\/kalandoroktarsasaga.hu\/wp-content\/uploads\/2025\/10\/kek_mauzoleum-300x300.jpg 300w, https:\/\/kalandoroktarsasaga.hu\/wp-content\/uploads\/2025\/10\/kek_mauzoleum-150x150.jpg 150w, https:\/\/kalandoroktarsasaga.hu\/wp-content\/uploads\/2025\/10\/kek_mauzoleum-768x768.jpg 768w, https:\/\/kalandoroktarsasaga.hu\/wp-content\/uploads\/2025\/10\/kek_mauzoleum.jpg 1024w\" sizes=\"auto, (max-width: 516px) 100vw, 516px\" \/><\/p>\n<p><strong>Rendszer: <\/strong>Kard \u00e9s M\u00e1gia 2. kiad\u00e1s<\/p>\n<p><strong>Vil\u00e1g<\/strong>: V\u00e1ndorf\u00f6ldek, Kass\u00e1dia<\/p>\n<p>A K\u00e9k Mauz\u00f3leum hossz\u00fa sz\u00e1zadokon \u00e1t szolg\u00e1lt sz\u00e9p Frab\u00f3tia \u00e9s Pellagrisz v\u00e1ros\u00e1nak temetkez\u0151hely\u00e9\u00fcl. A birodalmi polg\u00e1rokat egy olyan s\u00edrkomplexumban helyezt\u00e9k v\u00e9gs\u0151 nyugalomra, amelybe m\u00e1r a h\u00f3d\u00edt\u00f3kat megel\u0151z\u0151 archaikus n\u00e9pek is temetkeztek, azonban a zegzugos kis j\u00e1ratok helyett a Birodalom dics\u0151s\u00e9g\u00e9t hirdetend\u0151 t\u00e1gas csarnokok \u00e9s t\u00f6bbszintes gal\u00e9ri\u00e1k \u00e9p\u00fcltek. A ma m\u00e1r kihalt Variani-csal\u00e1d kapta a feladatot, hogy a folyos\u00f3k labirintus\u00e1t meg\u00e9p\u00edts\u00e9k, majd csapd\u00e1it \u00e9s \u0151rz\u0151it nemzed\u00e9keken \u00e1t j\u00f3 karban tarts\u00e1k. Ezekben a lehanyatlott id\u0151kben m\u00e1r csak kevesen temetkeznek a K\u00e9k Mauz\u00f3leumban, s Frab\u00f3tia megfogyatkozott n\u00e9pess\u00e9g\u00e9nek nem is sz\u00fcks\u00e9ges egy ilyen kiterjedt katakombarendszer. A s\u00edrkamr\u00e1k teh\u00e1t t\u00f6bbnyire elhagyatottan szunnyadnak a m\u00e9lyben \u2013 de kincseiket elragadni nem lesz k\u00f6nny\u0171 feladat!<\/p>\n<p><strong>Ami v\u00e1rhat\u00f3<\/strong>: Labirintuskaland egy t\u00f6bbszint\u0171 katakomb\u00e1ban, nem csak \u00e9l\u0151halottakkal (de lesz bel\u0151l\u00fck is). Birodalmi dics\u0151s\u00e9g, excentrikus s\u00edrboltok. A kalandra indul\u00f3k k\u00e9t v\u00e9letlenszer\u0171 kincses t\u00e9rk\u00e9pet kapnak.<\/p>\n<p><strong>Karakterek<\/strong>: \u00d6t\u00f6dik szint\u0171, el\u0151re gener\u00e1lt vagy otthonr\u00f3l hozott Kard \u00e9s M\u00e1gia karakterek.<\/p>\n","protected":false},"excerpt":{"rendered":"<p>Mes\u00e9l\u0151: elGabor Rendszer: Kard \u00e9s M\u00e1gia 2. kiad\u00e1s Vil\u00e1g: V\u00e1ndorf\u00f6ldek, Kass\u00e1dia A K\u00e9k Mauz\u00f3leum hossz\u00fa sz\u00e1zadokon \u00e1t szolg\u00e1lt sz\u00e9p Frab\u00f3tia \u00e9s Pellagrisz v\u00e1ros\u00e1nak temetkez\u0151hely\u00e9\u00fcl. A birodalmi polg\u00e1rokat egy olyan s\u00edrkomplexumban helyezt\u00e9k v\u00e9gs\u0151 nyugalomra, amelybe m\u00e1r a h\u00f3d\u00edt\u00f3kat megel\u0151z\u0151 archaikus n\u00e9pek is temetkeztek, azonban a zegzugos kis j\u00e1ratok helyett a Birodalom dics\u0151s\u00e9g\u00e9t hirdetend\u0151 t\u00e1gas csarnokok \u00e9s&#8230;<\/p>\n","protected":false},"author":1,"featured_media":0,"comment_status":"open","ping_status":"closed","template":"","meta":{"_kadence_starter_templates_imported_post":false,"_kad_post_transparent":"default","_kad_post_title":"default","_kad_post_layout":"default","_kad_post_sidebar_id":"","_kad_post_content_style":"default","_kad_post_vertical_padding":"default","_kad_post_feature":"","_kad_post_feature_position":"","_kad_post_header":false,"_kad_post_footer":false,"footnotes":""},"categories":[13,10],"tags":[],"class_list":["post-1105","event","type-event","status-publish","hentry","category-kata-xiii","category-mesek"],"yoast_head":"<!-- This site is optimized with the Yoast SEO plugin v26.2 - https:\/\/yoast.com\/wordpress\/plugins\/seo\/ -->\n<title>A K\u00e9k Mauz\u00f3leum - Kalandorok T\u00e1rsas\u00e1ga<\/title>\n<meta name=\"robots\" content=\"index, follow, max-snippet:-1, max-image-preview:large, max-video-preview:-1\" \/>\n<link rel=\"canonical\" href=\"https:\/\/kalandoroktarsasaga.hu\/index.php\/event\/a-kek-mauzoleum\/\" \/>\n<meta property=\"og:locale\" content=\"hu_HU\" \/>\n<meta property=\"og:type\" content=\"article\" \/>\n<meta property=\"og:title\" content=\"A K\u00e9k Mauz\u00f3leum - Kalandorok T\u00e1rsas\u00e1ga\" \/>\n<meta property=\"og:description\" content=\"Mes\u00e9l\u0151: elGabor Rendszer: Kard \u00e9s M\u00e1gia 2. kiad\u00e1s Vil\u00e1g: V\u00e1ndorf\u00f6ldek, Kass\u00e1dia A K\u00e9k Mauz\u00f3leum hossz\u00fa sz\u00e1zadokon \u00e1t szolg\u00e1lt sz\u00e9p Frab\u00f3tia \u00e9s Pellagrisz v\u00e1ros\u00e1nak temetkez\u0151hely\u00e9\u00fcl. A birodalmi polg\u00e1rokat egy olyan s\u00edrkomplexumban helyezt\u00e9k v\u00e9gs\u0151 nyugalomra, amelybe m\u00e1r a h\u00f3d\u00edt\u00f3kat megel\u0151z\u0151 archaikus n\u00e9pek is temetkeztek, azonban a zegzugos kis j\u00e1ratok helyett a Birodalom dics\u0151s\u00e9g\u00e9t hirdetend\u0151 t\u00e1gas csarnokok \u00e9s...\" \/>\n<meta property=\"og:url\" content=\"https:\/\/kalandoroktarsasaga.hu\/index.php\/event\/a-kek-mauzoleum\/\" \/>\n<meta property=\"og:site_name\" content=\"Kalandorok T\u00e1rsas\u00e1ga\" \/>\n<meta property=\"article:modified_time\" content=\"2025-10-31T17:46:56+00:00\" \/>\n<meta property=\"og:image\" content=\"https:\/\/kalandoroktarsasaga.hu\/wp-content\/uploads\/2025\/10\/kek_mauzoleum.jpg\" \/>\n\t<meta property=\"og:image:width\" content=\"1024\" \/>\n\t<meta property=\"og:image:height\" content=\"1024\" \/>\n\t<meta property=\"og:image:type\" content=\"image\/jpeg\" \/>\n<meta name=\"twitter:card\" content=\"summary_large_image\" \/>\n<script type=\"application\/ld+json\" class=\"yoast-schema-graph\">{\"@context\":\"https:\/\/schema.org\",\"@graph\":[{\"@type\":\"WebPage\",\"@id\":\"https:\/\/kalandoroktarsasaga.hu\/index.php\/event\/a-kek-mauzoleum\/\",\"url\":\"https:\/\/kalandoroktarsasaga.hu\/index.php\/event\/a-kek-mauzoleum\/\",\"name\":\"A K\u00e9k Mauz\u00f3leum - Kalandorok T\u00e1rsas\u00e1ga\",\"isPartOf\":{\"@id\":\"https:\/\/kalandoroktarsasaga.hu\/#website\"},\"primaryImageOfPage\":{\"@id\":\"https:\/\/kalandoroktarsasaga.hu\/index.php\/event\/a-kek-mauzoleum\/#primaryimage\"},\"image\":{\"@id\":\"https:\/\/kalandoroktarsasaga.hu\/index.php\/event\/a-kek-mauzoleum\/#primaryimage\"},\"thumbnailUrl\":\"https:\/\/kalandoroktarsasaga.hu\/wp-content\/uploads\/2025\/10\/kek_mauzoleum-300x300.jpg\",\"datePublished\":\"2025-10-12T08:35:06+00:00\",\"dateModified\":\"2025-10-31T17:46:56+00:00\",\"breadcrumb\":{\"@id\":\"https:\/\/kalandoroktarsasaga.hu\/index.php\/event\/a-kek-mauzoleum\/#breadcrumb\"},\"inLanguage\":\"hu\",\"potentialAction\":[{\"@type\":\"ReadAction\",\"target\":[\"https:\/\/kalandoroktarsasaga.hu\/index.php\/event\/a-kek-mauzoleum\/\"]}]},{\"@type\":\"ImageObject\",\"inLanguage\":\"hu\",\"@id\":\"https:\/\/kalandoroktarsasaga.hu\/index.php\/event\/a-kek-mauzoleum\/#primaryimage\",\"url\":\"https:\/\/kalandoroktarsasaga.hu\/wp-content\/uploads\/2025\/10\/kek_mauzoleum.jpg\",\"contentUrl\":\"https:\/\/kalandoroktarsasaga.hu\/wp-content\/uploads\/2025\/10\/kek_mauzoleum.jpg\",\"width\":1024,\"height\":1024},{\"@type\":\"BreadcrumbList\",\"@id\":\"https:\/\/kalandoroktarsasaga.hu\/index.php\/event\/a-kek-mauzoleum\/#breadcrumb\",\"itemListElement\":[{\"@type\":\"ListItem\",\"position\":1,\"name\":\"Kezd\u0151lap\",\"item\":\"https:\/\/kalandoroktarsasaga.hu\/\"},{\"@type\":\"ListItem\",\"position\":2,\"name\":\"Events\",\"item\":\"https:\/\/kalandoroktarsasaga.hu\/index.php\/event\/\"},{\"@type\":\"ListItem\",\"position\":3,\"name\":\"A K\u00e9k Mauz\u00f3leum\"}]},{\"@type\":\"WebSite\",\"@id\":\"https:\/\/kalandoroktarsasaga.hu\/#website\",\"url\":\"https:\/\/kalandoroktarsasaga.hu\/\",\"name\":\"Kalandorok T\u00e1rsas\u00e1ga\",\"description\":\"Szerepj\u00e1t\u00e9kos rendezv\u00e9nyeket szervez\u00fcnk - veletek, nektek\",\"publisher\":{\"@id\":\"https:\/\/kalandoroktarsasaga.hu\/#organization\"},\"potentialAction\":[{\"@type\":\"SearchAction\",\"target\":{\"@type\":\"EntryPoint\",\"urlTemplate\":\"https:\/\/kalandoroktarsasaga.hu\/?s={search_term_string}\"},\"query-input\":{\"@type\":\"PropertyValueSpecification\",\"valueRequired\":true,\"valueName\":\"search_term_string\"}}],\"inLanguage\":\"hu\"},{\"@type\":\"Organization\",\"@id\":\"https:\/\/kalandoroktarsasaga.hu\/#organization\",\"name\":\"Kalandorok T\u00e1rsas\u00e1ga\",\"url\":\"https:\/\/kalandoroktarsasaga.hu\/\",\"logo\":{\"@type\":\"ImageObject\",\"inLanguage\":\"hu\",\"@id\":\"https:\/\/kalandoroktarsasaga.hu\/#\/schema\/logo\/image\/\",\"url\":\"https:\/\/kalandoroktarsasaga.hu\/wp-content\/uploads\/2023\/08\/cropped-Logo-1.png\",\"contentUrl\":\"https:\/\/kalandoroktarsasaga.hu\/wp-content\/uploads\/2023\/08\/cropped-Logo-1.png\",\"width\":599,\"height\":832,\"caption\":\"Kalandorok T\u00e1rsas\u00e1ga\"},\"image\":{\"@id\":\"https:\/\/kalandoroktarsasaga.hu\/#\/schema\/logo\/image\/\"}}]}<\/script>\n<!-- \/ Yoast SEO plugin. -->","yoast_head_json":{"title":"A K\u00e9k Mauz\u00f3leum - Kalandorok T\u00e1rsas\u00e1ga","robots":{"index":"index","follow":"follow","max-snippet":"max-snippet:-1","max-image-preview":"max-image-preview:large","max-video-preview":"max-video-preview:-1"},"canonical":"https:\/\/kalandoroktarsasaga.hu\/index.php\/event\/a-kek-mauzoleum\/","og_locale":"hu_HU","og_type":"article","og_title":"A K\u00e9k Mauz\u00f3leum - Kalandorok T\u00e1rsas\u00e1ga","og_description":"Mes\u00e9l\u0151: elGabor Rendszer: Kard \u00e9s M\u00e1gia 2. kiad\u00e1s Vil\u00e1g: V\u00e1ndorf\u00f6ldek, Kass\u00e1dia A K\u00e9k Mauz\u00f3leum hossz\u00fa sz\u00e1zadokon \u00e1t szolg\u00e1lt sz\u00e9p Frab\u00f3tia \u00e9s Pellagrisz v\u00e1ros\u00e1nak temetkez\u0151hely\u00e9\u00fcl. A birodalmi polg\u00e1rokat egy olyan s\u00edrkomplexumban helyezt\u00e9k v\u00e9gs\u0151 nyugalomra, amelybe m\u00e1r a h\u00f3d\u00edt\u00f3kat megel\u0151z\u0151 archaikus n\u00e9pek is temetkeztek, azonban a zegzugos kis j\u00e1ratok helyett a Birodalom dics\u0151s\u00e9g\u00e9t hirdetend\u0151 t\u00e1gas csarnokok \u00e9s...","og_url":"https:\/\/kalandoroktarsasaga.hu\/index.php\/event\/a-kek-mauzoleum\/","og_site_name":"Kalandorok T\u00e1rsas\u00e1ga","article_modified_time":"2025-10-31T17:46:56+00:00","og_image":[{"width":1024,"height":1024,"url":"https:\/\/kalandoroktarsasaga.hu\/wp-content\/uploads\/2025\/10\/kek_mauzoleum.jpg","type":"image\/jpeg"}],"twitter_card":"summary_large_image","schema":{"@context":"https:\/\/schema.org","@graph":[{"@type":"WebPage","@id":"https:\/\/kalandoroktarsasaga.hu\/index.php\/event\/a-kek-mauzoleum\/","url":"https:\/\/kalandoroktarsasaga.hu\/index.php\/event\/a-kek-mauzoleum\/","name":"A K\u00e9k Mauz\u00f3leum - Kalandorok T\u00e1rsas\u00e1ga","isPartOf":{"@id":"https:\/\/kalandoroktarsasaga.hu\/#website"},"primaryImageOfPage":{"@id":"https:\/\/kalandoroktarsasaga.hu\/index.php\/event\/a-kek-mauzoleum\/#primaryimage"},"image":{"@id":"https:\/\/kalandoroktarsasaga.hu\/index.php\/event\/a-kek-mauzoleum\/#primaryimage"},"thumbnailUrl":"https:\/\/kalandoroktarsasaga.hu\/wp-content\/uploads\/2025\/10\/kek_mauzoleum-300x300.jpg","datePublished":"2025-10-12T08:35:06+00:00","dateModified":"2025-10-31T17:46:56+00:00","breadcrumb":{"@id":"https:\/\/kalandoroktarsasaga.hu\/index.php\/event\/a-kek-mauzoleum\/#breadcrumb"},"inLanguage":"hu","potentialAction":[{"@type":"ReadAction","target":["https:\/\/kalandoroktarsasaga.hu\/index.php\/event\/a-kek-mauzoleum\/"]}]},{"@type":"ImageObject","inLanguage":"hu","@id":"https:\/\/kalandoroktarsasaga.hu\/index.php\/event\/a-kek-mauzoleum\/#primaryimage","url":"https:\/\/kalandoroktarsasaga.hu\/wp-content\/uploads\/2025\/10\/kek_mauzoleum.jpg","contentUrl":"https:\/\/kalandoroktarsasaga.hu\/wp-content\/uploads\/2025\/10\/kek_mauzoleum.jpg","width":1024,"height":1024},{"@type":"BreadcrumbList","@id":"https:\/\/kalandoroktarsasaga.hu\/index.php\/event\/a-kek-mauzoleum\/#breadcrumb","itemListElement":[{"@type":"ListItem","position":1,"name":"Kezd\u0151lap","item":"https:\/\/kalandoroktarsasaga.hu\/"},{"@type":"ListItem","position":2,"name":"Events","item":"https:\/\/kalandoroktarsasaga.hu\/index.php\/event\/"},{"@type":"ListItem","position":3,"name":"A K\u00e9k Mauz\u00f3leum"}]},{"@type":"WebSite","@id":"https:\/\/kalandoroktarsasaga.hu\/#website","url":"https:\/\/kalandoroktarsasaga.hu\/","name":"Kalandorok T\u00e1rsas\u00e1ga","description":"Szerepj\u00e1t\u00e9kos rendezv\u00e9nyeket szervez\u00fcnk - veletek, nektek","publisher":{"@id":"https:\/\/kalandoroktarsasaga.hu\/#organization"},"potentialAction":[{"@type":"SearchAction","target":{"@type":"EntryPoint","urlTemplate":"https:\/\/kalandoroktarsasaga.hu\/?s={search_term_string}"},"query-input":{"@type":"PropertyValueSpecification","valueRequired":true,"valueName":"search_term_string"}}],"inLanguage":"hu"},{"@type":"Organization","@id":"https:\/\/kalandoroktarsasaga.hu\/#organization","name":"Kalandorok T\u00e1rsas\u00e1ga","url":"https:\/\/kalandoroktarsasaga.hu\/","logo":{"@type":"ImageObject","inLanguage":"hu","@id":"https:\/\/kalandoroktarsasaga.hu\/#\/schema\/logo\/image\/","url":"https:\/\/kalandoroktarsasaga.hu\/wp-content\/uploads\/2023\/08\/cropped-Logo-1.png","contentUrl":"https:\/\/kalandoroktarsasaga.hu\/wp-content\/uploads\/2023\/08\/cropped-Logo-1.png","width":599,"height":832,"caption":"Kalandorok T\u00e1rsas\u00e1ga"},"image":{"@id":"https:\/\/kalandoroktarsasaga.hu\/#\/schema\/logo\/image\/"}}]}},"_links":{"self":[{"href":"https:\/\/kalandoroktarsasaga.hu\/index.php\/wp-json\/wp\/v2\/event\/1105","targetHints":{"allow":["GET"]}}],"collection":[{"href":"https:\/\/kalandoroktarsasaga.hu\/index.php\/wp-json\/wp\/v2\/event"}],"about":[{"href":"https:\/\/kalandoroktarsasaga.hu\/index.php\/wp-json\/wp\/v2\/types\/event"}],"author":[{"embeddable":true,"href":"https:\/\/kalandoroktarsasaga.hu\/index.php\/wp-json\/wp\/v2\/users\/1"}],"replies":[{"embeddable":true,"href":"https:\/\/kalandoroktarsasaga.hu\/index.php\/wp-json\/wp\/v2\/comments?post=1105"}],"version-history":[{"count":2,"href":"https:\/\/kalandoroktarsasaga.hu\/index.php\/wp-json\/wp\/v2\/event\/1105\/revisions"}],"predecessor-version":[{"id":1230,"href":"https:\/\/kalandoroktarsasaga.hu\/index.php\/wp-json\/wp\/v2\/event\/1105\/revisions\/1230"}],"wp:attachment":[{"href":"https:\/\/kalandoroktarsasaga.hu\/index.php\/wp-json\/wp\/v2\/media?parent=1105"}],"wp:term":[{"taxonomy":"category","embeddable":true,"href":"https:\/\/kalandoroktarsasaga.hu\/index.php\/wp-json\/wp\/v2\/categories?post=1105"},{"taxonomy":"post_tag","embeddable":true,"href":"https:\/\/kalandoroktarsasaga.hu\/index.php\/wp-json\/wp\/v2\/tags?post=1105"}],"curies":[{"name":"wp","href":"https:\/\/api.w.org\/{rel}","templated":true}]}}