{"id":1115,"date":"2025-10-12T10:30:38","date_gmt":"2025-10-12T08:30:38","guid":{"rendered":"https:\/\/kalandoroktarsasaga.hu\/?post_type=event&#038;p=1115"},"modified":"2025-10-31T18:47:32","modified_gmt":"2025-10-31T17:47:32","slug":"a-fekete-kor-nepe","status":"publish","type":"event","link":"https:\/\/kalandoroktarsasaga.hu\/index.php\/event\/a-fekete-kor-nepe\/","title":{"rendered":"A Fekete K\u00f6r N\u00e9pe"},"content":{"rendered":"<p><strong>Mes\u00e9l\u0151<\/strong>: Guly\u00e1s Attila\/Kibic<img loading=\"lazy\" decoding=\"async\" class=\" wp-image-1213 alignright\" src=\"https:\/\/kalandoroktarsasaga.hu\/wp-content\/uploads\/2025\/10\/People_of_the_Black_Circle_2-300x225.jpg\" alt=\"\" width=\"569\" height=\"427\" srcset=\"https:\/\/kalandoroktarsasaga.hu\/wp-content\/uploads\/2025\/10\/People_of_the_Black_Circle_2-300x225.jpg 300w, https:\/\/kalandoroktarsasaga.hu\/wp-content\/uploads\/2025\/10\/People_of_the_Black_Circle_2.jpg 640w\" sizes=\"auto, (max-width: 569px) 100vw, 569px\" \/><\/p>\n<p><strong>Rendszer<\/strong>: Shadowdark<\/p>\n<p><strong>Vil\u00e1g<\/strong>: Hyboria, azon bel\u00fcl Vendhya, Iranistan \u00e9s Afghulistan hat\u00e1rvid\u00e9ke. (A kaland az azonos c\u00edm\u0171 Conan novella alapj\u00e1n k\u00e9sz\u00fclt.)<\/p>\n<p>Vendhya kir\u00e1lya halott. H\u00faga Yasmina, a D\u00e9vi k\u00f6veti a tr\u00f3non, \u00e1m \u0151t elrabolta a fekete k\u00f6r n\u00e9pe \u00e9s Yimsha-ba, titkos er\u0151dj\u00fckbe vitt\u00e9k. A karaktereket b\u00edzt\u00e1k meg azzal, hogy keress\u00e9k meg a D\u00e9vit, \u00e9s \u00e9lve hozz\u00e1k vissza. Az \u00fatjuk egy afghul faluban kezd\u0151dik \u00e9s zord hegyeken \u00e1t juthatnak el Yimsha-ba, ahol meg kell k\u00fczdeni\u00fck a fekete k\u00f6r halhatatlan harcosaival, furfangos csapd\u00e1kkal \u00e9s m\u00e1gikus rejt\u00e9lyekkel \u00e9s v\u00e9g\u00fcl szembe kell sz\u00e1llniuk az er\u0151d\u00edtm\u00e9ny ur\u00e1val, a rejt\u00e9lyes feketem\u00e1gussal. (\u00c9s mindek\u00f6zben \u00e9letben kellene maradniuk, meg a lelk\u00fcket sem \u00e1rtana megtartani.)<\/p>\n<p><strong>Mi v\u00e1rhat\u00f3<\/strong>: Kazamatak\u00fasz\u00e1s egy \u0151si templomban, \u00e9s minden ami ezzel j\u00e1r.<\/p>\n<p><strong>Karakterek<\/strong>: 1. szint\u0171ek. Lesznek el\u0151regener\u00e1lt\u00a0karakterek.\u00a0<\/p>\n<p>&nbsp;<\/p>\n","protected":false},"excerpt":{"rendered":"<p>Mes\u00e9l\u0151: Guly\u00e1s Attila\/Kibic Rendszer: Shadowdark Vil\u00e1g: Hyboria, azon bel\u00fcl Vendhya, Iranistan \u00e9s Afghulistan hat\u00e1rvid\u00e9ke. (A kaland az azonos c\u00edm\u0171 Conan novella alapj\u00e1n k\u00e9sz\u00fclt.) Vendhya kir\u00e1lya halott. H\u00faga Yasmina, a D\u00e9vi k\u00f6veti a tr\u00f3non, \u00e1m \u0151t elrabolta a fekete k\u00f6r n\u00e9pe \u00e9s Yimsha-ba, titkos er\u0151dj\u00fckbe vitt\u00e9k. A karaktereket b\u00edzt\u00e1k meg azzal, hogy keress\u00e9k meg a D\u00e9vit,&#8230;<\/p>\n","protected":false},"author":1,"featured_media":0,"comment_status":"open","ping_status":"closed","template":"","meta":{"_kadence_starter_templates_imported_post":false,"_kad_post_transparent":"default","_kad_post_title":"default","_kad_post_layout":"default","_kad_post_sidebar_id":"","_kad_post_content_style":"default","_kad_post_vertical_padding":"default","_kad_post_feature":"","_kad_post_feature_position":"","_kad_post_header":false,"_kad_post_footer":false,"footnotes":""},"categories":[13,10],"tags":[],"class_list":["post-1115","event","type-event","status-publish","hentry","category-kata-xiii","category-mesek"],"yoast_head":"<!-- This site is optimized with the Yoast SEO plugin v26.2 - https:\/\/yoast.com\/wordpress\/plugins\/seo\/ -->\n<title>A Fekete K\u00f6r N\u00e9pe - Kalandorok T\u00e1rsas\u00e1ga<\/title>\n<meta name=\"robots\" content=\"index, follow, max-snippet:-1, max-image-preview:large, max-video-preview:-1\" \/>\n<link rel=\"canonical\" href=\"https:\/\/kalandoroktarsasaga.hu\/index.php\/event\/a-fekete-kor-nepe\/\" \/>\n<meta property=\"og:locale\" content=\"hu_HU\" \/>\n<meta property=\"og:type\" content=\"article\" \/>\n<meta property=\"og:title\" content=\"A Fekete K\u00f6r N\u00e9pe - Kalandorok T\u00e1rsas\u00e1ga\" \/>\n<meta property=\"og:description\" content=\"Mes\u00e9l\u0151: Guly\u00e1s Attila\/Kibic Rendszer: Shadowdark Vil\u00e1g: Hyboria, azon bel\u00fcl Vendhya, Iranistan \u00e9s Afghulistan hat\u00e1rvid\u00e9ke. (A kaland az azonos c\u00edm\u0171 Conan novella alapj\u00e1n k\u00e9sz\u00fclt.) Vendhya kir\u00e1lya halott. H\u00faga Yasmina, a D\u00e9vi k\u00f6veti a tr\u00f3non, \u00e1m \u0151t elrabolta a fekete k\u00f6r n\u00e9pe \u00e9s Yimsha-ba, titkos er\u0151dj\u00fckbe vitt\u00e9k. A karaktereket b\u00edzt\u00e1k meg azzal, hogy keress\u00e9k meg a D\u00e9vit,...\" \/>\n<meta property=\"og:url\" content=\"https:\/\/kalandoroktarsasaga.hu\/index.php\/event\/a-fekete-kor-nepe\/\" \/>\n<meta property=\"og:site_name\" content=\"Kalandorok T\u00e1rsas\u00e1ga\" \/>\n<meta property=\"article:modified_time\" content=\"2025-10-31T17:47:32+00:00\" \/>\n<meta property=\"og:image\" content=\"https:\/\/kalandoroktarsasaga.hu\/wp-content\/uploads\/2025\/10\/People_of_the_Black_Circle_2.jpg\" \/>\n\t<meta property=\"og:image:width\" content=\"640\" \/>\n\t<meta property=\"og:image:height\" content=\"480\" \/>\n\t<meta property=\"og:image:type\" content=\"image\/jpeg\" \/>\n<meta name=\"twitter:card\" content=\"summary_large_image\" \/>\n<script type=\"application\/ld+json\" class=\"yoast-schema-graph\">{\"@context\":\"https:\/\/schema.org\",\"@graph\":[{\"@type\":\"WebPage\",\"@id\":\"https:\/\/kalandoroktarsasaga.hu\/index.php\/event\/a-fekete-kor-nepe\/\",\"url\":\"https:\/\/kalandoroktarsasaga.hu\/index.php\/event\/a-fekete-kor-nepe\/\",\"name\":\"A Fekete K\u00f6r N\u00e9pe - Kalandorok T\u00e1rsas\u00e1ga\",\"isPartOf\":{\"@id\":\"https:\/\/kalandoroktarsasaga.hu\/#website\"},\"primaryImageOfPage\":{\"@id\":\"https:\/\/kalandoroktarsasaga.hu\/index.php\/event\/a-fekete-kor-nepe\/#primaryimage\"},\"image\":{\"@id\":\"https:\/\/kalandoroktarsasaga.hu\/index.php\/event\/a-fekete-kor-nepe\/#primaryimage\"},\"thumbnailUrl\":\"https:\/\/kalandoroktarsasaga.hu\/wp-content\/uploads\/2025\/10\/People_of_the_Black_Circle_2-300x225.jpg\",\"datePublished\":\"2025-10-12T08:30:38+00:00\",\"dateModified\":\"2025-10-31T17:47:32+00:00\",\"breadcrumb\":{\"@id\":\"https:\/\/kalandoroktarsasaga.hu\/index.php\/event\/a-fekete-kor-nepe\/#breadcrumb\"},\"inLanguage\":\"hu\",\"potentialAction\":[{\"@type\":\"ReadAction\",\"target\":[\"https:\/\/kalandoroktarsasaga.hu\/index.php\/event\/a-fekete-kor-nepe\/\"]}]},{\"@type\":\"ImageObject\",\"inLanguage\":\"hu\",\"@id\":\"https:\/\/kalandoroktarsasaga.hu\/index.php\/event\/a-fekete-kor-nepe\/#primaryimage\",\"url\":\"https:\/\/kalandoroktarsasaga.hu\/wp-content\/uploads\/2025\/10\/People_of_the_Black_Circle_2.jpg\",\"contentUrl\":\"https:\/\/kalandoroktarsasaga.hu\/wp-content\/uploads\/2025\/10\/People_of_the_Black_Circle_2.jpg\",\"width\":640,\"height\":480},{\"@type\":\"BreadcrumbList\",\"@id\":\"https:\/\/kalandoroktarsasaga.hu\/index.php\/event\/a-fekete-kor-nepe\/#breadcrumb\",\"itemListElement\":[{\"@type\":\"ListItem\",\"position\":1,\"name\":\"Kezd\u0151lap\",\"item\":\"https:\/\/kalandoroktarsasaga.hu\/\"},{\"@type\":\"ListItem\",\"position\":2,\"name\":\"Events\",\"item\":\"https:\/\/kalandoroktarsasaga.hu\/index.php\/event\/\"},{\"@type\":\"ListItem\",\"position\":3,\"name\":\"A Fekete K\u00f6r N\u00e9pe\"}]},{\"@type\":\"WebSite\",\"@id\":\"https:\/\/kalandoroktarsasaga.hu\/#website\",\"url\":\"https:\/\/kalandoroktarsasaga.hu\/\",\"name\":\"Kalandorok T\u00e1rsas\u00e1ga\",\"description\":\"Szerepj\u00e1t\u00e9kos rendezv\u00e9nyeket szervez\u00fcnk - veletek, nektek\",\"publisher\":{\"@id\":\"https:\/\/kalandoroktarsasaga.hu\/#organization\"},\"potentialAction\":[{\"@type\":\"SearchAction\",\"target\":{\"@type\":\"EntryPoint\",\"urlTemplate\":\"https:\/\/kalandoroktarsasaga.hu\/?s={search_term_string}\"},\"query-input\":{\"@type\":\"PropertyValueSpecification\",\"valueRequired\":true,\"valueName\":\"search_term_string\"}}],\"inLanguage\":\"hu\"},{\"@type\":\"Organization\",\"@id\":\"https:\/\/kalandoroktarsasaga.hu\/#organization\",\"name\":\"Kalandorok T\u00e1rsas\u00e1ga\",\"url\":\"https:\/\/kalandoroktarsasaga.hu\/\",\"logo\":{\"@type\":\"ImageObject\",\"inLanguage\":\"hu\",\"@id\":\"https:\/\/kalandoroktarsasaga.hu\/#\/schema\/logo\/image\/\",\"url\":\"https:\/\/kalandoroktarsasaga.hu\/wp-content\/uploads\/2023\/08\/cropped-Logo-1.png\",\"contentUrl\":\"https:\/\/kalandoroktarsasaga.hu\/wp-content\/uploads\/2023\/08\/cropped-Logo-1.png\",\"width\":599,\"height\":832,\"caption\":\"Kalandorok T\u00e1rsas\u00e1ga\"},\"image\":{\"@id\":\"https:\/\/kalandoroktarsasaga.hu\/#\/schema\/logo\/image\/\"}}]}<\/script>\n<!-- \/ Yoast SEO plugin. -->","yoast_head_json":{"title":"A Fekete K\u00f6r N\u00e9pe - Kalandorok T\u00e1rsas\u00e1ga","robots":{"index":"index","follow":"follow","max-snippet":"max-snippet:-1","max-image-preview":"max-image-preview:large","max-video-preview":"max-video-preview:-1"},"canonical":"https:\/\/kalandoroktarsasaga.hu\/index.php\/event\/a-fekete-kor-nepe\/","og_locale":"hu_HU","og_type":"article","og_title":"A Fekete K\u00f6r N\u00e9pe - Kalandorok T\u00e1rsas\u00e1ga","og_description":"Mes\u00e9l\u0151: Guly\u00e1s Attila\/Kibic Rendszer: Shadowdark Vil\u00e1g: Hyboria, azon bel\u00fcl Vendhya, Iranistan \u00e9s Afghulistan hat\u00e1rvid\u00e9ke. (A kaland az azonos c\u00edm\u0171 Conan novella alapj\u00e1n k\u00e9sz\u00fclt.) Vendhya kir\u00e1lya halott. H\u00faga Yasmina, a D\u00e9vi k\u00f6veti a tr\u00f3non, \u00e1m \u0151t elrabolta a fekete k\u00f6r n\u00e9pe \u00e9s Yimsha-ba, titkos er\u0151dj\u00fckbe vitt\u00e9k. A karaktereket b\u00edzt\u00e1k meg azzal, hogy keress\u00e9k meg a D\u00e9vit,...","og_url":"https:\/\/kalandoroktarsasaga.hu\/index.php\/event\/a-fekete-kor-nepe\/","og_site_name":"Kalandorok T\u00e1rsas\u00e1ga","article_modified_time":"2025-10-31T17:47:32+00:00","og_image":[{"width":640,"height":480,"url":"https:\/\/kalandoroktarsasaga.hu\/wp-content\/uploads\/2025\/10\/People_of_the_Black_Circle_2.jpg","type":"image\/jpeg"}],"twitter_card":"summary_large_image","schema":{"@context":"https:\/\/schema.org","@graph":[{"@type":"WebPage","@id":"https:\/\/kalandoroktarsasaga.hu\/index.php\/event\/a-fekete-kor-nepe\/","url":"https:\/\/kalandoroktarsasaga.hu\/index.php\/event\/a-fekete-kor-nepe\/","name":"A Fekete K\u00f6r N\u00e9pe - Kalandorok T\u00e1rsas\u00e1ga","isPartOf":{"@id":"https:\/\/kalandoroktarsasaga.hu\/#website"},"primaryImageOfPage":{"@id":"https:\/\/kalandoroktarsasaga.hu\/index.php\/event\/a-fekete-kor-nepe\/#primaryimage"},"image":{"@id":"https:\/\/kalandoroktarsasaga.hu\/index.php\/event\/a-fekete-kor-nepe\/#primaryimage"},"thumbnailUrl":"https:\/\/kalandoroktarsasaga.hu\/wp-content\/uploads\/2025\/10\/People_of_the_Black_Circle_2-300x225.jpg","datePublished":"2025-10-12T08:30:38+00:00","dateModified":"2025-10-31T17:47:32+00:00","breadcrumb":{"@id":"https:\/\/kalandoroktarsasaga.hu\/index.php\/event\/a-fekete-kor-nepe\/#breadcrumb"},"inLanguage":"hu","potentialAction":[{"@type":"ReadAction","target":["https:\/\/kalandoroktarsasaga.hu\/index.php\/event\/a-fekete-kor-nepe\/"]}]},{"@type":"ImageObject","inLanguage":"hu","@id":"https:\/\/kalandoroktarsasaga.hu\/index.php\/event\/a-fekete-kor-nepe\/#primaryimage","url":"https:\/\/kalandoroktarsasaga.hu\/wp-content\/uploads\/2025\/10\/People_of_the_Black_Circle_2.jpg","contentUrl":"https:\/\/kalandoroktarsasaga.hu\/wp-content\/uploads\/2025\/10\/People_of_the_Black_Circle_2.jpg","width":640,"height":480},{"@type":"BreadcrumbList","@id":"https:\/\/kalandoroktarsasaga.hu\/index.php\/event\/a-fekete-kor-nepe\/#breadcrumb","itemListElement":[{"@type":"ListItem","position":1,"name":"Kezd\u0151lap","item":"https:\/\/kalandoroktarsasaga.hu\/"},{"@type":"ListItem","position":2,"name":"Events","item":"https:\/\/kalandoroktarsasaga.hu\/index.php\/event\/"},{"@type":"ListItem","position":3,"name":"A Fekete K\u00f6r N\u00e9pe"}]},{"@type":"WebSite","@id":"https:\/\/kalandoroktarsasaga.hu\/#website","url":"https:\/\/kalandoroktarsasaga.hu\/","name":"Kalandorok T\u00e1rsas\u00e1ga","description":"Szerepj\u00e1t\u00e9kos rendezv\u00e9nyeket szervez\u00fcnk - veletek, nektek","publisher":{"@id":"https:\/\/kalandoroktarsasaga.hu\/#organization"},"potentialAction":[{"@type":"SearchAction","target":{"@type":"EntryPoint","urlTemplate":"https:\/\/kalandoroktarsasaga.hu\/?s={search_term_string}"},"query-input":{"@type":"PropertyValueSpecification","valueRequired":true,"valueName":"search_term_string"}}],"inLanguage":"hu"},{"@type":"Organization","@id":"https:\/\/kalandoroktarsasaga.hu\/#organization","name":"Kalandorok T\u00e1rsas\u00e1ga","url":"https:\/\/kalandoroktarsasaga.hu\/","logo":{"@type":"ImageObject","inLanguage":"hu","@id":"https:\/\/kalandoroktarsasaga.hu\/#\/schema\/logo\/image\/","url":"https:\/\/kalandoroktarsasaga.hu\/wp-content\/uploads\/2023\/08\/cropped-Logo-1.png","contentUrl":"https:\/\/kalandoroktarsasaga.hu\/wp-content\/uploads\/2023\/08\/cropped-Logo-1.png","width":599,"height":832,"caption":"Kalandorok T\u00e1rsas\u00e1ga"},"image":{"@id":"https:\/\/kalandoroktarsasaga.hu\/#\/schema\/logo\/image\/"}}]}},"_links":{"self":[{"href":"https:\/\/kalandoroktarsasaga.hu\/index.php\/wp-json\/wp\/v2\/event\/1115","targetHints":{"allow":["GET"]}}],"collection":[{"href":"https:\/\/kalandoroktarsasaga.hu\/index.php\/wp-json\/wp\/v2\/event"}],"about":[{"href":"https:\/\/kalandoroktarsasaga.hu\/index.php\/wp-json\/wp\/v2\/types\/event"}],"author":[{"embeddable":true,"href":"https:\/\/kalandoroktarsasaga.hu\/index.php\/wp-json\/wp\/v2\/users\/1"}],"replies":[{"embeddable":true,"href":"https:\/\/kalandoroktarsasaga.hu\/index.php\/wp-json\/wp\/v2\/comments?post=1115"}],"version-history":[{"count":2,"href":"https:\/\/kalandoroktarsasaga.hu\/index.php\/wp-json\/wp\/v2\/event\/1115\/revisions"}],"predecessor-version":[{"id":1214,"href":"https:\/\/kalandoroktarsasaga.hu\/index.php\/wp-json\/wp\/v2\/event\/1115\/revisions\/1214"}],"wp:attachment":[{"href":"https:\/\/kalandoroktarsasaga.hu\/index.php\/wp-json\/wp\/v2\/media?parent=1115"}],"wp:term":[{"taxonomy":"category","embeddable":true,"href":"https:\/\/kalandoroktarsasaga.hu\/index.php\/wp-json\/wp\/v2\/categories?post=1115"},{"taxonomy":"post_tag","embeddable":true,"href":"https:\/\/kalandoroktarsasaga.hu\/index.php\/wp-json\/wp\/v2\/tags?post=1115"}],"curies":[{"name":"wp","href":"https:\/\/api.w.org\/{rel}","templated":true}]}}