{"id":1123,"date":"2025-10-12T10:31:12","date_gmt":"2025-10-12T08:31:12","guid":{"rendered":"https:\/\/kalandoroktarsasaga.hu\/?post_type=event&#038;p=1123"},"modified":"2025-10-31T18:47:27","modified_gmt":"2025-10-31T17:47:27","slug":"a-szellemek-eneke","status":"publish","type":"event","link":"https:\/\/kalandoroktarsasaga.hu\/index.php\/event\/a-szellemek-eneke\/","title":{"rendered":"A szellemek \u00e9neke"},"content":{"rendered":"<p><strong>Mes\u00e9l\u0151:<\/strong> Heged\u0171s G\u00e1bor\/HeGe<img loading=\"lazy\" decoding=\"async\" class=\" wp-image-1215 alignright\" src=\"https:\/\/kalandoroktarsasaga.hu\/wp-content\/uploads\/2025\/10\/ChatGPT-Image-2025.-szept.-28.-21_10_33-300x200.png\" alt=\"\" width=\"651\" height=\"434\" srcset=\"https:\/\/kalandoroktarsasaga.hu\/wp-content\/uploads\/2025\/10\/ChatGPT-Image-2025.-szept.-28.-21_10_33-300x200.png 300w, https:\/\/kalandoroktarsasaga.hu\/wp-content\/uploads\/2025\/10\/ChatGPT-Image-2025.-szept.-28.-21_10_33-1024x683.png 1024w, https:\/\/kalandoroktarsasaga.hu\/wp-content\/uploads\/2025\/10\/ChatGPT-Image-2025.-szept.-28.-21_10_33-768x512.png 768w, https:\/\/kalandoroktarsasaga.hu\/wp-content\/uploads\/2025\/10\/ChatGPT-Image-2025.-szept.-28.-21_10_33.png 1536w\" sizes=\"auto, (max-width: 651px) 100vw, 651px\" \/><\/p>\n<p><strong>Rendszer:<\/strong> Heimurinn<\/p>\n<p>Olafsvellir\u00a0faluja kett\u0151 dologr\u00f3l lehet ismert: a faluban tal\u00e1lhat\u00f3, melegv\u00edz\u0171\u00a0forr\u00e1sr\u00f3l, melynek \u00e1ld\u00e1sos hat\u00e1sair\u00f3l t\u00f6bb t\u00f6rt\u00e9net is kering, s k\u00e9nes vize miatt a B\u00fcd\u00f6sv\u00edz nevet viseli, illetve\u00a0<span id=\"v1gmail-docs-internal-guid-cac3f656-7fff-01dc-f31e-b806d7e967cd\">Sturlu Olafsson\u00a0jarlr\u00f3l, a j\u00fct sz\u00e1rmaz\u00e1s\u00fa mesterkov\u00e1csr\u00f3l, aki olyan fegyvereket tud kov\u00e1csolni, amin\u00e9l jobbat messze f\u00f6ld\u00f6n nem lelni. Tavaszodik, s ti a telet itt t\u00f6lt\u00f6tt\u00e9tek, ez\u00e9rt cser\u00e9be elv\u00e1llalt\u00e1tok, hogy egy ilyen h\u00edres fegyvert elsz\u00e1ll\u00edtottok a megrendel\u0151h\u00f6z, majd az ellen\u00e9rt\u00e9kkel vissza is t\u00e9rtek. Sikerrel is j\u00e1rtatok: mindenf\u00e9le vesz\u00e9lyek \u00e9s kih\u00edv\u00e1sok legy\u0151z\u00e9se ut\u00e1n (\u00e1tlagosnak mondhat\u00f3 svenkar h\u00e9tk\u00f6znapok, ugyeb\u00e1r) \u00e9rkeztek vissza Olafsvellirbe, hogy a becs\u00fcletsz\u00f3ra v\u00e1llalt k\u00f6teless\u00e9gnek eleget tegyetek, ami remek, mert k\u00e9szleteitek mostanra igen er\u0151sen megfogyatkoztak &#8211; reggel \u00fagy bontotok t\u00e1bort, hogy tudj\u00e1tok, miel\u0151tt a Belenus a legmagasabbra emeln\u00e9 a napkorongot, m\u00e1r a B\u00fcd\u00f6sv\u00edzben \u00e1zhattok melegedni&#8230; de mik is ezek a furcsa hangok, amiket sodor fel\u00e9tek a falu fel\u0151l f\u00faj\u00f3, jellegzetes k\u00e9nszagot hordoz\u00f3 sz\u00e9l?<\/span><\/p>\n<p><strong>Ami v\u00e1rhat\u00f3<\/strong>: vesz\u00e9lyekkel teli utaz\u00e1s ut\u00e1n t\u00e9rtek vissza a faluba, ahol jutalom \u00e9s j\u00f3l meg\u00e9rdemelt pihen\u00e9s v\u00e1r r\u00e1tok, mi baj is t\u00f6rt\u00e9nhetne? Ez Fagyf\u00f6lde: ez olyan hely, ahol rendszeresen t\u00f6rt\u00e9nik valami, s\u0151t, \u00e1ltal\u00e1ban baj. Most sincsen ez m\u00e1shogy: egy olyan rejt\u00e9lynek kell ut\u00e1na j\u00e1rni a fagyf\u00f6ldi h\u0151s\u00f6knek, amit egy\u00e1ltal\u00e1n nem biztos, hogy balt\u00e1val-l\u00e1ndzs\u00e1val meg lehet oldani. R\u00e1ad\u00e1sul az id\u0151 is szor\u00edt: kora tavasz van, nem lehet k\u00f6vetkezm\u00e9nyek n\u00e9lk\u00fcl a v\u00e9gtelens\u00e9gig k\u00f3sz\u00e1lni a s\u0171r\u0171 erd\u0151kkel bor\u00edtott hegyek k\u00f6z\u00f6tt &#8211; r\u00e1ad\u00e1sul errefel\u00e9 nem csak a fagy szokott harapni&#8230;<br \/>Fagyos t\u00e1jakon k\u00f3dorg\u00e1s, elemekkel \u00e9s ellenekkel tusakod\u00e1s, valamint annak (sz\u00e1nd\u00e9k szerinti) bizony\u00edt\u00e1sa, hogy nem lehet mindent vagdalkoz\u00e1ssal megoldani&#8230;persze nem azt jelenti, nem lehet megpr\u00f3b\u00e1lni. Ha valakinek ez siker\u00fclhet, akkor azok a svenkarok! PS: viszonylag val\u00f3sz\u00edn\u0171, hogy el\u0151bb-ut\u00f3bb f\u00f6ld alatt is kell majd h\u0151s(ies)kedni \ud83d\ude42<\/p>\n<p><strong>Karakterek<\/strong>: alapvet\u0151en a Heimurinn weboldalon el\u00e9rhet\u0151 p\u00e9ldakarakterek, azok k\u00f6z\u00fcl is max 3. szint\u0171 v\u00e1laszhat\u00f3, de ig\u00e9ny szerint saj\u00e1t is alkothat\u00f3, term\u00e9szetesen max 3. szint\u0171.<\/p>\n<p>&nbsp;<\/p>\n","protected":false},"excerpt":{"rendered":"<p>Mes\u00e9l\u0151: Heged\u0171s G\u00e1bor\/HeGe Rendszer: Heimurinn Olafsvellir\u00a0faluja kett\u0151 dologr\u00f3l lehet ismert: a faluban tal\u00e1lhat\u00f3, melegv\u00edz\u0171\u00a0forr\u00e1sr\u00f3l, melynek \u00e1ld\u00e1sos hat\u00e1sair\u00f3l t\u00f6bb t\u00f6rt\u00e9net is kering, s k\u00e9nes vize miatt a B\u00fcd\u00f6sv\u00edz nevet viseli, illetve\u00a0Sturlu Olafsson\u00a0jarlr\u00f3l, a j\u00fct sz\u00e1rmaz\u00e1s\u00fa mesterkov\u00e1csr\u00f3l, aki olyan fegyvereket tud kov\u00e1csolni, amin\u00e9l jobbat messze f\u00f6ld\u00f6n nem lelni. Tavaszodik, s ti a telet itt t\u00f6lt\u00f6tt\u00e9tek, ez\u00e9rt cser\u00e9be&#8230;<\/p>\n","protected":false},"author":1,"featured_media":0,"comment_status":"open","ping_status":"closed","template":"","meta":{"_kadence_starter_templates_imported_post":false,"_kad_post_transparent":"default","_kad_post_title":"default","_kad_post_layout":"default","_kad_post_sidebar_id":"","_kad_post_content_style":"default","_kad_post_vertical_padding":"default","_kad_post_feature":"","_kad_post_feature_position":"","_kad_post_header":false,"_kad_post_footer":false,"footnotes":""},"categories":[13,10],"tags":[],"class_list":["post-1123","event","type-event","status-publish","hentry","category-kata-xiii","category-mesek"],"yoast_head":"<!-- This site is optimized with the Yoast SEO plugin v26.2 - https:\/\/yoast.com\/wordpress\/plugins\/seo\/ -->\n<title>A szellemek \u00e9neke - Kalandorok T\u00e1rsas\u00e1ga<\/title>\n<meta name=\"robots\" content=\"index, follow, max-snippet:-1, max-image-preview:large, max-video-preview:-1\" \/>\n<link rel=\"canonical\" href=\"https:\/\/kalandoroktarsasaga.hu\/index.php\/event\/a-szellemek-eneke\/\" \/>\n<meta property=\"og:locale\" content=\"hu_HU\" \/>\n<meta property=\"og:type\" content=\"article\" \/>\n<meta property=\"og:title\" content=\"A szellemek \u00e9neke - Kalandorok T\u00e1rsas\u00e1ga\" \/>\n<meta property=\"og:description\" content=\"Mes\u00e9l\u0151: Heged\u0171s G\u00e1bor\/HeGe Rendszer: Heimurinn Olafsvellir\u00a0faluja kett\u0151 dologr\u00f3l lehet ismert: a faluban tal\u00e1lhat\u00f3, melegv\u00edz\u0171\u00a0forr\u00e1sr\u00f3l, melynek \u00e1ld\u00e1sos hat\u00e1sair\u00f3l t\u00f6bb t\u00f6rt\u00e9net is kering, s k\u00e9nes vize miatt a B\u00fcd\u00f6sv\u00edz nevet viseli, illetve\u00a0Sturlu Olafsson\u00a0jarlr\u00f3l, a j\u00fct sz\u00e1rmaz\u00e1s\u00fa mesterkov\u00e1csr\u00f3l, aki olyan fegyvereket tud kov\u00e1csolni, amin\u00e9l jobbat messze f\u00f6ld\u00f6n nem lelni. Tavaszodik, s ti a telet itt t\u00f6lt\u00f6tt\u00e9tek, ez\u00e9rt cser\u00e9be...\" \/>\n<meta property=\"og:url\" content=\"https:\/\/kalandoroktarsasaga.hu\/index.php\/event\/a-szellemek-eneke\/\" \/>\n<meta property=\"og:site_name\" content=\"Kalandorok T\u00e1rsas\u00e1ga\" \/>\n<meta property=\"article:modified_time\" content=\"2025-10-31T17:47:27+00:00\" \/>\n<meta property=\"og:image\" content=\"https:\/\/kalandoroktarsasaga.hu\/wp-content\/uploads\/2025\/10\/ChatGPT-Image-2025.-szept.-28.-21_10_33-1024x683.png\" \/>\n\t<meta property=\"og:image:width\" content=\"1024\" \/>\n\t<meta property=\"og:image:height\" content=\"683\" \/>\n\t<meta property=\"og:image:type\" content=\"image\/png\" \/>\n<meta name=\"twitter:card\" content=\"summary_large_image\" \/>\n<script type=\"application\/ld+json\" class=\"yoast-schema-graph\">{\"@context\":\"https:\/\/schema.org\",\"@graph\":[{\"@type\":\"WebPage\",\"@id\":\"https:\/\/kalandoroktarsasaga.hu\/index.php\/event\/a-szellemek-eneke\/\",\"url\":\"https:\/\/kalandoroktarsasaga.hu\/index.php\/event\/a-szellemek-eneke\/\",\"name\":\"A szellemek \u00e9neke - Kalandorok T\u00e1rsas\u00e1ga\",\"isPartOf\":{\"@id\":\"https:\/\/kalandoroktarsasaga.hu\/#website\"},\"primaryImageOfPage\":{\"@id\":\"https:\/\/kalandoroktarsasaga.hu\/index.php\/event\/a-szellemek-eneke\/#primaryimage\"},\"image\":{\"@id\":\"https:\/\/kalandoroktarsasaga.hu\/index.php\/event\/a-szellemek-eneke\/#primaryimage\"},\"thumbnailUrl\":\"https:\/\/kalandoroktarsasaga.hu\/wp-content\/uploads\/2025\/10\/ChatGPT-Image-2025.-szept.-28.-21_10_33-300x200.png\",\"datePublished\":\"2025-10-12T08:31:12+00:00\",\"dateModified\":\"2025-10-31T17:47:27+00:00\",\"breadcrumb\":{\"@id\":\"https:\/\/kalandoroktarsasaga.hu\/index.php\/event\/a-szellemek-eneke\/#breadcrumb\"},\"inLanguage\":\"hu\",\"potentialAction\":[{\"@type\":\"ReadAction\",\"target\":[\"https:\/\/kalandoroktarsasaga.hu\/index.php\/event\/a-szellemek-eneke\/\"]}]},{\"@type\":\"ImageObject\",\"inLanguage\":\"hu\",\"@id\":\"https:\/\/kalandoroktarsasaga.hu\/index.php\/event\/a-szellemek-eneke\/#primaryimage\",\"url\":\"https:\/\/kalandoroktarsasaga.hu\/wp-content\/uploads\/2025\/10\/ChatGPT-Image-2025.-szept.-28.-21_10_33.png\",\"contentUrl\":\"https:\/\/kalandoroktarsasaga.hu\/wp-content\/uploads\/2025\/10\/ChatGPT-Image-2025.-szept.-28.-21_10_33.png\",\"width\":1536,\"height\":1024},{\"@type\":\"BreadcrumbList\",\"@id\":\"https:\/\/kalandoroktarsasaga.hu\/index.php\/event\/a-szellemek-eneke\/#breadcrumb\",\"itemListElement\":[{\"@type\":\"ListItem\",\"position\":1,\"name\":\"Kezd\u0151lap\",\"item\":\"https:\/\/kalandoroktarsasaga.hu\/\"},{\"@type\":\"ListItem\",\"position\":2,\"name\":\"Events\",\"item\":\"https:\/\/kalandoroktarsasaga.hu\/index.php\/event\/\"},{\"@type\":\"ListItem\",\"position\":3,\"name\":\"A szellemek \u00e9neke\"}]},{\"@type\":\"WebSite\",\"@id\":\"https:\/\/kalandoroktarsasaga.hu\/#website\",\"url\":\"https:\/\/kalandoroktarsasaga.hu\/\",\"name\":\"Kalandorok T\u00e1rsas\u00e1ga\",\"description\":\"Szerepj\u00e1t\u00e9kos rendezv\u00e9nyeket szervez\u00fcnk - veletek, nektek\",\"publisher\":{\"@id\":\"https:\/\/kalandoroktarsasaga.hu\/#organization\"},\"potentialAction\":[{\"@type\":\"SearchAction\",\"target\":{\"@type\":\"EntryPoint\",\"urlTemplate\":\"https:\/\/kalandoroktarsasaga.hu\/?s={search_term_string}\"},\"query-input\":{\"@type\":\"PropertyValueSpecification\",\"valueRequired\":true,\"valueName\":\"search_term_string\"}}],\"inLanguage\":\"hu\"},{\"@type\":\"Organization\",\"@id\":\"https:\/\/kalandoroktarsasaga.hu\/#organization\",\"name\":\"Kalandorok T\u00e1rsas\u00e1ga\",\"url\":\"https:\/\/kalandoroktarsasaga.hu\/\",\"logo\":{\"@type\":\"ImageObject\",\"inLanguage\":\"hu\",\"@id\":\"https:\/\/kalandoroktarsasaga.hu\/#\/schema\/logo\/image\/\",\"url\":\"https:\/\/kalandoroktarsasaga.hu\/wp-content\/uploads\/2023\/08\/cropped-Logo-1.png\",\"contentUrl\":\"https:\/\/kalandoroktarsasaga.hu\/wp-content\/uploads\/2023\/08\/cropped-Logo-1.png\",\"width\":599,\"height\":832,\"caption\":\"Kalandorok T\u00e1rsas\u00e1ga\"},\"image\":{\"@id\":\"https:\/\/kalandoroktarsasaga.hu\/#\/schema\/logo\/image\/\"}}]}<\/script>\n<!-- \/ Yoast SEO plugin. -->","yoast_head_json":{"title":"A szellemek \u00e9neke - Kalandorok T\u00e1rsas\u00e1ga","robots":{"index":"index","follow":"follow","max-snippet":"max-snippet:-1","max-image-preview":"max-image-preview:large","max-video-preview":"max-video-preview:-1"},"canonical":"https:\/\/kalandoroktarsasaga.hu\/index.php\/event\/a-szellemek-eneke\/","og_locale":"hu_HU","og_type":"article","og_title":"A szellemek \u00e9neke - Kalandorok T\u00e1rsas\u00e1ga","og_description":"Mes\u00e9l\u0151: Heged\u0171s G\u00e1bor\/HeGe Rendszer: Heimurinn Olafsvellir\u00a0faluja kett\u0151 dologr\u00f3l lehet ismert: a faluban tal\u00e1lhat\u00f3, melegv\u00edz\u0171\u00a0forr\u00e1sr\u00f3l, melynek \u00e1ld\u00e1sos hat\u00e1sair\u00f3l t\u00f6bb t\u00f6rt\u00e9net is kering, s k\u00e9nes vize miatt a B\u00fcd\u00f6sv\u00edz nevet viseli, illetve\u00a0Sturlu Olafsson\u00a0jarlr\u00f3l, a j\u00fct sz\u00e1rmaz\u00e1s\u00fa mesterkov\u00e1csr\u00f3l, aki olyan fegyvereket tud kov\u00e1csolni, amin\u00e9l jobbat messze f\u00f6ld\u00f6n nem lelni. Tavaszodik, s ti a telet itt t\u00f6lt\u00f6tt\u00e9tek, ez\u00e9rt cser\u00e9be...","og_url":"https:\/\/kalandoroktarsasaga.hu\/index.php\/event\/a-szellemek-eneke\/","og_site_name":"Kalandorok T\u00e1rsas\u00e1ga","article_modified_time":"2025-10-31T17:47:27+00:00","og_image":[{"width":1024,"height":683,"url":"https:\/\/kalandoroktarsasaga.hu\/wp-content\/uploads\/2025\/10\/ChatGPT-Image-2025.-szept.-28.-21_10_33-1024x683.png","type":"image\/png"}],"twitter_card":"summary_large_image","schema":{"@context":"https:\/\/schema.org","@graph":[{"@type":"WebPage","@id":"https:\/\/kalandoroktarsasaga.hu\/index.php\/event\/a-szellemek-eneke\/","url":"https:\/\/kalandoroktarsasaga.hu\/index.php\/event\/a-szellemek-eneke\/","name":"A szellemek \u00e9neke - Kalandorok T\u00e1rsas\u00e1ga","isPartOf":{"@id":"https:\/\/kalandoroktarsasaga.hu\/#website"},"primaryImageOfPage":{"@id":"https:\/\/kalandoroktarsasaga.hu\/index.php\/event\/a-szellemek-eneke\/#primaryimage"},"image":{"@id":"https:\/\/kalandoroktarsasaga.hu\/index.php\/event\/a-szellemek-eneke\/#primaryimage"},"thumbnailUrl":"https:\/\/kalandoroktarsasaga.hu\/wp-content\/uploads\/2025\/10\/ChatGPT-Image-2025.-szept.-28.-21_10_33-300x200.png","datePublished":"2025-10-12T08:31:12+00:00","dateModified":"2025-10-31T17:47:27+00:00","breadcrumb":{"@id":"https:\/\/kalandoroktarsasaga.hu\/index.php\/event\/a-szellemek-eneke\/#breadcrumb"},"inLanguage":"hu","potentialAction":[{"@type":"ReadAction","target":["https:\/\/kalandoroktarsasaga.hu\/index.php\/event\/a-szellemek-eneke\/"]}]},{"@type":"ImageObject","inLanguage":"hu","@id":"https:\/\/kalandoroktarsasaga.hu\/index.php\/event\/a-szellemek-eneke\/#primaryimage","url":"https:\/\/kalandoroktarsasaga.hu\/wp-content\/uploads\/2025\/10\/ChatGPT-Image-2025.-szept.-28.-21_10_33.png","contentUrl":"https:\/\/kalandoroktarsasaga.hu\/wp-content\/uploads\/2025\/10\/ChatGPT-Image-2025.-szept.-28.-21_10_33.png","width":1536,"height":1024},{"@type":"BreadcrumbList","@id":"https:\/\/kalandoroktarsasaga.hu\/index.php\/event\/a-szellemek-eneke\/#breadcrumb","itemListElement":[{"@type":"ListItem","position":1,"name":"Kezd\u0151lap","item":"https:\/\/kalandoroktarsasaga.hu\/"},{"@type":"ListItem","position":2,"name":"Events","item":"https:\/\/kalandoroktarsasaga.hu\/index.php\/event\/"},{"@type":"ListItem","position":3,"name":"A szellemek \u00e9neke"}]},{"@type":"WebSite","@id":"https:\/\/kalandoroktarsasaga.hu\/#website","url":"https:\/\/kalandoroktarsasaga.hu\/","name":"Kalandorok T\u00e1rsas\u00e1ga","description":"Szerepj\u00e1t\u00e9kos rendezv\u00e9nyeket szervez\u00fcnk - veletek, nektek","publisher":{"@id":"https:\/\/kalandoroktarsasaga.hu\/#organization"},"potentialAction":[{"@type":"SearchAction","target":{"@type":"EntryPoint","urlTemplate":"https:\/\/kalandoroktarsasaga.hu\/?s={search_term_string}"},"query-input":{"@type":"PropertyValueSpecification","valueRequired":true,"valueName":"search_term_string"}}],"inLanguage":"hu"},{"@type":"Organization","@id":"https:\/\/kalandoroktarsasaga.hu\/#organization","name":"Kalandorok T\u00e1rsas\u00e1ga","url":"https:\/\/kalandoroktarsasaga.hu\/","logo":{"@type":"ImageObject","inLanguage":"hu","@id":"https:\/\/kalandoroktarsasaga.hu\/#\/schema\/logo\/image\/","url":"https:\/\/kalandoroktarsasaga.hu\/wp-content\/uploads\/2023\/08\/cropped-Logo-1.png","contentUrl":"https:\/\/kalandoroktarsasaga.hu\/wp-content\/uploads\/2023\/08\/cropped-Logo-1.png","width":599,"height":832,"caption":"Kalandorok T\u00e1rsas\u00e1ga"},"image":{"@id":"https:\/\/kalandoroktarsasaga.hu\/#\/schema\/logo\/image\/"}}]}},"_links":{"self":[{"href":"https:\/\/kalandoroktarsasaga.hu\/index.php\/wp-json\/wp\/v2\/event\/1123","targetHints":{"allow":["GET"]}}],"collection":[{"href":"https:\/\/kalandoroktarsasaga.hu\/index.php\/wp-json\/wp\/v2\/event"}],"about":[{"href":"https:\/\/kalandoroktarsasaga.hu\/index.php\/wp-json\/wp\/v2\/types\/event"}],"author":[{"embeddable":true,"href":"https:\/\/kalandoroktarsasaga.hu\/index.php\/wp-json\/wp\/v2\/users\/1"}],"replies":[{"embeddable":true,"href":"https:\/\/kalandoroktarsasaga.hu\/index.php\/wp-json\/wp\/v2\/comments?post=1123"}],"version-history":[{"count":3,"href":"https:\/\/kalandoroktarsasaga.hu\/index.php\/wp-json\/wp\/v2\/event\/1123\/revisions"}],"predecessor-version":[{"id":1217,"href":"https:\/\/kalandoroktarsasaga.hu\/index.php\/wp-json\/wp\/v2\/event\/1123\/revisions\/1217"}],"wp:attachment":[{"href":"https:\/\/kalandoroktarsasaga.hu\/index.php\/wp-json\/wp\/v2\/media?parent=1123"}],"wp:term":[{"taxonomy":"category","embeddable":true,"href":"https:\/\/kalandoroktarsasaga.hu\/index.php\/wp-json\/wp\/v2\/categories?post=1123"},{"taxonomy":"post_tag","embeddable":true,"href":"https:\/\/kalandoroktarsasaga.hu\/index.php\/wp-json\/wp\/v2\/tags?post=1123"}],"curies":[{"name":"wp","href":"https:\/\/api.w.org\/{rel}","templated":true}]}}