{"id":1125,"date":"2025-10-12T10:37:25","date_gmt":"2025-10-12T08:37:25","guid":{"rendered":"https:\/\/kalandoroktarsasaga.hu\/?post_type=event&#038;p=1125"},"modified":"2025-10-31T18:46:32","modified_gmt":"2025-10-31T17:46:32","slug":"visszateres-cernunnoswaldba","status":"publish","type":"event","link":"https:\/\/kalandoroktarsasaga.hu\/index.php\/event\/visszateres-cernunnoswaldba\/","title":{"rendered":"Visszat\u00e9r\u00e9s Cernunnoswaldba"},"content":{"rendered":"<p><strong>Mes\u00e9l\u0151<\/strong>: Keve \u2013 Kevev\u00e1ri Istv\u00e1n<img loading=\"lazy\" decoding=\"async\" class=\" wp-image-1241 alignright\" src=\"https:\/\/kalandoroktarsasaga.hu\/wp-content\/uploads\/2025\/10\/Bierstadt_Albert_Sunrise_on_the_Matterhorn-218x300.jpg\" alt=\"\" width=\"507\" height=\"698\" srcset=\"https:\/\/kalandoroktarsasaga.hu\/wp-content\/uploads\/2025\/10\/Bierstadt_Albert_Sunrise_on_the_Matterhorn-218x300.jpg 218w, https:\/\/kalandoroktarsasaga.hu\/wp-content\/uploads\/2025\/10\/Bierstadt_Albert_Sunrise_on_the_Matterhorn.jpg 654w\" sizes=\"auto, (max-width: 507px) 100vw, 507px\" \/><\/p>\n<p><strong>Rendszer<\/strong>: Helv\u00e9czia 2e<\/p>\n<p>Az elm\u00falt h\u00f3napokban komoly izgalmak r\u00e1zt\u00e1k meg H\u00fcden v\u00e1ros\u00e1t: el\u0151sz\u00f6r bajor csapatok j\u00f6ttek, hogy megsarcolj\u00e1k a v\u00e1rost, visszat\u00e9rt a v\u00e1ros balsors\u00fa lelk\u00e9sz\u00e9nek fia bossz\u00fat \u00e1llni \u00e9s a v\u00e1ros csodat\u00e9v\u0151 ap\u00e1c\u00e1j\u00e1t Melinda n\u0151v\u00e1r\u00e1t is megpr\u00f3b\u00e1lt\u00e1k elrabolni. A bajok egy r\u00e9sze el lett h\u00e1r\u00edtva a k\u00f6zelben j\u00e1r\u00f3 kalandorok \u00e1ltal, azonban az utaz\u00f3k szerint mai napig s\u00f6t\u00e9t er\u0151k mozognak Cernunnoswaldban. Besz\u00e9lnek egy erdei falu mellett tal\u00e1lhat\u00f3 barlangr\u00f3l, aki megevett egy erdei boszork\u00e1nymestert. M\u00e1shol k\u00f6vek \u00e9s ind\u00e1k v\u00e9delmeznek valamit az egykori eretnekek faluja k\u00f6zel\u00e9ben. Illetve a h\u00fcdeni v\u00e1rosi tan\u00e1cs szeretn\u00e9 fel\u00faj\u00edtani a P\u00e1sztor-hegyekben \u00e1ll\u00f3 \u0151rtornyot, azonban nem tudni milyen \u00e1llapotban lehet, \u00e9s kik vehett\u00e9k esetleg birtokukba.<\/p>\n<p><strong>Mi v\u00e1rhat\u00f3: <\/strong>egy nagyobb erdei sandboxban h\u00e1rom kisebb kazamata. Illetve, ha \u00fcgyesek \u00e9s b\u00e1trak a karakterek Cernunnoswald m\u00e9lyebb titkaira \u00e9s kincseire is r\u00e1akadhatnak. A helysz\u00edn egy r\u00e9sze publik\u00e1lva lett a H\u00faszoldal\u00faban, de ez most egy jav\u00edtott \u00e9s jelent\u0151sen m\u00f3dos\u00edtott v\u00e1ltozat lesz. A k\u00e9sz\u00fcl\u0151 Feh\u00e9r kolostor\u00a0c\u00edm\u0171 kalandom lej\u00e1tszott, de m\u00e9g el nem varrt sz\u00e1lait szeretn\u00e9m kipr\u00f3b\u00e1lni.<\/p>\n<p><strong>Karakterek: <\/strong>2. szint\u0171 karakterek, az alapk\u00f6nyvh\u00f6z tartoz\u00f3 p\u00e9ldakaraktereket vagy saj\u00e1t karaktereket is lehet hozni.<\/p>\n","protected":false},"excerpt":{"rendered":"<p>Mes\u00e9l\u0151: Keve \u2013 Kevev\u00e1ri Istv\u00e1n Rendszer: Helv\u00e9czia 2e Az elm\u00falt h\u00f3napokban komoly izgalmak r\u00e1zt\u00e1k meg H\u00fcden v\u00e1ros\u00e1t: el\u0151sz\u00f6r bajor csapatok j\u00f6ttek, hogy megsarcolj\u00e1k a v\u00e1rost, visszat\u00e9rt a v\u00e1ros balsors\u00fa lelk\u00e9sz\u00e9nek fia bossz\u00fat \u00e1llni \u00e9s a v\u00e1ros csodat\u00e9v\u0151 ap\u00e1c\u00e1j\u00e1t Melinda n\u0151v\u00e1r\u00e1t is megpr\u00f3b\u00e1lt\u00e1k elrabolni. A bajok egy r\u00e9sze el lett h\u00e1r\u00edtva a k\u00f6zelben j\u00e1r\u00f3 kalandorok \u00e1ltal,&#8230;<\/p>\n","protected":false},"author":1,"featured_media":0,"comment_status":"open","ping_status":"closed","template":"","meta":{"_kadence_starter_templates_imported_post":false,"_kad_post_transparent":"default","_kad_post_title":"default","_kad_post_layout":"default","_kad_post_sidebar_id":"","_kad_post_content_style":"default","_kad_post_vertical_padding":"default","_kad_post_feature":"","_kad_post_feature_position":"","_kad_post_header":false,"_kad_post_footer":false,"footnotes":""},"categories":[13,10],"tags":[],"class_list":["post-1125","event","type-event","status-publish","hentry","category-kata-xiii","category-mesek"],"yoast_head":"<!-- This site is optimized with the Yoast SEO plugin v26.2 - https:\/\/yoast.com\/wordpress\/plugins\/seo\/ -->\n<title>Visszat\u00e9r\u00e9s Cernunnoswaldba - Kalandorok T\u00e1rsas\u00e1ga<\/title>\n<meta name=\"robots\" content=\"index, follow, max-snippet:-1, max-image-preview:large, max-video-preview:-1\" \/>\n<link rel=\"canonical\" href=\"https:\/\/kalandoroktarsasaga.hu\/index.php\/event\/visszateres-cernunnoswaldba\/\" \/>\n<meta property=\"og:locale\" content=\"hu_HU\" \/>\n<meta property=\"og:type\" content=\"article\" \/>\n<meta property=\"og:title\" content=\"Visszat\u00e9r\u00e9s Cernunnoswaldba - Kalandorok T\u00e1rsas\u00e1ga\" \/>\n<meta property=\"og:description\" content=\"Mes\u00e9l\u0151: Keve \u2013 Kevev\u00e1ri Istv\u00e1n Rendszer: Helv\u00e9czia 2e Az elm\u00falt h\u00f3napokban komoly izgalmak r\u00e1zt\u00e1k meg H\u00fcden v\u00e1ros\u00e1t: el\u0151sz\u00f6r bajor csapatok j\u00f6ttek, hogy megsarcolj\u00e1k a v\u00e1rost, visszat\u00e9rt a v\u00e1ros balsors\u00fa lelk\u00e9sz\u00e9nek fia bossz\u00fat \u00e1llni \u00e9s a v\u00e1ros csodat\u00e9v\u0151 ap\u00e1c\u00e1j\u00e1t Melinda n\u0151v\u00e1r\u00e1t is megpr\u00f3b\u00e1lt\u00e1k elrabolni. A bajok egy r\u00e9sze el lett h\u00e1r\u00edtva a k\u00f6zelben j\u00e1r\u00f3 kalandorok \u00e1ltal,...\" \/>\n<meta property=\"og:url\" content=\"https:\/\/kalandoroktarsasaga.hu\/index.php\/event\/visszateres-cernunnoswaldba\/\" \/>\n<meta property=\"og:site_name\" content=\"Kalandorok T\u00e1rsas\u00e1ga\" \/>\n<meta property=\"article:modified_time\" content=\"2025-10-31T17:46:32+00:00\" \/>\n<meta property=\"og:image\" content=\"https:\/\/kalandoroktarsasaga.hu\/wp-content\/uploads\/2025\/10\/Bierstadt_Albert_Sunrise_on_the_Matterhorn.jpg\" \/>\n\t<meta property=\"og:image:width\" content=\"654\" \/>\n\t<meta property=\"og:image:height\" content=\"900\" \/>\n\t<meta property=\"og:image:type\" content=\"image\/jpeg\" \/>\n<meta name=\"twitter:card\" content=\"summary_large_image\" \/>\n<script type=\"application\/ld+json\" class=\"yoast-schema-graph\">{\"@context\":\"https:\/\/schema.org\",\"@graph\":[{\"@type\":\"WebPage\",\"@id\":\"https:\/\/kalandoroktarsasaga.hu\/index.php\/event\/visszateres-cernunnoswaldba\/\",\"url\":\"https:\/\/kalandoroktarsasaga.hu\/index.php\/event\/visszateres-cernunnoswaldba\/\",\"name\":\"Visszat\u00e9r\u00e9s Cernunnoswaldba - Kalandorok T\u00e1rsas\u00e1ga\",\"isPartOf\":{\"@id\":\"https:\/\/kalandoroktarsasaga.hu\/#website\"},\"primaryImageOfPage\":{\"@id\":\"https:\/\/kalandoroktarsasaga.hu\/index.php\/event\/visszateres-cernunnoswaldba\/#primaryimage\"},\"image\":{\"@id\":\"https:\/\/kalandoroktarsasaga.hu\/index.php\/event\/visszateres-cernunnoswaldba\/#primaryimage\"},\"thumbnailUrl\":\"https:\/\/kalandoroktarsasaga.hu\/wp-content\/uploads\/2025\/10\/Bierstadt_Albert_Sunrise_on_the_Matterhorn-218x300.jpg\",\"datePublished\":\"2025-10-12T08:37:25+00:00\",\"dateModified\":\"2025-10-31T17:46:32+00:00\",\"breadcrumb\":{\"@id\":\"https:\/\/kalandoroktarsasaga.hu\/index.php\/event\/visszateres-cernunnoswaldba\/#breadcrumb\"},\"inLanguage\":\"hu\",\"potentialAction\":[{\"@type\":\"ReadAction\",\"target\":[\"https:\/\/kalandoroktarsasaga.hu\/index.php\/event\/visszateres-cernunnoswaldba\/\"]}]},{\"@type\":\"ImageObject\",\"inLanguage\":\"hu\",\"@id\":\"https:\/\/kalandoroktarsasaga.hu\/index.php\/event\/visszateres-cernunnoswaldba\/#primaryimage\",\"url\":\"https:\/\/kalandoroktarsasaga.hu\/wp-content\/uploads\/2025\/10\/Bierstadt_Albert_Sunrise_on_the_Matterhorn.jpg\",\"contentUrl\":\"https:\/\/kalandoroktarsasaga.hu\/wp-content\/uploads\/2025\/10\/Bierstadt_Albert_Sunrise_on_the_Matterhorn.jpg\",\"width\":654,\"height\":900},{\"@type\":\"BreadcrumbList\",\"@id\":\"https:\/\/kalandoroktarsasaga.hu\/index.php\/event\/visszateres-cernunnoswaldba\/#breadcrumb\",\"itemListElement\":[{\"@type\":\"ListItem\",\"position\":1,\"name\":\"Kezd\u0151lap\",\"item\":\"https:\/\/kalandoroktarsasaga.hu\/\"},{\"@type\":\"ListItem\",\"position\":2,\"name\":\"Events\",\"item\":\"https:\/\/kalandoroktarsasaga.hu\/index.php\/event\/\"},{\"@type\":\"ListItem\",\"position\":3,\"name\":\"Visszat\u00e9r\u00e9s Cernunnoswaldba\"}]},{\"@type\":\"WebSite\",\"@id\":\"https:\/\/kalandoroktarsasaga.hu\/#website\",\"url\":\"https:\/\/kalandoroktarsasaga.hu\/\",\"name\":\"Kalandorok T\u00e1rsas\u00e1ga\",\"description\":\"Szerepj\u00e1t\u00e9kos rendezv\u00e9nyeket szervez\u00fcnk - veletek, nektek\",\"publisher\":{\"@id\":\"https:\/\/kalandoroktarsasaga.hu\/#organization\"},\"potentialAction\":[{\"@type\":\"SearchAction\",\"target\":{\"@type\":\"EntryPoint\",\"urlTemplate\":\"https:\/\/kalandoroktarsasaga.hu\/?s={search_term_string}\"},\"query-input\":{\"@type\":\"PropertyValueSpecification\",\"valueRequired\":true,\"valueName\":\"search_term_string\"}}],\"inLanguage\":\"hu\"},{\"@type\":\"Organization\",\"@id\":\"https:\/\/kalandoroktarsasaga.hu\/#organization\",\"name\":\"Kalandorok T\u00e1rsas\u00e1ga\",\"url\":\"https:\/\/kalandoroktarsasaga.hu\/\",\"logo\":{\"@type\":\"ImageObject\",\"inLanguage\":\"hu\",\"@id\":\"https:\/\/kalandoroktarsasaga.hu\/#\/schema\/logo\/image\/\",\"url\":\"https:\/\/kalandoroktarsasaga.hu\/wp-content\/uploads\/2023\/08\/cropped-Logo-1.png\",\"contentUrl\":\"https:\/\/kalandoroktarsasaga.hu\/wp-content\/uploads\/2023\/08\/cropped-Logo-1.png\",\"width\":599,\"height\":832,\"caption\":\"Kalandorok T\u00e1rsas\u00e1ga\"},\"image\":{\"@id\":\"https:\/\/kalandoroktarsasaga.hu\/#\/schema\/logo\/image\/\"}}]}<\/script>\n<!-- \/ Yoast SEO plugin. -->","yoast_head_json":{"title":"Visszat\u00e9r\u00e9s Cernunnoswaldba - Kalandorok T\u00e1rsas\u00e1ga","robots":{"index":"index","follow":"follow","max-snippet":"max-snippet:-1","max-image-preview":"max-image-preview:large","max-video-preview":"max-video-preview:-1"},"canonical":"https:\/\/kalandoroktarsasaga.hu\/index.php\/event\/visszateres-cernunnoswaldba\/","og_locale":"hu_HU","og_type":"article","og_title":"Visszat\u00e9r\u00e9s Cernunnoswaldba - Kalandorok T\u00e1rsas\u00e1ga","og_description":"Mes\u00e9l\u0151: Keve \u2013 Kevev\u00e1ri Istv\u00e1n Rendszer: Helv\u00e9czia 2e Az elm\u00falt h\u00f3napokban komoly izgalmak r\u00e1zt\u00e1k meg H\u00fcden v\u00e1ros\u00e1t: el\u0151sz\u00f6r bajor csapatok j\u00f6ttek, hogy megsarcolj\u00e1k a v\u00e1rost, visszat\u00e9rt a v\u00e1ros balsors\u00fa lelk\u00e9sz\u00e9nek fia bossz\u00fat \u00e1llni \u00e9s a v\u00e1ros csodat\u00e9v\u0151 ap\u00e1c\u00e1j\u00e1t Melinda n\u0151v\u00e1r\u00e1t is megpr\u00f3b\u00e1lt\u00e1k elrabolni. A bajok egy r\u00e9sze el lett h\u00e1r\u00edtva a k\u00f6zelben j\u00e1r\u00f3 kalandorok \u00e1ltal,...","og_url":"https:\/\/kalandoroktarsasaga.hu\/index.php\/event\/visszateres-cernunnoswaldba\/","og_site_name":"Kalandorok T\u00e1rsas\u00e1ga","article_modified_time":"2025-10-31T17:46:32+00:00","og_image":[{"width":654,"height":900,"url":"https:\/\/kalandoroktarsasaga.hu\/wp-content\/uploads\/2025\/10\/Bierstadt_Albert_Sunrise_on_the_Matterhorn.jpg","type":"image\/jpeg"}],"twitter_card":"summary_large_image","schema":{"@context":"https:\/\/schema.org","@graph":[{"@type":"WebPage","@id":"https:\/\/kalandoroktarsasaga.hu\/index.php\/event\/visszateres-cernunnoswaldba\/","url":"https:\/\/kalandoroktarsasaga.hu\/index.php\/event\/visszateres-cernunnoswaldba\/","name":"Visszat\u00e9r\u00e9s Cernunnoswaldba - Kalandorok T\u00e1rsas\u00e1ga","isPartOf":{"@id":"https:\/\/kalandoroktarsasaga.hu\/#website"},"primaryImageOfPage":{"@id":"https:\/\/kalandoroktarsasaga.hu\/index.php\/event\/visszateres-cernunnoswaldba\/#primaryimage"},"image":{"@id":"https:\/\/kalandoroktarsasaga.hu\/index.php\/event\/visszateres-cernunnoswaldba\/#primaryimage"},"thumbnailUrl":"https:\/\/kalandoroktarsasaga.hu\/wp-content\/uploads\/2025\/10\/Bierstadt_Albert_Sunrise_on_the_Matterhorn-218x300.jpg","datePublished":"2025-10-12T08:37:25+00:00","dateModified":"2025-10-31T17:46:32+00:00","breadcrumb":{"@id":"https:\/\/kalandoroktarsasaga.hu\/index.php\/event\/visszateres-cernunnoswaldba\/#breadcrumb"},"inLanguage":"hu","potentialAction":[{"@type":"ReadAction","target":["https:\/\/kalandoroktarsasaga.hu\/index.php\/event\/visszateres-cernunnoswaldba\/"]}]},{"@type":"ImageObject","inLanguage":"hu","@id":"https:\/\/kalandoroktarsasaga.hu\/index.php\/event\/visszateres-cernunnoswaldba\/#primaryimage","url":"https:\/\/kalandoroktarsasaga.hu\/wp-content\/uploads\/2025\/10\/Bierstadt_Albert_Sunrise_on_the_Matterhorn.jpg","contentUrl":"https:\/\/kalandoroktarsasaga.hu\/wp-content\/uploads\/2025\/10\/Bierstadt_Albert_Sunrise_on_the_Matterhorn.jpg","width":654,"height":900},{"@type":"BreadcrumbList","@id":"https:\/\/kalandoroktarsasaga.hu\/index.php\/event\/visszateres-cernunnoswaldba\/#breadcrumb","itemListElement":[{"@type":"ListItem","position":1,"name":"Kezd\u0151lap","item":"https:\/\/kalandoroktarsasaga.hu\/"},{"@type":"ListItem","position":2,"name":"Events","item":"https:\/\/kalandoroktarsasaga.hu\/index.php\/event\/"},{"@type":"ListItem","position":3,"name":"Visszat\u00e9r\u00e9s Cernunnoswaldba"}]},{"@type":"WebSite","@id":"https:\/\/kalandoroktarsasaga.hu\/#website","url":"https:\/\/kalandoroktarsasaga.hu\/","name":"Kalandorok T\u00e1rsas\u00e1ga","description":"Szerepj\u00e1t\u00e9kos rendezv\u00e9nyeket szervez\u00fcnk - veletek, nektek","publisher":{"@id":"https:\/\/kalandoroktarsasaga.hu\/#organization"},"potentialAction":[{"@type":"SearchAction","target":{"@type":"EntryPoint","urlTemplate":"https:\/\/kalandoroktarsasaga.hu\/?s={search_term_string}"},"query-input":{"@type":"PropertyValueSpecification","valueRequired":true,"valueName":"search_term_string"}}],"inLanguage":"hu"},{"@type":"Organization","@id":"https:\/\/kalandoroktarsasaga.hu\/#organization","name":"Kalandorok T\u00e1rsas\u00e1ga","url":"https:\/\/kalandoroktarsasaga.hu\/","logo":{"@type":"ImageObject","inLanguage":"hu","@id":"https:\/\/kalandoroktarsasaga.hu\/#\/schema\/logo\/image\/","url":"https:\/\/kalandoroktarsasaga.hu\/wp-content\/uploads\/2023\/08\/cropped-Logo-1.png","contentUrl":"https:\/\/kalandoroktarsasaga.hu\/wp-content\/uploads\/2023\/08\/cropped-Logo-1.png","width":599,"height":832,"caption":"Kalandorok T\u00e1rsas\u00e1ga"},"image":{"@id":"https:\/\/kalandoroktarsasaga.hu\/#\/schema\/logo\/image\/"}}]}},"_links":{"self":[{"href":"https:\/\/kalandoroktarsasaga.hu\/index.php\/wp-json\/wp\/v2\/event\/1125","targetHints":{"allow":["GET"]}}],"collection":[{"href":"https:\/\/kalandoroktarsasaga.hu\/index.php\/wp-json\/wp\/v2\/event"}],"about":[{"href":"https:\/\/kalandoroktarsasaga.hu\/index.php\/wp-json\/wp\/v2\/types\/event"}],"author":[{"embeddable":true,"href":"https:\/\/kalandoroktarsasaga.hu\/index.php\/wp-json\/wp\/v2\/users\/1"}],"replies":[{"embeddable":true,"href":"https:\/\/kalandoroktarsasaga.hu\/index.php\/wp-json\/wp\/v2\/comments?post=1125"}],"version-history":[{"count":2,"href":"https:\/\/kalandoroktarsasaga.hu\/index.php\/wp-json\/wp\/v2\/event\/1125\/revisions"}],"predecessor-version":[{"id":1242,"href":"https:\/\/kalandoroktarsasaga.hu\/index.php\/wp-json\/wp\/v2\/event\/1125\/revisions\/1242"}],"wp:attachment":[{"href":"https:\/\/kalandoroktarsasaga.hu\/index.php\/wp-json\/wp\/v2\/media?parent=1125"}],"wp:term":[{"taxonomy":"category","embeddable":true,"href":"https:\/\/kalandoroktarsasaga.hu\/index.php\/wp-json\/wp\/v2\/categories?post=1125"},{"taxonomy":"post_tag","embeddable":true,"href":"https:\/\/kalandoroktarsasaga.hu\/index.php\/wp-json\/wp\/v2\/tags?post=1125"}],"curies":[{"name":"wp","href":"https:\/\/api.w.org\/{rel}","templated":true}]}}