{"id":1135,"date":"2025-10-12T10:28:31","date_gmt":"2025-10-12T08:28:31","guid":{"rendered":"https:\/\/kalandoroktarsasaga.hu\/?post_type=event&#038;p=1135"},"modified":"2025-10-31T18:48:04","modified_gmt":"2025-10-31T17:48:04","slug":"a-mocsari-boszorkany-sirja","status":"publish","type":"event","link":"https:\/\/kalandoroktarsasaga.hu\/index.php\/event\/a-mocsari-boszorkany-sirja\/","title":{"rendered":"A mocs\u00e1ri boszork\u00e1ny s\u00edrja"},"content":{"rendered":"<p><strong>Mes\u00e9l\u0151<\/strong>: Creep<img loading=\"lazy\" decoding=\"async\" class=\" wp-image-1204 alignright\" src=\"https:\/\/kalandoroktarsasaga.hu\/wp-content\/uploads\/2025\/10\/sep-214x300.jpg\" alt=\"\" width=\"462\" height=\"648\" srcset=\"https:\/\/kalandoroktarsasaga.hu\/wp-content\/uploads\/2025\/10\/sep-214x300.jpg 214w, https:\/\/kalandoroktarsasaga.hu\/wp-content\/uploads\/2025\/10\/sep.jpg 634w\" sizes=\"auto, (max-width: 462px) 100vw, 462px\" \/><\/p>\n<p><strong>Rendszer \u00e9s vil\u00e1g<\/strong>: M\u00f6rk Borg\u00a0<\/p>\n<p>Romos s\u00edrban rejt\u0151zik egy halott gy\u00f6kerekb\u0151l k\u00e9sz\u00fclt olt\u00e1r, amelyre elveszett szimb\u00f3lumok vannak v\u00e9sve. \u00dagy besz\u00e9lik, sz\u00f6rny\u0171 \u00e1ron, de teljes\u00edti az emberek k\u00edv\u00e1ns\u00e1g\u00e1t. Ezt a hist\u00f3ri\u00e1t \u00e9s a rejtekre vezet\u0151 t\u00e9rk\u00e9pet tal\u00e1lt\u00e1tok egy meggyilkolt h\u00edrviv\u0151n. A testet egy jel\u00f6letlen \u00e1rokba vetett\u00e9k, de l\u00e1tt\u00e1tok, hogy az \u0151r\u00fclt kir\u00e1ly c\u00edmer\u00e9t viselte. Utatok az Onda-t\u00f3 keleti r\u00e9sz\u00e9re, a Sikaml\u00f3s Semly\u00e9k mocsar\u00e1hoz vezet.<\/p>\n<p><strong>Ami v\u00e1rhat\u00f3: <\/strong>a\u00a0kaland beteges, pszichedelikus horrorra \u00e9s abszurd hangulatra \u00e9p\u00fcl. Csepeg\u0151, klausztrof\u00f3b k\u00f6rnyezetre, sz\u00fcrre\u00e1lis l\u00e1tom\u00e1sokra \u00e9s a j\u00e1t\u00e9kosok elv\u00e1r\u00e1sait felforgat\u00f3 pillanatokra sz\u00e1m\u00edthatsz. A k\u00fczdelem gyors, hal\u00e1los, a gy\u0151zelem rendk\u00edv\u00fcl j\u00f3les\u0151. A hangnem k\u00f6nnyen \u00e1tv\u00e1lthat a k\u00eds\u00e9rteties nyugtalans\u00e1gb\u00f3l a ny\u00edlt, elmebeteg, fr\u00f6cs\u00f6g\u0151s, v\u00e9gtagszaggat\u00f3s\u00a0m\u00e9sz\u00e1rl\u00e1sba.\u00a0<\/p>\n<p><strong>Karakterek<\/strong>: els\u0151 szint\u0171, helyben alkotott karakterek, amelyek amilyen gyorsan megalkothat\u00f3ak, ugyanolyan gyorsan pusztulnak el, de ha ezt egy darabig nem teszik, akkor szintet l\u00e9pnek kaland k\u00f6zben is<\/p>\n<p>&nbsp;<\/p>\n","protected":false},"excerpt":{"rendered":"<p>Mes\u00e9l\u0151: Creep Rendszer \u00e9s vil\u00e1g: M\u00f6rk Borg\u00a0 Romos s\u00edrban rejt\u0151zik egy halott gy\u00f6kerekb\u0151l k\u00e9sz\u00fclt olt\u00e1r, amelyre elveszett szimb\u00f3lumok vannak v\u00e9sve. \u00dagy besz\u00e9lik, sz\u00f6rny\u0171 \u00e1ron, de teljes\u00edti az emberek k\u00edv\u00e1ns\u00e1g\u00e1t. Ezt a hist\u00f3ri\u00e1t \u00e9s a rejtekre vezet\u0151 t\u00e9rk\u00e9pet tal\u00e1lt\u00e1tok egy meggyilkolt h\u00edrviv\u0151n. A testet egy jel\u00f6letlen \u00e1rokba vetett\u00e9k, de l\u00e1tt\u00e1tok, hogy az \u0151r\u00fclt kir\u00e1ly c\u00edmer\u00e9t viselte&#8230;.<\/p>\n","protected":false},"author":1,"featured_media":0,"comment_status":"open","ping_status":"closed","template":"","meta":{"_kadence_starter_templates_imported_post":false,"_kad_post_transparent":"default","_kad_post_title":"default","_kad_post_layout":"default","_kad_post_sidebar_id":"","_kad_post_content_style":"default","_kad_post_vertical_padding":"default","_kad_post_feature":"","_kad_post_feature_position":"","_kad_post_header":false,"_kad_post_footer":false,"footnotes":""},"categories":[13,10],"tags":[],"class_list":["post-1135","event","type-event","status-publish","hentry","category-kata-xiii","category-mesek"],"yoast_head":"<!-- This site is optimized with the Yoast SEO plugin v26.2 - https:\/\/yoast.com\/wordpress\/plugins\/seo\/ -->\n<title>A mocs\u00e1ri boszork\u00e1ny s\u00edrja - Kalandorok T\u00e1rsas\u00e1ga<\/title>\n<meta name=\"robots\" content=\"index, follow, max-snippet:-1, max-image-preview:large, max-video-preview:-1\" \/>\n<link rel=\"canonical\" href=\"https:\/\/kalandoroktarsasaga.hu\/index.php\/event\/a-mocsari-boszorkany-sirja\/\" \/>\n<meta property=\"og:locale\" content=\"hu_HU\" \/>\n<meta property=\"og:type\" content=\"article\" \/>\n<meta property=\"og:title\" content=\"A mocs\u00e1ri boszork\u00e1ny s\u00edrja - Kalandorok T\u00e1rsas\u00e1ga\" \/>\n<meta property=\"og:description\" content=\"Mes\u00e9l\u0151: Creep Rendszer \u00e9s vil\u00e1g: M\u00f6rk Borg\u00a0 Romos s\u00edrban rejt\u0151zik egy halott gy\u00f6kerekb\u0151l k\u00e9sz\u00fclt olt\u00e1r, amelyre elveszett szimb\u00f3lumok vannak v\u00e9sve. \u00dagy besz\u00e9lik, sz\u00f6rny\u0171 \u00e1ron, de teljes\u00edti az emberek k\u00edv\u00e1ns\u00e1g\u00e1t. Ezt a hist\u00f3ri\u00e1t \u00e9s a rejtekre vezet\u0151 t\u00e9rk\u00e9pet tal\u00e1lt\u00e1tok egy meggyilkolt h\u00edrviv\u0151n. A testet egy jel\u00f6letlen \u00e1rokba vetett\u00e9k, de l\u00e1tt\u00e1tok, hogy az \u0151r\u00fclt kir\u00e1ly c\u00edmer\u00e9t viselte....\" \/>\n<meta property=\"og:url\" content=\"https:\/\/kalandoroktarsasaga.hu\/index.php\/event\/a-mocsari-boszorkany-sirja\/\" \/>\n<meta property=\"og:site_name\" content=\"Kalandorok T\u00e1rsas\u00e1ga\" \/>\n<meta property=\"article:modified_time\" content=\"2025-10-31T17:48:04+00:00\" \/>\n<meta property=\"og:image\" content=\"https:\/\/kalandoroktarsasaga.hu\/wp-content\/uploads\/2025\/10\/sep.jpg\" \/>\n\t<meta property=\"og:image:width\" content=\"634\" \/>\n\t<meta property=\"og:image:height\" content=\"888\" \/>\n\t<meta property=\"og:image:type\" content=\"image\/jpeg\" \/>\n<meta name=\"twitter:card\" content=\"summary_large_image\" \/>\n<script type=\"application\/ld+json\" class=\"yoast-schema-graph\">{\"@context\":\"https:\/\/schema.org\",\"@graph\":[{\"@type\":\"WebPage\",\"@id\":\"https:\/\/kalandoroktarsasaga.hu\/index.php\/event\/a-mocsari-boszorkany-sirja\/\",\"url\":\"https:\/\/kalandoroktarsasaga.hu\/index.php\/event\/a-mocsari-boszorkany-sirja\/\",\"name\":\"A mocs\u00e1ri boszork\u00e1ny s\u00edrja - Kalandorok T\u00e1rsas\u00e1ga\",\"isPartOf\":{\"@id\":\"https:\/\/kalandoroktarsasaga.hu\/#website\"},\"primaryImageOfPage\":{\"@id\":\"https:\/\/kalandoroktarsasaga.hu\/index.php\/event\/a-mocsari-boszorkany-sirja\/#primaryimage\"},\"image\":{\"@id\":\"https:\/\/kalandoroktarsasaga.hu\/index.php\/event\/a-mocsari-boszorkany-sirja\/#primaryimage\"},\"thumbnailUrl\":\"https:\/\/kalandoroktarsasaga.hu\/wp-content\/uploads\/2025\/10\/sep-214x300.jpg\",\"datePublished\":\"2025-10-12T08:28:31+00:00\",\"dateModified\":\"2025-10-31T17:48:04+00:00\",\"breadcrumb\":{\"@id\":\"https:\/\/kalandoroktarsasaga.hu\/index.php\/event\/a-mocsari-boszorkany-sirja\/#breadcrumb\"},\"inLanguage\":\"hu\",\"potentialAction\":[{\"@type\":\"ReadAction\",\"target\":[\"https:\/\/kalandoroktarsasaga.hu\/index.php\/event\/a-mocsari-boszorkany-sirja\/\"]}]},{\"@type\":\"ImageObject\",\"inLanguage\":\"hu\",\"@id\":\"https:\/\/kalandoroktarsasaga.hu\/index.php\/event\/a-mocsari-boszorkany-sirja\/#primaryimage\",\"url\":\"https:\/\/kalandoroktarsasaga.hu\/wp-content\/uploads\/2025\/10\/sep.jpg\",\"contentUrl\":\"https:\/\/kalandoroktarsasaga.hu\/wp-content\/uploads\/2025\/10\/sep.jpg\",\"width\":634,\"height\":888},{\"@type\":\"BreadcrumbList\",\"@id\":\"https:\/\/kalandoroktarsasaga.hu\/index.php\/event\/a-mocsari-boszorkany-sirja\/#breadcrumb\",\"itemListElement\":[{\"@type\":\"ListItem\",\"position\":1,\"name\":\"Kezd\u0151lap\",\"item\":\"https:\/\/kalandoroktarsasaga.hu\/\"},{\"@type\":\"ListItem\",\"position\":2,\"name\":\"Events\",\"item\":\"https:\/\/kalandoroktarsasaga.hu\/index.php\/event\/\"},{\"@type\":\"ListItem\",\"position\":3,\"name\":\"A mocs\u00e1ri boszork\u00e1ny s\u00edrja\"}]},{\"@type\":\"WebSite\",\"@id\":\"https:\/\/kalandoroktarsasaga.hu\/#website\",\"url\":\"https:\/\/kalandoroktarsasaga.hu\/\",\"name\":\"Kalandorok T\u00e1rsas\u00e1ga\",\"description\":\"Szerepj\u00e1t\u00e9kos rendezv\u00e9nyeket szervez\u00fcnk - veletek, nektek\",\"publisher\":{\"@id\":\"https:\/\/kalandoroktarsasaga.hu\/#organization\"},\"potentialAction\":[{\"@type\":\"SearchAction\",\"target\":{\"@type\":\"EntryPoint\",\"urlTemplate\":\"https:\/\/kalandoroktarsasaga.hu\/?s={search_term_string}\"},\"query-input\":{\"@type\":\"PropertyValueSpecification\",\"valueRequired\":true,\"valueName\":\"search_term_string\"}}],\"inLanguage\":\"hu\"},{\"@type\":\"Organization\",\"@id\":\"https:\/\/kalandoroktarsasaga.hu\/#organization\",\"name\":\"Kalandorok T\u00e1rsas\u00e1ga\",\"url\":\"https:\/\/kalandoroktarsasaga.hu\/\",\"logo\":{\"@type\":\"ImageObject\",\"inLanguage\":\"hu\",\"@id\":\"https:\/\/kalandoroktarsasaga.hu\/#\/schema\/logo\/image\/\",\"url\":\"https:\/\/kalandoroktarsasaga.hu\/wp-content\/uploads\/2023\/08\/cropped-Logo-1.png\",\"contentUrl\":\"https:\/\/kalandoroktarsasaga.hu\/wp-content\/uploads\/2023\/08\/cropped-Logo-1.png\",\"width\":599,\"height\":832,\"caption\":\"Kalandorok T\u00e1rsas\u00e1ga\"},\"image\":{\"@id\":\"https:\/\/kalandoroktarsasaga.hu\/#\/schema\/logo\/image\/\"}}]}<\/script>\n<!-- \/ Yoast SEO plugin. -->","yoast_head_json":{"title":"A mocs\u00e1ri boszork\u00e1ny s\u00edrja - Kalandorok T\u00e1rsas\u00e1ga","robots":{"index":"index","follow":"follow","max-snippet":"max-snippet:-1","max-image-preview":"max-image-preview:large","max-video-preview":"max-video-preview:-1"},"canonical":"https:\/\/kalandoroktarsasaga.hu\/index.php\/event\/a-mocsari-boszorkany-sirja\/","og_locale":"hu_HU","og_type":"article","og_title":"A mocs\u00e1ri boszork\u00e1ny s\u00edrja - Kalandorok T\u00e1rsas\u00e1ga","og_description":"Mes\u00e9l\u0151: Creep Rendszer \u00e9s vil\u00e1g: M\u00f6rk Borg\u00a0 Romos s\u00edrban rejt\u0151zik egy halott gy\u00f6kerekb\u0151l k\u00e9sz\u00fclt olt\u00e1r, amelyre elveszett szimb\u00f3lumok vannak v\u00e9sve. \u00dagy besz\u00e9lik, sz\u00f6rny\u0171 \u00e1ron, de teljes\u00edti az emberek k\u00edv\u00e1ns\u00e1g\u00e1t. Ezt a hist\u00f3ri\u00e1t \u00e9s a rejtekre vezet\u0151 t\u00e9rk\u00e9pet tal\u00e1lt\u00e1tok egy meggyilkolt h\u00edrviv\u0151n. A testet egy jel\u00f6letlen \u00e1rokba vetett\u00e9k, de l\u00e1tt\u00e1tok, hogy az \u0151r\u00fclt kir\u00e1ly c\u00edmer\u00e9t viselte....","og_url":"https:\/\/kalandoroktarsasaga.hu\/index.php\/event\/a-mocsari-boszorkany-sirja\/","og_site_name":"Kalandorok T\u00e1rsas\u00e1ga","article_modified_time":"2025-10-31T17:48:04+00:00","og_image":[{"width":634,"height":888,"url":"https:\/\/kalandoroktarsasaga.hu\/wp-content\/uploads\/2025\/10\/sep.jpg","type":"image\/jpeg"}],"twitter_card":"summary_large_image","schema":{"@context":"https:\/\/schema.org","@graph":[{"@type":"WebPage","@id":"https:\/\/kalandoroktarsasaga.hu\/index.php\/event\/a-mocsari-boszorkany-sirja\/","url":"https:\/\/kalandoroktarsasaga.hu\/index.php\/event\/a-mocsari-boszorkany-sirja\/","name":"A mocs\u00e1ri boszork\u00e1ny s\u00edrja - Kalandorok T\u00e1rsas\u00e1ga","isPartOf":{"@id":"https:\/\/kalandoroktarsasaga.hu\/#website"},"primaryImageOfPage":{"@id":"https:\/\/kalandoroktarsasaga.hu\/index.php\/event\/a-mocsari-boszorkany-sirja\/#primaryimage"},"image":{"@id":"https:\/\/kalandoroktarsasaga.hu\/index.php\/event\/a-mocsari-boszorkany-sirja\/#primaryimage"},"thumbnailUrl":"https:\/\/kalandoroktarsasaga.hu\/wp-content\/uploads\/2025\/10\/sep-214x300.jpg","datePublished":"2025-10-12T08:28:31+00:00","dateModified":"2025-10-31T17:48:04+00:00","breadcrumb":{"@id":"https:\/\/kalandoroktarsasaga.hu\/index.php\/event\/a-mocsari-boszorkany-sirja\/#breadcrumb"},"inLanguage":"hu","potentialAction":[{"@type":"ReadAction","target":["https:\/\/kalandoroktarsasaga.hu\/index.php\/event\/a-mocsari-boszorkany-sirja\/"]}]},{"@type":"ImageObject","inLanguage":"hu","@id":"https:\/\/kalandoroktarsasaga.hu\/index.php\/event\/a-mocsari-boszorkany-sirja\/#primaryimage","url":"https:\/\/kalandoroktarsasaga.hu\/wp-content\/uploads\/2025\/10\/sep.jpg","contentUrl":"https:\/\/kalandoroktarsasaga.hu\/wp-content\/uploads\/2025\/10\/sep.jpg","width":634,"height":888},{"@type":"BreadcrumbList","@id":"https:\/\/kalandoroktarsasaga.hu\/index.php\/event\/a-mocsari-boszorkany-sirja\/#breadcrumb","itemListElement":[{"@type":"ListItem","position":1,"name":"Kezd\u0151lap","item":"https:\/\/kalandoroktarsasaga.hu\/"},{"@type":"ListItem","position":2,"name":"Events","item":"https:\/\/kalandoroktarsasaga.hu\/index.php\/event\/"},{"@type":"ListItem","position":3,"name":"A mocs\u00e1ri boszork\u00e1ny s\u00edrja"}]},{"@type":"WebSite","@id":"https:\/\/kalandoroktarsasaga.hu\/#website","url":"https:\/\/kalandoroktarsasaga.hu\/","name":"Kalandorok T\u00e1rsas\u00e1ga","description":"Szerepj\u00e1t\u00e9kos rendezv\u00e9nyeket szervez\u00fcnk - veletek, nektek","publisher":{"@id":"https:\/\/kalandoroktarsasaga.hu\/#organization"},"potentialAction":[{"@type":"SearchAction","target":{"@type":"EntryPoint","urlTemplate":"https:\/\/kalandoroktarsasaga.hu\/?s={search_term_string}"},"query-input":{"@type":"PropertyValueSpecification","valueRequired":true,"valueName":"search_term_string"}}],"inLanguage":"hu"},{"@type":"Organization","@id":"https:\/\/kalandoroktarsasaga.hu\/#organization","name":"Kalandorok T\u00e1rsas\u00e1ga","url":"https:\/\/kalandoroktarsasaga.hu\/","logo":{"@type":"ImageObject","inLanguage":"hu","@id":"https:\/\/kalandoroktarsasaga.hu\/#\/schema\/logo\/image\/","url":"https:\/\/kalandoroktarsasaga.hu\/wp-content\/uploads\/2023\/08\/cropped-Logo-1.png","contentUrl":"https:\/\/kalandoroktarsasaga.hu\/wp-content\/uploads\/2023\/08\/cropped-Logo-1.png","width":599,"height":832,"caption":"Kalandorok T\u00e1rsas\u00e1ga"},"image":{"@id":"https:\/\/kalandoroktarsasaga.hu\/#\/schema\/logo\/image\/"}}]}},"_links":{"self":[{"href":"https:\/\/kalandoroktarsasaga.hu\/index.php\/wp-json\/wp\/v2\/event\/1135","targetHints":{"allow":["GET"]}}],"collection":[{"href":"https:\/\/kalandoroktarsasaga.hu\/index.php\/wp-json\/wp\/v2\/event"}],"about":[{"href":"https:\/\/kalandoroktarsasaga.hu\/index.php\/wp-json\/wp\/v2\/types\/event"}],"author":[{"embeddable":true,"href":"https:\/\/kalandoroktarsasaga.hu\/index.php\/wp-json\/wp\/v2\/users\/1"}],"replies":[{"embeddable":true,"href":"https:\/\/kalandoroktarsasaga.hu\/index.php\/wp-json\/wp\/v2\/comments?post=1135"}],"version-history":[{"count":3,"href":"https:\/\/kalandoroktarsasaga.hu\/index.php\/wp-json\/wp\/v2\/event\/1135\/revisions"}],"predecessor-version":[{"id":1205,"href":"https:\/\/kalandoroktarsasaga.hu\/index.php\/wp-json\/wp\/v2\/event\/1135\/revisions\/1205"}],"wp:attachment":[{"href":"https:\/\/kalandoroktarsasaga.hu\/index.php\/wp-json\/wp\/v2\/media?parent=1135"}],"wp:term":[{"taxonomy":"category","embeddable":true,"href":"https:\/\/kalandoroktarsasaga.hu\/index.php\/wp-json\/wp\/v2\/categories?post=1135"},{"taxonomy":"post_tag","embeddable":true,"href":"https:\/\/kalandoroktarsasaga.hu\/index.php\/wp-json\/wp\/v2\/tags?post=1135"}],"curies":[{"name":"wp","href":"https:\/\/api.w.org\/{rel}","templated":true}]}}