{"id":1138,"date":"2025-10-12T10:38:30","date_gmt":"2025-10-12T08:38:30","guid":{"rendered":"https:\/\/kalandoroktarsasaga.hu\/?post_type=event&#038;p=1138"},"modified":"2025-10-31T18:46:20","modified_gmt":"2025-10-31T17:46:20","slug":"a-kesek-es-hurkok-haza","status":"publish","type":"event","link":"https:\/\/kalandoroktarsasaga.hu\/index.php\/event\/a-kesek-es-hurkok-haza\/","title":{"rendered":"A K\u00e9sek \u00e9s Hurkok H\u00e1za"},"content":{"rendered":"<p class=\"v1gmail-western\" lang=\"hu-HU\"><strong>Mes\u00e9l\u0151<\/strong>: Premier<img loading=\"lazy\" decoding=\"async\" class=\" wp-image-1247 alignright\" src=\"https:\/\/kalandoroktarsasaga.hu\/wp-content\/uploads\/2025\/10\/Zamora-300x127.jpg\" alt=\"\" width=\"737\" height=\"312\" srcset=\"https:\/\/kalandoroktarsasaga.hu\/wp-content\/uploads\/2025\/10\/Zamora-300x127.jpg 300w, https:\/\/kalandoroktarsasaga.hu\/wp-content\/uploads\/2025\/10\/Zamora-768x326.jpg 768w, https:\/\/kalandoroktarsasaga.hu\/wp-content\/uploads\/2025\/10\/Zamora.jpg 940w\" sizes=\"auto, (max-width: 737px) 100vw, 737px\" \/><\/p>\n<p class=\"v1gmail-western\" lang=\"hu-HU\"><strong>Rendszer<\/strong>: Eredeti, 1974-es D&amp;D <a href=\"https:\/\/www.grey-elf.com\">Jason Vey Age of Conan kieg\u00e9sz\u00edt\u0151j\u00e9vel<\/a><\/p>\n<p class=\"v1gmail-western\" lang=\"hu-HU\"><strong>Vil\u00e1g<\/strong>: A hyb\u00f3riai kor, Conan vil\u00e1ga<\/p>\n<p class=\"v1gmail-western\" lang=\"hu-HU\">\u00c1tkozott Zamora, a tolvajok p\u00f3k-k\u00eds\u00e9rtette v\u00e1rosa, ahol balj\u00f3s viharfelh\u0151k\u00e9nt emelkedik a h\u00e1zak f\u00f6l\u00e9 az Elef\u00e1nttorony! Ezen s\u00f6t\u00e9t v\u00e1ros egyik utc\u00e1j\u00e1ban \u00e1ll egy t\u00f6m\u00f6r, sz\u00f6gletes \u00e9p\u00fclet; az oromzatra kiakasztott kenderhurkok hirdetik, hogy a K\u00e9sek \u00e9s Hurkok H\u00e1za ez, a legvesz\u00e9lyesebb orgyilkosc\u00e9h otthona a Vilayet-tenger \u00e9s a S\u00e1rga foly\u00f3, a Hyperb\u00f3reai pusztulat \u00e9s a T\u0171z Hegyei k\u00f6z\u00f6tt.<\/p>\n<p class=\"v1gmail-western\" lang=\"hu-HU\">A b\u0171n vil\u00e1g\u00e1hoz k\u00f6zel \u00e9l\u0151k mind tudni v\u00e9lik, hogy legend\u00e1s kincseket halmoztak fel a h\u00e1zban: egyik r\u00e9sz\u00fck fizets\u00e9g a testv\u00e9ris\u00e9g munk\u00e1j\u00e1\u00e9rt, m\u00e1sikuk pedig saj\u00e1t szak\u00e1llra szerzett zs\u00e1km\u00e1ny, vagy \u00e9ppen a leggazdagabb \u00e1ldozatok volt javai.<\/p>\n<p class=\"v1gmail-western\" lang=\"hu-HU\">Csak egy bolond vagy egy igaz\u00e1n k\u00e9ts\u00e9gbeesett ember pr\u00f3b\u00e1ln\u00e1 meg kifosztani a K\u00e9sek \u00e9s Hurkok H\u00e1z\u00e1t, hiszen annak csapd\u00e1in\u00e1l csak lak\u00f3i hal\u00e1losabbak. Most azonban m\u00e9gis \u00f6sszever\u0151d\u00f6tt a v\u00e1llalkoz\u00f3 kalandorok egy kis csapata, hogy megpr\u00f3b\u00e1lkozzon a lehetetlennel, majd l\u00f3hal\u00e1l\u00e1ban hagyja el Zamor\u00e1t. Egy bizonyos \u00e9kszerre m\u00e1r lenne is vev\u0151 Ophirban, aki annyi p\u00e9nzt k\u00edn\u00e1l az\u00e9rt az egyetlen t\u00e1rgy\u00e9rt, hogy abb\u00f3l mindannyian k\u00e9nyelmesen nyugd\u00edjba vonulhatn\u00e1tok. \u00c9s ha m\u00e9g m\u00e1st is siker\u00fclne megszerezni, akkor kir\u00e1lyk\u00e9nt \u00e9lhetn\u00e9tek h\u00e1tral\u00e9v\u0151 \u00e9leteteket&#8230; felt\u00e9ve, hogy a testv\u00e9ris\u00e9g nem tal\u00e1l meg&#8230;<\/p>\n<p class=\"v1gmail-western\" lang=\"hu-HU\"><strong>Mi v\u00e1rhat\u00f3<\/strong>: Bet\u00f6r\u00e9s egy vesz\u00e9lyes v\u00e1rosi helysz\u00ednre. J\u00f3l megtervezett vagy kapkod\u00f3, cs\u00f6ndes vagy ny\u00edlt harcba fordul\u00f3 \u2013 rajtatok m\u00falik.<\/p>\n<p class=\"v1gmail-western\" lang=\"hu-HU\"><strong>Karakterek<\/strong>: El\u0151re gener\u00e1ltak<\/p>\n","protected":false},"excerpt":{"rendered":"<p>Mes\u00e9l\u0151: Premier Rendszer: Eredeti, 1974-es D&amp;D Jason Vey Age of Conan kieg\u00e9sz\u00edt\u0151j\u00e9vel Vil\u00e1g: A hyb\u00f3riai kor, Conan vil\u00e1ga \u00c1tkozott Zamora, a tolvajok p\u00f3k-k\u00eds\u00e9rtette v\u00e1rosa, ahol balj\u00f3s viharfelh\u0151k\u00e9nt emelkedik a h\u00e1zak f\u00f6l\u00e9 az Elef\u00e1nttorony! Ezen s\u00f6t\u00e9t v\u00e1ros egyik utc\u00e1j\u00e1ban \u00e1ll egy t\u00f6m\u00f6r, sz\u00f6gletes \u00e9p\u00fclet; az oromzatra kiakasztott kenderhurkok hirdetik, hogy a K\u00e9sek \u00e9s Hurkok H\u00e1za ez,&#8230;<\/p>\n","protected":false},"author":1,"featured_media":0,"comment_status":"open","ping_status":"closed","template":"","meta":{"_kadence_starter_templates_imported_post":false,"_kad_post_transparent":"default","_kad_post_title":"default","_kad_post_layout":"default","_kad_post_sidebar_id":"","_kad_post_content_style":"default","_kad_post_vertical_padding":"default","_kad_post_feature":"","_kad_post_feature_position":"","_kad_post_header":false,"_kad_post_footer":false,"footnotes":""},"categories":[13,10],"tags":[],"class_list":["post-1138","event","type-event","status-publish","hentry","category-kata-xiii","category-mesek"],"yoast_head":"<!-- This site is optimized with the Yoast SEO plugin v26.2 - https:\/\/yoast.com\/wordpress\/plugins\/seo\/ -->\n<title>A K\u00e9sek \u00e9s Hurkok H\u00e1za - Kalandorok T\u00e1rsas\u00e1ga<\/title>\n<meta name=\"robots\" content=\"index, follow, max-snippet:-1, max-image-preview:large, max-video-preview:-1\" \/>\n<link rel=\"canonical\" href=\"https:\/\/kalandoroktarsasaga.hu\/index.php\/event\/a-kesek-es-hurkok-haza\/\" \/>\n<meta property=\"og:locale\" content=\"hu_HU\" \/>\n<meta property=\"og:type\" content=\"article\" \/>\n<meta property=\"og:title\" content=\"A K\u00e9sek \u00e9s Hurkok H\u00e1za - Kalandorok T\u00e1rsas\u00e1ga\" \/>\n<meta property=\"og:description\" content=\"Mes\u00e9l\u0151: Premier Rendszer: Eredeti, 1974-es D&amp;D Jason Vey Age of Conan kieg\u00e9sz\u00edt\u0151j\u00e9vel Vil\u00e1g: A hyb\u00f3riai kor, Conan vil\u00e1ga \u00c1tkozott Zamora, a tolvajok p\u00f3k-k\u00eds\u00e9rtette v\u00e1rosa, ahol balj\u00f3s viharfelh\u0151k\u00e9nt emelkedik a h\u00e1zak f\u00f6l\u00e9 az Elef\u00e1nttorony! Ezen s\u00f6t\u00e9t v\u00e1ros egyik utc\u00e1j\u00e1ban \u00e1ll egy t\u00f6m\u00f6r, sz\u00f6gletes \u00e9p\u00fclet; az oromzatra kiakasztott kenderhurkok hirdetik, hogy a K\u00e9sek \u00e9s Hurkok H\u00e1za ez,...\" \/>\n<meta property=\"og:url\" content=\"https:\/\/kalandoroktarsasaga.hu\/index.php\/event\/a-kesek-es-hurkok-haza\/\" \/>\n<meta property=\"og:site_name\" content=\"Kalandorok T\u00e1rsas\u00e1ga\" \/>\n<meta property=\"article:modified_time\" content=\"2025-10-31T17:46:20+00:00\" \/>\n<meta property=\"og:image\" content=\"https:\/\/kalandoroktarsasaga.hu\/wp-content\/uploads\/2025\/10\/Zamora.jpg\" \/>\n\t<meta property=\"og:image:width\" content=\"940\" \/>\n\t<meta property=\"og:image:height\" content=\"399\" \/>\n\t<meta property=\"og:image:type\" content=\"image\/jpeg\" \/>\n<meta name=\"twitter:card\" content=\"summary_large_image\" \/>\n<script type=\"application\/ld+json\" class=\"yoast-schema-graph\">{\"@context\":\"https:\/\/schema.org\",\"@graph\":[{\"@type\":\"WebPage\",\"@id\":\"https:\/\/kalandoroktarsasaga.hu\/index.php\/event\/a-kesek-es-hurkok-haza\/\",\"url\":\"https:\/\/kalandoroktarsasaga.hu\/index.php\/event\/a-kesek-es-hurkok-haza\/\",\"name\":\"A K\u00e9sek \u00e9s Hurkok H\u00e1za - Kalandorok T\u00e1rsas\u00e1ga\",\"isPartOf\":{\"@id\":\"https:\/\/kalandoroktarsasaga.hu\/#website\"},\"primaryImageOfPage\":{\"@id\":\"https:\/\/kalandoroktarsasaga.hu\/index.php\/event\/a-kesek-es-hurkok-haza\/#primaryimage\"},\"image\":{\"@id\":\"https:\/\/kalandoroktarsasaga.hu\/index.php\/event\/a-kesek-es-hurkok-haza\/#primaryimage\"},\"thumbnailUrl\":\"https:\/\/kalandoroktarsasaga.hu\/wp-content\/uploads\/2025\/10\/Zamora-300x127.jpg\",\"datePublished\":\"2025-10-12T08:38:30+00:00\",\"dateModified\":\"2025-10-31T17:46:20+00:00\",\"breadcrumb\":{\"@id\":\"https:\/\/kalandoroktarsasaga.hu\/index.php\/event\/a-kesek-es-hurkok-haza\/#breadcrumb\"},\"inLanguage\":\"hu\",\"potentialAction\":[{\"@type\":\"ReadAction\",\"target\":[\"https:\/\/kalandoroktarsasaga.hu\/index.php\/event\/a-kesek-es-hurkok-haza\/\"]}]},{\"@type\":\"ImageObject\",\"inLanguage\":\"hu\",\"@id\":\"https:\/\/kalandoroktarsasaga.hu\/index.php\/event\/a-kesek-es-hurkok-haza\/#primaryimage\",\"url\":\"https:\/\/kalandoroktarsasaga.hu\/wp-content\/uploads\/2025\/10\/Zamora.jpg\",\"contentUrl\":\"https:\/\/kalandoroktarsasaga.hu\/wp-content\/uploads\/2025\/10\/Zamora.jpg\",\"width\":940,\"height\":399},{\"@type\":\"BreadcrumbList\",\"@id\":\"https:\/\/kalandoroktarsasaga.hu\/index.php\/event\/a-kesek-es-hurkok-haza\/#breadcrumb\",\"itemListElement\":[{\"@type\":\"ListItem\",\"position\":1,\"name\":\"Kezd\u0151lap\",\"item\":\"https:\/\/kalandoroktarsasaga.hu\/\"},{\"@type\":\"ListItem\",\"position\":2,\"name\":\"Events\",\"item\":\"https:\/\/kalandoroktarsasaga.hu\/index.php\/event\/\"},{\"@type\":\"ListItem\",\"position\":3,\"name\":\"A K\u00e9sek \u00e9s Hurkok H\u00e1za\"}]},{\"@type\":\"WebSite\",\"@id\":\"https:\/\/kalandoroktarsasaga.hu\/#website\",\"url\":\"https:\/\/kalandoroktarsasaga.hu\/\",\"name\":\"Kalandorok T\u00e1rsas\u00e1ga\",\"description\":\"Szerepj\u00e1t\u00e9kos rendezv\u00e9nyeket szervez\u00fcnk - veletek, nektek\",\"publisher\":{\"@id\":\"https:\/\/kalandoroktarsasaga.hu\/#organization\"},\"potentialAction\":[{\"@type\":\"SearchAction\",\"target\":{\"@type\":\"EntryPoint\",\"urlTemplate\":\"https:\/\/kalandoroktarsasaga.hu\/?s={search_term_string}\"},\"query-input\":{\"@type\":\"PropertyValueSpecification\",\"valueRequired\":true,\"valueName\":\"search_term_string\"}}],\"inLanguage\":\"hu\"},{\"@type\":\"Organization\",\"@id\":\"https:\/\/kalandoroktarsasaga.hu\/#organization\",\"name\":\"Kalandorok T\u00e1rsas\u00e1ga\",\"url\":\"https:\/\/kalandoroktarsasaga.hu\/\",\"logo\":{\"@type\":\"ImageObject\",\"inLanguage\":\"hu\",\"@id\":\"https:\/\/kalandoroktarsasaga.hu\/#\/schema\/logo\/image\/\",\"url\":\"https:\/\/kalandoroktarsasaga.hu\/wp-content\/uploads\/2023\/08\/cropped-Logo-1.png\",\"contentUrl\":\"https:\/\/kalandoroktarsasaga.hu\/wp-content\/uploads\/2023\/08\/cropped-Logo-1.png\",\"width\":599,\"height\":832,\"caption\":\"Kalandorok T\u00e1rsas\u00e1ga\"},\"image\":{\"@id\":\"https:\/\/kalandoroktarsasaga.hu\/#\/schema\/logo\/image\/\"}}]}<\/script>\n<!-- \/ Yoast SEO plugin. -->","yoast_head_json":{"title":"A K\u00e9sek \u00e9s Hurkok H\u00e1za - Kalandorok T\u00e1rsas\u00e1ga","robots":{"index":"index","follow":"follow","max-snippet":"max-snippet:-1","max-image-preview":"max-image-preview:large","max-video-preview":"max-video-preview:-1"},"canonical":"https:\/\/kalandoroktarsasaga.hu\/index.php\/event\/a-kesek-es-hurkok-haza\/","og_locale":"hu_HU","og_type":"article","og_title":"A K\u00e9sek \u00e9s Hurkok H\u00e1za - Kalandorok T\u00e1rsas\u00e1ga","og_description":"Mes\u00e9l\u0151: Premier Rendszer: Eredeti, 1974-es D&amp;D Jason Vey Age of Conan kieg\u00e9sz\u00edt\u0151j\u00e9vel Vil\u00e1g: A hyb\u00f3riai kor, Conan vil\u00e1ga \u00c1tkozott Zamora, a tolvajok p\u00f3k-k\u00eds\u00e9rtette v\u00e1rosa, ahol balj\u00f3s viharfelh\u0151k\u00e9nt emelkedik a h\u00e1zak f\u00f6l\u00e9 az Elef\u00e1nttorony! Ezen s\u00f6t\u00e9t v\u00e1ros egyik utc\u00e1j\u00e1ban \u00e1ll egy t\u00f6m\u00f6r, sz\u00f6gletes \u00e9p\u00fclet; az oromzatra kiakasztott kenderhurkok hirdetik, hogy a K\u00e9sek \u00e9s Hurkok H\u00e1za ez,...","og_url":"https:\/\/kalandoroktarsasaga.hu\/index.php\/event\/a-kesek-es-hurkok-haza\/","og_site_name":"Kalandorok T\u00e1rsas\u00e1ga","article_modified_time":"2025-10-31T17:46:20+00:00","og_image":[{"width":940,"height":399,"url":"https:\/\/kalandoroktarsasaga.hu\/wp-content\/uploads\/2025\/10\/Zamora.jpg","type":"image\/jpeg"}],"twitter_card":"summary_large_image","schema":{"@context":"https:\/\/schema.org","@graph":[{"@type":"WebPage","@id":"https:\/\/kalandoroktarsasaga.hu\/index.php\/event\/a-kesek-es-hurkok-haza\/","url":"https:\/\/kalandoroktarsasaga.hu\/index.php\/event\/a-kesek-es-hurkok-haza\/","name":"A K\u00e9sek \u00e9s Hurkok H\u00e1za - Kalandorok T\u00e1rsas\u00e1ga","isPartOf":{"@id":"https:\/\/kalandoroktarsasaga.hu\/#website"},"primaryImageOfPage":{"@id":"https:\/\/kalandoroktarsasaga.hu\/index.php\/event\/a-kesek-es-hurkok-haza\/#primaryimage"},"image":{"@id":"https:\/\/kalandoroktarsasaga.hu\/index.php\/event\/a-kesek-es-hurkok-haza\/#primaryimage"},"thumbnailUrl":"https:\/\/kalandoroktarsasaga.hu\/wp-content\/uploads\/2025\/10\/Zamora-300x127.jpg","datePublished":"2025-10-12T08:38:30+00:00","dateModified":"2025-10-31T17:46:20+00:00","breadcrumb":{"@id":"https:\/\/kalandoroktarsasaga.hu\/index.php\/event\/a-kesek-es-hurkok-haza\/#breadcrumb"},"inLanguage":"hu","potentialAction":[{"@type":"ReadAction","target":["https:\/\/kalandoroktarsasaga.hu\/index.php\/event\/a-kesek-es-hurkok-haza\/"]}]},{"@type":"ImageObject","inLanguage":"hu","@id":"https:\/\/kalandoroktarsasaga.hu\/index.php\/event\/a-kesek-es-hurkok-haza\/#primaryimage","url":"https:\/\/kalandoroktarsasaga.hu\/wp-content\/uploads\/2025\/10\/Zamora.jpg","contentUrl":"https:\/\/kalandoroktarsasaga.hu\/wp-content\/uploads\/2025\/10\/Zamora.jpg","width":940,"height":399},{"@type":"BreadcrumbList","@id":"https:\/\/kalandoroktarsasaga.hu\/index.php\/event\/a-kesek-es-hurkok-haza\/#breadcrumb","itemListElement":[{"@type":"ListItem","position":1,"name":"Kezd\u0151lap","item":"https:\/\/kalandoroktarsasaga.hu\/"},{"@type":"ListItem","position":2,"name":"Events","item":"https:\/\/kalandoroktarsasaga.hu\/index.php\/event\/"},{"@type":"ListItem","position":3,"name":"A K\u00e9sek \u00e9s Hurkok H\u00e1za"}]},{"@type":"WebSite","@id":"https:\/\/kalandoroktarsasaga.hu\/#website","url":"https:\/\/kalandoroktarsasaga.hu\/","name":"Kalandorok T\u00e1rsas\u00e1ga","description":"Szerepj\u00e1t\u00e9kos rendezv\u00e9nyeket szervez\u00fcnk - veletek, nektek","publisher":{"@id":"https:\/\/kalandoroktarsasaga.hu\/#organization"},"potentialAction":[{"@type":"SearchAction","target":{"@type":"EntryPoint","urlTemplate":"https:\/\/kalandoroktarsasaga.hu\/?s={search_term_string}"},"query-input":{"@type":"PropertyValueSpecification","valueRequired":true,"valueName":"search_term_string"}}],"inLanguage":"hu"},{"@type":"Organization","@id":"https:\/\/kalandoroktarsasaga.hu\/#organization","name":"Kalandorok T\u00e1rsas\u00e1ga","url":"https:\/\/kalandoroktarsasaga.hu\/","logo":{"@type":"ImageObject","inLanguage":"hu","@id":"https:\/\/kalandoroktarsasaga.hu\/#\/schema\/logo\/image\/","url":"https:\/\/kalandoroktarsasaga.hu\/wp-content\/uploads\/2023\/08\/cropped-Logo-1.png","contentUrl":"https:\/\/kalandoroktarsasaga.hu\/wp-content\/uploads\/2023\/08\/cropped-Logo-1.png","width":599,"height":832,"caption":"Kalandorok T\u00e1rsas\u00e1ga"},"image":{"@id":"https:\/\/kalandoroktarsasaga.hu\/#\/schema\/logo\/image\/"}}]}},"_links":{"self":[{"href":"https:\/\/kalandoroktarsasaga.hu\/index.php\/wp-json\/wp\/v2\/event\/1138","targetHints":{"allow":["GET"]}}],"collection":[{"href":"https:\/\/kalandoroktarsasaga.hu\/index.php\/wp-json\/wp\/v2\/event"}],"about":[{"href":"https:\/\/kalandoroktarsasaga.hu\/index.php\/wp-json\/wp\/v2\/types\/event"}],"author":[{"embeddable":true,"href":"https:\/\/kalandoroktarsasaga.hu\/index.php\/wp-json\/wp\/v2\/users\/1"}],"replies":[{"embeddable":true,"href":"https:\/\/kalandoroktarsasaga.hu\/index.php\/wp-json\/wp\/v2\/comments?post=1138"}],"version-history":[{"count":2,"href":"https:\/\/kalandoroktarsasaga.hu\/index.php\/wp-json\/wp\/v2\/event\/1138\/revisions"}],"predecessor-version":[{"id":1248,"href":"https:\/\/kalandoroktarsasaga.hu\/index.php\/wp-json\/wp\/v2\/event\/1138\/revisions\/1248"}],"wp:attachment":[{"href":"https:\/\/kalandoroktarsasaga.hu\/index.php\/wp-json\/wp\/v2\/media?parent=1138"}],"wp:term":[{"taxonomy":"category","embeddable":true,"href":"https:\/\/kalandoroktarsasaga.hu\/index.php\/wp-json\/wp\/v2\/categories?post=1138"},{"taxonomy":"post_tag","embeddable":true,"href":"https:\/\/kalandoroktarsasaga.hu\/index.php\/wp-json\/wp\/v2\/tags?post=1138"}],"curies":[{"name":"wp","href":"https:\/\/api.w.org\/{rel}","templated":true}]}}