{"id":1151,"date":"2025-10-12T10:39:15","date_gmt":"2025-10-12T08:39:15","guid":{"rendered":"https:\/\/kalandoroktarsasaga.hu\/?post_type=event&#038;p=1151"},"modified":"2025-10-31T18:46:10","modified_gmt":"2025-10-31T17:46:10","slug":"a-kilencedik-napon","status":"publish","type":"event","link":"https:\/\/kalandoroktarsasaga.hu\/index.php\/event\/a-kilencedik-napon\/","title":{"rendered":"A kilencedik napon"},"content":{"rendered":"<p><strong>Mes\u00e9l\u0151<\/strong>: Nocturna<img loading=\"lazy\" decoding=\"async\" class=\" wp-image-1152 alignright\" src=\"https:\/\/kalandoroktarsasaga.hu\/wp-content\/uploads\/2025\/10\/kilencedik-300x187.jpg\" alt=\"\" width=\"496\" height=\"309\" srcset=\"https:\/\/kalandoroktarsasaga.hu\/wp-content\/uploads\/2025\/10\/kilencedik-300x187.jpg 300w, https:\/\/kalandoroktarsasaga.hu\/wp-content\/uploads\/2025\/10\/kilencedik-1024x640.jpg 1024w, https:\/\/kalandoroktarsasaga.hu\/wp-content\/uploads\/2025\/10\/kilencedik-768x480.jpg 768w, https:\/\/kalandoroktarsasaga.hu\/wp-content\/uploads\/2025\/10\/kilencedik-1536x960.jpg 1536w, https:\/\/kalandoroktarsasaga.hu\/wp-content\/uploads\/2025\/10\/kilencedik.jpg 1741w\" sizes=\"auto, (max-width: 496px) 100vw, 496px\" \/><\/p>\n<p><strong>Rendszer<\/strong>: Heimurinn (2024, fizikai kiad\u00e1s)<\/p>\n<p>Mikor bek\u00f6sz\u00f6nt a tavasz, a Fagyf\u00f6ld lak\u00f3i \u00fcnneppel k\u00f6sz\u00f6ntik, h\u00e1l\u00e1t adv\u00e1n, hogy t\u00fal\u00e9lt\u00e9k a zord telet. A Sumarbl\u00f3t m\u00e1gly\u00e1i \u00e9s \u00e1ldozati t\u00fczei hamarosan fellobbannak. \u00c1m a h\u00f3olvad\u00e1s most valami m\u00e1st is el\u0151csalt a vack\u00e1r\u00f3l, valami emberh\u00fasra \u00e9hez\u0151 ocsm\u00e1ny \u00e9s \u00e1d\u00e1z l\u00e9nyt. Egy eff\u00e9le f\u00f6rtelmet legy\u0151zni olyan pr\u00f3bat\u00e9tel, amit az ember nem csup\u00e1n a p\u00e9nz \u00e9s a sz\u00e9passzonyok kedv\u00e9\u00e9rt v\u00e1llal, hanem az\u00e9rt, hogy \u00f6r\u00f6kre be\u00edrja a nev\u00e9t a sag\u00e1kba.<br \/>Ez\u00e9rt is keltetek \u00fatra.<br \/>Ez\u00e9rt is vagytok most itt.<br \/>\u00c1m ez m\u00e9g csak a kezdet\u2026<\/p>\n<p><strong>Ami v\u00e1rhat\u00f3<\/strong>: Komor hangulat\u00fa, zord, a skandin\u00e1v \u00e9s izlandi kult\u00far\u00e1kb\u00f3l inspir\u00e1l\u00f3dott vil\u00e1g. Immerzi\u00f3 megteremt\u00e9se; gyilkos, izgalmas \u00e9s taktikus harcok; nyomoz\u00e1s \u00e9s felfedez\u00e9s; neh\u00e9z d\u00f6nt\u00e9si helyzetek.<\/p>\n<p><strong>Karakterek<\/strong>: A J\u00e1t\u00e9kosok 5 db. el\u0151re gener\u00e1lt, 2. szint\u0171 karakterb\u0151l v\u00e1laszthatnak; a karakterekhez r\u00f6vid le\u00edr\u00e1st \u00e9s karakterlapot el\u0151re k\u00fcld\u00f6k, valamint a j\u00e1t\u00e9khoz r\u00f6vid j\u00e1t\u00e9kosi seg\u00e9dlet biztos\u00edtok.<\/p>\n<p>&nbsp;<\/p>\n","protected":false},"excerpt":{"rendered":"<p>Mes\u00e9l\u0151: Nocturna Rendszer: Heimurinn (2024, fizikai kiad\u00e1s) Mikor bek\u00f6sz\u00f6nt a tavasz, a Fagyf\u00f6ld lak\u00f3i \u00fcnneppel k\u00f6sz\u00f6ntik, h\u00e1l\u00e1t adv\u00e1n, hogy t\u00fal\u00e9lt\u00e9k a zord telet. A Sumarbl\u00f3t m\u00e1gly\u00e1i \u00e9s \u00e1ldozati t\u00fczei hamarosan fellobbannak. \u00c1m a h\u00f3olvad\u00e1s most valami m\u00e1st is el\u0151csalt a vack\u00e1r\u00f3l, valami emberh\u00fasra \u00e9hez\u0151 ocsm\u00e1ny \u00e9s \u00e1d\u00e1z l\u00e9nyt. Egy eff\u00e9le f\u00f6rtelmet legy\u0151zni olyan pr\u00f3bat\u00e9tel, amit&#8230;<\/p>\n","protected":false},"author":1,"featured_media":0,"comment_status":"open","ping_status":"closed","template":"","meta":{"_kadence_starter_templates_imported_post":false,"_kad_post_transparent":"default","_kad_post_title":"default","_kad_post_layout":"default","_kad_post_sidebar_id":"","_kad_post_content_style":"default","_kad_post_vertical_padding":"default","_kad_post_feature":"","_kad_post_feature_position":"","_kad_post_header":false,"_kad_post_footer":false,"footnotes":""},"categories":[13,10],"tags":[],"class_list":["post-1151","event","type-event","status-publish","hentry","category-kata-xiii","category-mesek"],"yoast_head":"<!-- This site is optimized with the Yoast SEO plugin v26.2 - https:\/\/yoast.com\/wordpress\/plugins\/seo\/ -->\n<title>A kilencedik napon - Kalandorok T\u00e1rsas\u00e1ga<\/title>\n<meta name=\"robots\" content=\"index, follow, max-snippet:-1, max-image-preview:large, max-video-preview:-1\" \/>\n<link rel=\"canonical\" href=\"https:\/\/kalandoroktarsasaga.hu\/index.php\/event\/a-kilencedik-napon\/\" \/>\n<meta property=\"og:locale\" content=\"hu_HU\" \/>\n<meta property=\"og:type\" content=\"article\" \/>\n<meta property=\"og:title\" content=\"A kilencedik napon - Kalandorok T\u00e1rsas\u00e1ga\" \/>\n<meta property=\"og:description\" content=\"Mes\u00e9l\u0151: Nocturna Rendszer: Heimurinn (2024, fizikai kiad\u00e1s) Mikor bek\u00f6sz\u00f6nt a tavasz, a Fagyf\u00f6ld lak\u00f3i \u00fcnneppel k\u00f6sz\u00f6ntik, h\u00e1l\u00e1t adv\u00e1n, hogy t\u00fal\u00e9lt\u00e9k a zord telet. A Sumarbl\u00f3t m\u00e1gly\u00e1i \u00e9s \u00e1ldozati t\u00fczei hamarosan fellobbannak. \u00c1m a h\u00f3olvad\u00e1s most valami m\u00e1st is el\u0151csalt a vack\u00e1r\u00f3l, valami emberh\u00fasra \u00e9hez\u0151 ocsm\u00e1ny \u00e9s \u00e1d\u00e1z l\u00e9nyt. Egy eff\u00e9le f\u00f6rtelmet legy\u0151zni olyan pr\u00f3bat\u00e9tel, amit...\" \/>\n<meta property=\"og:url\" content=\"https:\/\/kalandoroktarsasaga.hu\/index.php\/event\/a-kilencedik-napon\/\" \/>\n<meta property=\"og:site_name\" content=\"Kalandorok T\u00e1rsas\u00e1ga\" \/>\n<meta property=\"article:modified_time\" content=\"2025-10-31T17:46:10+00:00\" \/>\n<meta property=\"og:image\" content=\"https:\/\/kalandoroktarsasaga.hu\/wp-content\/uploads\/2025\/10\/kilencedik.jpg\" \/>\n\t<meta property=\"og:image:width\" content=\"1741\" \/>\n\t<meta property=\"og:image:height\" content=\"1088\" \/>\n\t<meta property=\"og:image:type\" content=\"image\/jpeg\" \/>\n<meta name=\"twitter:card\" content=\"summary_large_image\" \/>\n<script type=\"application\/ld+json\" class=\"yoast-schema-graph\">{\"@context\":\"https:\/\/schema.org\",\"@graph\":[{\"@type\":\"WebPage\",\"@id\":\"https:\/\/kalandoroktarsasaga.hu\/index.php\/event\/a-kilencedik-napon\/\",\"url\":\"https:\/\/kalandoroktarsasaga.hu\/index.php\/event\/a-kilencedik-napon\/\",\"name\":\"A kilencedik napon - Kalandorok T\u00e1rsas\u00e1ga\",\"isPartOf\":{\"@id\":\"https:\/\/kalandoroktarsasaga.hu\/#website\"},\"primaryImageOfPage\":{\"@id\":\"https:\/\/kalandoroktarsasaga.hu\/index.php\/event\/a-kilencedik-napon\/#primaryimage\"},\"image\":{\"@id\":\"https:\/\/kalandoroktarsasaga.hu\/index.php\/event\/a-kilencedik-napon\/#primaryimage\"},\"thumbnailUrl\":\"https:\/\/kalandoroktarsasaga.hu\/wp-content\/uploads\/2025\/10\/kilencedik-300x187.jpg\",\"datePublished\":\"2025-10-12T08:39:15+00:00\",\"dateModified\":\"2025-10-31T17:46:10+00:00\",\"breadcrumb\":{\"@id\":\"https:\/\/kalandoroktarsasaga.hu\/index.php\/event\/a-kilencedik-napon\/#breadcrumb\"},\"inLanguage\":\"hu\",\"potentialAction\":[{\"@type\":\"ReadAction\",\"target\":[\"https:\/\/kalandoroktarsasaga.hu\/index.php\/event\/a-kilencedik-napon\/\"]}]},{\"@type\":\"ImageObject\",\"inLanguage\":\"hu\",\"@id\":\"https:\/\/kalandoroktarsasaga.hu\/index.php\/event\/a-kilencedik-napon\/#primaryimage\",\"url\":\"https:\/\/kalandoroktarsasaga.hu\/wp-content\/uploads\/2025\/10\/kilencedik.jpg\",\"contentUrl\":\"https:\/\/kalandoroktarsasaga.hu\/wp-content\/uploads\/2025\/10\/kilencedik.jpg\",\"width\":1741,\"height\":1088},{\"@type\":\"BreadcrumbList\",\"@id\":\"https:\/\/kalandoroktarsasaga.hu\/index.php\/event\/a-kilencedik-napon\/#breadcrumb\",\"itemListElement\":[{\"@type\":\"ListItem\",\"position\":1,\"name\":\"Kezd\u0151lap\",\"item\":\"https:\/\/kalandoroktarsasaga.hu\/\"},{\"@type\":\"ListItem\",\"position\":2,\"name\":\"Events\",\"item\":\"https:\/\/kalandoroktarsasaga.hu\/index.php\/event\/\"},{\"@type\":\"ListItem\",\"position\":3,\"name\":\"A kilencedik napon\"}]},{\"@type\":\"WebSite\",\"@id\":\"https:\/\/kalandoroktarsasaga.hu\/#website\",\"url\":\"https:\/\/kalandoroktarsasaga.hu\/\",\"name\":\"Kalandorok T\u00e1rsas\u00e1ga\",\"description\":\"Szerepj\u00e1t\u00e9kos rendezv\u00e9nyeket szervez\u00fcnk - veletek, nektek\",\"publisher\":{\"@id\":\"https:\/\/kalandoroktarsasaga.hu\/#organization\"},\"potentialAction\":[{\"@type\":\"SearchAction\",\"target\":{\"@type\":\"EntryPoint\",\"urlTemplate\":\"https:\/\/kalandoroktarsasaga.hu\/?s={search_term_string}\"},\"query-input\":{\"@type\":\"PropertyValueSpecification\",\"valueRequired\":true,\"valueName\":\"search_term_string\"}}],\"inLanguage\":\"hu\"},{\"@type\":\"Organization\",\"@id\":\"https:\/\/kalandoroktarsasaga.hu\/#organization\",\"name\":\"Kalandorok T\u00e1rsas\u00e1ga\",\"url\":\"https:\/\/kalandoroktarsasaga.hu\/\",\"logo\":{\"@type\":\"ImageObject\",\"inLanguage\":\"hu\",\"@id\":\"https:\/\/kalandoroktarsasaga.hu\/#\/schema\/logo\/image\/\",\"url\":\"https:\/\/kalandoroktarsasaga.hu\/wp-content\/uploads\/2023\/08\/cropped-Logo-1.png\",\"contentUrl\":\"https:\/\/kalandoroktarsasaga.hu\/wp-content\/uploads\/2023\/08\/cropped-Logo-1.png\",\"width\":599,\"height\":832,\"caption\":\"Kalandorok T\u00e1rsas\u00e1ga\"},\"image\":{\"@id\":\"https:\/\/kalandoroktarsasaga.hu\/#\/schema\/logo\/image\/\"}}]}<\/script>\n<!-- \/ Yoast SEO plugin. -->","yoast_head_json":{"title":"A kilencedik napon - Kalandorok T\u00e1rsas\u00e1ga","robots":{"index":"index","follow":"follow","max-snippet":"max-snippet:-1","max-image-preview":"max-image-preview:large","max-video-preview":"max-video-preview:-1"},"canonical":"https:\/\/kalandoroktarsasaga.hu\/index.php\/event\/a-kilencedik-napon\/","og_locale":"hu_HU","og_type":"article","og_title":"A kilencedik napon - Kalandorok T\u00e1rsas\u00e1ga","og_description":"Mes\u00e9l\u0151: Nocturna Rendszer: Heimurinn (2024, fizikai kiad\u00e1s) Mikor bek\u00f6sz\u00f6nt a tavasz, a Fagyf\u00f6ld lak\u00f3i \u00fcnneppel k\u00f6sz\u00f6ntik, h\u00e1l\u00e1t adv\u00e1n, hogy t\u00fal\u00e9lt\u00e9k a zord telet. A Sumarbl\u00f3t m\u00e1gly\u00e1i \u00e9s \u00e1ldozati t\u00fczei hamarosan fellobbannak. \u00c1m a h\u00f3olvad\u00e1s most valami m\u00e1st is el\u0151csalt a vack\u00e1r\u00f3l, valami emberh\u00fasra \u00e9hez\u0151 ocsm\u00e1ny \u00e9s \u00e1d\u00e1z l\u00e9nyt. Egy eff\u00e9le f\u00f6rtelmet legy\u0151zni olyan pr\u00f3bat\u00e9tel, amit...","og_url":"https:\/\/kalandoroktarsasaga.hu\/index.php\/event\/a-kilencedik-napon\/","og_site_name":"Kalandorok T\u00e1rsas\u00e1ga","article_modified_time":"2025-10-31T17:46:10+00:00","og_image":[{"width":1741,"height":1088,"url":"https:\/\/kalandoroktarsasaga.hu\/wp-content\/uploads\/2025\/10\/kilencedik.jpg","type":"image\/jpeg"}],"twitter_card":"summary_large_image","schema":{"@context":"https:\/\/schema.org","@graph":[{"@type":"WebPage","@id":"https:\/\/kalandoroktarsasaga.hu\/index.php\/event\/a-kilencedik-napon\/","url":"https:\/\/kalandoroktarsasaga.hu\/index.php\/event\/a-kilencedik-napon\/","name":"A kilencedik napon - Kalandorok T\u00e1rsas\u00e1ga","isPartOf":{"@id":"https:\/\/kalandoroktarsasaga.hu\/#website"},"primaryImageOfPage":{"@id":"https:\/\/kalandoroktarsasaga.hu\/index.php\/event\/a-kilencedik-napon\/#primaryimage"},"image":{"@id":"https:\/\/kalandoroktarsasaga.hu\/index.php\/event\/a-kilencedik-napon\/#primaryimage"},"thumbnailUrl":"https:\/\/kalandoroktarsasaga.hu\/wp-content\/uploads\/2025\/10\/kilencedik-300x187.jpg","datePublished":"2025-10-12T08:39:15+00:00","dateModified":"2025-10-31T17:46:10+00:00","breadcrumb":{"@id":"https:\/\/kalandoroktarsasaga.hu\/index.php\/event\/a-kilencedik-napon\/#breadcrumb"},"inLanguage":"hu","potentialAction":[{"@type":"ReadAction","target":["https:\/\/kalandoroktarsasaga.hu\/index.php\/event\/a-kilencedik-napon\/"]}]},{"@type":"ImageObject","inLanguage":"hu","@id":"https:\/\/kalandoroktarsasaga.hu\/index.php\/event\/a-kilencedik-napon\/#primaryimage","url":"https:\/\/kalandoroktarsasaga.hu\/wp-content\/uploads\/2025\/10\/kilencedik.jpg","contentUrl":"https:\/\/kalandoroktarsasaga.hu\/wp-content\/uploads\/2025\/10\/kilencedik.jpg","width":1741,"height":1088},{"@type":"BreadcrumbList","@id":"https:\/\/kalandoroktarsasaga.hu\/index.php\/event\/a-kilencedik-napon\/#breadcrumb","itemListElement":[{"@type":"ListItem","position":1,"name":"Kezd\u0151lap","item":"https:\/\/kalandoroktarsasaga.hu\/"},{"@type":"ListItem","position":2,"name":"Events","item":"https:\/\/kalandoroktarsasaga.hu\/index.php\/event\/"},{"@type":"ListItem","position":3,"name":"A kilencedik napon"}]},{"@type":"WebSite","@id":"https:\/\/kalandoroktarsasaga.hu\/#website","url":"https:\/\/kalandoroktarsasaga.hu\/","name":"Kalandorok T\u00e1rsas\u00e1ga","description":"Szerepj\u00e1t\u00e9kos rendezv\u00e9nyeket szervez\u00fcnk - veletek, nektek","publisher":{"@id":"https:\/\/kalandoroktarsasaga.hu\/#organization"},"potentialAction":[{"@type":"SearchAction","target":{"@type":"EntryPoint","urlTemplate":"https:\/\/kalandoroktarsasaga.hu\/?s={search_term_string}"},"query-input":{"@type":"PropertyValueSpecification","valueRequired":true,"valueName":"search_term_string"}}],"inLanguage":"hu"},{"@type":"Organization","@id":"https:\/\/kalandoroktarsasaga.hu\/#organization","name":"Kalandorok T\u00e1rsas\u00e1ga","url":"https:\/\/kalandoroktarsasaga.hu\/","logo":{"@type":"ImageObject","inLanguage":"hu","@id":"https:\/\/kalandoroktarsasaga.hu\/#\/schema\/logo\/image\/","url":"https:\/\/kalandoroktarsasaga.hu\/wp-content\/uploads\/2023\/08\/cropped-Logo-1.png","contentUrl":"https:\/\/kalandoroktarsasaga.hu\/wp-content\/uploads\/2023\/08\/cropped-Logo-1.png","width":599,"height":832,"caption":"Kalandorok T\u00e1rsas\u00e1ga"},"image":{"@id":"https:\/\/kalandoroktarsasaga.hu\/#\/schema\/logo\/image\/"}}]}},"_links":{"self":[{"href":"https:\/\/kalandoroktarsasaga.hu\/index.php\/wp-json\/wp\/v2\/event\/1151","targetHints":{"allow":["GET"]}}],"collection":[{"href":"https:\/\/kalandoroktarsasaga.hu\/index.php\/wp-json\/wp\/v2\/event"}],"about":[{"href":"https:\/\/kalandoroktarsasaga.hu\/index.php\/wp-json\/wp\/v2\/types\/event"}],"author":[{"embeddable":true,"href":"https:\/\/kalandoroktarsasaga.hu\/index.php\/wp-json\/wp\/v2\/users\/1"}],"replies":[{"embeddable":true,"href":"https:\/\/kalandoroktarsasaga.hu\/index.php\/wp-json\/wp\/v2\/comments?post=1151"}],"version-history":[{"count":1,"href":"https:\/\/kalandoroktarsasaga.hu\/index.php\/wp-json\/wp\/v2\/event\/1151\/revisions"}],"predecessor-version":[{"id":1153,"href":"https:\/\/kalandoroktarsasaga.hu\/index.php\/wp-json\/wp\/v2\/event\/1151\/revisions\/1153"}],"wp:attachment":[{"href":"https:\/\/kalandoroktarsasaga.hu\/index.php\/wp-json\/wp\/v2\/media?parent=1151"}],"wp:term":[{"taxonomy":"category","embeddable":true,"href":"https:\/\/kalandoroktarsasaga.hu\/index.php\/wp-json\/wp\/v2\/categories?post=1151"},{"taxonomy":"post_tag","embeddable":true,"href":"https:\/\/kalandoroktarsasaga.hu\/index.php\/wp-json\/wp\/v2\/tags?post=1151"}],"curies":[{"name":"wp","href":"https:\/\/api.w.org\/{rel}","templated":true}]}}