{"id":1156,"date":"2025-10-12T10:35:47","date_gmt":"2025-10-12T08:35:47","guid":{"rendered":"https:\/\/kalandoroktarsasaga.hu\/?post_type=event&#038;p=1156"},"modified":"2025-10-31T18:46:49","modified_gmt":"2025-10-31T17:46:49","slug":"rozsa-es-harang","status":"publish","type":"event","link":"https:\/\/kalandoroktarsasaga.hu\/index.php\/event\/rozsa-es-harang\/","title":{"rendered":"R\u00f3zsa \u00e9s harang"},"content":{"rendered":"<p><strong>Mes\u00e9l\u0151<\/strong>: G\u00e1l Gerg\u0151<img loading=\"lazy\" decoding=\"async\" class=\" wp-image-1233 alignright\" src=\"https:\/\/kalandoroktarsasaga.hu\/wp-content\/uploads\/2025\/10\/RH-200x300.png\" alt=\"\" width=\"402\" height=\"603\" srcset=\"https:\/\/kalandoroktarsasaga.hu\/wp-content\/uploads\/2025\/10\/RH-200x300.png 200w, https:\/\/kalandoroktarsasaga.hu\/wp-content\/uploads\/2025\/10\/RH.png 410w\" sizes=\"auto, (max-width: 402px) 100vw, 402px\" \/><\/p>\n<p><strong>Rendszer<\/strong>:\u00a0Helv\u00e9czia<\/p>\n<p><strong>Vil\u00e1g<\/strong>:\u00a0vanilla Helv\u00e9czia<\/p>\n<p>A b\u00e9k\u00e9s Hofklingen falucsk\u00e1ban k\u00fcl\u00f6n\u00f6s dolog t\u00f6rt\u00e9nt: \u00e9jszak\u00e1nk\u00e9nt harangsz\u00f3 zeng az \u00f3temet\u0151 fel\u0151l, ahol m\u00e1r r\u00e9g\u00f3ta senkinek sem szabadna harangoznia. A falusiak f\u00e9lnek, a pap t\u00e1vol, \u00e9s a kocsm\u00e1ros b\u0171ntudatt\u00f3l gy\u00f6t\u00f6rten seg\u00edts\u00e9get.<br \/>R\u00f3zsa illata, k\u00eds\u00e9rtetek \u00e1rnya, csontok cs\u00f6rg\u00e9se \u00e9s egy ez\u00fcst medalion \u2013 mind egy rejtett alkut sejtetnek a hal\u00e1l \u00e9s az \u00e9let k\u00f6z\u00f6tt. A k\u00e9rd\u00e9s csak az: ki fizeti meg az \u00e1rat?<\/p>\n<p><strong>Mi v\u00e1rhat\u00f3<\/strong>: mini point-crawl felfedez\u00e9s rem\u00e9lhet\u0151leg egy misztikus v\u00e9gj\u00e1t\u00e9kkal.<\/p>\n<p><strong>Karakterek<\/strong>: otthon elk\u00e9sz\u00edthet\u0151 2. szint\u0171 karakterek, mes\u00e9l\u0151vel egyeztetve.<\/p>\n<p>&nbsp;<\/p>\n","protected":false},"excerpt":{"rendered":"<p>Mes\u00e9l\u0151: G\u00e1l Gerg\u0151 Rendszer:\u00a0Helv\u00e9czia Vil\u00e1g:\u00a0vanilla Helv\u00e9czia A b\u00e9k\u00e9s Hofklingen falucsk\u00e1ban k\u00fcl\u00f6n\u00f6s dolog t\u00f6rt\u00e9nt: \u00e9jszak\u00e1nk\u00e9nt harangsz\u00f3 zeng az \u00f3temet\u0151 fel\u0151l, ahol m\u00e1r r\u00e9g\u00f3ta senkinek sem szabadna harangoznia. A falusiak f\u00e9lnek, a pap t\u00e1vol, \u00e9s a kocsm\u00e1ros b\u0171ntudatt\u00f3l gy\u00f6t\u00f6rten seg\u00edts\u00e9get.R\u00f3zsa illata, k\u00eds\u00e9rtetek \u00e1rnya, csontok cs\u00f6rg\u00e9se \u00e9s egy ez\u00fcst medalion \u2013 mind egy rejtett alkut sejtetnek a hal\u00e1l&#8230;<\/p>\n","protected":false},"author":1,"featured_media":0,"comment_status":"open","ping_status":"closed","template":"","meta":{"_kadence_starter_templates_imported_post":false,"_kad_post_transparent":"default","_kad_post_title":"default","_kad_post_layout":"default","_kad_post_sidebar_id":"","_kad_post_content_style":"default","_kad_post_vertical_padding":"default","_kad_post_feature":"","_kad_post_feature_position":"","_kad_post_header":false,"_kad_post_footer":false,"footnotes":""},"categories":[13,10],"tags":[],"class_list":["post-1156","event","type-event","status-publish","hentry","category-kata-xiii","category-mesek"],"yoast_head":"<!-- This site is optimized with the Yoast SEO plugin v26.2 - https:\/\/yoast.com\/wordpress\/plugins\/seo\/ -->\n<title>R\u00f3zsa \u00e9s harang - Kalandorok T\u00e1rsas\u00e1ga<\/title>\n<meta name=\"robots\" content=\"index, follow, max-snippet:-1, max-image-preview:large, max-video-preview:-1\" \/>\n<link rel=\"canonical\" href=\"https:\/\/kalandoroktarsasaga.hu\/index.php\/event\/rozsa-es-harang\/\" \/>\n<meta property=\"og:locale\" content=\"hu_HU\" \/>\n<meta property=\"og:type\" content=\"article\" \/>\n<meta property=\"og:title\" content=\"R\u00f3zsa \u00e9s harang - Kalandorok T\u00e1rsas\u00e1ga\" \/>\n<meta property=\"og:description\" content=\"Mes\u00e9l\u0151: G\u00e1l Gerg\u0151 Rendszer:\u00a0Helv\u00e9czia Vil\u00e1g:\u00a0vanilla Helv\u00e9czia A b\u00e9k\u00e9s Hofklingen falucsk\u00e1ban k\u00fcl\u00f6n\u00f6s dolog t\u00f6rt\u00e9nt: \u00e9jszak\u00e1nk\u00e9nt harangsz\u00f3 zeng az \u00f3temet\u0151 fel\u0151l, ahol m\u00e1r r\u00e9g\u00f3ta senkinek sem szabadna harangoznia. A falusiak f\u00e9lnek, a pap t\u00e1vol, \u00e9s a kocsm\u00e1ros b\u0171ntudatt\u00f3l gy\u00f6t\u00f6rten seg\u00edts\u00e9get.R\u00f3zsa illata, k\u00eds\u00e9rtetek \u00e1rnya, csontok cs\u00f6rg\u00e9se \u00e9s egy ez\u00fcst medalion \u2013 mind egy rejtett alkut sejtetnek a hal\u00e1l...\" \/>\n<meta property=\"og:url\" content=\"https:\/\/kalandoroktarsasaga.hu\/index.php\/event\/rozsa-es-harang\/\" \/>\n<meta property=\"og:site_name\" content=\"Kalandorok T\u00e1rsas\u00e1ga\" \/>\n<meta property=\"article:modified_time\" content=\"2025-10-31T17:46:49+00:00\" \/>\n<meta property=\"og:image\" content=\"https:\/\/kalandoroktarsasaga.hu\/wp-content\/uploads\/2025\/10\/RH.png\" \/>\n\t<meta property=\"og:image:width\" content=\"410\" \/>\n\t<meta property=\"og:image:height\" content=\"615\" \/>\n\t<meta property=\"og:image:type\" content=\"image\/png\" \/>\n<meta name=\"twitter:card\" content=\"summary_large_image\" \/>\n<script type=\"application\/ld+json\" class=\"yoast-schema-graph\">{\"@context\":\"https:\/\/schema.org\",\"@graph\":[{\"@type\":\"WebPage\",\"@id\":\"https:\/\/kalandoroktarsasaga.hu\/index.php\/event\/rozsa-es-harang\/\",\"url\":\"https:\/\/kalandoroktarsasaga.hu\/index.php\/event\/rozsa-es-harang\/\",\"name\":\"R\u00f3zsa \u00e9s harang - Kalandorok T\u00e1rsas\u00e1ga\",\"isPartOf\":{\"@id\":\"https:\/\/kalandoroktarsasaga.hu\/#website\"},\"primaryImageOfPage\":{\"@id\":\"https:\/\/kalandoroktarsasaga.hu\/index.php\/event\/rozsa-es-harang\/#primaryimage\"},\"image\":{\"@id\":\"https:\/\/kalandoroktarsasaga.hu\/index.php\/event\/rozsa-es-harang\/#primaryimage\"},\"thumbnailUrl\":\"https:\/\/kalandoroktarsasaga.hu\/wp-content\/uploads\/2025\/10\/RH-200x300.png\",\"datePublished\":\"2025-10-12T08:35:47+00:00\",\"dateModified\":\"2025-10-31T17:46:49+00:00\",\"breadcrumb\":{\"@id\":\"https:\/\/kalandoroktarsasaga.hu\/index.php\/event\/rozsa-es-harang\/#breadcrumb\"},\"inLanguage\":\"hu\",\"potentialAction\":[{\"@type\":\"ReadAction\",\"target\":[\"https:\/\/kalandoroktarsasaga.hu\/index.php\/event\/rozsa-es-harang\/\"]}]},{\"@type\":\"ImageObject\",\"inLanguage\":\"hu\",\"@id\":\"https:\/\/kalandoroktarsasaga.hu\/index.php\/event\/rozsa-es-harang\/#primaryimage\",\"url\":\"https:\/\/kalandoroktarsasaga.hu\/wp-content\/uploads\/2025\/10\/RH.png\",\"contentUrl\":\"https:\/\/kalandoroktarsasaga.hu\/wp-content\/uploads\/2025\/10\/RH.png\",\"width\":410,\"height\":615},{\"@type\":\"BreadcrumbList\",\"@id\":\"https:\/\/kalandoroktarsasaga.hu\/index.php\/event\/rozsa-es-harang\/#breadcrumb\",\"itemListElement\":[{\"@type\":\"ListItem\",\"position\":1,\"name\":\"Kezd\u0151lap\",\"item\":\"https:\/\/kalandoroktarsasaga.hu\/\"},{\"@type\":\"ListItem\",\"position\":2,\"name\":\"Events\",\"item\":\"https:\/\/kalandoroktarsasaga.hu\/index.php\/event\/\"},{\"@type\":\"ListItem\",\"position\":3,\"name\":\"R\u00f3zsa \u00e9s harang\"}]},{\"@type\":\"WebSite\",\"@id\":\"https:\/\/kalandoroktarsasaga.hu\/#website\",\"url\":\"https:\/\/kalandoroktarsasaga.hu\/\",\"name\":\"Kalandorok T\u00e1rsas\u00e1ga\",\"description\":\"Szerepj\u00e1t\u00e9kos rendezv\u00e9nyeket szervez\u00fcnk - veletek, nektek\",\"publisher\":{\"@id\":\"https:\/\/kalandoroktarsasaga.hu\/#organization\"},\"potentialAction\":[{\"@type\":\"SearchAction\",\"target\":{\"@type\":\"EntryPoint\",\"urlTemplate\":\"https:\/\/kalandoroktarsasaga.hu\/?s={search_term_string}\"},\"query-input\":{\"@type\":\"PropertyValueSpecification\",\"valueRequired\":true,\"valueName\":\"search_term_string\"}}],\"inLanguage\":\"hu\"},{\"@type\":\"Organization\",\"@id\":\"https:\/\/kalandoroktarsasaga.hu\/#organization\",\"name\":\"Kalandorok T\u00e1rsas\u00e1ga\",\"url\":\"https:\/\/kalandoroktarsasaga.hu\/\",\"logo\":{\"@type\":\"ImageObject\",\"inLanguage\":\"hu\",\"@id\":\"https:\/\/kalandoroktarsasaga.hu\/#\/schema\/logo\/image\/\",\"url\":\"https:\/\/kalandoroktarsasaga.hu\/wp-content\/uploads\/2023\/08\/cropped-Logo-1.png\",\"contentUrl\":\"https:\/\/kalandoroktarsasaga.hu\/wp-content\/uploads\/2023\/08\/cropped-Logo-1.png\",\"width\":599,\"height\":832,\"caption\":\"Kalandorok T\u00e1rsas\u00e1ga\"},\"image\":{\"@id\":\"https:\/\/kalandoroktarsasaga.hu\/#\/schema\/logo\/image\/\"}}]}<\/script>\n<!-- \/ Yoast SEO plugin. -->","yoast_head_json":{"title":"R\u00f3zsa \u00e9s harang - Kalandorok T\u00e1rsas\u00e1ga","robots":{"index":"index","follow":"follow","max-snippet":"max-snippet:-1","max-image-preview":"max-image-preview:large","max-video-preview":"max-video-preview:-1"},"canonical":"https:\/\/kalandoroktarsasaga.hu\/index.php\/event\/rozsa-es-harang\/","og_locale":"hu_HU","og_type":"article","og_title":"R\u00f3zsa \u00e9s harang - Kalandorok T\u00e1rsas\u00e1ga","og_description":"Mes\u00e9l\u0151: G\u00e1l Gerg\u0151 Rendszer:\u00a0Helv\u00e9czia Vil\u00e1g:\u00a0vanilla Helv\u00e9czia A b\u00e9k\u00e9s Hofklingen falucsk\u00e1ban k\u00fcl\u00f6n\u00f6s dolog t\u00f6rt\u00e9nt: \u00e9jszak\u00e1nk\u00e9nt harangsz\u00f3 zeng az \u00f3temet\u0151 fel\u0151l, ahol m\u00e1r r\u00e9g\u00f3ta senkinek sem szabadna harangoznia. A falusiak f\u00e9lnek, a pap t\u00e1vol, \u00e9s a kocsm\u00e1ros b\u0171ntudatt\u00f3l gy\u00f6t\u00f6rten seg\u00edts\u00e9get.R\u00f3zsa illata, k\u00eds\u00e9rtetek \u00e1rnya, csontok cs\u00f6rg\u00e9se \u00e9s egy ez\u00fcst medalion \u2013 mind egy rejtett alkut sejtetnek a hal\u00e1l...","og_url":"https:\/\/kalandoroktarsasaga.hu\/index.php\/event\/rozsa-es-harang\/","og_site_name":"Kalandorok T\u00e1rsas\u00e1ga","article_modified_time":"2025-10-31T17:46:49+00:00","og_image":[{"width":410,"height":615,"url":"https:\/\/kalandoroktarsasaga.hu\/wp-content\/uploads\/2025\/10\/RH.png","type":"image\/png"}],"twitter_card":"summary_large_image","schema":{"@context":"https:\/\/schema.org","@graph":[{"@type":"WebPage","@id":"https:\/\/kalandoroktarsasaga.hu\/index.php\/event\/rozsa-es-harang\/","url":"https:\/\/kalandoroktarsasaga.hu\/index.php\/event\/rozsa-es-harang\/","name":"R\u00f3zsa \u00e9s harang - Kalandorok T\u00e1rsas\u00e1ga","isPartOf":{"@id":"https:\/\/kalandoroktarsasaga.hu\/#website"},"primaryImageOfPage":{"@id":"https:\/\/kalandoroktarsasaga.hu\/index.php\/event\/rozsa-es-harang\/#primaryimage"},"image":{"@id":"https:\/\/kalandoroktarsasaga.hu\/index.php\/event\/rozsa-es-harang\/#primaryimage"},"thumbnailUrl":"https:\/\/kalandoroktarsasaga.hu\/wp-content\/uploads\/2025\/10\/RH-200x300.png","datePublished":"2025-10-12T08:35:47+00:00","dateModified":"2025-10-31T17:46:49+00:00","breadcrumb":{"@id":"https:\/\/kalandoroktarsasaga.hu\/index.php\/event\/rozsa-es-harang\/#breadcrumb"},"inLanguage":"hu","potentialAction":[{"@type":"ReadAction","target":["https:\/\/kalandoroktarsasaga.hu\/index.php\/event\/rozsa-es-harang\/"]}]},{"@type":"ImageObject","inLanguage":"hu","@id":"https:\/\/kalandoroktarsasaga.hu\/index.php\/event\/rozsa-es-harang\/#primaryimage","url":"https:\/\/kalandoroktarsasaga.hu\/wp-content\/uploads\/2025\/10\/RH.png","contentUrl":"https:\/\/kalandoroktarsasaga.hu\/wp-content\/uploads\/2025\/10\/RH.png","width":410,"height":615},{"@type":"BreadcrumbList","@id":"https:\/\/kalandoroktarsasaga.hu\/index.php\/event\/rozsa-es-harang\/#breadcrumb","itemListElement":[{"@type":"ListItem","position":1,"name":"Kezd\u0151lap","item":"https:\/\/kalandoroktarsasaga.hu\/"},{"@type":"ListItem","position":2,"name":"Events","item":"https:\/\/kalandoroktarsasaga.hu\/index.php\/event\/"},{"@type":"ListItem","position":3,"name":"R\u00f3zsa \u00e9s harang"}]},{"@type":"WebSite","@id":"https:\/\/kalandoroktarsasaga.hu\/#website","url":"https:\/\/kalandoroktarsasaga.hu\/","name":"Kalandorok T\u00e1rsas\u00e1ga","description":"Szerepj\u00e1t\u00e9kos rendezv\u00e9nyeket szervez\u00fcnk - veletek, nektek","publisher":{"@id":"https:\/\/kalandoroktarsasaga.hu\/#organization"},"potentialAction":[{"@type":"SearchAction","target":{"@type":"EntryPoint","urlTemplate":"https:\/\/kalandoroktarsasaga.hu\/?s={search_term_string}"},"query-input":{"@type":"PropertyValueSpecification","valueRequired":true,"valueName":"search_term_string"}}],"inLanguage":"hu"},{"@type":"Organization","@id":"https:\/\/kalandoroktarsasaga.hu\/#organization","name":"Kalandorok T\u00e1rsas\u00e1ga","url":"https:\/\/kalandoroktarsasaga.hu\/","logo":{"@type":"ImageObject","inLanguage":"hu","@id":"https:\/\/kalandoroktarsasaga.hu\/#\/schema\/logo\/image\/","url":"https:\/\/kalandoroktarsasaga.hu\/wp-content\/uploads\/2023\/08\/cropped-Logo-1.png","contentUrl":"https:\/\/kalandoroktarsasaga.hu\/wp-content\/uploads\/2023\/08\/cropped-Logo-1.png","width":599,"height":832,"caption":"Kalandorok T\u00e1rsas\u00e1ga"},"image":{"@id":"https:\/\/kalandoroktarsasaga.hu\/#\/schema\/logo\/image\/"}}]}},"_links":{"self":[{"href":"https:\/\/kalandoroktarsasaga.hu\/index.php\/wp-json\/wp\/v2\/event\/1156","targetHints":{"allow":["GET"]}}],"collection":[{"href":"https:\/\/kalandoroktarsasaga.hu\/index.php\/wp-json\/wp\/v2\/event"}],"about":[{"href":"https:\/\/kalandoroktarsasaga.hu\/index.php\/wp-json\/wp\/v2\/types\/event"}],"author":[{"embeddable":true,"href":"https:\/\/kalandoroktarsasaga.hu\/index.php\/wp-json\/wp\/v2\/users\/1"}],"replies":[{"embeddable":true,"href":"https:\/\/kalandoroktarsasaga.hu\/index.php\/wp-json\/wp\/v2\/comments?post=1156"}],"version-history":[{"count":3,"href":"https:\/\/kalandoroktarsasaga.hu\/index.php\/wp-json\/wp\/v2\/event\/1156\/revisions"}],"predecessor-version":[{"id":1234,"href":"https:\/\/kalandoroktarsasaga.hu\/index.php\/wp-json\/wp\/v2\/event\/1156\/revisions\/1234"}],"wp:attachment":[{"href":"https:\/\/kalandoroktarsasaga.hu\/index.php\/wp-json\/wp\/v2\/media?parent=1156"}],"wp:term":[{"taxonomy":"category","embeddable":true,"href":"https:\/\/kalandoroktarsasaga.hu\/index.php\/wp-json\/wp\/v2\/categories?post=1156"},{"taxonomy":"post_tag","embeddable":true,"href":"https:\/\/kalandoroktarsasaga.hu\/index.php\/wp-json\/wp\/v2\/tags?post=1156"}],"curies":[{"name":"wp","href":"https:\/\/api.w.org\/{rel}","templated":true}]}}