{"id":1161,"date":"2025-10-12T10:31:51","date_gmt":"2025-10-12T08:31:51","guid":{"rendered":"https:\/\/kalandoroktarsasaga.hu\/?post_type=event&#038;p=1161"},"modified":"2025-10-31T18:47:23","modified_gmt":"2025-10-31T17:47:23","slug":"og-kiraly-falai","status":"publish","type":"event","link":"https:\/\/kalandoroktarsasaga.hu\/index.php\/event\/og-kiraly-falai\/","title":{"rendered":"Og kir\u00e1ly falai"},"content":{"rendered":"<p><strong>Mes\u00e9l\u0151<\/strong>: Morandini Krist\u00f3f<img loading=\"lazy\" decoding=\"async\" class=\" wp-image-1218 alignright\" src=\"https:\/\/kalandoroktarsasaga.hu\/wp-content\/uploads\/2025\/10\/Og_kiraly_rom-300x165.jpg\" alt=\"\" width=\"500\" height=\"275\" srcset=\"https:\/\/kalandoroktarsasaga.hu\/wp-content\/uploads\/2025\/10\/Og_kiraly_rom-300x165.jpg 300w, https:\/\/kalandoroktarsasaga.hu\/wp-content\/uploads\/2025\/10\/Og_kiraly_rom-1024x562.jpg 1024w, https:\/\/kalandoroktarsasaga.hu\/wp-content\/uploads\/2025\/10\/Og_kiraly_rom-768x422.jpg 768w, https:\/\/kalandoroktarsasaga.hu\/wp-content\/uploads\/2025\/10\/Og_kiraly_rom.jpg 1195w\" sizes=\"auto, (max-width: 500px) 100vw, 500px\" \/><\/p>\n<p><strong>Rendszer<\/strong>:\u00a0 Kazamat\u00e1k \u00e9s Komp\u00e1ni\u00e1k 2. kiad\u00e1s<\/p>\n<p><strong>Vil\u00e1g<\/strong>: saj\u00e1t fantasy vil\u00e1g<\/p>\n<p>Az \u00f3ri\u00e1sok dombj\u00e1n m\u00e9g a n\u00e9hai Og, B\u00e1s\u00e1n kir\u00e1lya emeltette a er\u0151d alapjait. A legend\u00e1k szerint legy\u0151zte a dombban \u00e9l\u0151 s\u00e1rk\u00e1nyokat, majd \u00f3ri\u00e1sok seg\u00edts\u00e9g\u00e9vel h\u00fazatott fel vastag falakat. A kr\u00f3nika \u00edrok szerint a s\u00e1rk\u00e1nyoknak \u00e9s \u00f3ri\u00e1soknak nem sok val\u00f3s\u00e1g alapja van. Igaz, a k\u00e9s\u0151bbi \u00e9p\u00edtkez\u00e9sek sor\u00e1n el\u0151ker\u00fclt, \u00f3ri\u00e1si csontok eredet\u00e9re senki sem tudott magyar\u00e1zatot adni.<\/p>\n<p>Az id\u0151k folyam\u00e1n a kis v\u00e1rat t\u00f6bbsz\u00f6r is \u00e1t\u00e9p\u00edtett\u00e9k, m\u00e1ra viszont elhagyt\u00e1k \u00e9s romos \u00e1ll.\u00a0Og \u00e9s a v\u00e1r kor\u00e1bbi gazd\u00e1i m\u00e1r r\u00e9g a f\u00f6ld alatt nyugszanak, manaps\u00e1g bandit\u00e1k \u00e9s m\u00e9g rosszabb szerzetek h\u00fazz\u00e1k meg mag\u00e1t a falai k\u00f6zt.<\/p>\n<p>P\u00e1r h\u00e9ttel ezel\u0151tt egy f\u00f6ldrend\u00e9s r\u00e1zta meg a dombot \u00e9s a k\u00f6rnyez\u0151 erd\u0151ket, ami ezen a vid\u00e9ken mer\u0151ben szokatlan. A j\u00e1t\u00e9kosok csapat\u00e1t ez csalta ide.<\/p>\n<p><strong>Mi v\u00e1rhat\u00f3<\/strong>: Kazamata kaland a v\u00e1rral, mint helysz\u00ednnel. Lehet\u0151s\u00e9g lesz a v\u00e1r lak\u00f3inak, titkainak a felfedez\u00e9s\u00e9re.<\/p>\n<p><strong>Karakterek<\/strong>: a j\u00e1t\u00e9kosok \u00e1ltal el\u0151re elk\u00e9sz\u00edtend\u0151k (sz\u00fcks\u00e9g eset\u00e9n helyben v\u00e9gleges\u00edtj\u00fck). Param\u00e9terek:<br \/>&#8211; 4-ik szint\u0171 karakterek, vagy 3-ik szint\u0171 \u00e9s egy els\u0151 szint\u0171 k\u00f6vet\u0151.<br \/>&#8211; A kaland elej\u00e9n lesz lehet\u0151s\u00e9g b\u00e9renceket felb\u00e9relni.<br \/>&#8211; Pap karaktereknek lehet el\u0151re alkotni egy vanilla fantasy vil\u00e1gba ill\u0151 istent, vagy majd p\u00e1r megadottb\u00f3l v\u00e1lasztani.<\/p>\n<p>&nbsp;<\/p>\n","protected":false},"excerpt":{"rendered":"<p>Mes\u00e9l\u0151: Morandini Krist\u00f3f Rendszer:\u00a0 Kazamat\u00e1k \u00e9s Komp\u00e1ni\u00e1k 2. kiad\u00e1s Vil\u00e1g: saj\u00e1t fantasy vil\u00e1g Az \u00f3ri\u00e1sok dombj\u00e1n m\u00e9g a n\u00e9hai Og, B\u00e1s\u00e1n kir\u00e1lya emeltette a er\u0151d alapjait. A legend\u00e1k szerint legy\u0151zte a dombban \u00e9l\u0151 s\u00e1rk\u00e1nyokat, majd \u00f3ri\u00e1sok seg\u00edts\u00e9g\u00e9vel h\u00fazatott fel vastag falakat. A kr\u00f3nika \u00edrok szerint a s\u00e1rk\u00e1nyoknak \u00e9s \u00f3ri\u00e1soknak nem sok val\u00f3s\u00e1g alapja van. Igaz,&#8230;<\/p>\n","protected":false},"author":1,"featured_media":0,"comment_status":"open","ping_status":"closed","template":"","meta":{"_kadence_starter_templates_imported_post":false,"_kad_post_transparent":"default","_kad_post_title":"default","_kad_post_layout":"default","_kad_post_sidebar_id":"","_kad_post_content_style":"default","_kad_post_vertical_padding":"default","_kad_post_feature":"","_kad_post_feature_position":"","_kad_post_header":false,"_kad_post_footer":false,"footnotes":""},"categories":[13,10],"tags":[],"class_list":["post-1161","event","type-event","status-publish","hentry","category-kata-xiii","category-mesek"],"yoast_head":"<!-- This site is optimized with the Yoast SEO plugin v26.2 - https:\/\/yoast.com\/wordpress\/plugins\/seo\/ -->\n<title>Og kir\u00e1ly falai - Kalandorok T\u00e1rsas\u00e1ga<\/title>\n<meta name=\"robots\" content=\"index, follow, max-snippet:-1, max-image-preview:large, max-video-preview:-1\" \/>\n<link rel=\"canonical\" href=\"https:\/\/kalandoroktarsasaga.hu\/index.php\/event\/og-kiraly-falai\/\" \/>\n<meta property=\"og:locale\" content=\"hu_HU\" \/>\n<meta property=\"og:type\" content=\"article\" \/>\n<meta property=\"og:title\" content=\"Og kir\u00e1ly falai - Kalandorok T\u00e1rsas\u00e1ga\" \/>\n<meta property=\"og:description\" content=\"Mes\u00e9l\u0151: Morandini Krist\u00f3f Rendszer:\u00a0 Kazamat\u00e1k \u00e9s Komp\u00e1ni\u00e1k 2. kiad\u00e1s Vil\u00e1g: saj\u00e1t fantasy vil\u00e1g Az \u00f3ri\u00e1sok dombj\u00e1n m\u00e9g a n\u00e9hai Og, B\u00e1s\u00e1n kir\u00e1lya emeltette a er\u0151d alapjait. A legend\u00e1k szerint legy\u0151zte a dombban \u00e9l\u0151 s\u00e1rk\u00e1nyokat, majd \u00f3ri\u00e1sok seg\u00edts\u00e9g\u00e9vel h\u00fazatott fel vastag falakat. A kr\u00f3nika \u00edrok szerint a s\u00e1rk\u00e1nyoknak \u00e9s \u00f3ri\u00e1soknak nem sok val\u00f3s\u00e1g alapja van. Igaz,...\" \/>\n<meta property=\"og:url\" content=\"https:\/\/kalandoroktarsasaga.hu\/index.php\/event\/og-kiraly-falai\/\" \/>\n<meta property=\"og:site_name\" content=\"Kalandorok T\u00e1rsas\u00e1ga\" \/>\n<meta property=\"article:modified_time\" content=\"2025-10-31T17:47:23+00:00\" \/>\n<meta property=\"og:image\" content=\"https:\/\/kalandoroktarsasaga.hu\/wp-content\/uploads\/2025\/10\/Og_kiraly_rom.jpg\" \/>\n\t<meta property=\"og:image:width\" content=\"1195\" \/>\n\t<meta property=\"og:image:height\" content=\"656\" \/>\n\t<meta property=\"og:image:type\" content=\"image\/jpeg\" \/>\n<meta name=\"twitter:card\" content=\"summary_large_image\" \/>\n<script type=\"application\/ld+json\" class=\"yoast-schema-graph\">{\"@context\":\"https:\/\/schema.org\",\"@graph\":[{\"@type\":\"WebPage\",\"@id\":\"https:\/\/kalandoroktarsasaga.hu\/index.php\/event\/og-kiraly-falai\/\",\"url\":\"https:\/\/kalandoroktarsasaga.hu\/index.php\/event\/og-kiraly-falai\/\",\"name\":\"Og kir\u00e1ly falai - Kalandorok T\u00e1rsas\u00e1ga\",\"isPartOf\":{\"@id\":\"https:\/\/kalandoroktarsasaga.hu\/#website\"},\"primaryImageOfPage\":{\"@id\":\"https:\/\/kalandoroktarsasaga.hu\/index.php\/event\/og-kiraly-falai\/#primaryimage\"},\"image\":{\"@id\":\"https:\/\/kalandoroktarsasaga.hu\/index.php\/event\/og-kiraly-falai\/#primaryimage\"},\"thumbnailUrl\":\"https:\/\/kalandoroktarsasaga.hu\/wp-content\/uploads\/2025\/10\/Og_kiraly_rom-300x165.jpg\",\"datePublished\":\"2025-10-12T08:31:51+00:00\",\"dateModified\":\"2025-10-31T17:47:23+00:00\",\"breadcrumb\":{\"@id\":\"https:\/\/kalandoroktarsasaga.hu\/index.php\/event\/og-kiraly-falai\/#breadcrumb\"},\"inLanguage\":\"hu\",\"potentialAction\":[{\"@type\":\"ReadAction\",\"target\":[\"https:\/\/kalandoroktarsasaga.hu\/index.php\/event\/og-kiraly-falai\/\"]}]},{\"@type\":\"ImageObject\",\"inLanguage\":\"hu\",\"@id\":\"https:\/\/kalandoroktarsasaga.hu\/index.php\/event\/og-kiraly-falai\/#primaryimage\",\"url\":\"https:\/\/kalandoroktarsasaga.hu\/wp-content\/uploads\/2025\/10\/Og_kiraly_rom.jpg\",\"contentUrl\":\"https:\/\/kalandoroktarsasaga.hu\/wp-content\/uploads\/2025\/10\/Og_kiraly_rom.jpg\",\"width\":1195,\"height\":656},{\"@type\":\"BreadcrumbList\",\"@id\":\"https:\/\/kalandoroktarsasaga.hu\/index.php\/event\/og-kiraly-falai\/#breadcrumb\",\"itemListElement\":[{\"@type\":\"ListItem\",\"position\":1,\"name\":\"Kezd\u0151lap\",\"item\":\"https:\/\/kalandoroktarsasaga.hu\/\"},{\"@type\":\"ListItem\",\"position\":2,\"name\":\"Events\",\"item\":\"https:\/\/kalandoroktarsasaga.hu\/index.php\/event\/\"},{\"@type\":\"ListItem\",\"position\":3,\"name\":\"Og kir\u00e1ly falai\"}]},{\"@type\":\"WebSite\",\"@id\":\"https:\/\/kalandoroktarsasaga.hu\/#website\",\"url\":\"https:\/\/kalandoroktarsasaga.hu\/\",\"name\":\"Kalandorok T\u00e1rsas\u00e1ga\",\"description\":\"Szerepj\u00e1t\u00e9kos rendezv\u00e9nyeket szervez\u00fcnk - veletek, nektek\",\"publisher\":{\"@id\":\"https:\/\/kalandoroktarsasaga.hu\/#organization\"},\"potentialAction\":[{\"@type\":\"SearchAction\",\"target\":{\"@type\":\"EntryPoint\",\"urlTemplate\":\"https:\/\/kalandoroktarsasaga.hu\/?s={search_term_string}\"},\"query-input\":{\"@type\":\"PropertyValueSpecification\",\"valueRequired\":true,\"valueName\":\"search_term_string\"}}],\"inLanguage\":\"hu\"},{\"@type\":\"Organization\",\"@id\":\"https:\/\/kalandoroktarsasaga.hu\/#organization\",\"name\":\"Kalandorok T\u00e1rsas\u00e1ga\",\"url\":\"https:\/\/kalandoroktarsasaga.hu\/\",\"logo\":{\"@type\":\"ImageObject\",\"inLanguage\":\"hu\",\"@id\":\"https:\/\/kalandoroktarsasaga.hu\/#\/schema\/logo\/image\/\",\"url\":\"https:\/\/kalandoroktarsasaga.hu\/wp-content\/uploads\/2023\/08\/cropped-Logo-1.png\",\"contentUrl\":\"https:\/\/kalandoroktarsasaga.hu\/wp-content\/uploads\/2023\/08\/cropped-Logo-1.png\",\"width\":599,\"height\":832,\"caption\":\"Kalandorok T\u00e1rsas\u00e1ga\"},\"image\":{\"@id\":\"https:\/\/kalandoroktarsasaga.hu\/#\/schema\/logo\/image\/\"}}]}<\/script>\n<!-- \/ Yoast SEO plugin. -->","yoast_head_json":{"title":"Og kir\u00e1ly falai - Kalandorok T\u00e1rsas\u00e1ga","robots":{"index":"index","follow":"follow","max-snippet":"max-snippet:-1","max-image-preview":"max-image-preview:large","max-video-preview":"max-video-preview:-1"},"canonical":"https:\/\/kalandoroktarsasaga.hu\/index.php\/event\/og-kiraly-falai\/","og_locale":"hu_HU","og_type":"article","og_title":"Og kir\u00e1ly falai - Kalandorok T\u00e1rsas\u00e1ga","og_description":"Mes\u00e9l\u0151: Morandini Krist\u00f3f Rendszer:\u00a0 Kazamat\u00e1k \u00e9s Komp\u00e1ni\u00e1k 2. kiad\u00e1s Vil\u00e1g: saj\u00e1t fantasy vil\u00e1g Az \u00f3ri\u00e1sok dombj\u00e1n m\u00e9g a n\u00e9hai Og, B\u00e1s\u00e1n kir\u00e1lya emeltette a er\u0151d alapjait. A legend\u00e1k szerint legy\u0151zte a dombban \u00e9l\u0151 s\u00e1rk\u00e1nyokat, majd \u00f3ri\u00e1sok seg\u00edts\u00e9g\u00e9vel h\u00fazatott fel vastag falakat. A kr\u00f3nika \u00edrok szerint a s\u00e1rk\u00e1nyoknak \u00e9s \u00f3ri\u00e1soknak nem sok val\u00f3s\u00e1g alapja van. Igaz,...","og_url":"https:\/\/kalandoroktarsasaga.hu\/index.php\/event\/og-kiraly-falai\/","og_site_name":"Kalandorok T\u00e1rsas\u00e1ga","article_modified_time":"2025-10-31T17:47:23+00:00","og_image":[{"width":1195,"height":656,"url":"https:\/\/kalandoroktarsasaga.hu\/wp-content\/uploads\/2025\/10\/Og_kiraly_rom.jpg","type":"image\/jpeg"}],"twitter_card":"summary_large_image","schema":{"@context":"https:\/\/schema.org","@graph":[{"@type":"WebPage","@id":"https:\/\/kalandoroktarsasaga.hu\/index.php\/event\/og-kiraly-falai\/","url":"https:\/\/kalandoroktarsasaga.hu\/index.php\/event\/og-kiraly-falai\/","name":"Og kir\u00e1ly falai - Kalandorok T\u00e1rsas\u00e1ga","isPartOf":{"@id":"https:\/\/kalandoroktarsasaga.hu\/#website"},"primaryImageOfPage":{"@id":"https:\/\/kalandoroktarsasaga.hu\/index.php\/event\/og-kiraly-falai\/#primaryimage"},"image":{"@id":"https:\/\/kalandoroktarsasaga.hu\/index.php\/event\/og-kiraly-falai\/#primaryimage"},"thumbnailUrl":"https:\/\/kalandoroktarsasaga.hu\/wp-content\/uploads\/2025\/10\/Og_kiraly_rom-300x165.jpg","datePublished":"2025-10-12T08:31:51+00:00","dateModified":"2025-10-31T17:47:23+00:00","breadcrumb":{"@id":"https:\/\/kalandoroktarsasaga.hu\/index.php\/event\/og-kiraly-falai\/#breadcrumb"},"inLanguage":"hu","potentialAction":[{"@type":"ReadAction","target":["https:\/\/kalandoroktarsasaga.hu\/index.php\/event\/og-kiraly-falai\/"]}]},{"@type":"ImageObject","inLanguage":"hu","@id":"https:\/\/kalandoroktarsasaga.hu\/index.php\/event\/og-kiraly-falai\/#primaryimage","url":"https:\/\/kalandoroktarsasaga.hu\/wp-content\/uploads\/2025\/10\/Og_kiraly_rom.jpg","contentUrl":"https:\/\/kalandoroktarsasaga.hu\/wp-content\/uploads\/2025\/10\/Og_kiraly_rom.jpg","width":1195,"height":656},{"@type":"BreadcrumbList","@id":"https:\/\/kalandoroktarsasaga.hu\/index.php\/event\/og-kiraly-falai\/#breadcrumb","itemListElement":[{"@type":"ListItem","position":1,"name":"Kezd\u0151lap","item":"https:\/\/kalandoroktarsasaga.hu\/"},{"@type":"ListItem","position":2,"name":"Events","item":"https:\/\/kalandoroktarsasaga.hu\/index.php\/event\/"},{"@type":"ListItem","position":3,"name":"Og kir\u00e1ly falai"}]},{"@type":"WebSite","@id":"https:\/\/kalandoroktarsasaga.hu\/#website","url":"https:\/\/kalandoroktarsasaga.hu\/","name":"Kalandorok T\u00e1rsas\u00e1ga","description":"Szerepj\u00e1t\u00e9kos rendezv\u00e9nyeket szervez\u00fcnk - veletek, nektek","publisher":{"@id":"https:\/\/kalandoroktarsasaga.hu\/#organization"},"potentialAction":[{"@type":"SearchAction","target":{"@type":"EntryPoint","urlTemplate":"https:\/\/kalandoroktarsasaga.hu\/?s={search_term_string}"},"query-input":{"@type":"PropertyValueSpecification","valueRequired":true,"valueName":"search_term_string"}}],"inLanguage":"hu"},{"@type":"Organization","@id":"https:\/\/kalandoroktarsasaga.hu\/#organization","name":"Kalandorok T\u00e1rsas\u00e1ga","url":"https:\/\/kalandoroktarsasaga.hu\/","logo":{"@type":"ImageObject","inLanguage":"hu","@id":"https:\/\/kalandoroktarsasaga.hu\/#\/schema\/logo\/image\/","url":"https:\/\/kalandoroktarsasaga.hu\/wp-content\/uploads\/2023\/08\/cropped-Logo-1.png","contentUrl":"https:\/\/kalandoroktarsasaga.hu\/wp-content\/uploads\/2023\/08\/cropped-Logo-1.png","width":599,"height":832,"caption":"Kalandorok T\u00e1rsas\u00e1ga"},"image":{"@id":"https:\/\/kalandoroktarsasaga.hu\/#\/schema\/logo\/image\/"}}]}},"_links":{"self":[{"href":"https:\/\/kalandoroktarsasaga.hu\/index.php\/wp-json\/wp\/v2\/event\/1161","targetHints":{"allow":["GET"]}}],"collection":[{"href":"https:\/\/kalandoroktarsasaga.hu\/index.php\/wp-json\/wp\/v2\/event"}],"about":[{"href":"https:\/\/kalandoroktarsasaga.hu\/index.php\/wp-json\/wp\/v2\/types\/event"}],"author":[{"embeddable":true,"href":"https:\/\/kalandoroktarsasaga.hu\/index.php\/wp-json\/wp\/v2\/users\/1"}],"replies":[{"embeddable":true,"href":"https:\/\/kalandoroktarsasaga.hu\/index.php\/wp-json\/wp\/v2\/comments?post=1161"}],"version-history":[{"count":3,"href":"https:\/\/kalandoroktarsasaga.hu\/index.php\/wp-json\/wp\/v2\/event\/1161\/revisions"}],"predecessor-version":[{"id":1219,"href":"https:\/\/kalandoroktarsasaga.hu\/index.php\/wp-json\/wp\/v2\/event\/1161\/revisions\/1219"}],"wp:attachment":[{"href":"https:\/\/kalandoroktarsasaga.hu\/index.php\/wp-json\/wp\/v2\/media?parent=1161"}],"wp:term":[{"taxonomy":"category","embeddable":true,"href":"https:\/\/kalandoroktarsasaga.hu\/index.php\/wp-json\/wp\/v2\/categories?post=1161"},{"taxonomy":"post_tag","embeddable":true,"href":"https:\/\/kalandoroktarsasaga.hu\/index.php\/wp-json\/wp\/v2\/tags?post=1161"}],"curies":[{"name":"wp","href":"https:\/\/api.w.org\/{rel}","templated":true}]}}