{"id":1163,"date":"2025-10-12T10:29:21","date_gmt":"2025-10-12T08:29:21","guid":{"rendered":"https:\/\/kalandoroktarsasaga.hu\/?post_type=event&#038;p=1163"},"modified":"2025-10-31T18:47:48","modified_gmt":"2025-10-31T17:47:48","slug":"az-elfek-tornya","status":"publish","type":"event","link":"https:\/\/kalandoroktarsasaga.hu\/index.php\/event\/az-elfek-tornya\/","title":{"rendered":"Az elfek tornya"},"content":{"rendered":"<div>\n<p><strong>Mes\u00e9l\u0151<\/strong>: Enraig<img loading=\"lazy\" decoding=\"async\" class=\" wp-image-1206 alignright\" src=\"https:\/\/kalandoroktarsasaga.hu\/wp-content\/uploads\/2025\/10\/tower_ruins_exterior_by_malthuswolf_dezn1zr-fullview-300x240.jpg\" alt=\"\" width=\"484\" height=\"387\" srcset=\"https:\/\/kalandoroktarsasaga.hu\/wp-content\/uploads\/2025\/10\/tower_ruins_exterior_by_malthuswolf_dezn1zr-fullview-300x240.jpg 300w, https:\/\/kalandoroktarsasaga.hu\/wp-content\/uploads\/2025\/10\/tower_ruins_exterior_by_malthuswolf_dezn1zr-fullview-1024x819.jpg 1024w, https:\/\/kalandoroktarsasaga.hu\/wp-content\/uploads\/2025\/10\/tower_ruins_exterior_by_malthuswolf_dezn1zr-fullview-768x614.jpg 768w, https:\/\/kalandoroktarsasaga.hu\/wp-content\/uploads\/2025\/10\/tower_ruins_exterior_by_malthuswolf_dezn1zr-fullview-1536x1229.jpg 1536w, https:\/\/kalandoroktarsasaga.hu\/wp-content\/uploads\/2025\/10\/tower_ruins_exterior_by_malthuswolf_dezn1zr-fullview.jpg 1600w\" sizes=\"auto, (max-width: 484px) 100vw, 484px\" \/><\/p>\n<p><strong>Rendszer<\/strong>: D&amp;D 5E (2014)<\/p>\n<p>Egy r\u00e9g elhagyott romos, \u00e9s tal\u00e1n romlott (?) torony felfedez\u00e9se.<\/p>\n<p><strong>Ami v\u00e1rhat\u00f3<\/strong>: kifejezetten sz\u00edvesen l\u00e1tok kezd\u0151, vagy a j\u00e1t\u00e9kkal csak ismerked\u0151 j\u00e1t\u00e9kosokat. A jelentkez\u0151k 3. szint\u0171 (el\u0151regener\u00e1lt) kalandoz\u00f3kat kapnak. Rajtuk \u00e1ll, mennyi vesz\u00e9lyt v\u00e1llalnak be a torony bej\u00e1r\u00e1sa \u00e9s felfedez\u00e9se sor\u00e1n.<\/p>\n<\/div>\n<div>\u00a0<\/div>\n<div>\u00a0<\/div>\n","protected":false},"excerpt":{"rendered":"<p>Mes\u00e9l\u0151: Enraig Rendszer: D&amp;D 5E (2014) Egy r\u00e9g elhagyott romos, \u00e9s tal\u00e1n romlott (?) torony felfedez\u00e9se. Ami v\u00e1rhat\u00f3: kifejezetten sz\u00edvesen l\u00e1tok kezd\u0151, vagy a j\u00e1t\u00e9kkal csak ismerked\u0151 j\u00e1t\u00e9kosokat. A jelentkez\u0151k 3. szint\u0171 (el\u0151regener\u00e1lt) kalandoz\u00f3kat kapnak. Rajtuk \u00e1ll, mennyi vesz\u00e9lyt v\u00e1llalnak be a torony bej\u00e1r\u00e1sa \u00e9s felfedez\u00e9se sor\u00e1n. \u00a0 \u00a0<\/p>\n","protected":false},"author":1,"featured_media":0,"comment_status":"open","ping_status":"closed","template":"","meta":{"_kadence_starter_templates_imported_post":false,"_kad_post_transparent":"default","_kad_post_title":"default","_kad_post_layout":"default","_kad_post_sidebar_id":"","_kad_post_content_style":"default","_kad_post_vertical_padding":"default","_kad_post_feature":"","_kad_post_feature_position":"","_kad_post_header":false,"_kad_post_footer":false,"footnotes":""},"categories":[13,10],"tags":[],"class_list":["post-1163","event","type-event","status-publish","hentry","category-kata-xiii","category-mesek"],"yoast_head":"<!-- This site is optimized with the Yoast SEO plugin v26.2 - https:\/\/yoast.com\/wordpress\/plugins\/seo\/ -->\n<title>Az elfek tornya - Kalandorok T\u00e1rsas\u00e1ga<\/title>\n<meta name=\"robots\" content=\"index, follow, max-snippet:-1, max-image-preview:large, max-video-preview:-1\" \/>\n<link rel=\"canonical\" href=\"https:\/\/kalandoroktarsasaga.hu\/index.php\/event\/az-elfek-tornya\/\" \/>\n<meta property=\"og:locale\" content=\"hu_HU\" \/>\n<meta property=\"og:type\" content=\"article\" \/>\n<meta property=\"og:title\" content=\"Az elfek tornya - Kalandorok T\u00e1rsas\u00e1ga\" \/>\n<meta property=\"og:description\" content=\"Mes\u00e9l\u0151: Enraig Rendszer: D&amp;D 5E (2014) Egy r\u00e9g elhagyott romos, \u00e9s tal\u00e1n romlott (?) torony felfedez\u00e9se. Ami v\u00e1rhat\u00f3: kifejezetten sz\u00edvesen l\u00e1tok kezd\u0151, vagy a j\u00e1t\u00e9kkal csak ismerked\u0151 j\u00e1t\u00e9kosokat. A jelentkez\u0151k 3. szint\u0171 (el\u0151regener\u00e1lt) kalandoz\u00f3kat kapnak. Rajtuk \u00e1ll, mennyi vesz\u00e9lyt v\u00e1llalnak be a torony bej\u00e1r\u00e1sa \u00e9s felfedez\u00e9se sor\u00e1n. \u00a0 \u00a0\" \/>\n<meta property=\"og:url\" content=\"https:\/\/kalandoroktarsasaga.hu\/index.php\/event\/az-elfek-tornya\/\" \/>\n<meta property=\"og:site_name\" content=\"Kalandorok T\u00e1rsas\u00e1ga\" \/>\n<meta property=\"article:modified_time\" content=\"2025-10-31T17:47:48+00:00\" \/>\n<meta property=\"og:image\" content=\"https:\/\/kalandoroktarsasaga.hu\/wp-content\/uploads\/2025\/10\/tower_ruins_exterior_by_malthuswolf_dezn1zr-fullview.jpg\" \/>\n\t<meta property=\"og:image:width\" content=\"1600\" \/>\n\t<meta property=\"og:image:height\" content=\"1280\" \/>\n\t<meta property=\"og:image:type\" content=\"image\/jpeg\" \/>\n<meta name=\"twitter:card\" content=\"summary_large_image\" \/>\n<script type=\"application\/ld+json\" class=\"yoast-schema-graph\">{\"@context\":\"https:\/\/schema.org\",\"@graph\":[{\"@type\":\"WebPage\",\"@id\":\"https:\/\/kalandoroktarsasaga.hu\/index.php\/event\/az-elfek-tornya\/\",\"url\":\"https:\/\/kalandoroktarsasaga.hu\/index.php\/event\/az-elfek-tornya\/\",\"name\":\"Az elfek tornya - Kalandorok T\u00e1rsas\u00e1ga\",\"isPartOf\":{\"@id\":\"https:\/\/kalandoroktarsasaga.hu\/#website\"},\"primaryImageOfPage\":{\"@id\":\"https:\/\/kalandoroktarsasaga.hu\/index.php\/event\/az-elfek-tornya\/#primaryimage\"},\"image\":{\"@id\":\"https:\/\/kalandoroktarsasaga.hu\/index.php\/event\/az-elfek-tornya\/#primaryimage\"},\"thumbnailUrl\":\"https:\/\/kalandoroktarsasaga.hu\/wp-content\/uploads\/2025\/10\/tower_ruins_exterior_by_malthuswolf_dezn1zr-fullview-300x240.jpg\",\"datePublished\":\"2025-10-12T08:29:21+00:00\",\"dateModified\":\"2025-10-31T17:47:48+00:00\",\"breadcrumb\":{\"@id\":\"https:\/\/kalandoroktarsasaga.hu\/index.php\/event\/az-elfek-tornya\/#breadcrumb\"},\"inLanguage\":\"hu\",\"potentialAction\":[{\"@type\":\"ReadAction\",\"target\":[\"https:\/\/kalandoroktarsasaga.hu\/index.php\/event\/az-elfek-tornya\/\"]}]},{\"@type\":\"ImageObject\",\"inLanguage\":\"hu\",\"@id\":\"https:\/\/kalandoroktarsasaga.hu\/index.php\/event\/az-elfek-tornya\/#primaryimage\",\"url\":\"https:\/\/kalandoroktarsasaga.hu\/wp-content\/uploads\/2025\/10\/tower_ruins_exterior_by_malthuswolf_dezn1zr-fullview.jpg\",\"contentUrl\":\"https:\/\/kalandoroktarsasaga.hu\/wp-content\/uploads\/2025\/10\/tower_ruins_exterior_by_malthuswolf_dezn1zr-fullview.jpg\",\"width\":1600,\"height\":1280},{\"@type\":\"BreadcrumbList\",\"@id\":\"https:\/\/kalandoroktarsasaga.hu\/index.php\/event\/az-elfek-tornya\/#breadcrumb\",\"itemListElement\":[{\"@type\":\"ListItem\",\"position\":1,\"name\":\"Kezd\u0151lap\",\"item\":\"https:\/\/kalandoroktarsasaga.hu\/\"},{\"@type\":\"ListItem\",\"position\":2,\"name\":\"Events\",\"item\":\"https:\/\/kalandoroktarsasaga.hu\/index.php\/event\/\"},{\"@type\":\"ListItem\",\"position\":3,\"name\":\"Az elfek tornya\"}]},{\"@type\":\"WebSite\",\"@id\":\"https:\/\/kalandoroktarsasaga.hu\/#website\",\"url\":\"https:\/\/kalandoroktarsasaga.hu\/\",\"name\":\"Kalandorok T\u00e1rsas\u00e1ga\",\"description\":\"Szerepj\u00e1t\u00e9kos rendezv\u00e9nyeket szervez\u00fcnk - veletek, nektek\",\"publisher\":{\"@id\":\"https:\/\/kalandoroktarsasaga.hu\/#organization\"},\"potentialAction\":[{\"@type\":\"SearchAction\",\"target\":{\"@type\":\"EntryPoint\",\"urlTemplate\":\"https:\/\/kalandoroktarsasaga.hu\/?s={search_term_string}\"},\"query-input\":{\"@type\":\"PropertyValueSpecification\",\"valueRequired\":true,\"valueName\":\"search_term_string\"}}],\"inLanguage\":\"hu\"},{\"@type\":\"Organization\",\"@id\":\"https:\/\/kalandoroktarsasaga.hu\/#organization\",\"name\":\"Kalandorok T\u00e1rsas\u00e1ga\",\"url\":\"https:\/\/kalandoroktarsasaga.hu\/\",\"logo\":{\"@type\":\"ImageObject\",\"inLanguage\":\"hu\",\"@id\":\"https:\/\/kalandoroktarsasaga.hu\/#\/schema\/logo\/image\/\",\"url\":\"https:\/\/kalandoroktarsasaga.hu\/wp-content\/uploads\/2023\/08\/cropped-Logo-1.png\",\"contentUrl\":\"https:\/\/kalandoroktarsasaga.hu\/wp-content\/uploads\/2023\/08\/cropped-Logo-1.png\",\"width\":599,\"height\":832,\"caption\":\"Kalandorok T\u00e1rsas\u00e1ga\"},\"image\":{\"@id\":\"https:\/\/kalandoroktarsasaga.hu\/#\/schema\/logo\/image\/\"}}]}<\/script>\n<!-- \/ Yoast SEO plugin. -->","yoast_head_json":{"title":"Az elfek tornya - Kalandorok T\u00e1rsas\u00e1ga","robots":{"index":"index","follow":"follow","max-snippet":"max-snippet:-1","max-image-preview":"max-image-preview:large","max-video-preview":"max-video-preview:-1"},"canonical":"https:\/\/kalandoroktarsasaga.hu\/index.php\/event\/az-elfek-tornya\/","og_locale":"hu_HU","og_type":"article","og_title":"Az elfek tornya - Kalandorok T\u00e1rsas\u00e1ga","og_description":"Mes\u00e9l\u0151: Enraig Rendszer: D&amp;D 5E (2014) Egy r\u00e9g elhagyott romos, \u00e9s tal\u00e1n romlott (?) torony felfedez\u00e9se. Ami v\u00e1rhat\u00f3: kifejezetten sz\u00edvesen l\u00e1tok kezd\u0151, vagy a j\u00e1t\u00e9kkal csak ismerked\u0151 j\u00e1t\u00e9kosokat. A jelentkez\u0151k 3. szint\u0171 (el\u0151regener\u00e1lt) kalandoz\u00f3kat kapnak. Rajtuk \u00e1ll, mennyi vesz\u00e9lyt v\u00e1llalnak be a torony bej\u00e1r\u00e1sa \u00e9s felfedez\u00e9se sor\u00e1n. \u00a0 \u00a0","og_url":"https:\/\/kalandoroktarsasaga.hu\/index.php\/event\/az-elfek-tornya\/","og_site_name":"Kalandorok T\u00e1rsas\u00e1ga","article_modified_time":"2025-10-31T17:47:48+00:00","og_image":[{"width":1600,"height":1280,"url":"https:\/\/kalandoroktarsasaga.hu\/wp-content\/uploads\/2025\/10\/tower_ruins_exterior_by_malthuswolf_dezn1zr-fullview.jpg","type":"image\/jpeg"}],"twitter_card":"summary_large_image","schema":{"@context":"https:\/\/schema.org","@graph":[{"@type":"WebPage","@id":"https:\/\/kalandoroktarsasaga.hu\/index.php\/event\/az-elfek-tornya\/","url":"https:\/\/kalandoroktarsasaga.hu\/index.php\/event\/az-elfek-tornya\/","name":"Az elfek tornya - Kalandorok T\u00e1rsas\u00e1ga","isPartOf":{"@id":"https:\/\/kalandoroktarsasaga.hu\/#website"},"primaryImageOfPage":{"@id":"https:\/\/kalandoroktarsasaga.hu\/index.php\/event\/az-elfek-tornya\/#primaryimage"},"image":{"@id":"https:\/\/kalandoroktarsasaga.hu\/index.php\/event\/az-elfek-tornya\/#primaryimage"},"thumbnailUrl":"https:\/\/kalandoroktarsasaga.hu\/wp-content\/uploads\/2025\/10\/tower_ruins_exterior_by_malthuswolf_dezn1zr-fullview-300x240.jpg","datePublished":"2025-10-12T08:29:21+00:00","dateModified":"2025-10-31T17:47:48+00:00","breadcrumb":{"@id":"https:\/\/kalandoroktarsasaga.hu\/index.php\/event\/az-elfek-tornya\/#breadcrumb"},"inLanguage":"hu","potentialAction":[{"@type":"ReadAction","target":["https:\/\/kalandoroktarsasaga.hu\/index.php\/event\/az-elfek-tornya\/"]}]},{"@type":"ImageObject","inLanguage":"hu","@id":"https:\/\/kalandoroktarsasaga.hu\/index.php\/event\/az-elfek-tornya\/#primaryimage","url":"https:\/\/kalandoroktarsasaga.hu\/wp-content\/uploads\/2025\/10\/tower_ruins_exterior_by_malthuswolf_dezn1zr-fullview.jpg","contentUrl":"https:\/\/kalandoroktarsasaga.hu\/wp-content\/uploads\/2025\/10\/tower_ruins_exterior_by_malthuswolf_dezn1zr-fullview.jpg","width":1600,"height":1280},{"@type":"BreadcrumbList","@id":"https:\/\/kalandoroktarsasaga.hu\/index.php\/event\/az-elfek-tornya\/#breadcrumb","itemListElement":[{"@type":"ListItem","position":1,"name":"Kezd\u0151lap","item":"https:\/\/kalandoroktarsasaga.hu\/"},{"@type":"ListItem","position":2,"name":"Events","item":"https:\/\/kalandoroktarsasaga.hu\/index.php\/event\/"},{"@type":"ListItem","position":3,"name":"Az elfek tornya"}]},{"@type":"WebSite","@id":"https:\/\/kalandoroktarsasaga.hu\/#website","url":"https:\/\/kalandoroktarsasaga.hu\/","name":"Kalandorok T\u00e1rsas\u00e1ga","description":"Szerepj\u00e1t\u00e9kos rendezv\u00e9nyeket szervez\u00fcnk - veletek, nektek","publisher":{"@id":"https:\/\/kalandoroktarsasaga.hu\/#organization"},"potentialAction":[{"@type":"SearchAction","target":{"@type":"EntryPoint","urlTemplate":"https:\/\/kalandoroktarsasaga.hu\/?s={search_term_string}"},"query-input":{"@type":"PropertyValueSpecification","valueRequired":true,"valueName":"search_term_string"}}],"inLanguage":"hu"},{"@type":"Organization","@id":"https:\/\/kalandoroktarsasaga.hu\/#organization","name":"Kalandorok T\u00e1rsas\u00e1ga","url":"https:\/\/kalandoroktarsasaga.hu\/","logo":{"@type":"ImageObject","inLanguage":"hu","@id":"https:\/\/kalandoroktarsasaga.hu\/#\/schema\/logo\/image\/","url":"https:\/\/kalandoroktarsasaga.hu\/wp-content\/uploads\/2023\/08\/cropped-Logo-1.png","contentUrl":"https:\/\/kalandoroktarsasaga.hu\/wp-content\/uploads\/2023\/08\/cropped-Logo-1.png","width":599,"height":832,"caption":"Kalandorok T\u00e1rsas\u00e1ga"},"image":{"@id":"https:\/\/kalandoroktarsasaga.hu\/#\/schema\/logo\/image\/"}}]}},"_links":{"self":[{"href":"https:\/\/kalandoroktarsasaga.hu\/index.php\/wp-json\/wp\/v2\/event\/1163","targetHints":{"allow":["GET"]}}],"collection":[{"href":"https:\/\/kalandoroktarsasaga.hu\/index.php\/wp-json\/wp\/v2\/event"}],"about":[{"href":"https:\/\/kalandoroktarsasaga.hu\/index.php\/wp-json\/wp\/v2\/types\/event"}],"author":[{"embeddable":true,"href":"https:\/\/kalandoroktarsasaga.hu\/index.php\/wp-json\/wp\/v2\/users\/1"}],"replies":[{"embeddable":true,"href":"https:\/\/kalandoroktarsasaga.hu\/index.php\/wp-json\/wp\/v2\/comments?post=1163"}],"version-history":[{"count":3,"href":"https:\/\/kalandoroktarsasaga.hu\/index.php\/wp-json\/wp\/v2\/event\/1163\/revisions"}],"predecessor-version":[{"id":1207,"href":"https:\/\/kalandoroktarsasaga.hu\/index.php\/wp-json\/wp\/v2\/event\/1163\/revisions\/1207"}],"wp:attachment":[{"href":"https:\/\/kalandoroktarsasaga.hu\/index.php\/wp-json\/wp\/v2\/media?parent=1163"}],"wp:term":[{"taxonomy":"category","embeddable":true,"href":"https:\/\/kalandoroktarsasaga.hu\/index.php\/wp-json\/wp\/v2\/categories?post=1163"},{"taxonomy":"post_tag","embeddable":true,"href":"https:\/\/kalandoroktarsasaga.hu\/index.php\/wp-json\/wp\/v2\/tags?post=1163"}],"curies":[{"name":"wp","href":"https:\/\/api.w.org\/{rel}","templated":true}]}}