{"id":1165,"date":"2025-10-12T10:36:08","date_gmt":"2025-10-12T08:36:08","guid":{"rendered":"https:\/\/kalandoroktarsasaga.hu\/?post_type=event&#038;p=1165"},"modified":"2025-10-31T18:46:44","modified_gmt":"2025-10-31T17:46:44","slug":"vidugavia-kincse","status":"publish","type":"event","link":"https:\/\/kalandoroktarsasaga.hu\/index.php\/event\/vidugavia-kincse\/","title":{"rendered":"Vidugavia kincse"},"content":{"rendered":"<p><strong>Mes\u00e9l\u0151<\/strong>: Garaboncias<img loading=\"lazy\" decoding=\"async\" class=\" wp-image-1235 alignright\" src=\"https:\/\/kalandoroktarsasaga.hu\/wp-content\/uploads\/2025\/10\/KaTa-KaMat-VidugaviaKincse-300x187.png\" alt=\"\" width=\"541\" height=\"337\" srcset=\"https:\/\/kalandoroktarsasaga.hu\/wp-content\/uploads\/2025\/10\/KaTa-KaMat-VidugaviaKincse-300x187.png 300w, https:\/\/kalandoroktarsasaga.hu\/wp-content\/uploads\/2025\/10\/KaTa-KaMat-VidugaviaKincse.png 616w\" sizes=\"auto, (max-width: 541px) 100vw, 541px\" \/><\/p>\n<p><strong>Rendszer<\/strong>: Kard \u00e9s M\u00e1sodteremt\u00e9s<\/p>\n<p><strong>Vil\u00e1g<\/strong>: K\u00f6z\u00e9pf\u00f6lde<\/p>\n<p>Vidugavia a hajdanvolt Rhovanioni Kir\u00e1lys\u00e1g els\u0151 legend\u00e1s kir\u00e1lya volt, aki a harmadkor 13. sz\u00e1zad\u00e1ban \u00e9lt. Hal\u00e1la ut\u00e1n nagyj\u00e1b\u00f3l f\u00e9l \u00e9vezreddel kir\u00e1lys\u00e1g\u00e1t els\u00f6p\u00f6rte a keletlak\u00f3k inv\u00e1zi\u00f3ja, palot\u00e1j\u00e1t, s\u00edrj\u00e1t kifosztott\u00e1k, \u00edgy senki sem rem\u00e9lte, hogy kincseib\u0151l b\u00e1rmi is megmaradt volna. Eg\u00e9szen a harmadkor 2958. \u00e9v\u00e9ig, amikor is Dorwinion f\u00f6ldj\u00e9n az<br \/>\u0151si iratok k\u00f6z\u00f6tt kutat\u00f3 Tud\u00f3sok r\u00e1akadtak egy t\u00f6red\u00e9kes feljegyz\u00e9sre, amely szerint \u201e<strong><em>Vidugavia kincs\u00e9t nem palot\u00e1ja, hanem a Hlaiwasna-dombok \u0151rzik<\/em><\/strong>\u201d. E hom\u00e1lyos jelent\u00e9s\u0171 \u00edr\u00e1s a pletyk\u00e1k szerint sokak k\u00e9pzelet\u00e9t l\u00e1ngra gy\u00fajtotta Dorwinion hat\u00e1rain t\u00fal is: vajon mi lehet e kincs, hol rejtett\u00e9k el \u00e9s ki bukkan r\u00e1 els\u0151k\u00e9nt?<\/p>\n<p>A Hlaiwasna-dombok lakatlan vid\u00e9k a Rh\u00fbn-tenger nyugati partja ment\u00e9n h\u00faz\u00f3d\u00f3 hegys\u00e9g d\u00e9lnyugati lank\u00e1in\u00e1l, a Gondort Dorwinionnal \u00f6sszek\u00f6t\u0151 r\u00e9gi \u00fat mellett. Embereml\u00e9kezet \u00f3ta messze elker\u00fclte mindenki, mert \u00f6r\u00f6k k\u00f6dbe burkol\u00f3dz\u00f3 erdej\u00e9nek rossz h\u00edre van, \u00e9s a dombokon sokak szerint \u00e1tok \u00fcl. Ez m\u00e9gsem riasztotta el a kincskeres\u00e9st\u0151l a dorwinioni fiv\u00e9reket, Manort \u00e9s Noenort, akik tavasz derek\u00e1n indultak \u00fatnak k\u00e9t \u00f6szv\u00e9rrel, hogy megkeress\u00e9k Vidugavia kincs\u00e9t. Az\u00f3ta eltelt egy h\u00f3nap, de semmi h\u00edr nem j\u00f6tt fel\u0151l\u00fck. Mivel mindketten r\u00e9gi bar\u00e1taitok, ez\u00e9rt komolyan agg\u00f3dni kezdtetek \u00e9rt\u00fck. V\u00e9g\u00fcl \u00fagy d\u00f6nt\u00f6ttetek, hogy \u00fatra keltek \u00e9s el\u0151ker\u00edtitek \u0151ket \u2013 ak\u00e1r kincsekkel, ak\u00e1r azok n\u00e9lk\u00fcl.<\/p>\n<p><strong>Ami v\u00e1rhat\u00f3<\/strong>: K\u00f6d- \u00e9s erd\u0151bor\u00edtotta dombok, \u0151si romok, a r\u00e9gm\u00falt t\u00f6red\u00e9kei, hal\u00e1los vesz\u00e9lyek, elt\u0171nt kincskeres\u0151k, v\u00e9letlen \u00e9s kev\u00e9sb\u00e9 v\u00e9letlen tal\u00e1lkoz\u00e1sok, felfedez\u00e9s, harc \u00e9s t\u00e1rsas interakci\u00f3k, tov\u00e1bb\u00e1 val\u00f3di \u00e9s \u00e9rzelmi t\u00f6visek.<\/p>\n<p><strong>Karakterek<\/strong>: A 4. szint\u0171 p\u00e9ldakarakterek k\u00f6z\u00fcl lehet v\u00e1lasztani. A J\u00e1t\u00e9kos Karakterek egy Sz\u00f6vets\u00e9get alkotnak, amelyhez mindenki a maga er\u0151ss\u00e9g\u00e9t adja hozz\u00e1, \u00e9s ez alapj\u00e1n osztj\u00e1k sz\u00e9t egym\u00e1s k\u00f6z\u00f6tt a Sz\u00f6vets\u00e9g szerepk\u00f6reit.<\/p>\n<p>&nbsp;<\/p>\n","protected":false},"excerpt":{"rendered":"<p>Mes\u00e9l\u0151: Garaboncias Rendszer: Kard \u00e9s M\u00e1sodteremt\u00e9s Vil\u00e1g: K\u00f6z\u00e9pf\u00f6lde Vidugavia a hajdanvolt Rhovanioni Kir\u00e1lys\u00e1g els\u0151 legend\u00e1s kir\u00e1lya volt, aki a harmadkor 13. sz\u00e1zad\u00e1ban \u00e9lt. Hal\u00e1la ut\u00e1n nagyj\u00e1b\u00f3l f\u00e9l \u00e9vezreddel kir\u00e1lys\u00e1g\u00e1t els\u00f6p\u00f6rte a keletlak\u00f3k inv\u00e1zi\u00f3ja, palot\u00e1j\u00e1t, s\u00edrj\u00e1t kifosztott\u00e1k, \u00edgy senki sem rem\u00e9lte, hogy kincseib\u0151l b\u00e1rmi is megmaradt volna. Eg\u00e9szen a harmadkor 2958. \u00e9v\u00e9ig, amikor is Dorwinion f\u00f6ldj\u00e9n&#8230;<\/p>\n","protected":false},"author":1,"featured_media":0,"comment_status":"open","ping_status":"closed","template":"","meta":{"_kadence_starter_templates_imported_post":false,"_kad_post_transparent":"default","_kad_post_title":"default","_kad_post_layout":"default","_kad_post_sidebar_id":"","_kad_post_content_style":"default","_kad_post_vertical_padding":"default","_kad_post_feature":"","_kad_post_feature_position":"","_kad_post_header":false,"_kad_post_footer":false,"footnotes":""},"categories":[13,10],"tags":[],"class_list":["post-1165","event","type-event","status-publish","hentry","category-kata-xiii","category-mesek"],"yoast_head":"<!-- This site is optimized with the Yoast SEO plugin v26.2 - https:\/\/yoast.com\/wordpress\/plugins\/seo\/ -->\n<title>Vidugavia kincse - Kalandorok T\u00e1rsas\u00e1ga<\/title>\n<meta name=\"robots\" content=\"index, follow, max-snippet:-1, max-image-preview:large, max-video-preview:-1\" \/>\n<link rel=\"canonical\" href=\"https:\/\/kalandoroktarsasaga.hu\/index.php\/event\/vidugavia-kincse\/\" \/>\n<meta property=\"og:locale\" content=\"hu_HU\" \/>\n<meta property=\"og:type\" content=\"article\" \/>\n<meta property=\"og:title\" content=\"Vidugavia kincse - Kalandorok T\u00e1rsas\u00e1ga\" \/>\n<meta property=\"og:description\" content=\"Mes\u00e9l\u0151: Garaboncias Rendszer: Kard \u00e9s M\u00e1sodteremt\u00e9s Vil\u00e1g: K\u00f6z\u00e9pf\u00f6lde Vidugavia a hajdanvolt Rhovanioni Kir\u00e1lys\u00e1g els\u0151 legend\u00e1s kir\u00e1lya volt, aki a harmadkor 13. sz\u00e1zad\u00e1ban \u00e9lt. Hal\u00e1la ut\u00e1n nagyj\u00e1b\u00f3l f\u00e9l \u00e9vezreddel kir\u00e1lys\u00e1g\u00e1t els\u00f6p\u00f6rte a keletlak\u00f3k inv\u00e1zi\u00f3ja, palot\u00e1j\u00e1t, s\u00edrj\u00e1t kifosztott\u00e1k, \u00edgy senki sem rem\u00e9lte, hogy kincseib\u0151l b\u00e1rmi is megmaradt volna. Eg\u00e9szen a harmadkor 2958. \u00e9v\u00e9ig, amikor is Dorwinion f\u00f6ldj\u00e9n...\" \/>\n<meta property=\"og:url\" content=\"https:\/\/kalandoroktarsasaga.hu\/index.php\/event\/vidugavia-kincse\/\" \/>\n<meta property=\"og:site_name\" content=\"Kalandorok T\u00e1rsas\u00e1ga\" \/>\n<meta property=\"article:modified_time\" content=\"2025-10-31T17:46:44+00:00\" \/>\n<meta property=\"og:image\" content=\"https:\/\/kalandoroktarsasaga.hu\/wp-content\/uploads\/2025\/10\/KaTa-KaMat-VidugaviaKincse.png\" \/>\n\t<meta property=\"og:image:width\" content=\"616\" \/>\n\t<meta property=\"og:image:height\" content=\"384\" \/>\n\t<meta property=\"og:image:type\" content=\"image\/png\" \/>\n<meta name=\"twitter:card\" content=\"summary_large_image\" \/>\n<script type=\"application\/ld+json\" class=\"yoast-schema-graph\">{\"@context\":\"https:\/\/schema.org\",\"@graph\":[{\"@type\":\"WebPage\",\"@id\":\"https:\/\/kalandoroktarsasaga.hu\/index.php\/event\/vidugavia-kincse\/\",\"url\":\"https:\/\/kalandoroktarsasaga.hu\/index.php\/event\/vidugavia-kincse\/\",\"name\":\"Vidugavia kincse - Kalandorok T\u00e1rsas\u00e1ga\",\"isPartOf\":{\"@id\":\"https:\/\/kalandoroktarsasaga.hu\/#website\"},\"primaryImageOfPage\":{\"@id\":\"https:\/\/kalandoroktarsasaga.hu\/index.php\/event\/vidugavia-kincse\/#primaryimage\"},\"image\":{\"@id\":\"https:\/\/kalandoroktarsasaga.hu\/index.php\/event\/vidugavia-kincse\/#primaryimage\"},\"thumbnailUrl\":\"https:\/\/kalandoroktarsasaga.hu\/wp-content\/uploads\/2025\/10\/KaTa-KaMat-VidugaviaKincse-300x187.png\",\"datePublished\":\"2025-10-12T08:36:08+00:00\",\"dateModified\":\"2025-10-31T17:46:44+00:00\",\"breadcrumb\":{\"@id\":\"https:\/\/kalandoroktarsasaga.hu\/index.php\/event\/vidugavia-kincse\/#breadcrumb\"},\"inLanguage\":\"hu\",\"potentialAction\":[{\"@type\":\"ReadAction\",\"target\":[\"https:\/\/kalandoroktarsasaga.hu\/index.php\/event\/vidugavia-kincse\/\"]}]},{\"@type\":\"ImageObject\",\"inLanguage\":\"hu\",\"@id\":\"https:\/\/kalandoroktarsasaga.hu\/index.php\/event\/vidugavia-kincse\/#primaryimage\",\"url\":\"https:\/\/kalandoroktarsasaga.hu\/wp-content\/uploads\/2025\/10\/KaTa-KaMat-VidugaviaKincse.png\",\"contentUrl\":\"https:\/\/kalandoroktarsasaga.hu\/wp-content\/uploads\/2025\/10\/KaTa-KaMat-VidugaviaKincse.png\",\"width\":616,\"height\":384},{\"@type\":\"BreadcrumbList\",\"@id\":\"https:\/\/kalandoroktarsasaga.hu\/index.php\/event\/vidugavia-kincse\/#breadcrumb\",\"itemListElement\":[{\"@type\":\"ListItem\",\"position\":1,\"name\":\"Kezd\u0151lap\",\"item\":\"https:\/\/kalandoroktarsasaga.hu\/\"},{\"@type\":\"ListItem\",\"position\":2,\"name\":\"Events\",\"item\":\"https:\/\/kalandoroktarsasaga.hu\/index.php\/event\/\"},{\"@type\":\"ListItem\",\"position\":3,\"name\":\"Vidugavia kincse\"}]},{\"@type\":\"WebSite\",\"@id\":\"https:\/\/kalandoroktarsasaga.hu\/#website\",\"url\":\"https:\/\/kalandoroktarsasaga.hu\/\",\"name\":\"Kalandorok T\u00e1rsas\u00e1ga\",\"description\":\"Szerepj\u00e1t\u00e9kos rendezv\u00e9nyeket szervez\u00fcnk - veletek, nektek\",\"publisher\":{\"@id\":\"https:\/\/kalandoroktarsasaga.hu\/#organization\"},\"potentialAction\":[{\"@type\":\"SearchAction\",\"target\":{\"@type\":\"EntryPoint\",\"urlTemplate\":\"https:\/\/kalandoroktarsasaga.hu\/?s={search_term_string}\"},\"query-input\":{\"@type\":\"PropertyValueSpecification\",\"valueRequired\":true,\"valueName\":\"search_term_string\"}}],\"inLanguage\":\"hu\"},{\"@type\":\"Organization\",\"@id\":\"https:\/\/kalandoroktarsasaga.hu\/#organization\",\"name\":\"Kalandorok T\u00e1rsas\u00e1ga\",\"url\":\"https:\/\/kalandoroktarsasaga.hu\/\",\"logo\":{\"@type\":\"ImageObject\",\"inLanguage\":\"hu\",\"@id\":\"https:\/\/kalandoroktarsasaga.hu\/#\/schema\/logo\/image\/\",\"url\":\"https:\/\/kalandoroktarsasaga.hu\/wp-content\/uploads\/2023\/08\/cropped-Logo-1.png\",\"contentUrl\":\"https:\/\/kalandoroktarsasaga.hu\/wp-content\/uploads\/2023\/08\/cropped-Logo-1.png\",\"width\":599,\"height\":832,\"caption\":\"Kalandorok T\u00e1rsas\u00e1ga\"},\"image\":{\"@id\":\"https:\/\/kalandoroktarsasaga.hu\/#\/schema\/logo\/image\/\"}}]}<\/script>\n<!-- \/ Yoast SEO plugin. -->","yoast_head_json":{"title":"Vidugavia kincse - Kalandorok T\u00e1rsas\u00e1ga","robots":{"index":"index","follow":"follow","max-snippet":"max-snippet:-1","max-image-preview":"max-image-preview:large","max-video-preview":"max-video-preview:-1"},"canonical":"https:\/\/kalandoroktarsasaga.hu\/index.php\/event\/vidugavia-kincse\/","og_locale":"hu_HU","og_type":"article","og_title":"Vidugavia kincse - Kalandorok T\u00e1rsas\u00e1ga","og_description":"Mes\u00e9l\u0151: Garaboncias Rendszer: Kard \u00e9s M\u00e1sodteremt\u00e9s Vil\u00e1g: K\u00f6z\u00e9pf\u00f6lde Vidugavia a hajdanvolt Rhovanioni Kir\u00e1lys\u00e1g els\u0151 legend\u00e1s kir\u00e1lya volt, aki a harmadkor 13. sz\u00e1zad\u00e1ban \u00e9lt. Hal\u00e1la ut\u00e1n nagyj\u00e1b\u00f3l f\u00e9l \u00e9vezreddel kir\u00e1lys\u00e1g\u00e1t els\u00f6p\u00f6rte a keletlak\u00f3k inv\u00e1zi\u00f3ja, palot\u00e1j\u00e1t, s\u00edrj\u00e1t kifosztott\u00e1k, \u00edgy senki sem rem\u00e9lte, hogy kincseib\u0151l b\u00e1rmi is megmaradt volna. Eg\u00e9szen a harmadkor 2958. \u00e9v\u00e9ig, amikor is Dorwinion f\u00f6ldj\u00e9n...","og_url":"https:\/\/kalandoroktarsasaga.hu\/index.php\/event\/vidugavia-kincse\/","og_site_name":"Kalandorok T\u00e1rsas\u00e1ga","article_modified_time":"2025-10-31T17:46:44+00:00","og_image":[{"width":616,"height":384,"url":"https:\/\/kalandoroktarsasaga.hu\/wp-content\/uploads\/2025\/10\/KaTa-KaMat-VidugaviaKincse.png","type":"image\/png"}],"twitter_card":"summary_large_image","schema":{"@context":"https:\/\/schema.org","@graph":[{"@type":"WebPage","@id":"https:\/\/kalandoroktarsasaga.hu\/index.php\/event\/vidugavia-kincse\/","url":"https:\/\/kalandoroktarsasaga.hu\/index.php\/event\/vidugavia-kincse\/","name":"Vidugavia kincse - Kalandorok T\u00e1rsas\u00e1ga","isPartOf":{"@id":"https:\/\/kalandoroktarsasaga.hu\/#website"},"primaryImageOfPage":{"@id":"https:\/\/kalandoroktarsasaga.hu\/index.php\/event\/vidugavia-kincse\/#primaryimage"},"image":{"@id":"https:\/\/kalandoroktarsasaga.hu\/index.php\/event\/vidugavia-kincse\/#primaryimage"},"thumbnailUrl":"https:\/\/kalandoroktarsasaga.hu\/wp-content\/uploads\/2025\/10\/KaTa-KaMat-VidugaviaKincse-300x187.png","datePublished":"2025-10-12T08:36:08+00:00","dateModified":"2025-10-31T17:46:44+00:00","breadcrumb":{"@id":"https:\/\/kalandoroktarsasaga.hu\/index.php\/event\/vidugavia-kincse\/#breadcrumb"},"inLanguage":"hu","potentialAction":[{"@type":"ReadAction","target":["https:\/\/kalandoroktarsasaga.hu\/index.php\/event\/vidugavia-kincse\/"]}]},{"@type":"ImageObject","inLanguage":"hu","@id":"https:\/\/kalandoroktarsasaga.hu\/index.php\/event\/vidugavia-kincse\/#primaryimage","url":"https:\/\/kalandoroktarsasaga.hu\/wp-content\/uploads\/2025\/10\/KaTa-KaMat-VidugaviaKincse.png","contentUrl":"https:\/\/kalandoroktarsasaga.hu\/wp-content\/uploads\/2025\/10\/KaTa-KaMat-VidugaviaKincse.png","width":616,"height":384},{"@type":"BreadcrumbList","@id":"https:\/\/kalandoroktarsasaga.hu\/index.php\/event\/vidugavia-kincse\/#breadcrumb","itemListElement":[{"@type":"ListItem","position":1,"name":"Kezd\u0151lap","item":"https:\/\/kalandoroktarsasaga.hu\/"},{"@type":"ListItem","position":2,"name":"Events","item":"https:\/\/kalandoroktarsasaga.hu\/index.php\/event\/"},{"@type":"ListItem","position":3,"name":"Vidugavia kincse"}]},{"@type":"WebSite","@id":"https:\/\/kalandoroktarsasaga.hu\/#website","url":"https:\/\/kalandoroktarsasaga.hu\/","name":"Kalandorok T\u00e1rsas\u00e1ga","description":"Szerepj\u00e1t\u00e9kos rendezv\u00e9nyeket szervez\u00fcnk - veletek, nektek","publisher":{"@id":"https:\/\/kalandoroktarsasaga.hu\/#organization"},"potentialAction":[{"@type":"SearchAction","target":{"@type":"EntryPoint","urlTemplate":"https:\/\/kalandoroktarsasaga.hu\/?s={search_term_string}"},"query-input":{"@type":"PropertyValueSpecification","valueRequired":true,"valueName":"search_term_string"}}],"inLanguage":"hu"},{"@type":"Organization","@id":"https:\/\/kalandoroktarsasaga.hu\/#organization","name":"Kalandorok T\u00e1rsas\u00e1ga","url":"https:\/\/kalandoroktarsasaga.hu\/","logo":{"@type":"ImageObject","inLanguage":"hu","@id":"https:\/\/kalandoroktarsasaga.hu\/#\/schema\/logo\/image\/","url":"https:\/\/kalandoroktarsasaga.hu\/wp-content\/uploads\/2023\/08\/cropped-Logo-1.png","contentUrl":"https:\/\/kalandoroktarsasaga.hu\/wp-content\/uploads\/2023\/08\/cropped-Logo-1.png","width":599,"height":832,"caption":"Kalandorok T\u00e1rsas\u00e1ga"},"image":{"@id":"https:\/\/kalandoroktarsasaga.hu\/#\/schema\/logo\/image\/"}}]}},"_links":{"self":[{"href":"https:\/\/kalandoroktarsasaga.hu\/index.php\/wp-json\/wp\/v2\/event\/1165","targetHints":{"allow":["GET"]}}],"collection":[{"href":"https:\/\/kalandoroktarsasaga.hu\/index.php\/wp-json\/wp\/v2\/event"}],"about":[{"href":"https:\/\/kalandoroktarsasaga.hu\/index.php\/wp-json\/wp\/v2\/types\/event"}],"author":[{"embeddable":true,"href":"https:\/\/kalandoroktarsasaga.hu\/index.php\/wp-json\/wp\/v2\/users\/1"}],"replies":[{"embeddable":true,"href":"https:\/\/kalandoroktarsasaga.hu\/index.php\/wp-json\/wp\/v2\/comments?post=1165"}],"version-history":[{"count":2,"href":"https:\/\/kalandoroktarsasaga.hu\/index.php\/wp-json\/wp\/v2\/event\/1165\/revisions"}],"predecessor-version":[{"id":1236,"href":"https:\/\/kalandoroktarsasaga.hu\/index.php\/wp-json\/wp\/v2\/event\/1165\/revisions\/1236"}],"wp:attachment":[{"href":"https:\/\/kalandoroktarsasaga.hu\/index.php\/wp-json\/wp\/v2\/media?parent=1165"}],"wp:term":[{"taxonomy":"category","embeddable":true,"href":"https:\/\/kalandoroktarsasaga.hu\/index.php\/wp-json\/wp\/v2\/categories?post=1165"},{"taxonomy":"post_tag","embeddable":true,"href":"https:\/\/kalandoroktarsasaga.hu\/index.php\/wp-json\/wp\/v2\/tags?post=1165"}],"curies":[{"name":"wp","href":"https:\/\/api.w.org\/{rel}","templated":true}]}}