{"id":1168,"date":"2025-10-12T10:27:12","date_gmt":"2025-10-12T08:27:12","guid":{"rendered":"https:\/\/kalandoroktarsasaga.hu\/?post_type=event&#038;p=1168"},"modified":"2025-10-31T18:48:17","modified_gmt":"2025-10-31T17:48:17","slug":"samson-altatodala","status":"publish","type":"event","link":"https:\/\/kalandoroktarsasaga.hu\/index.php\/event\/samson-altatodala\/","title":{"rendered":"S\u00e1mson altat\u00f3dala"},"content":{"rendered":"<p><strong>Mes\u00e9l\u0151<\/strong>: B\u00e1lint P\u00e9ter \/ Ronan<img loading=\"lazy\" decoding=\"async\" class=\" wp-image-1169 alignright\" src=\"https:\/\/kalandoroktarsasaga.hu\/wp-content\/uploads\/2025\/10\/samson-200x300.png\" alt=\"\" width=\"483\" height=\"725\" srcset=\"https:\/\/kalandoroktarsasaga.hu\/wp-content\/uploads\/2025\/10\/samson-200x300.png 200w, https:\/\/kalandoroktarsasaga.hu\/wp-content\/uploads\/2025\/10\/samson-683x1024.png 683w, https:\/\/kalandoroktarsasaga.hu\/wp-content\/uploads\/2025\/10\/samson-768x1152.png 768w, https:\/\/kalandoroktarsasaga.hu\/wp-content\/uploads\/2025\/10\/samson.png 1024w\" sizes=\"auto, (max-width: 483px) 100vw, 483px\" \/><\/p>\n<p><strong>Rendszer<\/strong>: D&amp;D 5E (2014)<\/p>\n<p>\u00datban Baldur Kapuja fel\u00e9 a kalandoz\u00f3k k\u00e9nytelenek megpihenni Candlekeepben, a h\u00edres k\u00f6nyvt\u00e1r-er\u0151dben \u2013 egy viharos ny\u00e1ri est\u00e9n, amikor a falak k\u00f6z\u00f6tt valami s\u00f6t\u00e9t mocorog. Nem is sejtik, hogy a Gonosz m\u00e1r f\u00e9szket rakott a tud\u00e1s szent\u00e9ly\u00e9ben.<\/p>\n<p>A nyugalmasnak \u00edg\u00e9rkez\u0151 kit\u00e9r\u0151 hamar macska-eg\u00e9r j\u00e1t\u00e9kk\u00e1 v\u00e1lik, ahol nemcsak az itt \u00e9l\u0151 szerzetesek \u00e9lete, hanem a kalandorok lelki \u00fcdve is vesz\u00e9lybe ker\u00fcl\u2026<\/p>\n<p><em>(Gy\u00e1ri kalandmodul a Candlekeep Mysteries-Shemshime&#8217;s Bedtime Rhyme c\u00edmmel)<\/em><\/p>\n<p><strong>A kaland jellege, mi v\u00e1rhat\u00f3<\/strong>: hangulatos horror, nyomoz\u00e1s \u00e9s pszichol\u00f3giai fesz\u00fclts\u00e9g. Kev\u00e9s harc, sok szerepj\u00e1t\u00e9k \u00e9s karakterdr\u00e1ma.<\/p>\n<p><strong>Karakterek\/j\u00e1t\u00e9kosok<\/strong>: kezd\u0151 \u00e9s halad\u00f3 szint\u0171 kalandorokat is sz\u00edvesen l\u00e1tok, lehet\u0151leg olyanokat, akik nem ismerik a modult!<\/p>\n<p>A kalandot 4.szint\u0171, a 2014 5. kiad\u00e1s\u00fa Dungeons &amp; Dragons Player\u2019s Handbook-b\u00f3l megalkotott karakternek szeretn\u00e9m futtatni. Amennyiben sz\u00fcks\u00e9ges lesznek el\u0151re gener\u00e1lt karakterek is n\u00e1lam!<\/p>\n<p>&nbsp;<\/p>\n","protected":false},"excerpt":{"rendered":"<p>Mes\u00e9l\u0151: B\u00e1lint P\u00e9ter \/ Ronan Rendszer: D&amp;D 5E (2014) \u00datban Baldur Kapuja fel\u00e9 a kalandoz\u00f3k k\u00e9nytelenek megpihenni Candlekeepben, a h\u00edres k\u00f6nyvt\u00e1r-er\u0151dben \u2013 egy viharos ny\u00e1ri est\u00e9n, amikor a falak k\u00f6z\u00f6tt valami s\u00f6t\u00e9t mocorog. Nem is sejtik, hogy a Gonosz m\u00e1r f\u00e9szket rakott a tud\u00e1s szent\u00e9ly\u00e9ben. A nyugalmasnak \u00edg\u00e9rkez\u0151 kit\u00e9r\u0151 hamar macska-eg\u00e9r j\u00e1t\u00e9kk\u00e1 v\u00e1lik, ahol nemcsak&#8230;<\/p>\n","protected":false},"author":1,"featured_media":0,"comment_status":"open","ping_status":"closed","template":"","meta":{"_kadence_starter_templates_imported_post":false,"_kad_post_transparent":"default","_kad_post_title":"default","_kad_post_layout":"default","_kad_post_sidebar_id":"","_kad_post_content_style":"default","_kad_post_vertical_padding":"default","_kad_post_feature":"","_kad_post_feature_position":"","_kad_post_header":false,"_kad_post_footer":false,"footnotes":""},"categories":[13,10],"tags":[],"class_list":["post-1168","event","type-event","status-publish","hentry","category-kata-xiii","category-mesek"],"yoast_head":"<!-- This site is optimized with the Yoast SEO plugin v26.2 - https:\/\/yoast.com\/wordpress\/plugins\/seo\/ -->\n<title>S\u00e1mson altat\u00f3dala - Kalandorok T\u00e1rsas\u00e1ga<\/title>\n<meta name=\"robots\" content=\"index, follow, max-snippet:-1, max-image-preview:large, max-video-preview:-1\" \/>\n<link rel=\"canonical\" href=\"https:\/\/kalandoroktarsasaga.hu\/index.php\/event\/samson-altatodala\/\" \/>\n<meta property=\"og:locale\" content=\"hu_HU\" \/>\n<meta property=\"og:type\" content=\"article\" \/>\n<meta property=\"og:title\" content=\"S\u00e1mson altat\u00f3dala - Kalandorok T\u00e1rsas\u00e1ga\" \/>\n<meta property=\"og:description\" content=\"Mes\u00e9l\u0151: B\u00e1lint P\u00e9ter \/ Ronan Rendszer: D&amp;D 5E (2014) \u00datban Baldur Kapuja fel\u00e9 a kalandoz\u00f3k k\u00e9nytelenek megpihenni Candlekeepben, a h\u00edres k\u00f6nyvt\u00e1r-er\u0151dben \u2013 egy viharos ny\u00e1ri est\u00e9n, amikor a falak k\u00f6z\u00f6tt valami s\u00f6t\u00e9t mocorog. Nem is sejtik, hogy a Gonosz m\u00e1r f\u00e9szket rakott a tud\u00e1s szent\u00e9ly\u00e9ben. A nyugalmasnak \u00edg\u00e9rkez\u0151 kit\u00e9r\u0151 hamar macska-eg\u00e9r j\u00e1t\u00e9kk\u00e1 v\u00e1lik, ahol nemcsak...\" \/>\n<meta property=\"og:url\" content=\"https:\/\/kalandoroktarsasaga.hu\/index.php\/event\/samson-altatodala\/\" \/>\n<meta property=\"og:site_name\" content=\"Kalandorok T\u00e1rsas\u00e1ga\" \/>\n<meta property=\"article:modified_time\" content=\"2025-10-31T17:48:17+00:00\" \/>\n<meta property=\"og:image\" content=\"https:\/\/kalandoroktarsasaga.hu\/wp-content\/uploads\/2025\/10\/samson-683x1024.png\" \/>\n\t<meta property=\"og:image:width\" content=\"683\" \/>\n\t<meta property=\"og:image:height\" content=\"1024\" \/>\n\t<meta property=\"og:image:type\" content=\"image\/png\" \/>\n<meta name=\"twitter:card\" content=\"summary_large_image\" \/>\n<script type=\"application\/ld+json\" class=\"yoast-schema-graph\">{\"@context\":\"https:\/\/schema.org\",\"@graph\":[{\"@type\":\"WebPage\",\"@id\":\"https:\/\/kalandoroktarsasaga.hu\/index.php\/event\/samson-altatodala\/\",\"url\":\"https:\/\/kalandoroktarsasaga.hu\/index.php\/event\/samson-altatodala\/\",\"name\":\"S\u00e1mson altat\u00f3dala - Kalandorok T\u00e1rsas\u00e1ga\",\"isPartOf\":{\"@id\":\"https:\/\/kalandoroktarsasaga.hu\/#website\"},\"primaryImageOfPage\":{\"@id\":\"https:\/\/kalandoroktarsasaga.hu\/index.php\/event\/samson-altatodala\/#primaryimage\"},\"image\":{\"@id\":\"https:\/\/kalandoroktarsasaga.hu\/index.php\/event\/samson-altatodala\/#primaryimage\"},\"thumbnailUrl\":\"https:\/\/kalandoroktarsasaga.hu\/wp-content\/uploads\/2025\/10\/samson-200x300.png\",\"datePublished\":\"2025-10-12T08:27:12+00:00\",\"dateModified\":\"2025-10-31T17:48:17+00:00\",\"breadcrumb\":{\"@id\":\"https:\/\/kalandoroktarsasaga.hu\/index.php\/event\/samson-altatodala\/#breadcrumb\"},\"inLanguage\":\"hu\",\"potentialAction\":[{\"@type\":\"ReadAction\",\"target\":[\"https:\/\/kalandoroktarsasaga.hu\/index.php\/event\/samson-altatodala\/\"]}]},{\"@type\":\"ImageObject\",\"inLanguage\":\"hu\",\"@id\":\"https:\/\/kalandoroktarsasaga.hu\/index.php\/event\/samson-altatodala\/#primaryimage\",\"url\":\"https:\/\/kalandoroktarsasaga.hu\/wp-content\/uploads\/2025\/10\/samson.png\",\"contentUrl\":\"https:\/\/kalandoroktarsasaga.hu\/wp-content\/uploads\/2025\/10\/samson.png\",\"width\":1024,\"height\":1536},{\"@type\":\"BreadcrumbList\",\"@id\":\"https:\/\/kalandoroktarsasaga.hu\/index.php\/event\/samson-altatodala\/#breadcrumb\",\"itemListElement\":[{\"@type\":\"ListItem\",\"position\":1,\"name\":\"Kezd\u0151lap\",\"item\":\"https:\/\/kalandoroktarsasaga.hu\/\"},{\"@type\":\"ListItem\",\"position\":2,\"name\":\"Events\",\"item\":\"https:\/\/kalandoroktarsasaga.hu\/index.php\/event\/\"},{\"@type\":\"ListItem\",\"position\":3,\"name\":\"S\u00e1mson altat\u00f3dala\"}]},{\"@type\":\"WebSite\",\"@id\":\"https:\/\/kalandoroktarsasaga.hu\/#website\",\"url\":\"https:\/\/kalandoroktarsasaga.hu\/\",\"name\":\"Kalandorok T\u00e1rsas\u00e1ga\",\"description\":\"Szerepj\u00e1t\u00e9kos rendezv\u00e9nyeket szervez\u00fcnk - veletek, nektek\",\"publisher\":{\"@id\":\"https:\/\/kalandoroktarsasaga.hu\/#organization\"},\"potentialAction\":[{\"@type\":\"SearchAction\",\"target\":{\"@type\":\"EntryPoint\",\"urlTemplate\":\"https:\/\/kalandoroktarsasaga.hu\/?s={search_term_string}\"},\"query-input\":{\"@type\":\"PropertyValueSpecification\",\"valueRequired\":true,\"valueName\":\"search_term_string\"}}],\"inLanguage\":\"hu\"},{\"@type\":\"Organization\",\"@id\":\"https:\/\/kalandoroktarsasaga.hu\/#organization\",\"name\":\"Kalandorok T\u00e1rsas\u00e1ga\",\"url\":\"https:\/\/kalandoroktarsasaga.hu\/\",\"logo\":{\"@type\":\"ImageObject\",\"inLanguage\":\"hu\",\"@id\":\"https:\/\/kalandoroktarsasaga.hu\/#\/schema\/logo\/image\/\",\"url\":\"https:\/\/kalandoroktarsasaga.hu\/wp-content\/uploads\/2023\/08\/cropped-Logo-1.png\",\"contentUrl\":\"https:\/\/kalandoroktarsasaga.hu\/wp-content\/uploads\/2023\/08\/cropped-Logo-1.png\",\"width\":599,\"height\":832,\"caption\":\"Kalandorok T\u00e1rsas\u00e1ga\"},\"image\":{\"@id\":\"https:\/\/kalandoroktarsasaga.hu\/#\/schema\/logo\/image\/\"}}]}<\/script>\n<!-- \/ Yoast SEO plugin. -->","yoast_head_json":{"title":"S\u00e1mson altat\u00f3dala - Kalandorok T\u00e1rsas\u00e1ga","robots":{"index":"index","follow":"follow","max-snippet":"max-snippet:-1","max-image-preview":"max-image-preview:large","max-video-preview":"max-video-preview:-1"},"canonical":"https:\/\/kalandoroktarsasaga.hu\/index.php\/event\/samson-altatodala\/","og_locale":"hu_HU","og_type":"article","og_title":"S\u00e1mson altat\u00f3dala - Kalandorok T\u00e1rsas\u00e1ga","og_description":"Mes\u00e9l\u0151: B\u00e1lint P\u00e9ter \/ Ronan Rendszer: D&amp;D 5E (2014) \u00datban Baldur Kapuja fel\u00e9 a kalandoz\u00f3k k\u00e9nytelenek megpihenni Candlekeepben, a h\u00edres k\u00f6nyvt\u00e1r-er\u0151dben \u2013 egy viharos ny\u00e1ri est\u00e9n, amikor a falak k\u00f6z\u00f6tt valami s\u00f6t\u00e9t mocorog. Nem is sejtik, hogy a Gonosz m\u00e1r f\u00e9szket rakott a tud\u00e1s szent\u00e9ly\u00e9ben. A nyugalmasnak \u00edg\u00e9rkez\u0151 kit\u00e9r\u0151 hamar macska-eg\u00e9r j\u00e1t\u00e9kk\u00e1 v\u00e1lik, ahol nemcsak...","og_url":"https:\/\/kalandoroktarsasaga.hu\/index.php\/event\/samson-altatodala\/","og_site_name":"Kalandorok T\u00e1rsas\u00e1ga","article_modified_time":"2025-10-31T17:48:17+00:00","og_image":[{"width":683,"height":1024,"url":"https:\/\/kalandoroktarsasaga.hu\/wp-content\/uploads\/2025\/10\/samson-683x1024.png","type":"image\/png"}],"twitter_card":"summary_large_image","schema":{"@context":"https:\/\/schema.org","@graph":[{"@type":"WebPage","@id":"https:\/\/kalandoroktarsasaga.hu\/index.php\/event\/samson-altatodala\/","url":"https:\/\/kalandoroktarsasaga.hu\/index.php\/event\/samson-altatodala\/","name":"S\u00e1mson altat\u00f3dala - Kalandorok T\u00e1rsas\u00e1ga","isPartOf":{"@id":"https:\/\/kalandoroktarsasaga.hu\/#website"},"primaryImageOfPage":{"@id":"https:\/\/kalandoroktarsasaga.hu\/index.php\/event\/samson-altatodala\/#primaryimage"},"image":{"@id":"https:\/\/kalandoroktarsasaga.hu\/index.php\/event\/samson-altatodala\/#primaryimage"},"thumbnailUrl":"https:\/\/kalandoroktarsasaga.hu\/wp-content\/uploads\/2025\/10\/samson-200x300.png","datePublished":"2025-10-12T08:27:12+00:00","dateModified":"2025-10-31T17:48:17+00:00","breadcrumb":{"@id":"https:\/\/kalandoroktarsasaga.hu\/index.php\/event\/samson-altatodala\/#breadcrumb"},"inLanguage":"hu","potentialAction":[{"@type":"ReadAction","target":["https:\/\/kalandoroktarsasaga.hu\/index.php\/event\/samson-altatodala\/"]}]},{"@type":"ImageObject","inLanguage":"hu","@id":"https:\/\/kalandoroktarsasaga.hu\/index.php\/event\/samson-altatodala\/#primaryimage","url":"https:\/\/kalandoroktarsasaga.hu\/wp-content\/uploads\/2025\/10\/samson.png","contentUrl":"https:\/\/kalandoroktarsasaga.hu\/wp-content\/uploads\/2025\/10\/samson.png","width":1024,"height":1536},{"@type":"BreadcrumbList","@id":"https:\/\/kalandoroktarsasaga.hu\/index.php\/event\/samson-altatodala\/#breadcrumb","itemListElement":[{"@type":"ListItem","position":1,"name":"Kezd\u0151lap","item":"https:\/\/kalandoroktarsasaga.hu\/"},{"@type":"ListItem","position":2,"name":"Events","item":"https:\/\/kalandoroktarsasaga.hu\/index.php\/event\/"},{"@type":"ListItem","position":3,"name":"S\u00e1mson altat\u00f3dala"}]},{"@type":"WebSite","@id":"https:\/\/kalandoroktarsasaga.hu\/#website","url":"https:\/\/kalandoroktarsasaga.hu\/","name":"Kalandorok T\u00e1rsas\u00e1ga","description":"Szerepj\u00e1t\u00e9kos rendezv\u00e9nyeket szervez\u00fcnk - veletek, nektek","publisher":{"@id":"https:\/\/kalandoroktarsasaga.hu\/#organization"},"potentialAction":[{"@type":"SearchAction","target":{"@type":"EntryPoint","urlTemplate":"https:\/\/kalandoroktarsasaga.hu\/?s={search_term_string}"},"query-input":{"@type":"PropertyValueSpecification","valueRequired":true,"valueName":"search_term_string"}}],"inLanguage":"hu"},{"@type":"Organization","@id":"https:\/\/kalandoroktarsasaga.hu\/#organization","name":"Kalandorok T\u00e1rsas\u00e1ga","url":"https:\/\/kalandoroktarsasaga.hu\/","logo":{"@type":"ImageObject","inLanguage":"hu","@id":"https:\/\/kalandoroktarsasaga.hu\/#\/schema\/logo\/image\/","url":"https:\/\/kalandoroktarsasaga.hu\/wp-content\/uploads\/2023\/08\/cropped-Logo-1.png","contentUrl":"https:\/\/kalandoroktarsasaga.hu\/wp-content\/uploads\/2023\/08\/cropped-Logo-1.png","width":599,"height":832,"caption":"Kalandorok T\u00e1rsas\u00e1ga"},"image":{"@id":"https:\/\/kalandoroktarsasaga.hu\/#\/schema\/logo\/image\/"}}]}},"_links":{"self":[{"href":"https:\/\/kalandoroktarsasaga.hu\/index.php\/wp-json\/wp\/v2\/event\/1168","targetHints":{"allow":["GET"]}}],"collection":[{"href":"https:\/\/kalandoroktarsasaga.hu\/index.php\/wp-json\/wp\/v2\/event"}],"about":[{"href":"https:\/\/kalandoroktarsasaga.hu\/index.php\/wp-json\/wp\/v2\/types\/event"}],"author":[{"embeddable":true,"href":"https:\/\/kalandoroktarsasaga.hu\/index.php\/wp-json\/wp\/v2\/users\/1"}],"replies":[{"embeddable":true,"href":"https:\/\/kalandoroktarsasaga.hu\/index.php\/wp-json\/wp\/v2\/comments?post=1168"}],"version-history":[{"count":1,"href":"https:\/\/kalandoroktarsasaga.hu\/index.php\/wp-json\/wp\/v2\/event\/1168\/revisions"}],"predecessor-version":[{"id":1170,"href":"https:\/\/kalandoroktarsasaga.hu\/index.php\/wp-json\/wp\/v2\/event\/1168\/revisions\/1170"}],"wp:attachment":[{"href":"https:\/\/kalandoroktarsasaga.hu\/index.php\/wp-json\/wp\/v2\/media?parent=1168"}],"wp:term":[{"taxonomy":"category","embeddable":true,"href":"https:\/\/kalandoroktarsasaga.hu\/index.php\/wp-json\/wp\/v2\/categories?post=1168"},{"taxonomy":"post_tag","embeddable":true,"href":"https:\/\/kalandoroktarsasaga.hu\/index.php\/wp-json\/wp\/v2\/tags?post=1168"}],"curies":[{"name":"wp","href":"https:\/\/api.w.org\/{rel}","templated":true}]}}