{"id":739,"date":"2023-10-15T10:59:17","date_gmt":"2023-10-15T08:59:17","guid":{"rendered":"https:\/\/kalandoroktarsasaga.hu\/?post_type=event&#038;p=739"},"modified":"2023-10-20T19:57:26","modified_gmt":"2023-10-20T17:57:26","slug":"ujhold-kadesben","status":"publish","type":"event","link":"https:\/\/kalandoroktarsasaga.hu\/index.php\/event\/ujhold-kadesben\/","title":{"rendered":"\u00dajhold K\u00e1desben"},"content":{"rendered":"<p><strong>Mes\u00e9l\u0151<\/strong>: Premier<br \/><strong>Rendszer<\/strong>: \u00a0Kard \u00e9s M\u00e1gia 2e<\/p>\n<div class=\"wp-block-image\">\n<figure class=\"alignright size-full is-resized\"><img loading=\"lazy\" decoding=\"async\" class=\"wp-image-640\" src=\"https:\/\/kalandoroktarsasaga.hu\/wp-content\/uploads\/2023\/10\/Ujhold-Kadesben.png\" sizes=\"auto, (max-width: 405px) 100vw, 405px\" srcset=\"https:\/\/kalandoroktarsasaga.hu\/wp-content\/uploads\/2023\/10\/Ujhold-Kadesben.png 834w, https:\/\/kalandoroktarsasaga.hu\/wp-content\/uploads\/2023\/10\/Ujhold-Kadesben-300x257.png 300w, https:\/\/kalandoroktarsasaga.hu\/wp-content\/uploads\/2023\/10\/Ujhold-Kadesben-768x657.png 768w\" alt=\"\" width=\"405\" height=\"347\" \/><\/figure>\n<\/div>\n<p>Tudjuk a t\u00f6rt\u00e9nelemk\u00f6nyvekb\u0151l, hogy id\u0151sz\u00e1m\u00edt\u00e1sunk el\u0151tt 1274 m\u00e1jus\u00e1ban K\u00e1des falai alatt, az Oront\u00e9sz foly\u00f3 partj\u00e1n, a mai Sz\u00edri\u00e1ban csaptak \u00f6ssze II.Ramszesz f\u00e1ra\u00f3 \u00e9s II. Muvatalisz hettita kir\u00e1ly seregei. Ez volt a bronzkor egyik legnagyobb csat\u00e1ja, \u00e9s a legjobban dokument\u00e1lt is. T\u00f6bb fontos r\u00e9szletet azonban \u00edgy sem ismer\u00fcnk: mi volt a csata val\u00f3di oka \u00e9s t\u00e9tje? Mi\u00e9rt v\u00e9st\u00e9k a csata ut\u00e1ni b\u00e9keszerz\u0151d\u00e9st egy ez\u00fcstt\u00e1bl\u00e1ra, ami azt\u00e1n a t\u00f6rt\u00e9nelem sor\u00e1n elveszett? \u00c9s tal\u00e1n a legfontosabb: mi\u00e9rt t\u0171nt fel p\u00e1r nappal a csata el\u0151tt, \u00e9s mit keresett a v\u00e1rosban titokzatos idegen papok \u00e9s harcosok egy kis csoportja?<\/p>\n","protected":false},"excerpt":{"rendered":"<p>Mes\u00e9l\u0151: PremierRendszer: \u00a0Kard \u00e9s M\u00e1gia 2e Tudjuk a t\u00f6rt\u00e9nelemk\u00f6nyvekb\u0151l, hogy id\u0151sz\u00e1m\u00edt\u00e1sunk el\u0151tt 1274 m\u00e1jus\u00e1ban K\u00e1des falai alatt, az Oront\u00e9sz foly\u00f3 partj\u00e1n, a mai Sz\u00edri\u00e1ban csaptak \u00f6ssze II.Ramszesz f\u00e1ra\u00f3 \u00e9s II. Muvatalisz hettita kir\u00e1ly seregei. Ez volt a bronzkor egyik legnagyobb csat\u00e1ja, \u00e9s a legjobban dokument\u00e1lt is. T\u00f6bb fontos r\u00e9szletet azonban \u00edgy sem ismer\u00fcnk: mi volt&#8230;<\/p>\n","protected":false},"author":1,"featured_media":0,"comment_status":"open","ping_status":"closed","template":"","meta":{"_kadence_starter_templates_imported_post":false,"_kad_post_transparent":"default","_kad_post_title":"default","_kad_post_layout":"default","_kad_post_sidebar_id":"","_kad_post_content_style":"default","_kad_post_vertical_padding":"default","_kad_post_feature":"","_kad_post_feature_position":"","_kad_post_header":false,"_kad_post_footer":false,"footnotes":""},"categories":[11,10],"tags":[],"class_list":["post-739","event","type-event","status-publish","hentry","category-kata-xi","category-mesek"],"yoast_head":"<!-- This site is optimized with the Yoast SEO plugin v26.2 - https:\/\/yoast.com\/wordpress\/plugins\/seo\/ -->\n<title>\u00dajhold K\u00e1desben - Kalandorok T\u00e1rsas\u00e1ga<\/title>\n<meta name=\"robots\" content=\"index, follow, max-snippet:-1, max-image-preview:large, max-video-preview:-1\" \/>\n<link rel=\"canonical\" href=\"https:\/\/kalandoroktarsasaga.hu\/index.php\/event\/ujhold-kadesben\/\" \/>\n<meta property=\"og:locale\" content=\"hu_HU\" \/>\n<meta property=\"og:type\" content=\"article\" \/>\n<meta property=\"og:title\" content=\"\u00dajhold K\u00e1desben - Kalandorok T\u00e1rsas\u00e1ga\" \/>\n<meta property=\"og:description\" content=\"Mes\u00e9l\u0151: PremierRendszer: \u00a0Kard \u00e9s M\u00e1gia 2e Tudjuk a t\u00f6rt\u00e9nelemk\u00f6nyvekb\u0151l, hogy id\u0151sz\u00e1m\u00edt\u00e1sunk el\u0151tt 1274 m\u00e1jus\u00e1ban K\u00e1des falai alatt, az Oront\u00e9sz foly\u00f3 partj\u00e1n, a mai Sz\u00edri\u00e1ban csaptak \u00f6ssze II.Ramszesz f\u00e1ra\u00f3 \u00e9s II. Muvatalisz hettita kir\u00e1ly seregei. Ez volt a bronzkor egyik legnagyobb csat\u00e1ja, \u00e9s a legjobban dokument\u00e1lt is. T\u00f6bb fontos r\u00e9szletet azonban \u00edgy sem ismer\u00fcnk: mi volt...\" \/>\n<meta property=\"og:url\" content=\"https:\/\/kalandoroktarsasaga.hu\/index.php\/event\/ujhold-kadesben\/\" \/>\n<meta property=\"og:site_name\" content=\"Kalandorok T\u00e1rsas\u00e1ga\" \/>\n<meta property=\"article:modified_time\" content=\"2023-10-20T17:57:26+00:00\" \/>\n<meta property=\"og:image\" content=\"https:\/\/kalandoroktarsasaga.hu\/wp-content\/uploads\/2023\/10\/Ujhold-Kadesben.png\" \/>\n<meta name=\"twitter:card\" content=\"summary_large_image\" \/>\n<script type=\"application\/ld+json\" class=\"yoast-schema-graph\">{\"@context\":\"https:\/\/schema.org\",\"@graph\":[{\"@type\":\"WebPage\",\"@id\":\"https:\/\/kalandoroktarsasaga.hu\/index.php\/event\/ujhold-kadesben\/\",\"url\":\"https:\/\/kalandoroktarsasaga.hu\/index.php\/event\/ujhold-kadesben\/\",\"name\":\"\u00dajhold K\u00e1desben - Kalandorok T\u00e1rsas\u00e1ga\",\"isPartOf\":{\"@id\":\"https:\/\/kalandoroktarsasaga.hu\/#website\"},\"primaryImageOfPage\":{\"@id\":\"https:\/\/kalandoroktarsasaga.hu\/index.php\/event\/ujhold-kadesben\/#primaryimage\"},\"image\":{\"@id\":\"https:\/\/kalandoroktarsasaga.hu\/index.php\/event\/ujhold-kadesben\/#primaryimage\"},\"thumbnailUrl\":\"https:\/\/kalandoroktarsasaga.hu\/wp-content\/uploads\/2023\/10\/Ujhold-Kadesben.png\",\"datePublished\":\"2023-10-15T08:59:17+00:00\",\"dateModified\":\"2023-10-20T17:57:26+00:00\",\"breadcrumb\":{\"@id\":\"https:\/\/kalandoroktarsasaga.hu\/index.php\/event\/ujhold-kadesben\/#breadcrumb\"},\"inLanguage\":\"hu\",\"potentialAction\":[{\"@type\":\"ReadAction\",\"target\":[\"https:\/\/kalandoroktarsasaga.hu\/index.php\/event\/ujhold-kadesben\/\"]}]},{\"@type\":\"ImageObject\",\"inLanguage\":\"hu\",\"@id\":\"https:\/\/kalandoroktarsasaga.hu\/index.php\/event\/ujhold-kadesben\/#primaryimage\",\"url\":\"https:\/\/kalandoroktarsasaga.hu\/wp-content\/uploads\/2023\/10\/Ujhold-Kadesben.png\",\"contentUrl\":\"https:\/\/kalandoroktarsasaga.hu\/wp-content\/uploads\/2023\/10\/Ujhold-Kadesben.png\",\"width\":834,\"height\":714},{\"@type\":\"BreadcrumbList\",\"@id\":\"https:\/\/kalandoroktarsasaga.hu\/index.php\/event\/ujhold-kadesben\/#breadcrumb\",\"itemListElement\":[{\"@type\":\"ListItem\",\"position\":1,\"name\":\"Kezd\u0151lap\",\"item\":\"https:\/\/kalandoroktarsasaga.hu\/\"},{\"@type\":\"ListItem\",\"position\":2,\"name\":\"Events\",\"item\":\"https:\/\/kalandoroktarsasaga.hu\/index.php\/event\/\"},{\"@type\":\"ListItem\",\"position\":3,\"name\":\"\u00dajhold K\u00e1desben\"}]},{\"@type\":\"WebSite\",\"@id\":\"https:\/\/kalandoroktarsasaga.hu\/#website\",\"url\":\"https:\/\/kalandoroktarsasaga.hu\/\",\"name\":\"Kalandorok T\u00e1rsas\u00e1ga\",\"description\":\"Szerepj\u00e1t\u00e9kos rendezv\u00e9nyeket szervez\u00fcnk - veletek, nektek\",\"publisher\":{\"@id\":\"https:\/\/kalandoroktarsasaga.hu\/#organization\"},\"potentialAction\":[{\"@type\":\"SearchAction\",\"target\":{\"@type\":\"EntryPoint\",\"urlTemplate\":\"https:\/\/kalandoroktarsasaga.hu\/?s={search_term_string}\"},\"query-input\":{\"@type\":\"PropertyValueSpecification\",\"valueRequired\":true,\"valueName\":\"search_term_string\"}}],\"inLanguage\":\"hu\"},{\"@type\":\"Organization\",\"@id\":\"https:\/\/kalandoroktarsasaga.hu\/#organization\",\"name\":\"Kalandorok T\u00e1rsas\u00e1ga\",\"url\":\"https:\/\/kalandoroktarsasaga.hu\/\",\"logo\":{\"@type\":\"ImageObject\",\"inLanguage\":\"hu\",\"@id\":\"https:\/\/kalandoroktarsasaga.hu\/#\/schema\/logo\/image\/\",\"url\":\"https:\/\/kalandoroktarsasaga.hu\/wp-content\/uploads\/2023\/08\/cropped-Logo-1.png\",\"contentUrl\":\"https:\/\/kalandoroktarsasaga.hu\/wp-content\/uploads\/2023\/08\/cropped-Logo-1.png\",\"width\":599,\"height\":832,\"caption\":\"Kalandorok T\u00e1rsas\u00e1ga\"},\"image\":{\"@id\":\"https:\/\/kalandoroktarsasaga.hu\/#\/schema\/logo\/image\/\"}}]}<\/script>\n<!-- \/ Yoast SEO plugin. -->","yoast_head_json":{"title":"\u00dajhold K\u00e1desben - Kalandorok T\u00e1rsas\u00e1ga","robots":{"index":"index","follow":"follow","max-snippet":"max-snippet:-1","max-image-preview":"max-image-preview:large","max-video-preview":"max-video-preview:-1"},"canonical":"https:\/\/kalandoroktarsasaga.hu\/index.php\/event\/ujhold-kadesben\/","og_locale":"hu_HU","og_type":"article","og_title":"\u00dajhold K\u00e1desben - Kalandorok T\u00e1rsas\u00e1ga","og_description":"Mes\u00e9l\u0151: PremierRendszer: \u00a0Kard \u00e9s M\u00e1gia 2e Tudjuk a t\u00f6rt\u00e9nelemk\u00f6nyvekb\u0151l, hogy id\u0151sz\u00e1m\u00edt\u00e1sunk el\u0151tt 1274 m\u00e1jus\u00e1ban K\u00e1des falai alatt, az Oront\u00e9sz foly\u00f3 partj\u00e1n, a mai Sz\u00edri\u00e1ban csaptak \u00f6ssze II.Ramszesz f\u00e1ra\u00f3 \u00e9s II. Muvatalisz hettita kir\u00e1ly seregei. Ez volt a bronzkor egyik legnagyobb csat\u00e1ja, \u00e9s a legjobban dokument\u00e1lt is. T\u00f6bb fontos r\u00e9szletet azonban \u00edgy sem ismer\u00fcnk: mi volt...","og_url":"https:\/\/kalandoroktarsasaga.hu\/index.php\/event\/ujhold-kadesben\/","og_site_name":"Kalandorok T\u00e1rsas\u00e1ga","article_modified_time":"2023-10-20T17:57:26+00:00","og_image":[{"url":"https:\/\/kalandoroktarsasaga.hu\/wp-content\/uploads\/2023\/10\/Ujhold-Kadesben.png","type":"","width":"","height":""}],"twitter_card":"summary_large_image","schema":{"@context":"https:\/\/schema.org","@graph":[{"@type":"WebPage","@id":"https:\/\/kalandoroktarsasaga.hu\/index.php\/event\/ujhold-kadesben\/","url":"https:\/\/kalandoroktarsasaga.hu\/index.php\/event\/ujhold-kadesben\/","name":"\u00dajhold K\u00e1desben - Kalandorok T\u00e1rsas\u00e1ga","isPartOf":{"@id":"https:\/\/kalandoroktarsasaga.hu\/#website"},"primaryImageOfPage":{"@id":"https:\/\/kalandoroktarsasaga.hu\/index.php\/event\/ujhold-kadesben\/#primaryimage"},"image":{"@id":"https:\/\/kalandoroktarsasaga.hu\/index.php\/event\/ujhold-kadesben\/#primaryimage"},"thumbnailUrl":"https:\/\/kalandoroktarsasaga.hu\/wp-content\/uploads\/2023\/10\/Ujhold-Kadesben.png","datePublished":"2023-10-15T08:59:17+00:00","dateModified":"2023-10-20T17:57:26+00:00","breadcrumb":{"@id":"https:\/\/kalandoroktarsasaga.hu\/index.php\/event\/ujhold-kadesben\/#breadcrumb"},"inLanguage":"hu","potentialAction":[{"@type":"ReadAction","target":["https:\/\/kalandoroktarsasaga.hu\/index.php\/event\/ujhold-kadesben\/"]}]},{"@type":"ImageObject","inLanguage":"hu","@id":"https:\/\/kalandoroktarsasaga.hu\/index.php\/event\/ujhold-kadesben\/#primaryimage","url":"https:\/\/kalandoroktarsasaga.hu\/wp-content\/uploads\/2023\/10\/Ujhold-Kadesben.png","contentUrl":"https:\/\/kalandoroktarsasaga.hu\/wp-content\/uploads\/2023\/10\/Ujhold-Kadesben.png","width":834,"height":714},{"@type":"BreadcrumbList","@id":"https:\/\/kalandoroktarsasaga.hu\/index.php\/event\/ujhold-kadesben\/#breadcrumb","itemListElement":[{"@type":"ListItem","position":1,"name":"Kezd\u0151lap","item":"https:\/\/kalandoroktarsasaga.hu\/"},{"@type":"ListItem","position":2,"name":"Events","item":"https:\/\/kalandoroktarsasaga.hu\/index.php\/event\/"},{"@type":"ListItem","position":3,"name":"\u00dajhold K\u00e1desben"}]},{"@type":"WebSite","@id":"https:\/\/kalandoroktarsasaga.hu\/#website","url":"https:\/\/kalandoroktarsasaga.hu\/","name":"Kalandorok T\u00e1rsas\u00e1ga","description":"Szerepj\u00e1t\u00e9kos rendezv\u00e9nyeket szervez\u00fcnk - veletek, nektek","publisher":{"@id":"https:\/\/kalandoroktarsasaga.hu\/#organization"},"potentialAction":[{"@type":"SearchAction","target":{"@type":"EntryPoint","urlTemplate":"https:\/\/kalandoroktarsasaga.hu\/?s={search_term_string}"},"query-input":{"@type":"PropertyValueSpecification","valueRequired":true,"valueName":"search_term_string"}}],"inLanguage":"hu"},{"@type":"Organization","@id":"https:\/\/kalandoroktarsasaga.hu\/#organization","name":"Kalandorok T\u00e1rsas\u00e1ga","url":"https:\/\/kalandoroktarsasaga.hu\/","logo":{"@type":"ImageObject","inLanguage":"hu","@id":"https:\/\/kalandoroktarsasaga.hu\/#\/schema\/logo\/image\/","url":"https:\/\/kalandoroktarsasaga.hu\/wp-content\/uploads\/2023\/08\/cropped-Logo-1.png","contentUrl":"https:\/\/kalandoroktarsasaga.hu\/wp-content\/uploads\/2023\/08\/cropped-Logo-1.png","width":599,"height":832,"caption":"Kalandorok T\u00e1rsas\u00e1ga"},"image":{"@id":"https:\/\/kalandoroktarsasaga.hu\/#\/schema\/logo\/image\/"}}]}},"_links":{"self":[{"href":"https:\/\/kalandoroktarsasaga.hu\/index.php\/wp-json\/wp\/v2\/event\/739","targetHints":{"allow":["GET"]}}],"collection":[{"href":"https:\/\/kalandoroktarsasaga.hu\/index.php\/wp-json\/wp\/v2\/event"}],"about":[{"href":"https:\/\/kalandoroktarsasaga.hu\/index.php\/wp-json\/wp\/v2\/types\/event"}],"author":[{"embeddable":true,"href":"https:\/\/kalandoroktarsasaga.hu\/index.php\/wp-json\/wp\/v2\/users\/1"}],"replies":[{"embeddable":true,"href":"https:\/\/kalandoroktarsasaga.hu\/index.php\/wp-json\/wp\/v2\/comments?post=739"}],"version-history":[{"count":1,"href":"https:\/\/kalandoroktarsasaga.hu\/index.php\/wp-json\/wp\/v2\/event\/739\/revisions"}],"predecessor-version":[{"id":740,"href":"https:\/\/kalandoroktarsasaga.hu\/index.php\/wp-json\/wp\/v2\/event\/739\/revisions\/740"}],"wp:attachment":[{"href":"https:\/\/kalandoroktarsasaga.hu\/index.php\/wp-json\/wp\/v2\/media?parent=739"}],"wp:term":[{"taxonomy":"category","embeddable":true,"href":"https:\/\/kalandoroktarsasaga.hu\/index.php\/wp-json\/wp\/v2\/categories?post=739"},{"taxonomy":"post_tag","embeddable":true,"href":"https:\/\/kalandoroktarsasaga.hu\/index.php\/wp-json\/wp\/v2\/tags?post=739"}],"curies":[{"name":"wp","href":"https:\/\/api.w.org\/{rel}","templated":true}]}}