{"id":1091,"date":"2025-10-12T11:11:55","date_gmt":"2025-10-12T09:11:55","guid":{"rendered":"https:\/\/kalandoroktarsasaga.hu\/?page_id=1091"},"modified":"2025-10-31T21:14:26","modified_gmt":"2025-10-31T20:14:26","slug":"xiii-falak-kozott","status":"publish","type":"page","link":"https:\/\/kalandoroktarsasaga.hu\/index.php\/rendezvenyeink\/xiii-falak-kozott\/","title":{"rendered":"XIII. Falak k\u00f6z\u00f6tt"},"content":{"rendered":"\n<p>Kazamata, dungeon, v\u00e1rb\u00f6rt\u00f6n, labirintus, katakomba, pince, b\u00e1nya, alagutak\u2026 \u00e9s m\u00e9g sorolhatn\u00e1nk. A XIII. rendezv\u00e9ny\u00fcnk k\u00f6z\u00e9ppontj\u00e1ban ez\u00fattal a legh\u00edresebb kalandm\u0171faj, a kazamat\u00e1k \u00e1llnak. A rendk\u00edv\u00fcl gazdag jelent\u00e9startalm\u00fa m\u0171faj sz\u00e1mtalan k\u00fcl\u00f6nf\u00e9le kalandra ad lehet\u0151s\u00e9get, de hagyom\u00e1nyainkhoz h\u0171en most is szerepeltet\u00fcnk a t\u00e9m\u00e1t\u00f3l elt\u00e9r\u0151 gy\u00f6ngyszemeket is.&nbsp;<\/p>\n\n\n\n<p class=\"has-text-align-center has-medium-font-size\"><strong>A rendezv\u00e9ny r\u00e9szletei<\/strong><\/p>\n\n\n\n<p class=\"has-text-align-left\"><strong>Id\u0151pont<\/strong>: 2025. november 22.<\/p>\n\n\n\n<p><strong>Helysz\u00edn<\/strong>: 10 Minutes Bistro &amp; Cafe<\/p>\n\n\n\n<p><strong>C\u00edm:&nbsp;<\/strong>Fut\u00f3 utca 47-53, 1082 Budapest<\/p>\n\n\n\n<p align=\"center\"><iframe src=\"https:\/\/www.google.com\/maps\/embed?pb=!1m18!1m12!1m3!1d2696.2410256312914!2d19.071687676823654!3d47.485217796351115!2m3!1f0!2f0!3f0!3m2!1i1024!2i768!4f13.1!3m3!1m2!1s0x4741dcf7bcff194f%3A0xe8096a3f74a4ac13!2s10%20Minutes%20Bistro!5e0!3m2!1shu!2shu!4v1760194142125!5m2!1shu!2shu\" width=\"600\" height=\"450\" style=\"border:0;\" allowfullscreen=\"\" loading=\"lazy\" referrerpolicy=\"no-referrer-when-downgrade\"><\/iframe><\/p>\n\n\n<div class=\"wp-block-image\">\n<figure class=\"aligncenter size-large is-resized\"><img loading=\"lazy\" decoding=\"async\" width=\"1024\" height=\"551\" src=\"https:\/\/kalandoroktarsasaga.hu\/wp-content\/uploads\/2025\/10\/image-1024x551.png\" alt=\"\" class=\"wp-image-1094\" style=\"width:585px;height:auto\" srcset=\"https:\/\/kalandoroktarsasaga.hu\/wp-content\/uploads\/2025\/10\/image-1024x551.png 1024w, https:\/\/kalandoroktarsasaga.hu\/wp-content\/uploads\/2025\/10\/image-300x161.png 300w, https:\/\/kalandoroktarsasaga.hu\/wp-content\/uploads\/2025\/10\/image-768x413.png 768w, https:\/\/kalandoroktarsasaga.hu\/wp-content\/uploads\/2025\/10\/image.png 1110w\" sizes=\"auto, (max-width: 1024px) 100vw, 1024px\" \/><\/figure>\n<\/div>\n\n\n<p><strong>A rendezv\u00e9nyre a j\u00e1t\u00e9kosi jelentkez\u00e9s\u00a0<mark style=\"background-color:rgba(0, 0, 0, 0);color:#ff0000\" class=\"has-inline-color\">okt\u00f3ber 31-\u00e9n (p\u00e9nteken) 19:00<\/mark>-kor elindult!<\/strong><\/p>\n\n\n\n<p>A jelentkez\u00e9s menete a k\u00f6vetkez\u0151 (lesz):<\/p>\n\n\n\n<ul class=\"wp-block-list\">\n<li><strong>Nyisd meg a mes\u00e9t<\/strong>, amelyre jelentkezni akarsz. Miut\u00e1n elindult a regisztr\u00e1ci\u00f3 (l\u00e1sd a fenti id\u0151pontot!), a mese le\u00edr\u00e1sa alatt fogod tal\u00e1lni a <strong>jelentkez\u00e9si \u0171rlapot <\/strong>\u00e9s a m\u00e9g<strong> <\/strong>szabad helyek sz\u00e1m\u00e1t.<\/li>\n\n\n\n<li>Add meg az \u0171rlapon a <strong>neved<\/strong>, <strong>emailc\u00edmed<\/strong>, \u00e9s (ha akarod) a <strong>telefonsz\u00e1mod<\/strong>. Ut\u00f3bbit az\u00e9rt k\u00e9rj\u00fck, hogy vis maior eset\u00e9n el tudjunk \u00e9rni. A regisztr\u00e1ci\u00f3 befogad\u00e1s\u00e1r\u00f3l visszaigazol\u00f3 emailt fogsz kapni a fizet\u00e9si lehet\u0151s\u00e9gek (revolut, utal\u00e1s) r\u00e9szleteivel.<\/li>\n\n\n\n<li><strong>Gy\u0151z\u0151dj meg r\u00f3la, hogy az \u00e1ltalad kiv\u00e1lasztott mese alatt l\u00e1tszik a neved!<\/strong> Sajnos el\u0151fordulhat, ha k\u00e9t jelentkez\u00e9s k\u00f6zel egyszerre t\u00f6rt\u00e9nik, hogy a rendszer a be\u00e1ll\u00edtott l\u00e9tsz\u00e1mkorl\u00e1t ellen\u00e9re pozit\u00edv visszacsatol\u00e1st k\u00fcld emailben, ez\u00e9rt csak az a biztos, ha felker\u00fclt\u00e9l a list\u00e1ra. Ha nem, sajnos valaki megel\u0151z\u00f6tt, m\u00e1sik mes\u00e9t kell v\u00e1lasztanod.<\/li>\n\n\n\n<li>Fizesd be a <strong>r\u00e9szv\u00e9teli d\u00edjat<\/strong>. <\/li>\n<\/ul>\n\n\n\n<p><strong>FONTOS<\/strong>: ha k\u00e9t mes\u00e9re jelentkezel &#8211; egy d\u00e9lel\u0151ttire \u00e9s egy d\u00e9lut\u00e1nira -, mindkett\u0151r\u0151l automatikus visszaigazol\u00e1st fogsz kapni a fizet\u00e9si inform\u00e1ci\u00f3kkal, de <span style=\"text-decoration: underline;\">el\u00e9g egyszer fizetned<\/span>! Viszont am\u00edg nem egyenl\u00edted ki a r\u00e9szv\u00e9teli d\u00edjat, nem tekintj\u00fck v\u00e9glegesnek a jelentkez\u00e9sed, \u00e9s 2-3 nap m\u00falt\u00e1n t\u00f6r\u00f6lj\u00fck azt. A r\u00e9szv\u00e9teli d\u00edj befizet\u00e9s\u00e9vel v\u00e1llalod, hogy r\u00e9szv\u00e9teli sz\u00e1nd\u00e9kod komoly, \u00e9s mivel a helyet m\u00e1sok el\u0151l lefoglaltad, a rendezv\u00e9ny helysz\u00ednb\u00e9rlet\u00e9t pedig finansz\u00edrozni kell, visszafizet\u00e9si ig\u00e9nnyel akkor sem \u00e9lsz, ha valami miatt nem tudn\u00e1l megjelenni a rendezv\u00e9nyen (amely szerencs\u00e9tlen esetre, rem\u00e9lj\u00fck, nem ker\u00fcl majd sor :)).<\/p>\n\n\n\n<p><strong>R\u00e9szv\u00e9tel d\u00edj:<\/strong> 2500 Ft (m\u00e9gegyszer: \u00f6sszesen, nem mes\u00e9nk\u00e9nt, f\u00fcggetlen\u00fcl att\u00f3l, hogy egy vagy k\u00e9t mes\u00e9re regisztr\u00e1lsz). A r\u00e9szv\u00e9teli d\u00edjat term\u00e9szetesen tov\u00e1bbra is teljes eg\u00e9sz\u00e9ben a helysz\u00edn, tombola, \u00e9s a rendezv\u00e9ny egy\u00e9b k\u00f6lts\u00e9geinek finansz\u00edroz\u00e1s\u00e1ra \u00e9s jobb\u00e1 t\u00e9tel\u00e9re ford\u00edtjuk. <span style=\"text-decoration: underline;\">Mes\u00e9l\u0151k sz\u00e1m\u00e1ra a rendezv\u00e9nyen val\u00f3 r\u00e9szv\u00e9tel szok\u00e1s szerint ingyenes<\/span>!<\/p>\n\n\n\n<p><strong>Fogyaszt\u00e1s<\/strong>: l\u00e9nyeges inform\u00e1ci\u00f3, hogy a helysz\u00ednre <strong>\u00e9telt-italt behozni nem szabad<\/strong>. Az eb\u00e9det (ig\u00e9ny szerint) helyben lehet majd megrendelni, ennek a lebonyol\u00edt\u00e1s\u00e1ban a kor\u00e1bbiakhoz hasonl\u00f3an a szervez\u0151k seg\u00edtenek, igyekezv\u00e9n gondoskodni r\u00f3la, hogy mindenki id\u0151ben, friss meleg \u00e9telhez juthasson, \u00e9s a j\u00e1t\u00e9kokat a rendel\u00e9s-fizet\u00e9s-\u00e1tv\u00e9tel a lehet\u0151 legkisebb m\u00e9rt\u00e9kben zavarja. A helysz\u00edn rendelkezik k\u00e1v\u00e9z\u00f3val, ahol szendvicsek \u00e9s p\u00e9ks\u00fctem\u00e9nyek, k\u00e1v\u00e9, \u00fcd\u00edt\u0151k \u00e9s egy\u00e9b italok is rendelkez\u00e9sre \u00e1llnak majd. A szok\u00e1sos levezet\u0151 s\u00f6r\u00f6z\u00e9st is itt tartjuk majd.<\/p>\n\n\n\n<p><strong>Program<\/strong> (figyeljetek, mert v\u00e1ltozott a kor\u00e1bbiakhoz k\u00e9pest!)<\/p>\n\n\n\n<p>9:00-9:30&nbsp;<strong>Nyit\u00e1s \u00e9s gy\u00fclekez\u0151<br><\/strong>9:30-14:00&nbsp;<strong>D\u00e9lel\u0151tti mes\u00e9k<br><\/strong>14:00-15:00&nbsp;<strong>Sz\u00fcnet<br><\/strong>15:00-19:30&nbsp;<strong>D\u00e9lut\u00e1ni mes\u00e9k<br><\/strong>19:30-20:00&nbsp;<strong>Rendezv\u00e9nyz\u00e1r\u00f3, tombola<\/strong><br>20:00-&nbsp;<strong>k\u00f6tetlen besz\u00e9lget\u00e9s \u00e9s s\u00f6r\u00f6z\u00e9s (helyben)<\/strong><\/p>\n\n\n\n<p><strong>Eg\u00e9sznapos mes\u00e9k<\/strong><\/p>\n\n\n\n<figure class=\"wp-block-table\"><table><thead><tr><td><strong>Id\u0151pont<\/strong><\/td><td><strong>Mese<\/strong><\/td><\/tr><\/thead><tbody><tr><td>2025. 11. 22.<br>09:30 \u2013 19:30<\/td><td><a href=\"https:\/\/kalandoroktarsasaga.hu\/index.php\/event\/a-kilencedik-napon\/\">A Kilencedik Napon<\/a><br><strong>Mes\u00e9l\u0151:<\/strong>&nbsp;Nocturna&nbsp;<strong>Rendszer:<\/strong>&nbsp;Heimurinn (2024, fizikai kiad\u00e1s)<\/td><\/tr><tr><td>2025. 11. 22.<br>09:30 \u2013 19:30<\/td><td><a href=\"https:\/\/kalandoroktarsasaga.hu\/index.php\/event\/a-potyautas\/\">A potyautas<\/a><br><strong>Mes\u00e9l\u0151:<\/strong>&nbsp;Pusk\u00e1s Tibor\/Mazsin\u00f3&nbsp;<strong>Rendszer:<\/strong>&nbsp;K\u00f6nny\u0171D6<\/td><\/tr><\/tbody><\/table><\/figure>\n\n\n\n<p><strong>D\u00e9lel\u0151tti mes\u00e9k<\/strong><\/p>\n\n\n\n<figure class=\"wp-block-table\"><table><thead><tr><td><strong>Id\u0151pont<\/strong><\/td><td><strong>Mese<\/strong><\/td><\/tr><\/thead><tbody><tr><td>2025. 11. 22.<br>09:30 \u2013 14:00<\/td><td><a href=\"https:\/\/kalandoroktarsasaga.hu\/index.php\/event\/le-a-melybe-de-boldogan\/\">Le a m\u00e9lybe, de boldogan<\/a><br><strong>Mes\u00e9l\u0151:<\/strong>&nbsp;bad_angel&nbsp;<strong>Rendszer:<\/strong>&nbsp;Dungeon Crawl Classics RPG<\/td><\/tr><tr><td>2025. 11. 22.<br>09:30 \u2013 14:00<\/td><td><a href=\"https:\/\/kalandoroktarsasaga.hu\/index.php\/event\/samson-altatodala\/\">S\u00e1mson altat\u00f3dala<\/a><br><strong>Mes\u00e9l\u0151:<\/strong>&nbsp;B\u00e1lint P\u00e9ter\/Ronan&nbsp;<strong>Rendszer:<\/strong>&nbsp;Dungeons &amp; Dragons 5E (2014)<\/td><\/tr><tr><td>2025. 11. 22.<br>09:30 \u2013 14:00<\/td><td><a href=\"https:\/\/kalandoroktarsasaga.hu\/index.php\/event\/gazemberek-jussa\/\">Gazemberek jussa<\/a><br><strong>Mes\u00e9l\u0151:<\/strong>&nbsp;bombadiltoma&nbsp;<strong>Rendszer:<\/strong>&nbsp;Helv\u00e9czia: Kal\u00f3zok!<\/td><\/tr><tr><td>2025. 11. 22.<br>09:30 \u2013 14:00<\/td><td><a href=\"https:\/\/kalandoroktarsasaga.hu\/index.php\/event\/a-mocsari-boszorkany-sirja\/\">A mocs\u00e1ri boszork\u00e1ny s\u00edrja<\/a><br><strong>Mes\u00e9l\u0151:<\/strong>&nbsp;Creep <strong>Rendszer:<\/strong>&nbsp;M\u00f6rk Borg<\/td><\/tr><tr><td>2025. 11. 22.<br>09:30 \u2013 14:00<\/td><td><a href=\"https:\/\/kalandoroktarsasaga.hu\/index.php\/event\/az-elfek-tornya\/\">Az elfek tornya<\/a><br><strong>Mes\u00e9l\u0151:<\/strong>&nbsp;Enraig&nbsp;<strong>Rendszer:<\/strong>&nbsp;Dungeons &amp; Dragons 5E (2014)<\/td><\/tr><tr><td>2025. 11. 22.<br>09:30 \u2013 14:00<\/td><td><a href=\"https:\/\/kalandoroktarsasaga.hu\/index.php\/event\/az-orult-techmogul-villaja\/\">Az \u00f6r\u00fclt techmogul vill\u00e1ja<\/a><br><strong>Mes\u00e9l\u0151:<\/strong>&nbsp;F\u00e1bi\u00e1n Ferenc\/Fefe&nbsp;<strong>Rendszer:<\/strong>&nbsp;Mut\u00e1nsok \u00e9s Mened\u00e9kek<\/td><\/tr><tr><td>2025. 11. 22.<br>09:30 \u2013 14:00<\/td><td><a href=\"https:\/\/kalandoroktarsasaga.hu\/index.php\/event\/caerbannog-barlangja\/\">Caerbannog barlangja<\/a><br><strong>Mes\u00e9l\u0151:<\/strong>&nbsp;Glowface&nbsp;<strong>Rendszer:<\/strong>&nbsp;Monty Python-f\u00e9le Tan\u00f3r\u00e1n K\u00edv\u00fcli <br>K\u00f6z\u00e9pkorias Hagyom\u00e1ny\u0151rz\u0151 Programj\u00e1t\u00e9k<\/td><\/tr><tr><td>2025. 11. 22.<br>09:30 \u2013 14:00<\/td><td><a href=\"https:\/\/kalandoroktarsasaga.hu\/index.php\/event\/a-fekete-kor-nepe\/\">A fekete k\u00f6r n\u00e9pe<\/a><br><strong>Mes\u00e9l\u0151:<\/strong>&nbsp;Guly\u00e1s Attila\/Kibic&nbsp;<strong>Rendszer:<\/strong>&nbsp;Shadowdark<\/td><\/tr><tr><td>2025. 11. 22.<br>09:30 \u2013 14:00<\/td><td><a href=\"https:\/\/kalandoroktarsasaga.hu\/index.php\/event\/a-szellemek-eneke\/\">A szellemek \u00e9neke<\/a><br><strong>Mes\u00e9l\u0151:<\/strong>&nbsp;Heged\u0171s G\u00e1bor\/Hege&nbsp;<strong>Rendszer:<\/strong>&nbsp;Heimurinn<\/td><\/tr><tr><td>2025. 11. 22.<br>09:30 \u2013 14:00<\/td><td><a href=\"https:\/\/kalandoroktarsasaga.hu\/index.php\/event\/og-kiraly-falai\/\">Og kir\u00e1ly falai<\/a><br><strong>Mes\u00e9l\u0151:<\/strong>&nbsp;Morandini Krist\u00f3f&nbsp;<strong>Rendszer:<\/strong>&nbsp;Kazamat\u00e1k \u00e9s Komp\u00e1ni\u00e1k 2E<\/td><\/tr><tr><td>2025. 11. 22.<br>09:30 \u2013 14:00<\/td><td><a href=\"https:\/\/kalandoroktarsasaga.hu\/index.php\/event\/a-legutosebb-parlat\/\">A leg\u00fct\u0151sebb p\u00e1rlat<\/a><br><strong>Mes\u00e9l\u0151:<\/strong>&nbsp;Sim\u00f3 L\u00e1szl\u00f3\/Laczk\u00f3&nbsp;<strong>Rendszer:<\/strong>&nbsp;Dungeons &amp; Dragons 5E (2024)<\/td><\/tr><tr><td>2025. 11. 22.<br>09:30 \u2013 14:00<\/td><td><a href=\"https:\/\/kalandoroktarsasaga.hu\/index.php\/event\/kiszallokartya\/\">Kisz\u00e1ll\u00f3k\u00e1rtya<\/a><br><strong>Mes\u00e9l\u0151:<\/strong>&nbsp;Szab\u00f3 Zsolt\/Talbot&nbsp;<strong>Rendszer:<\/strong>&nbsp;White Star &#8211; Galaxy Edition<\/td><\/tr><tr><td>2025. 11. 22.<br>09:30 \u2013 14:00<\/td><td><a href=\"https:\/\/kalandoroktarsasaga.hu\/index.php\/event\/ediomad-a-fold-haragos-gyomraban\/\">Ediom\u00e1d &#8211; A f\u00f6ld haragos gyomr\u00e1ban<\/a><br><strong>Mes\u00e9l\u0151:<\/strong>&nbsp;Urban&nbsp;<strong>Rendszer:<\/strong>&nbsp;Trophy Gold<\/td><\/tr><\/tbody><\/table><\/figure>\n\n\n\n<p><strong>D\u00e9lut\u00e1ni mes\u00e9k<\/strong><\/p>\n\n\n\n<figure class=\"wp-block-table\"><table><thead><tr><td><strong>Id\u0151pont<\/strong><\/td><td><strong>Mese<\/strong><\/td><\/tr><\/thead><tbody><tr><td>2025. 11. 22.<br>15:00 \u2013 19:30<\/td><td><a href=\"https:\/\/kalandoroktarsasaga.hu\/index.php\/event\/az-ergaszterion-homalyaban\/\">Az Ergaszteri\u00f3n hom\u00e1ly\u00e1ban<\/a><br><strong>Mes\u00e9l\u0151:<\/strong>&nbsp;B. Bence&nbsp;<strong>Rendszer:<\/strong>&nbsp;Original Dungeons &amp; Dragons<\/td><\/tr><tr><td>2025. 11. 22.<br>15:00 \u2013 19:30<\/td><td><a href=\"https:\/\/kalandoroktarsasaga.hu\/index.php\/event\/a-smaragd-labirintus\/\">A Smaragd Labirintus<\/a><br><strong>Mes\u00e9l\u0151:<\/strong>&nbsp;Boldog-Bern\u00e1d Istv\u00e1n\/Narmor&nbsp;<strong>Rendszer:<\/strong> Kazamat\u00e1k \u00e9s Komp\u00e1ni\u00e1k &#8222;\u00dajabb Kalandoz\u00e1sok&#8221;<\/td><\/tr><tr><td>2025. 11. 22.<br>15:00 \u2013 19:30<\/td><td><a href=\"https:\/\/kalandoroktarsasaga.hu\/index.php\/event\/a-kek-mauzoleum\/\">A K\u00e9k Mauz\u00f3leum<\/a><br><strong>Mes\u00e9l\u0151:<\/strong>&nbsp;elGabor&nbsp;<strong>Rendszer:<\/strong>&nbsp;Kard \u00e9s M\u00e1gia 2E<\/td><\/tr><tr><td>2025. 11. 22.<br>15:00 \u2013 19:30<\/td><td><a href=\"https:\/\/kalandoroktarsasaga.hu\/index.php\/event\/a-kopasz-nyomaban\/\">A Kopasz nyom\u00e1ban<\/a><br><strong>Mes\u00e9l\u0151:<\/strong>&nbsp;Freelancer&nbsp;<strong>Rendszer:<\/strong>&nbsp;Kard \u00e9s M\u00e1gia 2E<\/td><\/tr><tr><td>2025. 11. 22.<br>15:00 \u2013 19:30<\/td><td><a href=\"https:\/\/kalandoroktarsasaga.hu\/index.php\/event\/rozsa-es-harang\/\">R\u00f3zsa \u00e9s harang<\/a><br><strong>Mes\u00e9l\u0151:<\/strong>&nbsp;G\u00e1l Gerg\u0151&nbsp;<strong>Rendszer:<\/strong>&nbsp;Helv\u00e9czia<\/td><\/tr><tr><td>2025. 11. 22.<br>15:00 \u2013 19:30<\/td><td><a href=\"https:\/\/kalandoroktarsasaga.hu\/index.php\/event\/vidugavia-kincse\/\">Vidugavia Kincse<\/a><br><strong>Mes\u00e9l\u0151:<\/strong>&nbsp;Garaboncias <strong>Rendszer:<\/strong>&nbsp;Kard \u00e9s M\u00e1sodteremt\u00e9s<\/td><\/tr><tr><td>2025. 11. 22.<br>15:00 \u2013 19:30<\/td><td><a href=\"https:\/\/kalandoroktarsasaga.hu\/index.php\/event\/kilfar-romjai\/\">Kilf\u00e4r romjai<\/a><br><strong>Mes\u00e9l\u0151:<\/strong>&nbsp;Hajdu Tibor\/Kalevias <strong>Rendszer:<\/strong>&nbsp;Kincseskamra<\/td><\/tr><tr><td>2025. 11. 22.<br>15:00 \u2013 19:30<\/td><td><a href=\"https:\/\/kalandoroktarsasaga.hu\/index.php\/event\/quasqueton-a-fiverek-elveszett-termei\/\">Quasqueton &#8211; a fiv\u00e9rek elveszett termei<\/a><br><strong>Mes\u00e9l\u0151:<\/strong>&nbsp;Hangyi <strong>Rendszer:<\/strong>&nbsp;Blueholme (Dungeons &amp; Dragons Holmes Basic)<\/td><\/tr><tr><td>2025. 11. 22.<br>15:00 \u2013 19:30<\/td><td><a href=\"https:\/\/kalandoroktarsasaga.hu\/index.php\/event\/visszateres-cernunnoswaldba\/\">Visszat\u00e9r\u00e9s Cernunnoswaldba<\/a><br><strong>Mes\u00e9l\u0151:<\/strong>&nbsp;Kevev\u00e1ri Istv\u00e1n\/Keve <strong>Rendszer:<\/strong>&nbsp;Helv\u00e9czia 2E<\/td><\/tr><tr><td>2025. 11. 22.<br>15:00 \u2013 19:30<\/td><td><a href=\"https:\/\/kalandoroktarsasaga.hu\/index.php\/event\/kockazatok-es-mellekhatasok\/\">Kock\u00e1zatok \u00e9s mell\u00e9khat\u00e1sok<\/a><br><strong>Mes\u00e9l\u0151:<\/strong>&nbsp;Lenienn <strong>Rendszer:<\/strong>&nbsp;Iron Sworn<\/td><\/tr><tr><td>2025. 11. 22.<br>15:00 \u2013 19:30<\/td><td><a href=\"https:\/\/kalandoroktarsasaga.hu\/index.php\/event\/pottom-mesek\/\">P\u00f6tt\u00f6m mes\u00e9k<\/a><br><strong>Mes\u00e9l\u0151:<\/strong>&nbsp;N\u00e9meth Art\u00far\/Arturus <strong>Rendszer:<\/strong>&nbsp;Mausritter<\/td><\/tr><tr><td>2025. 11. 22.<br>15:00 \u2013 19:30<\/td><td><a href=\"https:\/\/kalandoroktarsasaga.hu\/index.php\/event\/a-kesek-es-hurkok-haza\/\">A K\u00e9sek \u00e9s Hurkok H\u00e1za<\/a><br><strong>Mes\u00e9l\u0151:<\/strong>&nbsp;Premier <strong>Rendszer:<\/strong>&nbsp;Original Dungeons &amp; Dragons Jason Vey Age of Conan kieg\u00e9sz\u00edt\u0151j\u00e9vel<\/td><\/tr><tr><td>2025. 11. 22.<br>15:00 \u2013 19:30<\/td><td><a href=\"https:\/\/kalandoroktarsasaga.hu\/index.php\/event\/a-mumiakiraly-piramisa\/\">A M\u00famiakir\u00e1ly piramisa<\/a><br><strong>Mes\u00e9l\u0151:<\/strong>&nbsp;Veszelszki-Dunai B\u00e1lint\/Xinaf <strong>Rendszer:<\/strong>&nbsp;Kard \u00e9s M\u00e1gia 2E<\/td><\/tr><\/tbody><\/table><\/figure>\n","protected":false},"excerpt":{"rendered":"<p>Kazamata, dungeon, v\u00e1rb\u00f6rt\u00f6n, labirintus, katakomba, pince, b\u00e1nya, alagutak\u2026 \u00e9s m\u00e9g sorolhatn\u00e1nk. A XIII. rendezv\u00e9ny\u00fcnk k\u00f6z\u00e9ppontj\u00e1ban ez\u00fattal a legh\u00edresebb kalandm\u0171faj, a kazamat\u00e1k \u00e1llnak. A rendk\u00edv\u00fcl gazdag jelent\u00e9startalm\u00fa m\u0171faj sz\u00e1mtalan k\u00fcl\u00f6nf\u00e9le kalandra ad lehet\u0151s\u00e9get, de hagyom\u00e1nyainkhoz h\u0171en most is szerepeltet\u00fcnk a t\u00e9m\u00e1t\u00f3l elt\u00e9r\u0151 gy\u00f6ngyszemeket is.&nbsp; A rendezv\u00e9ny r\u00e9szletei Id\u0151pont: 2025. november 22. Helysz\u00edn: 10 Minutes Bistro &amp;&#8230;<\/p>\n","protected":false},"author":1,"featured_media":1070,"parent":506,"menu_order":0,"comment_status":"closed","ping_status":"closed","template":"","meta":{"_kadence_starter_templates_imported_post":false,"_kad_post_transparent":"","_kad_post_title":"","_kad_post_layout":"","_kad_post_sidebar_id":"","_kad_post_content_style":"","_kad_post_vertical_padding":"","_kad_post_feature":"","_kad_post_feature_position":"","_kad_post_header":false,"_kad_post_footer":false,"footnotes":""},"class_list":["post-1091","page","type-page","status-publish","has-post-thumbnail","hentry"],"yoast_head":"<!-- This site is optimized with the Yoast SEO plugin v26.2 - https:\/\/yoast.com\/wordpress\/plugins\/seo\/ -->\n<title>XIII. Falak k\u00f6z\u00f6tt - Kalandorok T\u00e1rsas\u00e1ga<\/title>\n<meta name=\"robots\" content=\"index, follow, max-snippet:-1, max-image-preview:large, max-video-preview:-1\" \/>\n<link rel=\"canonical\" href=\"https:\/\/kalandoroktarsasaga.hu\/index.php\/rendezvenyeink\/xiii-falak-kozott\/\" \/>\n<meta property=\"og:locale\" content=\"hu_HU\" \/>\n<meta property=\"og:type\" content=\"article\" \/>\n<meta property=\"og:title\" content=\"XIII. Falak k\u00f6z\u00f6tt - Kalandorok T\u00e1rsas\u00e1ga\" \/>\n<meta property=\"og:description\" content=\"Kazamata, dungeon, v\u00e1rb\u00f6rt\u00f6n, labirintus, katakomba, pince, b\u00e1nya, alagutak\u2026 \u00e9s m\u00e9g sorolhatn\u00e1nk. A XIII. rendezv\u00e9ny\u00fcnk k\u00f6z\u00e9ppontj\u00e1ban ez\u00fattal a legh\u00edresebb kalandm\u0171faj, a kazamat\u00e1k \u00e1llnak. A rendk\u00edv\u00fcl gazdag jelent\u00e9startalm\u00fa m\u0171faj sz\u00e1mtalan k\u00fcl\u00f6nf\u00e9le kalandra ad lehet\u0151s\u00e9get, de hagyom\u00e1nyainkhoz h\u0171en most is szerepeltet\u00fcnk a t\u00e9m\u00e1t\u00f3l elt\u00e9r\u0151 gy\u00f6ngyszemeket is.&nbsp; A rendezv\u00e9ny r\u00e9szletei Id\u0151pont: 2025. november 22. Helysz\u00edn: 10 Minutes Bistro &amp;...\" \/>\n<meta property=\"og:url\" content=\"https:\/\/kalandoroktarsasaga.hu\/index.php\/rendezvenyeink\/xiii-falak-kozott\/\" \/>\n<meta property=\"og:site_name\" content=\"Kalandorok T\u00e1rsas\u00e1ga\" \/>\n<meta property=\"article:modified_time\" content=\"2025-10-31T20:14:26+00:00\" \/>\n<meta property=\"og:image\" content=\"https:\/\/kalandoroktarsasaga.hu\/wp-content\/uploads\/2025\/09\/image.png\" \/>\n\t<meta property=\"og:image:width\" content=\"1024\" \/>\n\t<meta property=\"og:image:height\" content=\"1024\" \/>\n\t<meta property=\"og:image:type\" content=\"image\/png\" \/>\n<meta name=\"twitter:card\" content=\"summary_large_image\" \/>\n<meta name=\"twitter:label1\" content=\"Becs\u00fclt olvas\u00e1si id\u0151\" \/>\n\t<meta name=\"twitter:data1\" content=\"6 perc\" \/>\n<script type=\"application\/ld+json\" class=\"yoast-schema-graph\">{\"@context\":\"https:\/\/schema.org\",\"@graph\":[{\"@type\":\"WebPage\",\"@id\":\"https:\/\/kalandoroktarsasaga.hu\/index.php\/rendezvenyeink\/xiii-falak-kozott\/\",\"url\":\"https:\/\/kalandoroktarsasaga.hu\/index.php\/rendezvenyeink\/xiii-falak-kozott\/\",\"name\":\"XIII. Falak k\u00f6z\u00f6tt - Kalandorok T\u00e1rsas\u00e1ga\",\"isPartOf\":{\"@id\":\"https:\/\/kalandoroktarsasaga.hu\/#website\"},\"primaryImageOfPage\":{\"@id\":\"https:\/\/kalandoroktarsasaga.hu\/index.php\/rendezvenyeink\/xiii-falak-kozott\/#primaryimage\"},\"image\":{\"@id\":\"https:\/\/kalandoroktarsasaga.hu\/index.php\/rendezvenyeink\/xiii-falak-kozott\/#primaryimage\"},\"thumbnailUrl\":\"https:\/\/kalandoroktarsasaga.hu\/wp-content\/uploads\/2025\/09\/image.png\",\"datePublished\":\"2025-10-12T09:11:55+00:00\",\"dateModified\":\"2025-10-31T20:14:26+00:00\",\"breadcrumb\":{\"@id\":\"https:\/\/kalandoroktarsasaga.hu\/index.php\/rendezvenyeink\/xiii-falak-kozott\/#breadcrumb\"},\"inLanguage\":\"hu\",\"potentialAction\":[{\"@type\":\"ReadAction\",\"target\":[\"https:\/\/kalandoroktarsasaga.hu\/index.php\/rendezvenyeink\/xiii-falak-kozott\/\"]}]},{\"@type\":\"ImageObject\",\"inLanguage\":\"hu\",\"@id\":\"https:\/\/kalandoroktarsasaga.hu\/index.php\/rendezvenyeink\/xiii-falak-kozott\/#primaryimage\",\"url\":\"https:\/\/kalandoroktarsasaga.hu\/wp-content\/uploads\/2025\/09\/image.png\",\"contentUrl\":\"https:\/\/kalandoroktarsasaga.hu\/wp-content\/uploads\/2025\/09\/image.png\",\"width\":1024,\"height\":1024},{\"@type\":\"BreadcrumbList\",\"@id\":\"https:\/\/kalandoroktarsasaga.hu\/index.php\/rendezvenyeink\/xiii-falak-kozott\/#breadcrumb\",\"itemListElement\":[{\"@type\":\"ListItem\",\"position\":1,\"name\":\"Kezd\u0151lap\",\"item\":\"https:\/\/kalandoroktarsasaga.hu\/\"},{\"@type\":\"ListItem\",\"position\":2,\"name\":\"Rendezv\u00e9nyeink\",\"item\":\"https:\/\/kalandoroktarsasaga.hu\/index.php\/rendezvenyeink\/\"},{\"@type\":\"ListItem\",\"position\":3,\"name\":\"XIII. Falak k\u00f6z\u00f6tt\"}]},{\"@type\":\"WebSite\",\"@id\":\"https:\/\/kalandoroktarsasaga.hu\/#website\",\"url\":\"https:\/\/kalandoroktarsasaga.hu\/\",\"name\":\"Kalandorok T\u00e1rsas\u00e1ga\",\"description\":\"Szerepj\u00e1t\u00e9kos rendezv\u00e9nyeket szervez\u00fcnk - veletek, nektek\",\"publisher\":{\"@id\":\"https:\/\/kalandoroktarsasaga.hu\/#organization\"},\"potentialAction\":[{\"@type\":\"SearchAction\",\"target\":{\"@type\":\"EntryPoint\",\"urlTemplate\":\"https:\/\/kalandoroktarsasaga.hu\/?s={search_term_string}\"},\"query-input\":{\"@type\":\"PropertyValueSpecification\",\"valueRequired\":true,\"valueName\":\"search_term_string\"}}],\"inLanguage\":\"hu\"},{\"@type\":\"Organization\",\"@id\":\"https:\/\/kalandoroktarsasaga.hu\/#organization\",\"name\":\"Kalandorok T\u00e1rsas\u00e1ga\",\"url\":\"https:\/\/kalandoroktarsasaga.hu\/\",\"logo\":{\"@type\":\"ImageObject\",\"inLanguage\":\"hu\",\"@id\":\"https:\/\/kalandoroktarsasaga.hu\/#\/schema\/logo\/image\/\",\"url\":\"https:\/\/kalandoroktarsasaga.hu\/wp-content\/uploads\/2023\/08\/cropped-Logo-1.png\",\"contentUrl\":\"https:\/\/kalandoroktarsasaga.hu\/wp-content\/uploads\/2023\/08\/cropped-Logo-1.png\",\"width\":599,\"height\":832,\"caption\":\"Kalandorok T\u00e1rsas\u00e1ga\"},\"image\":{\"@id\":\"https:\/\/kalandoroktarsasaga.hu\/#\/schema\/logo\/image\/\"}}]}<\/script>\n<!-- \/ Yoast SEO plugin. -->","yoast_head_json":{"title":"XIII. Falak k\u00f6z\u00f6tt - Kalandorok T\u00e1rsas\u00e1ga","robots":{"index":"index","follow":"follow","max-snippet":"max-snippet:-1","max-image-preview":"max-image-preview:large","max-video-preview":"max-video-preview:-1"},"canonical":"https:\/\/kalandoroktarsasaga.hu\/index.php\/rendezvenyeink\/xiii-falak-kozott\/","og_locale":"hu_HU","og_type":"article","og_title":"XIII. Falak k\u00f6z\u00f6tt - Kalandorok T\u00e1rsas\u00e1ga","og_description":"Kazamata, dungeon, v\u00e1rb\u00f6rt\u00f6n, labirintus, katakomba, pince, b\u00e1nya, alagutak\u2026 \u00e9s m\u00e9g sorolhatn\u00e1nk. A XIII. rendezv\u00e9ny\u00fcnk k\u00f6z\u00e9ppontj\u00e1ban ez\u00fattal a legh\u00edresebb kalandm\u0171faj, a kazamat\u00e1k \u00e1llnak. A rendk\u00edv\u00fcl gazdag jelent\u00e9startalm\u00fa m\u0171faj sz\u00e1mtalan k\u00fcl\u00f6nf\u00e9le kalandra ad lehet\u0151s\u00e9get, de hagyom\u00e1nyainkhoz h\u0171en most is szerepeltet\u00fcnk a t\u00e9m\u00e1t\u00f3l elt\u00e9r\u0151 gy\u00f6ngyszemeket is.&nbsp; A rendezv\u00e9ny r\u00e9szletei Id\u0151pont: 2025. november 22. Helysz\u00edn: 10 Minutes Bistro &amp;...","og_url":"https:\/\/kalandoroktarsasaga.hu\/index.php\/rendezvenyeink\/xiii-falak-kozott\/","og_site_name":"Kalandorok T\u00e1rsas\u00e1ga","article_modified_time":"2025-10-31T20:14:26+00:00","og_image":[{"url":"https:\/\/kalandoroktarsasaga.hu\/wp-content\/uploads\/2025\/09\/image.png","width":1024,"height":1024,"type":"image\/png"}],"twitter_card":"summary_large_image","twitter_misc":{"Becs\u00fclt olvas\u00e1si id\u0151":"6 perc"},"schema":{"@context":"https:\/\/schema.org","@graph":[{"@type":"WebPage","@id":"https:\/\/kalandoroktarsasaga.hu\/index.php\/rendezvenyeink\/xiii-falak-kozott\/","url":"https:\/\/kalandoroktarsasaga.hu\/index.php\/rendezvenyeink\/xiii-falak-kozott\/","name":"XIII. Falak k\u00f6z\u00f6tt - Kalandorok T\u00e1rsas\u00e1ga","isPartOf":{"@id":"https:\/\/kalandoroktarsasaga.hu\/#website"},"primaryImageOfPage":{"@id":"https:\/\/kalandoroktarsasaga.hu\/index.php\/rendezvenyeink\/xiii-falak-kozott\/#primaryimage"},"image":{"@id":"https:\/\/kalandoroktarsasaga.hu\/index.php\/rendezvenyeink\/xiii-falak-kozott\/#primaryimage"},"thumbnailUrl":"https:\/\/kalandoroktarsasaga.hu\/wp-content\/uploads\/2025\/09\/image.png","datePublished":"2025-10-12T09:11:55+00:00","dateModified":"2025-10-31T20:14:26+00:00","breadcrumb":{"@id":"https:\/\/kalandoroktarsasaga.hu\/index.php\/rendezvenyeink\/xiii-falak-kozott\/#breadcrumb"},"inLanguage":"hu","potentialAction":[{"@type":"ReadAction","target":["https:\/\/kalandoroktarsasaga.hu\/index.php\/rendezvenyeink\/xiii-falak-kozott\/"]}]},{"@type":"ImageObject","inLanguage":"hu","@id":"https:\/\/kalandoroktarsasaga.hu\/index.php\/rendezvenyeink\/xiii-falak-kozott\/#primaryimage","url":"https:\/\/kalandoroktarsasaga.hu\/wp-content\/uploads\/2025\/09\/image.png","contentUrl":"https:\/\/kalandoroktarsasaga.hu\/wp-content\/uploads\/2025\/09\/image.png","width":1024,"height":1024},{"@type":"BreadcrumbList","@id":"https:\/\/kalandoroktarsasaga.hu\/index.php\/rendezvenyeink\/xiii-falak-kozott\/#breadcrumb","itemListElement":[{"@type":"ListItem","position":1,"name":"Kezd\u0151lap","item":"https:\/\/kalandoroktarsasaga.hu\/"},{"@type":"ListItem","position":2,"name":"Rendezv\u00e9nyeink","item":"https:\/\/kalandoroktarsasaga.hu\/index.php\/rendezvenyeink\/"},{"@type":"ListItem","position":3,"name":"XIII. Falak k\u00f6z\u00f6tt"}]},{"@type":"WebSite","@id":"https:\/\/kalandoroktarsasaga.hu\/#website","url":"https:\/\/kalandoroktarsasaga.hu\/","name":"Kalandorok T\u00e1rsas\u00e1ga","description":"Szerepj\u00e1t\u00e9kos rendezv\u00e9nyeket szervez\u00fcnk - veletek, nektek","publisher":{"@id":"https:\/\/kalandoroktarsasaga.hu\/#organization"},"potentialAction":[{"@type":"SearchAction","target":{"@type":"EntryPoint","urlTemplate":"https:\/\/kalandoroktarsasaga.hu\/?s={search_term_string}"},"query-input":{"@type":"PropertyValueSpecification","valueRequired":true,"valueName":"search_term_string"}}],"inLanguage":"hu"},{"@type":"Organization","@id":"https:\/\/kalandoroktarsasaga.hu\/#organization","name":"Kalandorok T\u00e1rsas\u00e1ga","url":"https:\/\/kalandoroktarsasaga.hu\/","logo":{"@type":"ImageObject","inLanguage":"hu","@id":"https:\/\/kalandoroktarsasaga.hu\/#\/schema\/logo\/image\/","url":"https:\/\/kalandoroktarsasaga.hu\/wp-content\/uploads\/2023\/08\/cropped-Logo-1.png","contentUrl":"https:\/\/kalandoroktarsasaga.hu\/wp-content\/uploads\/2023\/08\/cropped-Logo-1.png","width":599,"height":832,"caption":"Kalandorok T\u00e1rsas\u00e1ga"},"image":{"@id":"https:\/\/kalandoroktarsasaga.hu\/#\/schema\/logo\/image\/"}}]}},"_links":{"self":[{"href":"https:\/\/kalandoroktarsasaga.hu\/index.php\/wp-json\/wp\/v2\/pages\/1091","targetHints":{"allow":["GET"]}}],"collection":[{"href":"https:\/\/kalandoroktarsasaga.hu\/index.php\/wp-json\/wp\/v2\/pages"}],"about":[{"href":"https:\/\/kalandoroktarsasaga.hu\/index.php\/wp-json\/wp\/v2\/types\/page"}],"author":[{"embeddable":true,"href":"https:\/\/kalandoroktarsasaga.hu\/index.php\/wp-json\/wp\/v2\/users\/1"}],"replies":[{"embeddable":true,"href":"https:\/\/kalandoroktarsasaga.hu\/index.php\/wp-json\/wp\/v2\/comments?post=1091"}],"version-history":[{"count":19,"href":"https:\/\/kalandoroktarsasaga.hu\/index.php\/wp-json\/wp\/v2\/pages\/1091\/revisions"}],"predecessor-version":[{"id":1265,"href":"https:\/\/kalandoroktarsasaga.hu\/index.php\/wp-json\/wp\/v2\/pages\/1091\/revisions\/1265"}],"up":[{"embeddable":true,"href":"https:\/\/kalandoroktarsasaga.hu\/index.php\/wp-json\/wp\/v2\/pages\/506"}],"wp:featuredmedia":[{"embeddable":true,"href":"https:\/\/kalandoroktarsasaga.hu\/index.php\/wp-json\/wp\/v2\/media\/1070"}],"wp:attachment":[{"href":"https:\/\/kalandoroktarsasaga.hu\/index.php\/wp-json\/wp\/v2\/media?parent=1091"}],"curies":[{"name":"wp","href":"https:\/\/api.w.org\/{rel}","templated":true}]}}