{"id":52,"date":"2023-09-22T15:07:01","date_gmt":"2023-09-22T13:07:01","guid":{"rendered":"https:\/\/kalandoroktarsasaga.hu\/?page_id=52"},"modified":"2023-09-22T18:42:57","modified_gmt":"2023-09-22T16:42:57","slug":"ii-felelem-es-reszketes-budapesten","status":"publish","type":"page","link":"https:\/\/kalandoroktarsasaga.hu\/index.php\/rendezvenyeink\/ii-felelem-es-reszketes-budapesten\/","title":{"rendered":"II. F\u00e9lelem \u00e9s Reszket\u00e9s Budapesten"},"content":{"rendered":"\n<p>F\u00e9lelem \u00e9s Reszket\u00e9s Budapesten c\u00edmmel rendezz\u00fck meg a Kalandorok T\u00e1rsas\u00e1ga m\u00e1sodik tal\u00e1lkoz\u00f3j\u00e1t. A c\u00edmnek megfelel\u0151en a horror, \u00e9s a s\u00f6t\u00e9t hangulat\u00fa kalandok \u00e9s j\u00e1t\u00e9krendszerek jellemzik majd ezt a novemberi \u00e9jszak\u00e1t. J\u00f3 h\u00edr a D&amp;D Next ir\u00e1nt \u00e9rdekl\u0151d\u0151k sz\u00e1m\u00e1ra, hogy hangs\u00falyosan szerepel majd ez a rendszer is a kalandok v\u00e1laszt\u00e9k\u00e1ban.<\/p>\n\n\n\n<p><strong>Id\u0151pont<\/strong>: 2014.11.22<\/p>\n\n\n\n<p><strong>Helysz\u00edn<\/strong>: \u00f6r\u00f6mmel jelentj\u00fck, hogy a mostani Kalandorok T\u00e1rsas\u00e1ga rendezv\u00e9ny egy k\u00e9nyelmes, t\u00f6bb teremb\u0151l \u00e1ll\u00f3 ifj\u00fas\u00e1gi centrumban ker\u00fcl megrendez\u00e9sre, melynek b\u00e9rl\u00e9s\u00e9ben seg\u00edts\u00e9get kaptunk az <strong><a href=\"https:\/\/larp.ostromjatek.hu\/jatekleirasok\/\" target=\"_blank\" rel=\"noreferrer noopener\">Ostromj\u00e1t\u00e9k Hagyom\u00e1ny\u0151rz\u0151 Egyes\u00fclet<\/a><\/strong>t\u0151l. A helysz\u00ednen k\u00e9nyelmesen elf\u00e9r\u00fcnk, k\u00e9t h\u00e1rom csapatra jut egy terem. N\u00e9zz\u00e9tek meg a fot\u00f3kat:<\/p>\n\n\n\n<figure class=\"wp-block-gallery has-nested-images columns-default is-cropped wp-block-gallery-1 is-layout-flex wp-block-gallery-is-layout-flex\">\n<figure class=\"wp-block-image size-large\"><img loading=\"lazy\" decoding=\"async\" width=\"1024\" height=\"575\" data-id=\"53\" src=\"https:\/\/kalandoroktarsasaga.hu\/wp-content\/uploads\/2023\/08\/sam_0045.jpg\" alt=\"\" class=\"wp-image-53\" srcset=\"https:\/\/kalandoroktarsasaga.hu\/wp-content\/uploads\/2023\/08\/sam_0045.jpg 1024w, https:\/\/kalandoroktarsasaga.hu\/wp-content\/uploads\/2023\/08\/sam_0045-300x168.jpg 300w, https:\/\/kalandoroktarsasaga.hu\/wp-content\/uploads\/2023\/08\/sam_0045-768x431.jpg 768w\" sizes=\"auto, (max-width: 1024px) 100vw, 1024px\" \/><\/figure>\n\n\n\n<figure class=\"wp-block-image size-large\"><img loading=\"lazy\" decoding=\"async\" width=\"1024\" height=\"575\" data-id=\"55\" src=\"https:\/\/kalandoroktarsasaga.hu\/wp-content\/uploads\/2023\/08\/sam_0043.jpg\" alt=\"\" class=\"wp-image-55\" srcset=\"https:\/\/kalandoroktarsasaga.hu\/wp-content\/uploads\/2023\/08\/sam_0043.jpg 1024w, https:\/\/kalandoroktarsasaga.hu\/wp-content\/uploads\/2023\/08\/sam_0043-300x168.jpg 300w, https:\/\/kalandoroktarsasaga.hu\/wp-content\/uploads\/2023\/08\/sam_0043-768x431.jpg 768w\" sizes=\"auto, (max-width: 1024px) 100vw, 1024px\" \/><\/figure>\n\n\n\n<figure class=\"wp-block-image size-large\"><img loading=\"lazy\" decoding=\"async\" width=\"1024\" height=\"575\" data-id=\"58\" src=\"https:\/\/kalandoroktarsasaga.hu\/wp-content\/uploads\/2023\/08\/sam_0036.jpg\" alt=\"\" class=\"wp-image-58\" srcset=\"https:\/\/kalandoroktarsasaga.hu\/wp-content\/uploads\/2023\/08\/sam_0036.jpg 1024w, https:\/\/kalandoroktarsasaga.hu\/wp-content\/uploads\/2023\/08\/sam_0036-300x168.jpg 300w, https:\/\/kalandoroktarsasaga.hu\/wp-content\/uploads\/2023\/08\/sam_0036-768x431.jpg 768w\" sizes=\"auto, (max-width: 1024px) 100vw, 1024px\" \/><\/figure>\n\n\n\n<figure class=\"wp-block-image size-large\"><img loading=\"lazy\" decoding=\"async\" width=\"1024\" height=\"575\" data-id=\"56\" src=\"https:\/\/kalandoroktarsasaga.hu\/wp-content\/uploads\/2023\/08\/sam_0034.jpg\" alt=\"\" class=\"wp-image-56\" srcset=\"https:\/\/kalandoroktarsasaga.hu\/wp-content\/uploads\/2023\/08\/sam_0034.jpg 1024w, https:\/\/kalandoroktarsasaga.hu\/wp-content\/uploads\/2023\/08\/sam_0034-300x168.jpg 300w, https:\/\/kalandoroktarsasaga.hu\/wp-content\/uploads\/2023\/08\/sam_0034-768x431.jpg 768w\" sizes=\"auto, (max-width: 1024px) 100vw, 1024px\" \/><\/figure>\n\n\n\n<figure class=\"wp-block-image size-large\"><img loading=\"lazy\" decoding=\"async\" width=\"1024\" height=\"575\" data-id=\"57\" src=\"https:\/\/kalandoroktarsasaga.hu\/wp-content\/uploads\/2023\/08\/sam_0032.jpg\" alt=\"\" class=\"wp-image-57\" srcset=\"https:\/\/kalandoroktarsasaga.hu\/wp-content\/uploads\/2023\/08\/sam_0032.jpg 1024w, https:\/\/kalandoroktarsasaga.hu\/wp-content\/uploads\/2023\/08\/sam_0032-300x168.jpg 300w, https:\/\/kalandoroktarsasaga.hu\/wp-content\/uploads\/2023\/08\/sam_0032-768x431.jpg 768w\" sizes=\"auto, (max-width: 1024px) 100vw, 1024px\" \/><\/figure>\n\n\n\n<figure class=\"wp-block-image size-large\"><img loading=\"lazy\" decoding=\"async\" width=\"1024\" height=\"575\" data-id=\"54\" src=\"https:\/\/kalandoroktarsasaga.hu\/wp-content\/uploads\/2023\/08\/sam_0030.jpg\" alt=\"\" class=\"wp-image-54\" srcset=\"https:\/\/kalandoroktarsasaga.hu\/wp-content\/uploads\/2023\/08\/sam_0030.jpg 1024w, https:\/\/kalandoroktarsasaga.hu\/wp-content\/uploads\/2023\/08\/sam_0030-300x168.jpg 300w, https:\/\/kalandoroktarsasaga.hu\/wp-content\/uploads\/2023\/08\/sam_0030-768x431.jpg 768w\" sizes=\"auto, (max-width: 1024px) 100vw, 1024px\" \/><\/figure>\n<\/figure>\n\n\n\n<p>A helysz\u00edn a <strong>Zugl\u00f3i Ifj\u00fas\u00e1gi Centrum<\/strong>:<br>1145 Budapest, Uzsoki utca 57. Tet\u0151t\u00e9r (bej\u00e1rat a Kassai t\u00e9r fel\u0151l)<\/p>\n\n\n\n<p align=\"center\"><iframe src=\"https:\/\/www.google.com\/maps\/embed?pb=!1m14!1m8!1m3!1d10777.32063363106!2d19.0972447!3d47.5224349!3m2!1i1024!2i768!4f13.1!3m3!1m2!1s0x4741db9d587a07cd%3A0x360bf4dc9ae28bdb!2zWnVnbMOzaSBJZmrDunPDoWdpIENlbnRydW0!5e0!3m2!1shu!2shu!4v1691315503480!5m2!1shu!2shu\" width=\"600\" height=\"450\" style=\"border:0;\" allowfullscreen=\"\" loading=\"lazy\" referrerpolicy=\"no-referrer-when-downgrade\"><\/iframe><\/p>\n\n\n\n<p><strong>R\u00e9szv\u00e9teli d\u00edj<\/strong>: Az eg\u00e9sz napos bel\u00e9p\u0151 \u00e1ra 1500 Ft\/f\u0151, ami mag\u00e1ban foglalja a rendezv\u00e9ny v\u00e9g\u00e9n l\u00e9v\u0151 tombol\u00e1t az <strong><a href=\"https:\/\/lfg.hu\/\" target=\"_blank\" rel=\"noreferrer noopener\">lfg.hu<\/a><\/strong> \u00e1ltal felaj\u00e1nlott nyerem\u00e9nyekkel. Az els\u0151 rendezv\u00e9ny\u00fcnk telt h\u00e1zasra sikeredett, \u00edgy most b\u0151v\u00edtett\u00fck a reperto\u00e1runkat. Imm\u00e1r 14 f\u00e9l napos kaland, \u00e9s k\u00e9t eg\u00e9sz napos mese v\u00e1rja az \u00e9rdekl\u0151d\u0151ket. Teh\u00e1t vagy k\u00e9t r\u00f6vid kaland, vagy egy hossz\u00fa k\u00f6z\u00fcl lehet v\u00e1lasztani.<\/p>\n\n\n\n<p><strong>\u00c9tkez\u00e9s:<\/strong> A helysz\u00ednre \u00e9tel \u00e9s ital szabadon behozhat\u00f3, de eb\u00e9dsz\u00fcnetben el\u00e9rhet\u0151 t\u00e1vols\u00e1gra van v\u00e1s\u00e1rl\u00e1si \u00e9s \u00e9tkez\u00e9si lehet\u0151s\u00e9g.<\/p>\n\n\n\n<p><strong>Program:<\/strong><br>8:00-8:45 Nyit\u00e1s \u00e9s gy\u00fclekez\u0151<br>9:00-13:30 D\u00e9lel\u0151tti mes\u00e9k<br>13:30-14:30 Eb\u00e9dsz\u00fcnet<br>14:30-19:00 D\u00e9lut\u00e1ni mes\u00e9k<br>19:30-20:00 Rendezv\u00e9nyz\u00e1r\u00f3, tombola<\/p>\n\n\n\n<hr class=\"wp-block-separator has-alpha-channel-opacity\"\/>\n\n\n\n<p><strong>Kalandok<\/strong><br>Mes\u00e9l\u0151: <em>Mese c\u00edme<\/em> &#8211; Rendszer [\u00d6ssz\/foglalt hely]<\/p>\n\n\n\n<p>Eg\u00e9sz napos kalandok (9:00-19:30):<br>\u2022 Rayko: <em>Vad\u00e1szid\u00e9ny Osloban<\/em> \u2013 Vampire [5\/5]<br>\u2022 Nocturna: <em>The Travesty<\/em> \u2013 Call of Cthulhu [4\/4]<\/p>\n\n\n\n<p>D\u00e9lel\u0151tti kalandok (9:00-13:30):<br>\u2022 elGabor: <em>Gudmudshof <\/em>\u2013 Helv\u00e9czia [5\/5]<br>\u2022 Neopadre: <em>Minden Szelek Ura<\/em> \u2013 Palladium [5\/4]<br>\u2022 Ravenheart: <em>Karnev\u00e1l a pokol torn\u00e1c\u00e1n<\/em> \u2013 Dungeon Crawl Classics [5\/5]<br>\u2022 Dor: <em>A Hal\u00e1l Kemping<\/em> \u2013 Fiasco [4\/4]<br>\u2022 Chomy: <em>A herceg harmadik menyasszonya<\/em> \u2013 D&amp;D 5 [5\/3]<br>\u2022 Madovick: <em>Lesz\u00e1mol\u00e1s Rag\u00e1lyv\u00e1rosban<\/em> \u2013 Dark Heresy 2nd ed. [5\/4]<br>\u2022 Doc: <em>Utols\u00f3 es\u00e9ly<\/em> \u2013 D&amp;D 5 [5\/5]<br>\u2022 Godpower: <em>Idegen csillagok alatt<\/em> \u2013 Ravenloft [5\/5]<\/p>\n\n\n\n<p>D\u00e9lut\u00e1ni kalandok (14:30-19:00):<br>\u2022 Moonwish: <em>V\u00e9rcseppek a sik\u00e1torban<\/em> \u2013 Vampire [4\/3]<br>\u2022 Premier: <em>R\u00e9m\u00e1lom a Kazinczy utc\u00e1ban<\/em> \u2013 Ghostbusters [5\/5]<br>\u2022 Chomy: <em>A barb\u00e1r kir\u00e1lyok v\u00e9gzete<\/em> \u2013 D&amp;D 5 [5\/4]<br>\u2022 Glowface: <em>A kir\u00e1lykisasszony bajnokai<\/em> \u2013 D&amp;D 5 [5\/5]<br>\u2022 Alister: <em>V\u00e9rv\u00f6r\u00f6s hold, \u00e9jfekete vizek<\/em> \u2013 Kard \u00e9s M\u00e1gia [5\/3]<br>\u2022 Narmor: <em>Raksan-Tsurr<\/em> \u2013 Kazamat\u00e1k \u00e9s Komp\u00e1ni\u00e1k [5\/4]<br>\u2022 Zagor: <em>A V\u00f6r\u00f6s Hal\u00e1l<\/em> \u2013 Kult [5\/5]<br>\u2022 elGabor: <em>Apollonia gr\u00f3fn\u0151 sz\u00e9p\u00edt\u0151 k\u00far\u00e1ja<\/em> \u2013 Helv\u00e9czia [5\/4]<\/p>\n","protected":false},"excerpt":{"rendered":"<p>F\u00e9lelem \u00e9s Reszket\u00e9s Budapesten c\u00edmmel rendezz\u00fck meg a Kalandorok T\u00e1rsas\u00e1ga m\u00e1sodik tal\u00e1lkoz\u00f3j\u00e1t. A c\u00edmnek megfelel\u0151en a horror, \u00e9s a s\u00f6t\u00e9t hangulat\u00fa kalandok \u00e9s j\u00e1t\u00e9krendszerek jellemzik majd ezt a novemberi \u00e9jszak\u00e1t. J\u00f3 h\u00edr a D&amp;D Next ir\u00e1nt \u00e9rdekl\u0151d\u0151k sz\u00e1m\u00e1ra, hogy hangs\u00falyosan szerepel majd ez a rendszer is a kalandok v\u00e1laszt\u00e9k\u00e1ban. Id\u0151pont: 2014.11.22 Helysz\u00edn: \u00f6r\u00f6mmel jelentj\u00fck, hogy&#8230;<\/p>\n","protected":false},"author":1,"featured_media":0,"parent":506,"menu_order":2,"comment_status":"closed","ping_status":"closed","template":"","meta":{"_kadence_starter_templates_imported_post":false,"_kad_post_transparent":"","_kad_post_title":"","_kad_post_layout":"","_kad_post_sidebar_id":"","_kad_post_content_style":"","_kad_post_vertical_padding":"","_kad_post_feature":"","_kad_post_feature_position":"","_kad_post_header":false,"_kad_post_footer":false,"footnotes":""},"class_list":["post-52","page","type-page","status-publish","hentry"],"yoast_head":"<!-- This site is optimized with the Yoast SEO plugin v26.2 - https:\/\/yoast.com\/wordpress\/plugins\/seo\/ -->\n<title>II. F\u00e9lelem \u00e9s Reszket\u00e9s Budapesten - Kalandorok T\u00e1rsas\u00e1ga<\/title>\n<meta name=\"robots\" content=\"index, follow, max-snippet:-1, max-image-preview:large, max-video-preview:-1\" \/>\n<link rel=\"canonical\" href=\"https:\/\/kalandoroktarsasaga.hu\/index.php\/rendezvenyeink\/ii-felelem-es-reszketes-budapesten\/\" \/>\n<meta property=\"og:locale\" content=\"hu_HU\" \/>\n<meta property=\"og:type\" content=\"article\" \/>\n<meta property=\"og:title\" content=\"II. F\u00e9lelem \u00e9s Reszket\u00e9s Budapesten - Kalandorok T\u00e1rsas\u00e1ga\" \/>\n<meta property=\"og:description\" content=\"F\u00e9lelem \u00e9s Reszket\u00e9s Budapesten c\u00edmmel rendezz\u00fck meg a Kalandorok T\u00e1rsas\u00e1ga m\u00e1sodik tal\u00e1lkoz\u00f3j\u00e1t. A c\u00edmnek megfelel\u0151en a horror, \u00e9s a s\u00f6t\u00e9t hangulat\u00fa kalandok \u00e9s j\u00e1t\u00e9krendszerek jellemzik majd ezt a novemberi \u00e9jszak\u00e1t. J\u00f3 h\u00edr a D&amp;D Next ir\u00e1nt \u00e9rdekl\u0151d\u0151k sz\u00e1m\u00e1ra, hogy hangs\u00falyosan szerepel majd ez a rendszer is a kalandok v\u00e1laszt\u00e9k\u00e1ban. Id\u0151pont: 2014.11.22 Helysz\u00edn: \u00f6r\u00f6mmel jelentj\u00fck, hogy...\" \/>\n<meta property=\"og:url\" content=\"https:\/\/kalandoroktarsasaga.hu\/index.php\/rendezvenyeink\/ii-felelem-es-reszketes-budapesten\/\" \/>\n<meta property=\"og:site_name\" content=\"Kalandorok T\u00e1rsas\u00e1ga\" \/>\n<meta property=\"article:modified_time\" content=\"2023-09-22T16:42:57+00:00\" \/>\n<meta property=\"og:image\" content=\"https:\/\/kalandoroktarsasaga.hu\/wp-content\/uploads\/2023\/08\/sam_0045.jpg\" \/>\n<meta name=\"twitter:card\" content=\"summary_large_image\" \/>\n<meta name=\"twitter:label1\" content=\"Becs\u00fclt olvas\u00e1si id\u0151\" \/>\n\t<meta name=\"twitter:data1\" content=\"4 perc\" \/>\n<script type=\"application\/ld+json\" class=\"yoast-schema-graph\">{\"@context\":\"https:\/\/schema.org\",\"@graph\":[{\"@type\":\"WebPage\",\"@id\":\"https:\/\/kalandoroktarsasaga.hu\/index.php\/rendezvenyeink\/ii-felelem-es-reszketes-budapesten\/\",\"url\":\"https:\/\/kalandoroktarsasaga.hu\/index.php\/rendezvenyeink\/ii-felelem-es-reszketes-budapesten\/\",\"name\":\"II. F\u00e9lelem \u00e9s Reszket\u00e9s Budapesten - Kalandorok T\u00e1rsas\u00e1ga\",\"isPartOf\":{\"@id\":\"https:\/\/kalandoroktarsasaga.hu\/#website\"},\"primaryImageOfPage\":{\"@id\":\"https:\/\/kalandoroktarsasaga.hu\/index.php\/rendezvenyeink\/ii-felelem-es-reszketes-budapesten\/#primaryimage\"},\"image\":{\"@id\":\"https:\/\/kalandoroktarsasaga.hu\/index.php\/rendezvenyeink\/ii-felelem-es-reszketes-budapesten\/#primaryimage\"},\"thumbnailUrl\":\"https:\/\/kalandoroktarsasaga.hu\/wp-content\/uploads\/2023\/08\/sam_0045.jpg\",\"datePublished\":\"2023-09-22T13:07:01+00:00\",\"dateModified\":\"2023-09-22T16:42:57+00:00\",\"breadcrumb\":{\"@id\":\"https:\/\/kalandoroktarsasaga.hu\/index.php\/rendezvenyeink\/ii-felelem-es-reszketes-budapesten\/#breadcrumb\"},\"inLanguage\":\"hu\",\"potentialAction\":[{\"@type\":\"ReadAction\",\"target\":[\"https:\/\/kalandoroktarsasaga.hu\/index.php\/rendezvenyeink\/ii-felelem-es-reszketes-budapesten\/\"]}]},{\"@type\":\"ImageObject\",\"inLanguage\":\"hu\",\"@id\":\"https:\/\/kalandoroktarsasaga.hu\/index.php\/rendezvenyeink\/ii-felelem-es-reszketes-budapesten\/#primaryimage\",\"url\":\"https:\/\/kalandoroktarsasaga.hu\/wp-content\/uploads\/2023\/08\/sam_0045.jpg\",\"contentUrl\":\"https:\/\/kalandoroktarsasaga.hu\/wp-content\/uploads\/2023\/08\/sam_0045.jpg\",\"width\":1024,\"height\":575},{\"@type\":\"BreadcrumbList\",\"@id\":\"https:\/\/kalandoroktarsasaga.hu\/index.php\/rendezvenyeink\/ii-felelem-es-reszketes-budapesten\/#breadcrumb\",\"itemListElement\":[{\"@type\":\"ListItem\",\"position\":1,\"name\":\"Kezd\u0151lap\",\"item\":\"https:\/\/kalandoroktarsasaga.hu\/\"},{\"@type\":\"ListItem\",\"position\":2,\"name\":\"Rendezv\u00e9nyeink\",\"item\":\"https:\/\/kalandoroktarsasaga.hu\/index.php\/rendezvenyeink\/\"},{\"@type\":\"ListItem\",\"position\":3,\"name\":\"II. F\u00e9lelem \u00e9s Reszket\u00e9s Budapesten\"}]},{\"@type\":\"WebSite\",\"@id\":\"https:\/\/kalandoroktarsasaga.hu\/#website\",\"url\":\"https:\/\/kalandoroktarsasaga.hu\/\",\"name\":\"Kalandorok T\u00e1rsas\u00e1ga\",\"description\":\"Szerepj\u00e1t\u00e9kos rendezv\u00e9nyeket szervez\u00fcnk - veletek, nektek\",\"publisher\":{\"@id\":\"https:\/\/kalandoroktarsasaga.hu\/#organization\"},\"potentialAction\":[{\"@type\":\"SearchAction\",\"target\":{\"@type\":\"EntryPoint\",\"urlTemplate\":\"https:\/\/kalandoroktarsasaga.hu\/?s={search_term_string}\"},\"query-input\":{\"@type\":\"PropertyValueSpecification\",\"valueRequired\":true,\"valueName\":\"search_term_string\"}}],\"inLanguage\":\"hu\"},{\"@type\":\"Organization\",\"@id\":\"https:\/\/kalandoroktarsasaga.hu\/#organization\",\"name\":\"Kalandorok T\u00e1rsas\u00e1ga\",\"url\":\"https:\/\/kalandoroktarsasaga.hu\/\",\"logo\":{\"@type\":\"ImageObject\",\"inLanguage\":\"hu\",\"@id\":\"https:\/\/kalandoroktarsasaga.hu\/#\/schema\/logo\/image\/\",\"url\":\"https:\/\/kalandoroktarsasaga.hu\/wp-content\/uploads\/2023\/08\/cropped-Logo-1.png\",\"contentUrl\":\"https:\/\/kalandoroktarsasaga.hu\/wp-content\/uploads\/2023\/08\/cropped-Logo-1.png\",\"width\":599,\"height\":832,\"caption\":\"Kalandorok T\u00e1rsas\u00e1ga\"},\"image\":{\"@id\":\"https:\/\/kalandoroktarsasaga.hu\/#\/schema\/logo\/image\/\"}}]}<\/script>\n<!-- \/ Yoast SEO plugin. -->","yoast_head_json":{"title":"II. F\u00e9lelem \u00e9s Reszket\u00e9s Budapesten - Kalandorok T\u00e1rsas\u00e1ga","robots":{"index":"index","follow":"follow","max-snippet":"max-snippet:-1","max-image-preview":"max-image-preview:large","max-video-preview":"max-video-preview:-1"},"canonical":"https:\/\/kalandoroktarsasaga.hu\/index.php\/rendezvenyeink\/ii-felelem-es-reszketes-budapesten\/","og_locale":"hu_HU","og_type":"article","og_title":"II. F\u00e9lelem \u00e9s Reszket\u00e9s Budapesten - Kalandorok T\u00e1rsas\u00e1ga","og_description":"F\u00e9lelem \u00e9s Reszket\u00e9s Budapesten c\u00edmmel rendezz\u00fck meg a Kalandorok T\u00e1rsas\u00e1ga m\u00e1sodik tal\u00e1lkoz\u00f3j\u00e1t. A c\u00edmnek megfelel\u0151en a horror, \u00e9s a s\u00f6t\u00e9t hangulat\u00fa kalandok \u00e9s j\u00e1t\u00e9krendszerek jellemzik majd ezt a novemberi \u00e9jszak\u00e1t. J\u00f3 h\u00edr a D&amp;D Next ir\u00e1nt \u00e9rdekl\u0151d\u0151k sz\u00e1m\u00e1ra, hogy hangs\u00falyosan szerepel majd ez a rendszer is a kalandok v\u00e1laszt\u00e9k\u00e1ban. Id\u0151pont: 2014.11.22 Helysz\u00edn: \u00f6r\u00f6mmel jelentj\u00fck, hogy...","og_url":"https:\/\/kalandoroktarsasaga.hu\/index.php\/rendezvenyeink\/ii-felelem-es-reszketes-budapesten\/","og_site_name":"Kalandorok T\u00e1rsas\u00e1ga","article_modified_time":"2023-09-22T16:42:57+00:00","og_image":[{"url":"https:\/\/kalandoroktarsasaga.hu\/wp-content\/uploads\/2023\/08\/sam_0045.jpg","type":"","width":"","height":""}],"twitter_card":"summary_large_image","twitter_misc":{"Becs\u00fclt olvas\u00e1si id\u0151":"4 perc"},"schema":{"@context":"https:\/\/schema.org","@graph":[{"@type":"WebPage","@id":"https:\/\/kalandoroktarsasaga.hu\/index.php\/rendezvenyeink\/ii-felelem-es-reszketes-budapesten\/","url":"https:\/\/kalandoroktarsasaga.hu\/index.php\/rendezvenyeink\/ii-felelem-es-reszketes-budapesten\/","name":"II. F\u00e9lelem \u00e9s Reszket\u00e9s Budapesten - Kalandorok T\u00e1rsas\u00e1ga","isPartOf":{"@id":"https:\/\/kalandoroktarsasaga.hu\/#website"},"primaryImageOfPage":{"@id":"https:\/\/kalandoroktarsasaga.hu\/index.php\/rendezvenyeink\/ii-felelem-es-reszketes-budapesten\/#primaryimage"},"image":{"@id":"https:\/\/kalandoroktarsasaga.hu\/index.php\/rendezvenyeink\/ii-felelem-es-reszketes-budapesten\/#primaryimage"},"thumbnailUrl":"https:\/\/kalandoroktarsasaga.hu\/wp-content\/uploads\/2023\/08\/sam_0045.jpg","datePublished":"2023-09-22T13:07:01+00:00","dateModified":"2023-09-22T16:42:57+00:00","breadcrumb":{"@id":"https:\/\/kalandoroktarsasaga.hu\/index.php\/rendezvenyeink\/ii-felelem-es-reszketes-budapesten\/#breadcrumb"},"inLanguage":"hu","potentialAction":[{"@type":"ReadAction","target":["https:\/\/kalandoroktarsasaga.hu\/index.php\/rendezvenyeink\/ii-felelem-es-reszketes-budapesten\/"]}]},{"@type":"ImageObject","inLanguage":"hu","@id":"https:\/\/kalandoroktarsasaga.hu\/index.php\/rendezvenyeink\/ii-felelem-es-reszketes-budapesten\/#primaryimage","url":"https:\/\/kalandoroktarsasaga.hu\/wp-content\/uploads\/2023\/08\/sam_0045.jpg","contentUrl":"https:\/\/kalandoroktarsasaga.hu\/wp-content\/uploads\/2023\/08\/sam_0045.jpg","width":1024,"height":575},{"@type":"BreadcrumbList","@id":"https:\/\/kalandoroktarsasaga.hu\/index.php\/rendezvenyeink\/ii-felelem-es-reszketes-budapesten\/#breadcrumb","itemListElement":[{"@type":"ListItem","position":1,"name":"Kezd\u0151lap","item":"https:\/\/kalandoroktarsasaga.hu\/"},{"@type":"ListItem","position":2,"name":"Rendezv\u00e9nyeink","item":"https:\/\/kalandoroktarsasaga.hu\/index.php\/rendezvenyeink\/"},{"@type":"ListItem","position":3,"name":"II. F\u00e9lelem \u00e9s Reszket\u00e9s Budapesten"}]},{"@type":"WebSite","@id":"https:\/\/kalandoroktarsasaga.hu\/#website","url":"https:\/\/kalandoroktarsasaga.hu\/","name":"Kalandorok T\u00e1rsas\u00e1ga","description":"Szerepj\u00e1t\u00e9kos rendezv\u00e9nyeket szervez\u00fcnk - veletek, nektek","publisher":{"@id":"https:\/\/kalandoroktarsasaga.hu\/#organization"},"potentialAction":[{"@type":"SearchAction","target":{"@type":"EntryPoint","urlTemplate":"https:\/\/kalandoroktarsasaga.hu\/?s={search_term_string}"},"query-input":{"@type":"PropertyValueSpecification","valueRequired":true,"valueName":"search_term_string"}}],"inLanguage":"hu"},{"@type":"Organization","@id":"https:\/\/kalandoroktarsasaga.hu\/#organization","name":"Kalandorok T\u00e1rsas\u00e1ga","url":"https:\/\/kalandoroktarsasaga.hu\/","logo":{"@type":"ImageObject","inLanguage":"hu","@id":"https:\/\/kalandoroktarsasaga.hu\/#\/schema\/logo\/image\/","url":"https:\/\/kalandoroktarsasaga.hu\/wp-content\/uploads\/2023\/08\/cropped-Logo-1.png","contentUrl":"https:\/\/kalandoroktarsasaga.hu\/wp-content\/uploads\/2023\/08\/cropped-Logo-1.png","width":599,"height":832,"caption":"Kalandorok T\u00e1rsas\u00e1ga"},"image":{"@id":"https:\/\/kalandoroktarsasaga.hu\/#\/schema\/logo\/image\/"}}]}},"_links":{"self":[{"href":"https:\/\/kalandoroktarsasaga.hu\/index.php\/wp-json\/wp\/v2\/pages\/52","targetHints":{"allow":["GET"]}}],"collection":[{"href":"https:\/\/kalandoroktarsasaga.hu\/index.php\/wp-json\/wp\/v2\/pages"}],"about":[{"href":"https:\/\/kalandoroktarsasaga.hu\/index.php\/wp-json\/wp\/v2\/types\/page"}],"author":[{"embeddable":true,"href":"https:\/\/kalandoroktarsasaga.hu\/index.php\/wp-json\/wp\/v2\/users\/1"}],"replies":[{"embeddable":true,"href":"https:\/\/kalandoroktarsasaga.hu\/index.php\/wp-json\/wp\/v2\/comments?post=52"}],"version-history":[{"count":4,"href":"https:\/\/kalandoroktarsasaga.hu\/index.php\/wp-json\/wp\/v2\/pages\/52\/revisions"}],"predecessor-version":[{"id":62,"href":"https:\/\/kalandoroktarsasaga.hu\/index.php\/wp-json\/wp\/v2\/pages\/52\/revisions\/62"}],"up":[{"embeddable":true,"href":"https:\/\/kalandoroktarsasaga.hu\/index.php\/wp-json\/wp\/v2\/pages\/506"}],"wp:attachment":[{"href":"https:\/\/kalandoroktarsasaga.hu\/index.php\/wp-json\/wp\/v2\/media?parent=52"}],"curies":[{"name":"wp","href":"https:\/\/api.w.org\/{rel}","templated":true}]}}