{"id":592,"date":"2023-10-09T20:22:01","date_gmt":"2023-10-09T18:22:01","guid":{"rendered":"https:\/\/kalandoroktarsasaga.hu\/?page_id=592"},"modified":"2023-10-21T13:32:17","modified_gmt":"2023-10-21T11:32:17","slug":"xi-ketto-pont-nulla","status":"publish","type":"page","link":"https:\/\/kalandoroktarsasaga.hu\/index.php\/rendezvenyeink\/xi-ketto-pont-nulla\/","title":{"rendered":"XI. Kett\u0151 pont nulla"},"content":{"rendered":"\n<p>K\u00f6vetkez\u0151 tal\u00e1lkoz\u00f3nk a m\u00e1r megszokott fel\u00e1ll\u00e1s&nbsp;szerint tematikus \u00e9s f\u00fcggetlen&nbsp;mes\u00e9kkel, n\u00e9pszer\u0171 \u00e9s \u00ednyenc rendszerekkel is pr\u00f3b\u00e1lja sz\u00f3rakoztatni a Nagy\u00e9rdem\u0171t.<\/p>\n\n\n\n<p>T\u00e9m\u00e1nk ez\u00fattal: Kett\u0151 Pont Nulla! \u00dajraindulunk, \u00e9s ezzel egyszerre meg\u00fajult valami m\u00e1s, valami &#8211; sz\u00e1munkra, \u00e9s meggy\u0151z\u0151d\u00e9s\u00fcnk, hogy sz\u00e1motokra is &#8211; fontos \u00e9s meghat\u00e1roz\u00f3: a Kard \u00e9s M\u00e1gia szerepj\u00e1t\u00e9k. A most tizen\u00f6t \u00e9ves j\u00e1t\u00e9krendszer sokat adott nek\u00fcnk eddigi 15 \u00e9ve sor\u00e1n, \u00edgy eme rendezv\u00e9nnyel szeretn\u00e9nk tisztelegni neki.<\/p>\n\n\n\n<p>Az\u00e9rt, szok\u00e1sunkhoz h\u00edven, most is igyekezt\u00fcnk teret adni n\u00e9h\u00e1ny tov\u00e1bbi rendszernek, t\u00f6bbek k\u00f6z\u00f6tt a szint\u00e9n magyar j\u00e1t\u00e9koknak: a Heimurinn-nak \u00e9s Kalandoz\u00f3k Kor\u00e1nak.<\/p>\n\n\n\n<p><strong>Id\u0151pont<\/strong>: 2023.11.25<\/p>\n\n\n\n<p><strong>Helysz\u00edn<\/strong>: Zugl\u00f3i Ifj\u00fas\u00e1gi Centrum<\/p>\n\n\n\n<p><strong>C\u00edm:&nbsp;<\/strong>1145 Budapest, Uzsoki utca 57. Tet\u0151t\u00e9r (bej\u00e1rat a Kassai t\u00e9r fel\u0151l)<\/p>\n\n\n\n<p align=\"center\"><iframe src=\"https:\/\/www.google.com\/maps\/embed?pb=!1m14!1m8!1m3!1d10777.32063363106!2d19.0972447!3d47.5224349!3m2!1i1024!2i768!4f13.1!3m3!1m2!1s0x4741db9d587a07cd%3A0x360bf4dc9ae28bdb!2zWnVnbMOzaSBJZmrDunPDoWdpIENlbnRydW0!5e0!3m2!1shu!2shu!4v1691315503480!5m2!1shu!2shu\" width=\"600\" height=\"450\" style=\"border:0;\" allowfullscreen=\"\" loading=\"lazy\" referrerpolicy=\"no-referrer-when-downgrade\"><\/iframe><\/p>\n\n\n\n<p><strong>A rendezv\u00e9nyre a j\u00e1t\u00e9kosi jelentkez\u00e9s&nbsp;<mark style=\"background-color:rgba(0, 0, 0, 0);color:#fa0000\" class=\"has-inline-color\">2023. okt\u00f3ber 20<\/mark><mark style=\"background-color:rgba(0, 0, 0, 0);color:#ff0000\" class=\"has-inline-color\">-\u00e1n 20:00-kor<\/mark> elindul<\/strong>t!<\/p>\n\n\n\n<p>A jelentkez\u00e9s menete a k\u00f6vetkez\u0151:<\/p>\n\n\n\n<ul class=\"wp-block-list\">\n<li><strong>Nyisd meg a mes\u00e9t<\/strong>, amelyre jelentkezni akarsz. Miut\u00e1n elindult a regisztr\u00e1ci\u00f3 (l\u00e1sd a fenti id\u0151pontot!), a <strong>jelentkez\u00e9si \u0171rlapot <\/strong>\u00e9s a m\u00e9g<strong> <\/strong>szabad helyek sz\u00e1m\u00e1t a mese le\u00edr\u00e1sa alatt fogod tal\u00e1lni.<\/li>\n\n\n\n<li>Add meg az \u0171rlapon a <strong>neved<\/strong>, <strong>emailc\u00edmed<\/strong>, \u00e9s (ha akarod) a <strong>telefonsz\u00e1mod<\/strong>. Ut\u00f3bbit az\u00e9rt k\u00e9rj\u00fck, hogy vis maior eset\u00e9n el tudjunk \u00e9rni. A regisztr\u00e1ci\u00f3 befogad\u00e1s\u00e1r\u00f3l visszaigazol\u00f3 emailt fogsz kapni.<\/li>\n\n\n\n<li><strong>Fizesd be a<\/strong> <strong>r\u00e9szv\u00e9teli d\u00edjat<\/strong>. Ha feldolgoztuk a befizet\u00e9sed, <strong>j\u00f3v\u00e1hagyjuk <\/strong>a jelentkez\u00e9sed, \u00e9s a mese le\u00edr\u00e1sa alatt l\u00e1tni fogod a neved. A komplik\u00e1ci\u00f3k elker\u00fcl\u00e9se v\u00e9gett k\u00e9rj\u00fck, hogy csak azut\u00e1n k\u00fcldd el a nevez\u00e9si d\u00edjat, miut\u00e1n a mes\u00e9k le\u00edr\u00e1sa alatt leadtad az \u0171rlapo(ko)n a jelentkez\u00e9sed!<\/li>\n<\/ul>\n\n\n\n<p><strong>R\u00e9szv\u00e9tel d\u00edj:<\/strong> 3500 Ft. A r\u00e9szv\u00e9teli d\u00edjat term\u00e9szetesen tov\u00e1bbra is teljes eg\u00e9sz\u00e9ben a helysz\u00edn, tombola, k\u00e1v\u00e9sarok, \u00e9s a rendezv\u00e9ny egy\u00e9b k\u00f6lts\u00e9geinek finansz\u00edroz\u00e1s\u00e1ra \u00e9s jobb\u00e1 t\u00e9tel\u00e9re ford\u00edtjuk. K\u00e9r\u00fcnk, hogy a d\u00edjat a <strong>jelentkez\u00e9setek lead\u00e1sa ut\u00e1n<\/strong> k\u00fcldj\u00e9tek el Revoluton a @gborxm85s RevoTagre, vagy fizess\u00e9tek be k\u00e1rty\u00e1val a k\u00f6vetkez\u0151 URL-en, ha am\u00fagy nem vagytok Revoluton: <a href=\"http:\/\/revolut.me\/gborxm85s\">@gborxm85s<\/a><\/p>\n\n\n\n<p><em>(Az IBAN utal\u00e1ssal sz\u00edv\u00e1s volt, a jelek szerint nem szeretik a hazai bankok a Rev\u00f3t, \u00edgy azt ink\u00e1bb elt\u00e1vol\u00edtottuk.)<\/em><\/p>\n\n\n\n<p>K\u00f6zlem\u00e9nyben\/megjegyz\u00e9sben <strong>adj\u00e1tok meg a regisztr\u00e1ci\u00f3hoz haszn\u00e1lt (nick)neveteket\/emailc\u00edmeteket<\/strong>, hogy \u00f6ssze tudjuk k\u00f6tni a befizet\u00e9st a jelentkez\u00e9setekkel. <\/p>\n\n\n\n<p><strong>Seg\u00edts\u00e9g a k\u00e1rty\u00e1s nevez\u00e9si d\u00edj rendez\u00e9shez<\/strong>:<\/p>\n\n\n<div class=\"wp-block-image\">\n<figure class=\"aligncenter size-full is-resized\"><img loading=\"lazy\" decoding=\"async\" width=\"586\" height=\"182\" src=\"https:\/\/kalandoroktarsasaga.hu\/wp-content\/uploads\/2023\/10\/image.png\" alt=\"\" class=\"wp-image-806\" style=\"aspect-ratio:3.21978021978022;width:388px;height:auto\" srcset=\"https:\/\/kalandoroktarsasaga.hu\/wp-content\/uploads\/2023\/10\/image.png 586w, https:\/\/kalandoroktarsasaga.hu\/wp-content\/uploads\/2023\/10\/image-300x93.png 300w\" sizes=\"auto, (max-width: 586px) 100vw, 586px\" \/><figcaption class=\"wp-element-caption\">R\u00f6gt\u00f6n a nyit\u00f3oldalon, itt adj\u00e1tok meg a neveteket, emailc\u00edmeteket k\u00e9rlek! En\u00e9lk\u00fcl p\u00e1cban lesz\u00fcnk<\/figcaption><\/figure>\n<\/div>\n\n<div class=\"wp-block-image\">\n<figure class=\"aligncenter size-full is-resized\"><img loading=\"lazy\" decoding=\"async\" width=\"568\" height=\"345\" src=\"https:\/\/kalandoroktarsasaga.hu\/wp-content\/uploads\/2023\/10\/image-1.png\" alt=\"\" class=\"wp-image-807\" style=\"aspect-ratio:1.6463768115942028;width:371px;height:auto\" srcset=\"https:\/\/kalandoroktarsasaga.hu\/wp-content\/uploads\/2023\/10\/image-1.png 568w, https:\/\/kalandoroktarsasaga.hu\/wp-content\/uploads\/2023\/10\/image-1-300x182.png 300w\" sizes=\"auto, (max-width: 568px) 100vw, 568px\" \/><figcaption class=\"wp-element-caption\">Itt a SAJ\u00c1T, k\u00e1rty\u00e1n szerepl\u0151 adataitokat kell megadni, meg egy emailc\u00edmet, ahol tudj\u00e1tok fogadni a visszaigazol\u00e1st!<\/figcaption><\/figure>\n<\/div>\n\n\n<p><strong>FONTOS<\/strong>: am\u00edg nem egyenl\u00edtitek ki a r\u00e9szv\u00e9teli d\u00edjat, nem tudjuk v\u00e9gleges\u00edteni a jelentkez\u00e9seteket, \u00e9s n\u00e9h\u00e1ny nap m\u00falt\u00e1n t\u00f6r\u00f6lj\u00fck azt! A r\u00e9szv\u00e9teli d\u00edj befizet\u00e9s\u00e9vel v\u00e1llalod, hogy r\u00e9szv\u00e9teli sz\u00e1nd\u00e9kod komoly, \u00e9s mivel a helyed m\u00e1sok el\u0151l lefoglaltad, a rendezv\u00e9ny helysz\u00ednb\u00e9rlet\u00e9t pedig finansz\u00edrozni kell, visszafizet\u00e9si ig\u00e9nnyel akkor sem \u00e9lsz, ha valami miatt nem tudn\u00e1l megjelenni a rendezv\u00e9nyen (amelyre, rem\u00e9lj\u00fck, nem ker\u00fcl majd sor :)). <\/p>\n\n\n\n<p>Mes\u00e9l\u0151k sz\u00e1m\u00e1ra a rendezv\u00e9nyen val\u00f3 r\u00e9szv\u00e9tel szok\u00e1s szerint ingyenes!<\/p>\n\n\n\n<p><strong>Program<\/strong><\/p>\n\n\n\n<p>8:00-8:45&nbsp;<strong>Nyit\u00e1s \u00e9s gy\u00fclekez\u0151<br><\/strong>9:00-13:30&nbsp;<strong>D\u00e9lel\u0151tti mes\u00e9k<br><\/strong>13:30-14:30&nbsp;<strong>Eb\u00e9dsz\u00fcnet<br><\/strong>14:30-19:00&nbsp;<strong>D\u00e9lut\u00e1ni mes\u00e9k<br><\/strong>19:30-20:00&nbsp;<strong>Rendezv\u00e9nyz\u00e1r\u00f3, tombola<\/strong><br>20:00&nbsp;<strong>\u00c1tvonul\u00e1s a Helv\u00e9cia pubba, k\u00f6tetlen besz\u00e9lget\u00e9s \u00e9s s\u00f6r\u00f6z\u00e9s<\/strong><\/p>\n\n\n\n<p><strong>Eg\u00e9sznapos mese<\/strong><\/p>\n\n\n\n<figure class=\"wp-block-table\"><table><thead><tr><td><strong>Id\u0151pont<\/strong><\/td><td><strong>Mese<\/strong><\/td><\/tr><\/thead><tbody><tr><td>2023. 11. 25.<br>09:00 \u2013 19:00<\/td><td><a href=\"https:\/\/kalandoroktarsasaga.hu\/index.php\/event\/696\/\">Thorgeir szurdoka<\/a><br><strong>Mes\u00e9l\u0151:<\/strong>&nbsp;Nocturna&nbsp;<strong>Rendszer:<\/strong>&nbsp;Heimurinn<\/td><\/tr><\/tbody><\/table><\/figure>\n\n\n\n<p><strong>D\u00e9lel\u0151tti mes\u00e9k<\/strong><\/p>\n\n\n\n<figure class=\"wp-block-table\"><table><thead><tr><td><strong>Id\u0151pont<\/strong><\/td><td><strong>Mese<\/strong><\/td><\/tr><\/thead><tbody><tr><td>2023. 11. 25.<br>09:00 \u2013 13:30<\/td><td><a href=\"https:\/\/kalandoroktarsasaga.hu\/index.php\/meseink-nagy-lajstroma\/a-rozsalovag-vara\/\">A <\/a><a href=\"https:\/\/kalandoroktarsasaga.hu\/index.php\/event\/a-rozsalovag-vara\/\">R\u00f3zsalovag V\u00e1ra<\/a><br><strong>Mes\u00e9l\u0151:<\/strong>&nbsp;elGabor&nbsp;<strong>Rendszer:<\/strong>&nbsp;Kard \u00e9s M\u00e1gia 2e<\/td><\/tr><tr><td>2023. 11. 25.<br>09:00 \u2013 13:30<\/td><td><a href=\"https:\/\/kalandoroktarsasaga.hu\/index.php\/event\/a-sirrozsa-keresese\/\">A S\u00edrr\u00f3zsa keres\u00e9se<\/a><br><strong>Mes\u00e9l\u0151:<\/strong>&nbsp;NeoPadre&nbsp;<strong>Rendszer:<\/strong>&nbsp;D&amp;D 5e<\/td><\/tr><tr><td>2023. 11. 25.<br>09:00 \u2013 13:30<\/td><td><a href=\"https:\/\/kalandoroktarsasaga.hu\/index.php\/event\/tigrisvadaszat\/\">Tigrisvad\u00e1szat<\/a><br><strong>Mes\u00e9l\u0151:<\/strong>&nbsp;Alister&nbsp;<strong>Rendszer:<\/strong>&nbsp;Kard \u00e9s M\u00e1gia 2e<\/td><\/tr><tr><td>2023. 11. 25.<br>09:00 \u2013 13:30<\/td><td><a href=\"https:\/\/kalandoroktarsasaga.hu\/index.php\/event\/felfedezes-a-romok-kozott\/\">Felfedez\u00e9s a romok k\u00f6z\u00f6tt<\/a><br><strong>Mes\u00e9l\u0151:<\/strong>&nbsp;Gothpunk <strong>Rendszer:<\/strong>&nbsp;Kalandoz\u00f3k Kora<\/td><\/tr><tr><td>2023. 11. 25.<br>09:00 \u2013 13:30<\/td><td><a href=\"https:\/\/kalandoroktarsasaga.hu\/index.php\/event\/kakaskodas-helvecziaban\/\">Kakaskod\u00e1s Helv\u00e9czi\u00e1ban<\/a><br><strong>Mes\u00e9l\u0151:<\/strong>&nbsp;Talbot&nbsp;<strong>Rendszer:<\/strong>&nbsp;Helv\u00e9czia 2e<\/td><\/tr><tr><td>2023. 11. 25.<br>09:00 \u2013 13:30<\/td><td><a href=\"https:\/\/kalandoroktarsasaga.hu\/index.php\/event\/szellembank-saigonban\/\">Szellembank Saigonban<\/a><br><strong>Mes\u00e9l\u0151:<\/strong>&nbsp;Marvin&nbsp;<strong>Rendszer:<\/strong>&nbsp;Into the Jungle<\/td><\/tr><tr><td>2023. 11. 25.<br>09:00 \u2013 13:30<\/td><td><a href=\"https:\/\/kalandoroktarsasaga.hu\/index.php\/event\/a-titokzatos-orokseg\/\">A titokzatos \u00f6r\u00f6ks\u00e9g<\/a><br><strong>Mes\u00e9l\u0151:<\/strong>&nbsp;Ratface&nbsp;<strong>Rendszer:<\/strong>&nbsp;Kard \u00e9s M\u00e1gia 2e<\/td><\/tr><tr><td>2023. 11. 25.<br>09:00 \u2013 13:30<\/td><td><a href=\"https:\/\/kalandoroktarsasaga.hu\/index.php\/event\/temetoi-melo\/\">Temet\u0151i mel\u00f3<\/a><br><strong>Mes\u00e9l\u0151:<\/strong>&nbsp;Bulldy&nbsp;<strong>Rendszer:<\/strong>&nbsp;Warhammer 40k Wrath &amp; Glory<\/td><\/tr><\/tbody><\/table><\/figure>\n\n\n\n<p><strong>D\u00e9lut\u00e1ni mes\u00e9k<\/strong><\/p>\n\n\n\n<figure class=\"wp-block-table\"><table><thead><tr><td><strong>Id\u0151pont<\/strong><\/td><td><strong>Mese<\/strong><\/td><\/tr><\/thead><tbody><tr><td>2023. 11. 25.<br>14:30 \u2013 19:00<\/td><td><a href=\"https:\/\/kalandoroktarsasaga.hu\/index.php\/event\/masodik-valtozat\/\">M\u00e1sodik v\u00e1ltozat<\/a><br><strong>Mes\u00e9l\u0151:<\/strong>&nbsp;Glowface&nbsp;<strong>Rendszer:<\/strong>&nbsp;D&amp;D 5e<\/td><\/tr><tr><td>2023. 11. 25.<br>14:30 \u2013 19:00<\/td><td><a href=\"https:\/\/kalandoroktarsasaga.hu\/index.php\/event\/a-lepecsetelt-villa\/\">A lepecs\u00e9telt villa<\/a><br><strong>Mes\u00e9l\u0151:<\/strong>&nbsp;Narmor&nbsp;<strong>Rendszer:<\/strong>&nbsp;Kard \u00e9s M\u00e1gia 2e<\/td><\/tr><tr><td>2023. 11. 25.<br>14:30 \u2013 19:00<\/td><td><a href=\"https:\/\/kalandoroktarsasaga.hu\/index.php\/event\/fekete-ver\/\">Fekete v\u00e9r<\/a><br><strong>Mes\u00e9l\u0151:<\/strong>&nbsp;Urban&nbsp;<strong>Rendszer:<\/strong>&nbsp;6kOWL<\/td><\/tr><tr><td>2023. 11. 25.<br>14:30 \u2013 19:00<\/td><td><a href=\"https:\/\/kalandoroktarsasaga.hu\/index.php\/event\/templomok-volgye\/\">Templomok v\u00f6lgye<\/a><br><strong>Mes\u00e9l\u0151:<\/strong>&nbsp;Ravenheart&nbsp;<strong>Rendszer:<\/strong>&nbsp;OpenQuest 3e<\/td><\/tr><tr><td>2023. 11. 25.<br>14:30 \u2013 19:00<\/td><td><a href=\"https:\/\/kalandoroktarsasaga.hu\/index.php\/event\/urmalk-a-hatartalan\/\">Urmalk, a Hat\u00e1rtalan<\/a><br><strong>Mes\u00e9l\u0151:<\/strong>&nbsp;elGabor&nbsp;<strong>Rendszer:<\/strong>&nbsp;Kard \u00e9s M\u00e1gia 2e<\/td><\/tr><tr><td>2023. 11. 25.<br>14:30 \u2013 19:00<\/td><td><a href=\"https:\/\/kalandoroktarsasaga.hu\/index.php\/event\/kulonos-viadal\/\">K\u00fcl\u00f6n\u00f6s viadal<\/a><br><strong>Mes\u00e9l\u0151:<\/strong>&nbsp;Garaboncias <strong>Rendszer:<\/strong>&nbsp;Kard \u00e9s M\u00e1sodteremt\u00e9s<\/td><\/tr><tr><td>2023. 11. 25.<br>14:30 \u2013 19:00<\/td><td><a href=\"https:\/\/kalandoroktarsasaga.hu\/index.php\/event\/ujhold-kadesben\/\">\u00dajhold K\u00e1desben<\/a><br><strong>Mes\u00e9l\u0151:<\/strong>&nbsp;Premier <strong>Rendszer:<\/strong>&nbsp;Kard \u00e9s M\u00e1gia 2e<\/td><\/tr><tr><td>2023. 11. 25.<br>14:30 \u2013 19:00<\/td><td><a href=\"https:\/\/kalandoroktarsasaga.hu\/index.php\/event\/777\/\">A dics\u0151 hadj\u00e1rat<\/a><br><strong>Mes\u00e9l\u0151:<\/strong>&nbsp;FeFe <strong>Rendszer:<\/strong>&nbsp;Kard \u00e9s M\u00e1gia 2e<\/td><\/tr><\/tbody><\/table><\/figure>\n\n\n\n<div class=\"qem-columns mesek\"><h2 class=\"qem_title\"><a href=\"https:\/\/kalandoroktarsasaga.hu\/index.php\/event\/alkazar-elgabor\/\">Alkaz\u00e1r (elGabor)<\/a><\/h2><h3 class=\"qem_date\">\u00e1pr&nbsp;29&nbsp;<\/h3><p class=\"desc\" style=\"font-weight: bold; font-size: 110%; \" >Di\u0151sjen\u0151i OSR t\u00e1bor, szerda este<\/p><p class=\"placesavailable\" ><\/p><p class=\"readmore\"><a href=\"https:\/\/kalandoroktarsasaga.hu\/index.php\/event\/alkazar-elgabor\/\">R\u00e9szletek...<\/a><\/p><\/div>\r\n<div class=\"qem-columns mesek\"><h2 class=\"qem_title\"><a href=\"https:\/\/kalandoroktarsasaga.hu\/index.php\/event\/vito-stellato-szigete-volokarnosz-het-titka-1-resz-garaboncias\/\">Vito Stellato szigete \u2013 Volokarnosz H\u00e9t Titka, 1. r\u00e9sz (Garabonci\u00e1s)<\/a><\/h2><h3 class=\"qem_date\">\u00e1pr&nbsp;30&nbsp;<\/h3><p class=\"desc\" style=\"font-weight: bold; font-size: 110%; \" >Di\u0151sjen\u0151i OSR t\u00e1bor, cs\u00fct\u00f6rt\u00f6k<\/p><p id=\"whoscoming\" class=\"totalcoming\" >R\u00e9sztvev\u0151k sz\u00e1ma: 5 <\/p><p class=\"placesavailable\" ><div class=\"qem-places qem-registration-closed\">A mese megtelt!<\/div><\/p><p class=\"readmore\"><a href=\"https:\/\/kalandoroktarsasaga.hu\/index.php\/event\/vito-stellato-szigete-volokarnosz-het-titka-1-resz-garaboncias\/\">R\u00e9szletek...<\/a><\/p><\/div>\r\n<div class=\"qem-columns mesek\"><h2 class=\"qem_title\"><a href=\"https:\/\/kalandoroktarsasaga.hu\/index.php\/event\/zennor-harom-kulcsa-christoforo\/\">Zennor H\u00e1rom Kulcsa (Christoforo)<\/a><\/h2><h3 class=\"qem_date\">\u00e1pr&nbsp;30&nbsp;<\/h3><p class=\"desc\" style=\"font-weight: bold; font-size: 110%; \" >Di\u0151sjen\u0151i OSR t\u00e1bor, cs\u00fct\u00f6rt\u00f6k<\/p><p id=\"whoscoming\" class=\"totalcoming\" >R\u00e9sztvev\u0151k sz\u00e1ma: 4 <\/p><p class=\"placesavailable\" ><div class=\"qem-places qem-registration-oneplacebefore\">Egyetlen hely \u00e1ll rendelkez\u00e9sre<\/div><\/p><p class=\"readmore\"><a href=\"https:\/\/kalandoroktarsasaga.hu\/index.php\/event\/zennor-harom-kulcsa-christoforo\/\">R\u00e9szletek...<\/a><\/p><\/div>\r\n<div class=\"qem-columns mesek\"><h2 class=\"qem_title\"><a href=\"https:\/\/kalandoroktarsasaga.hu\/index.php\/event\/gombak-es-varangyok-dres\/\">Gomb\u00e1k \u00e9s varangyok (Dres)<\/a><\/h2><h3 class=\"qem_date\">\u00e1pr&nbsp;30&nbsp;<\/h3><p class=\"desc\" style=\"font-weight: bold; font-size: 110%; \" >Di\u0151sjen\u0151i OSR t\u00e1bor, cs\u00fct\u00f6rt\u00f6k<\/p><p id=\"whoscoming\" class=\"totalcoming\" >R\u00e9sztvev\u0151k sz\u00e1ma: 5 <\/p><p class=\"placesavailable\" ><div class=\"qem-places qem-registration-closed\">A mese megtelt!<\/div><\/p><p class=\"readmore\"><a href=\"https:\/\/kalandoroktarsasaga.hu\/index.php\/event\/gombak-es-varangyok-dres\/\">R\u00e9szletek...<\/a><\/p><\/div>\r\n<div class=\"qem-columns mesek\"><h2 class=\"qem_title\"><a href=\"https:\/\/kalandoroktarsasaga.hu\/index.php\/event\/terseg-fefe\/\">P\u0435\u0433\u0438\u043e\u043d\u0430\u0301\u043b\u044c\u043d\u044b\u0439\/T\u00e9rs\u00e9g (Fefe)<\/a><\/h2><h3 class=\"qem_date\">\u00e1pr&nbsp;30&nbsp;<\/h3><p class=\"desc\" style=\"font-weight: bold; font-size: 110%; \" >Di\u0151sjen\u0151i OSR t\u00e1bor, cs\u00fct\u00f6rt\u00f6k<\/p><p class=\"placesavailable\" ><div class=\"qem-places qem-registration-places\">Rendelkez\u00e9sre \u00e1ll\u00f3 helyek sz\u00e1ma: 5 <\/div><\/p><p class=\"readmore\"><a href=\"https:\/\/kalandoroktarsasaga.hu\/index.php\/event\/terseg-fefe\/\">R\u00e9szletek...<\/a><\/p><\/div>\r\n<div class=\"qem-columns mesek\"><h2 class=\"qem_title\"><a href=\"https:\/\/kalandoroktarsasaga.hu\/index.php\/event\/ortorony-cormac-sziklajan-kibic\/\">\u0150rtorony Cormac szikl\u00e1j\u00e1n (Kibic)<\/a><\/h2><h3 class=\"qem_date\">\u00e1pr&nbsp;30&nbsp;<\/h3><p class=\"desc\" style=\"font-weight: bold; font-size: 110%; \" >Di\u0151sjen\u0151i OSR t\u00e1bor, cs\u00fct\u00f6rt\u00f6k<\/p><p id=\"whoscoming\" class=\"totalcoming\" >Egy szem\u00e9ly vesz r\u00e9szt<\/p><p class=\"placesavailable\" ><div class=\"qem-places qem-registration-places\">Rendelkez\u00e9sre \u00e1ll\u00f3 helyek sz\u00e1ma: 4 <\/div><\/p><p class=\"readmore\"><a href=\"https:\/\/kalandoroktarsasaga.hu\/index.php\/event\/ortorony-cormac-sziklajan-kibic\/\">R\u00e9szletek...<\/a><\/p><\/div>\r\n<div class=\"qem-columns mesek\"><h2 class=\"qem_title\"><a href=\"https:\/\/kalandoroktarsasaga.hu\/index.php\/event\/a-bika-kiraly-palotaja-talbot\/\">A Bika-Kir\u00e1ly Palot\u00e1ja (Talbot)<\/a><\/h2><h3 class=\"qem_date\">\u00e1pr&nbsp;30&nbsp;<\/h3><p class=\"desc\" style=\"font-weight: bold; font-size: 110%; \" >Di\u0151sjen\u0151i OSR t\u00e1bor, cs\u00fct\u00f6rt\u00f6k<\/p><p id=\"whoscoming\" class=\"totalcoming\" >R\u00e9sztvev\u0151k sz\u00e1ma: 5 <\/p><p class=\"placesavailable\" ><div class=\"qem-places qem-registration-closed\">A mese megtelt!<\/div><\/p><p class=\"readmore\"><a href=\"https:\/\/kalandoroktarsasaga.hu\/index.php\/event\/a-bika-kiraly-palotaja-talbot\/\">R\u00e9szletek...<\/a><\/p><\/div>\r\n<div class=\"qem-columns mesek\"><h2 class=\"qem_title\"><a href=\"https:\/\/kalandoroktarsasaga.hu\/index.php\/event\/dal-mamor-mulatas-tanc-nincs\/\">Dal, M\u00e1mor, Mulat\u00e1s (t\u00e1nc nincs)<\/a><\/h2><h3 class=\"qem_date\">\u00e1pr&nbsp;30&nbsp;<\/h3><p class=\"desc\" style=\"font-weight: bold; font-size: 110%; \" >Di\u0151sjen\u0151i OSR t\u00e1bor, cs\u00fct\u00f6rt\u00f6k este<\/p><p class=\"placesavailable\" ><\/p><p class=\"readmore\"><a href=\"https:\/\/kalandoroktarsasaga.hu\/index.php\/event\/dal-mamor-mulatas-tanc-nincs\/\">R\u00e9szletek...<\/a><\/p><\/div>\r\n<div class=\"qem-columns mesek\"><h2 class=\"qem_title\"><a href=\"https:\/\/kalandoroktarsasaga.hu\/index.php\/event\/az-elveszett-harcosok-szigete-elgabor\/\">Az Elveszett Harcosok Szigete (elGabor)<\/a><\/h2><h3 class=\"qem_date\">m\u00e1j&nbsp;01&nbsp;<\/h3><p class=\"desc\" style=\"font-weight: bold; font-size: 110%; \" >Di\u0151sjen\u0151i OSR t\u00e1bor, p\u00e9ntek<\/p><p id=\"whoscoming\" class=\"totalcoming\" >R\u00e9sztvev\u0151k sz\u00e1ma: 4 <\/p><p class=\"placesavailable\" ><div class=\"qem-places qem-registration-oneplacebefore\">Egyetlen hely \u00e1ll rendelkez\u00e9sre<\/div><\/p><p class=\"readmore\"><a href=\"https:\/\/kalandoroktarsasaga.hu\/index.php\/event\/az-elveszett-harcosok-szigete-elgabor\/\">R\u00e9szletek...<\/a><\/p><\/div>\r\n<div class=\"qem-columns mesek\"><h2 class=\"qem_title\"><a href=\"https:\/\/kalandoroktarsasaga.hu\/index.php\/event\/aegiasz-termei-narmor\/\">Aegiasz Termei (Narmor)<\/a><\/h2><h3 class=\"qem_date\">m\u00e1j&nbsp;01&nbsp;<\/h3><p class=\"desc\" style=\"font-weight: bold; font-size: 110%; \" >Di\u0151sjen\u0151i OSR t\u00e1bor, p\u00e9ntek<\/p><p id=\"whoscoming\" class=\"totalcoming\" >R\u00e9sztvev\u0151k sz\u00e1ma: 3 <\/p><p class=\"placesavailable\" ><div class=\"qem-places qem-registration-places\">Rendelkez\u00e9sre \u00e1ll\u00f3 helyek sz\u00e1ma: 2 <\/div><\/p><p class=\"readmore\"><a href=\"https:\/\/kalandoroktarsasaga.hu\/index.php\/event\/aegiasz-termei-narmor\/\">R\u00e9szletek...<\/a><\/p><\/div>\r\n<div class=\"qem-columns mesek\"><h2 class=\"qem_title\"><a href=\"https:\/\/kalandoroktarsasaga.hu\/index.php\/event\/a-repules-elmeletei-szelfolde-live-keve\/\">A rep\u00fcl\u00e9s elm\u00e9letei\/Sz\u00e9lf\u00f6lde Live (Keve)<\/a><\/h2><h3 class=\"qem_date\">m\u00e1j&nbsp;01&nbsp;<\/h3><p class=\"desc\" style=\"font-weight: bold; font-size: 110%; \" >Di\u0151sjen\u0151i OSR t\u00e1bor, p\u00e9ntek<\/p><p id=\"whoscoming\" class=\"totalcoming\" >R\u00e9sztvev\u0151k sz\u00e1ma: 5 <\/p><p class=\"placesavailable\" ><div class=\"qem-places qem-registration-closed\">A mese megtelt!<\/div><\/p><p class=\"readmore\"><a href=\"https:\/\/kalandoroktarsasaga.hu\/index.php\/event\/a-repules-elmeletei-szelfolde-live-keve\/\">R\u00e9szletek...<\/a><\/p><\/div>\r\n<div class=\"qem-columns mesek\"><h2 class=\"qem_title\"><a href=\"https:\/\/kalandoroktarsasaga.hu\/index.php\/event\/a-nagy-piramis-nyoman-iudex\/\">Memmna-kha-tesh Elfeledett Piramisa (Iudex)<\/a><\/h2><h3 class=\"qem_date\">m\u00e1j&nbsp;01&nbsp;<\/h3><p class=\"desc\" style=\"font-weight: bold; font-size: 110%; \" >Di\u0151sjen\u0151i OSR t\u00e1bor, p\u00e9ntek<\/p><p id=\"whoscoming\" class=\"totalcoming\" >R\u00e9sztvev\u0151k sz\u00e1ma: 4 <\/p><p class=\"placesavailable\" ><div class=\"qem-places qem-registration-oneplacebefore\">Egyetlen hely \u00e1ll rendelkez\u00e9sre<\/div><\/p><p class=\"readmore\"><a href=\"https:\/\/kalandoroktarsasaga.hu\/index.php\/event\/a-nagy-piramis-nyoman-iudex\/\">R\u00e9szletek...<\/a><\/p><\/div>\r\n<div class=\"qem-columns mesek\"><h2 class=\"qem_title\"><a href=\"https:\/\/kalandoroktarsasaga.hu\/index.php\/event\/a-vegzet-torka-chomy\/\">A V\u00e9gzet Torka (Chomy)<\/a><\/h2><h3 class=\"qem_date\">m\u00e1j&nbsp;01&nbsp;<\/h3><p class=\"desc\" style=\"font-weight: bold; font-size: 110%; \" >Di\u0151sjen\u0151i OSR t\u00e1bor, p\u00e9ntek<\/p><p id=\"whoscoming\" class=\"totalcoming\" >R\u00e9sztvev\u0151k sz\u00e1ma: 4 <\/p><p class=\"placesavailable\" ><div class=\"qem-places qem-registration-oneplacebefore\">Egyetlen hely \u00e1ll rendelkez\u00e9sre<\/div><\/p><p class=\"readmore\"><a href=\"https:\/\/kalandoroktarsasaga.hu\/index.php\/event\/a-vegzet-torka-chomy\/\">R\u00e9szletek...<\/a><\/p><\/div>\r\n<div class=\"qem-columns mesek\"><h2 class=\"qem_title\"><a href=\"https:\/\/kalandoroktarsasaga.hu\/index.php\/event\/az-elveszett-sziget-titka-garaboncias\/\">Az elveszett sziget titka (Garabonci\u00e1s)<\/a><\/h2><h3 class=\"qem_date\">m\u00e1j&nbsp;01&nbsp;<\/h3><p class=\"desc\" style=\"font-weight: bold; font-size: 110%; \" >Di\u0151sjen\u0151i OSR t\u00e1bor, p\u00e9ntek este<\/p><p class=\"placesavailable\" ><\/p><p class=\"readmore\"><a href=\"https:\/\/kalandoroktarsasaga.hu\/index.php\/event\/az-elveszett-sziget-titka-garaboncias\/\">R\u00e9szletek...<\/a><\/p><\/div>\r\n\n","protected":false},"excerpt":{"rendered":"<p>Ez a tartalom jelsz\u00f3val v\u00e9dett. Megtekint\u00e9s\u00e9hez al\u00e1bb adjuk meg a jelsz\u00f3t. Jelsz\u00f3:<\/p>\n","protected":false},"author":1,"featured_media":649,"parent":506,"menu_order":11,"comment_status":"closed","ping_status":"closed","template":"","meta":{"_kadence_starter_templates_imported_post":false,"_kad_post_transparent":"","_kad_post_title":"","_kad_post_layout":"","_kad_post_sidebar_id":"","_kad_post_content_style":"","_kad_post_vertical_padding":"","_kad_post_feature":"","_kad_post_feature_position":"","_kad_post_header":false,"_kad_post_footer":false,"footnotes":""},"class_list":["post-592","page","type-page","status-publish","has-post-thumbnail","hentry"],"yoast_head":"<!-- This site is optimized with the Yoast SEO plugin v26.2 - https:\/\/yoast.com\/wordpress\/plugins\/seo\/ -->\n<title>XI. Kett\u0151 pont nulla - Kalandorok T\u00e1rsas\u00e1ga<\/title>\n<meta name=\"robots\" content=\"index, follow, max-snippet:-1, max-image-preview:large, max-video-preview:-1\" \/>\n<link rel=\"canonical\" href=\"https:\/\/kalandoroktarsasaga.hu\/index.php\/rendezvenyeink\/xi-ketto-pont-nulla\/\" \/>\n<meta property=\"og:locale\" content=\"hu_HU\" \/>\n<meta property=\"og:type\" content=\"article\" \/>\n<meta property=\"og:title\" content=\"XI. Kett\u0151 pont nulla - Kalandorok T\u00e1rsas\u00e1ga\" \/>\n<meta property=\"og:description\" content=\"Ez a tartalom jelsz\u00f3val v\u00e9dett. Megtekint\u00e9s\u00e9hez al\u00e1bb adjuk meg a jelsz\u00f3t. Jelsz\u00f3:\" \/>\n<meta property=\"og:url\" content=\"https:\/\/kalandoroktarsasaga.hu\/index.php\/rendezvenyeink\/xi-ketto-pont-nulla\/\" \/>\n<meta property=\"og:site_name\" content=\"Kalandorok T\u00e1rsas\u00e1ga\" \/>\n<meta property=\"article:modified_time\" content=\"2023-10-21T11:32:17+00:00\" \/>\n<meta name=\"twitter:card\" content=\"summary_large_image\" \/>\n<meta name=\"twitter:label1\" content=\"Becs\u00fclt olvas\u00e1si id\u0151\" \/>\n\t<meta name=\"twitter:data1\" content=\"5 perc\" \/>\n<script type=\"application\/ld+json\" class=\"yoast-schema-graph\">{\"@context\":\"https:\/\/schema.org\",\"@graph\":[{\"@type\":\"WebPage\",\"@id\":\"https:\/\/kalandoroktarsasaga.hu\/index.php\/rendezvenyeink\/xi-ketto-pont-nulla\/\",\"url\":\"https:\/\/kalandoroktarsasaga.hu\/index.php\/rendezvenyeink\/xi-ketto-pont-nulla\/\",\"name\":\"XI. Kett\u0151 pont nulla - Kalandorok T\u00e1rsas\u00e1ga\",\"isPartOf\":{\"@id\":\"https:\/\/kalandoroktarsasaga.hu\/#website\"},\"primaryImageOfPage\":{\"@id\":\"https:\/\/kalandoroktarsasaga.hu\/index.php\/rendezvenyeink\/xi-ketto-pont-nulla\/#primaryimage\"},\"image\":{\"@id\":\"https:\/\/kalandoroktarsasaga.hu\/index.php\/rendezvenyeink\/xi-ketto-pont-nulla\/#primaryimage\"},\"thumbnailUrl\":\"https:\/\/kalandoroktarsasaga.hu\/wp-content\/uploads\/2023\/10\/KTXI_ink1_v2-scaled.jpg\",\"datePublished\":\"2023-10-09T18:22:01+00:00\",\"dateModified\":\"2023-10-21T11:32:17+00:00\",\"breadcrumb\":{\"@id\":\"https:\/\/kalandoroktarsasaga.hu\/index.php\/rendezvenyeink\/xi-ketto-pont-nulla\/#breadcrumb\"},\"inLanguage\":\"hu\",\"potentialAction\":[{\"@type\":\"ReadAction\",\"target\":[\"https:\/\/kalandoroktarsasaga.hu\/index.php\/rendezvenyeink\/xi-ketto-pont-nulla\/\"]}]},{\"@type\":\"ImageObject\",\"inLanguage\":\"hu\",\"@id\":\"https:\/\/kalandoroktarsasaga.hu\/index.php\/rendezvenyeink\/xi-ketto-pont-nulla\/#primaryimage\",\"url\":\"https:\/\/kalandoroktarsasaga.hu\/wp-content\/uploads\/2023\/10\/KTXI_ink1_v2-scaled.jpg\",\"contentUrl\":\"https:\/\/kalandoroktarsasaga.hu\/wp-content\/uploads\/2023\/10\/KTXI_ink1_v2-scaled.jpg\",\"width\":1810,\"height\":2560},{\"@type\":\"BreadcrumbList\",\"@id\":\"https:\/\/kalandoroktarsasaga.hu\/index.php\/rendezvenyeink\/xi-ketto-pont-nulla\/#breadcrumb\",\"itemListElement\":[{\"@type\":\"ListItem\",\"position\":1,\"name\":\"Kezd\u0151lap\",\"item\":\"https:\/\/kalandoroktarsasaga.hu\/\"},{\"@type\":\"ListItem\",\"position\":2,\"name\":\"Rendezv\u00e9nyeink\",\"item\":\"https:\/\/kalandoroktarsasaga.hu\/index.php\/rendezvenyeink\/\"},{\"@type\":\"ListItem\",\"position\":3,\"name\":\"XI. Kett\u0151 pont nulla\"}]},{\"@type\":\"WebSite\",\"@id\":\"https:\/\/kalandoroktarsasaga.hu\/#website\",\"url\":\"https:\/\/kalandoroktarsasaga.hu\/\",\"name\":\"Kalandorok T\u00e1rsas\u00e1ga\",\"description\":\"Szerepj\u00e1t\u00e9kos rendezv\u00e9nyeket szervez\u00fcnk - veletek, nektek\",\"publisher\":{\"@id\":\"https:\/\/kalandoroktarsasaga.hu\/#organization\"},\"potentialAction\":[{\"@type\":\"SearchAction\",\"target\":{\"@type\":\"EntryPoint\",\"urlTemplate\":\"https:\/\/kalandoroktarsasaga.hu\/?s={search_term_string}\"},\"query-input\":{\"@type\":\"PropertyValueSpecification\",\"valueRequired\":true,\"valueName\":\"search_term_string\"}}],\"inLanguage\":\"hu\"},{\"@type\":\"Organization\",\"@id\":\"https:\/\/kalandoroktarsasaga.hu\/#organization\",\"name\":\"Kalandorok T\u00e1rsas\u00e1ga\",\"url\":\"https:\/\/kalandoroktarsasaga.hu\/\",\"logo\":{\"@type\":\"ImageObject\",\"inLanguage\":\"hu\",\"@id\":\"https:\/\/kalandoroktarsasaga.hu\/#\/schema\/logo\/image\/\",\"url\":\"https:\/\/kalandoroktarsasaga.hu\/wp-content\/uploads\/2023\/08\/cropped-Logo-1.png\",\"contentUrl\":\"https:\/\/kalandoroktarsasaga.hu\/wp-content\/uploads\/2023\/08\/cropped-Logo-1.png\",\"width\":599,\"height\":832,\"caption\":\"Kalandorok T\u00e1rsas\u00e1ga\"},\"image\":{\"@id\":\"https:\/\/kalandoroktarsasaga.hu\/#\/schema\/logo\/image\/\"}}]}<\/script>\n<!-- \/ Yoast SEO plugin. -->","yoast_head_json":{"title":"XI. Kett\u0151 pont nulla - Kalandorok T\u00e1rsas\u00e1ga","robots":{"index":"index","follow":"follow","max-snippet":"max-snippet:-1","max-image-preview":"max-image-preview:large","max-video-preview":"max-video-preview:-1"},"canonical":"https:\/\/kalandoroktarsasaga.hu\/index.php\/rendezvenyeink\/xi-ketto-pont-nulla\/","og_locale":"hu_HU","og_type":"article","og_title":"XI. Kett\u0151 pont nulla - Kalandorok T\u00e1rsas\u00e1ga","og_description":"Ez a tartalom jelsz\u00f3val v\u00e9dett. Megtekint\u00e9s\u00e9hez al\u00e1bb adjuk meg a jelsz\u00f3t. Jelsz\u00f3:","og_url":"https:\/\/kalandoroktarsasaga.hu\/index.php\/rendezvenyeink\/xi-ketto-pont-nulla\/","og_site_name":"Kalandorok T\u00e1rsas\u00e1ga","article_modified_time":"2023-10-21T11:32:17+00:00","twitter_card":"summary_large_image","twitter_misc":{"Becs\u00fclt olvas\u00e1si id\u0151":"5 perc"},"schema":{"@context":"https:\/\/schema.org","@graph":[{"@type":"WebPage","@id":"https:\/\/kalandoroktarsasaga.hu\/index.php\/rendezvenyeink\/xi-ketto-pont-nulla\/","url":"https:\/\/kalandoroktarsasaga.hu\/index.php\/rendezvenyeink\/xi-ketto-pont-nulla\/","name":"XI. Kett\u0151 pont nulla - Kalandorok T\u00e1rsas\u00e1ga","isPartOf":{"@id":"https:\/\/kalandoroktarsasaga.hu\/#website"},"primaryImageOfPage":{"@id":"https:\/\/kalandoroktarsasaga.hu\/index.php\/rendezvenyeink\/xi-ketto-pont-nulla\/#primaryimage"},"image":{"@id":"https:\/\/kalandoroktarsasaga.hu\/index.php\/rendezvenyeink\/xi-ketto-pont-nulla\/#primaryimage"},"thumbnailUrl":"https:\/\/kalandoroktarsasaga.hu\/wp-content\/uploads\/2023\/10\/KTXI_ink1_v2-scaled.jpg","datePublished":"2023-10-09T18:22:01+00:00","dateModified":"2023-10-21T11:32:17+00:00","breadcrumb":{"@id":"https:\/\/kalandoroktarsasaga.hu\/index.php\/rendezvenyeink\/xi-ketto-pont-nulla\/#breadcrumb"},"inLanguage":"hu","potentialAction":[{"@type":"ReadAction","target":["https:\/\/kalandoroktarsasaga.hu\/index.php\/rendezvenyeink\/xi-ketto-pont-nulla\/"]}]},{"@type":"ImageObject","inLanguage":"hu","@id":"https:\/\/kalandoroktarsasaga.hu\/index.php\/rendezvenyeink\/xi-ketto-pont-nulla\/#primaryimage","url":"https:\/\/kalandoroktarsasaga.hu\/wp-content\/uploads\/2023\/10\/KTXI_ink1_v2-scaled.jpg","contentUrl":"https:\/\/kalandoroktarsasaga.hu\/wp-content\/uploads\/2023\/10\/KTXI_ink1_v2-scaled.jpg","width":1810,"height":2560},{"@type":"BreadcrumbList","@id":"https:\/\/kalandoroktarsasaga.hu\/index.php\/rendezvenyeink\/xi-ketto-pont-nulla\/#breadcrumb","itemListElement":[{"@type":"ListItem","position":1,"name":"Kezd\u0151lap","item":"https:\/\/kalandoroktarsasaga.hu\/"},{"@type":"ListItem","position":2,"name":"Rendezv\u00e9nyeink","item":"https:\/\/kalandoroktarsasaga.hu\/index.php\/rendezvenyeink\/"},{"@type":"ListItem","position":3,"name":"XI. Kett\u0151 pont nulla"}]},{"@type":"WebSite","@id":"https:\/\/kalandoroktarsasaga.hu\/#website","url":"https:\/\/kalandoroktarsasaga.hu\/","name":"Kalandorok T\u00e1rsas\u00e1ga","description":"Szerepj\u00e1t\u00e9kos rendezv\u00e9nyeket szervez\u00fcnk - veletek, nektek","publisher":{"@id":"https:\/\/kalandoroktarsasaga.hu\/#organization"},"potentialAction":[{"@type":"SearchAction","target":{"@type":"EntryPoint","urlTemplate":"https:\/\/kalandoroktarsasaga.hu\/?s={search_term_string}"},"query-input":{"@type":"PropertyValueSpecification","valueRequired":true,"valueName":"search_term_string"}}],"inLanguage":"hu"},{"@type":"Organization","@id":"https:\/\/kalandoroktarsasaga.hu\/#organization","name":"Kalandorok T\u00e1rsas\u00e1ga","url":"https:\/\/kalandoroktarsasaga.hu\/","logo":{"@type":"ImageObject","inLanguage":"hu","@id":"https:\/\/kalandoroktarsasaga.hu\/#\/schema\/logo\/image\/","url":"https:\/\/kalandoroktarsasaga.hu\/wp-content\/uploads\/2023\/08\/cropped-Logo-1.png","contentUrl":"https:\/\/kalandoroktarsasaga.hu\/wp-content\/uploads\/2023\/08\/cropped-Logo-1.png","width":599,"height":832,"caption":"Kalandorok T\u00e1rsas\u00e1ga"},"image":{"@id":"https:\/\/kalandoroktarsasaga.hu\/#\/schema\/logo\/image\/"}}]}},"_links":{"self":[{"href":"https:\/\/kalandoroktarsasaga.hu\/index.php\/wp-json\/wp\/v2\/pages\/592","targetHints":{"allow":["GET"]}}],"collection":[{"href":"https:\/\/kalandoroktarsasaga.hu\/index.php\/wp-json\/wp\/v2\/pages"}],"about":[{"href":"https:\/\/kalandoroktarsasaga.hu\/index.php\/wp-json\/wp\/v2\/types\/page"}],"author":[{"embeddable":true,"href":"https:\/\/kalandoroktarsasaga.hu\/index.php\/wp-json\/wp\/v2\/users\/1"}],"replies":[{"embeddable":true,"href":"https:\/\/kalandoroktarsasaga.hu\/index.php\/wp-json\/wp\/v2\/comments?post=592"}],"version-history":[{"count":57,"href":"https:\/\/kalandoroktarsasaga.hu\/index.php\/wp-json\/wp\/v2\/pages\/592\/revisions"}],"predecessor-version":[{"id":808,"href":"https:\/\/kalandoroktarsasaga.hu\/index.php\/wp-json\/wp\/v2\/pages\/592\/revisions\/808"}],"up":[{"embeddable":true,"href":"https:\/\/kalandoroktarsasaga.hu\/index.php\/wp-json\/wp\/v2\/pages\/506"}],"wp:featuredmedia":[{"embeddable":true,"href":"https:\/\/kalandoroktarsasaga.hu\/index.php\/wp-json\/wp\/v2\/media\/649"}],"wp:attachment":[{"href":"https:\/\/kalandoroktarsasaga.hu\/index.php\/wp-json\/wp\/v2\/media?parent=592"}],"curies":[{"name":"wp","href":"https:\/\/api.w.org\/{rel}","templated":true}]}}