{"id":78,"date":"2023-09-22T15:09:38","date_gmt":"2023-09-22T13:09:38","guid":{"rendered":"https:\/\/kalandoroktarsasaga.hu\/?page_id=78"},"modified":"2023-09-22T18:40:47","modified_gmt":"2023-09-22T16:40:47","slug":"vi-magyar-virtus","status":"publish","type":"page","link":"https:\/\/kalandoroktarsasaga.hu\/index.php\/rendezvenyeink\/vi-magyar-virtus\/","title":{"rendered":"VI. Magyar virtus"},"content":{"rendered":"\n<p>K\u00f6vetkez\u0151 tal\u00e1lkoz\u00f3nk a m\u00e1r megszokott fel\u00e1ll\u00e1s&nbsp;szerint tematikus \u00e9s f\u00fcggetlen&nbsp;mes\u00e9kkel, n\u00e9pszer\u0171 \u00e9s \u00ednyenc rendszerekkel is megpr\u00f3b\u00e1lja sz\u00f3rakoztatni a Nagy\u00e9rdem\u0171t.<\/p>\n\n\n\n<p>T\u00e9m\u00e1nk ez\u00fattal a&nbsp;<em>Magyar virtus&nbsp;<\/em>k\u00f3dnevet kapta:&nbsp;a magyar t\u00f6rt\u00e9nelemhez, irodalomhoz vagy (pop)kult\u00far\u00e1hoz valamilyen sz\u00e1lakkal kapcsol\u00f3d\u00f3 mes\u00e9ket pr\u00f3b\u00e1lunk \u00f6sszegy\u0171jteni nektek.&nbsp;A kapcsol\u00f3d\u00e1s jelleg\u00e9t \u00e9s m\u00e9rt\u00e9k\u00e9t a mes\u00e9l\u0151kre&nbsp;b\u00edzzuk. Van egy \u00c1rny\u00e9kmagyarorsz\u00e1gon j\u00e1tsz\u00f3d\u00f3 Shadowrun mes\u00e9d? Esetleg egy, a Budapest \u00e9jszak\u00e1j\u00e1ban j\u00e1tsz\u00f3d\u00f3 Vampire vagy Cyberpunk sztorid? Feldolgozt\u00e1l egy magyar n\u00e9pmes\u00e9t Helv\u00e9czi\u00e1ban? Megihletett Jeffrey Stone\/John Caldwell valamelyik vil\u00e1ga? \u00dagy v\u00e9led, a tiszazugi m\u00e9regkever\u0151k m\u00f6g\u00f6tt a Nagy \u00d6regek kultusza \u00e1llhatott? A tat\u00e1rok gonosz humanoid hord\u00e1k voltak? A hidegh\u00e1bor\u00fa alatt a sz\u00edriuszi \u0151smagyars\u00e1g lezuhant uf\u00f3j\u00e1t rejtegett\u00e9k a Bakonyban? Vagy egyszer\u0171en csak egy magyar szerepj\u00e1t\u00e9krendszert haszn\u00e1ln\u00e1l? Sci-fi, horror, fantasy, gonz\u00f3, b\u00e1rmi belef\u00e9r.<\/p>\n\n\n\n<p>Term\u00e9szetesen nem csak a tematikus blokkba keres\u00fcnk mes\u00e9ket \u2013 szok\u00e1sunkhoz h\u00edven igyeksz\u00fcnk egy\u00e9b, az aktu\u00e1lis tematik\u00e1t\u00f3l el\u00fct\u0151 mes\u00e9knek is teret biztos\u00edtani. Ha van egy\u00e9b, lehet\u0151leg f\u00e9l nap alatt lemes\u00e9lhet\u0151 kalandod, amivel sz\u00edvesen emeln\u00e9d rendezv\u00e9ny\u00fcnk sz\u00ednvonal\u00e1t, jelentkez\u00e9sed h\u00e1l\u00e1san fogadjuk!<\/p>\n\n\n\n<p>A mes\u00e9l\u0151i jelentkez\u00e9s&nbsp;mik\u00e9ntj\u00e9r\u0151l b\u0151vebben itt olvashattok:&nbsp;<a href=\"https:\/\/kalandoroktarsasaga.hu\/ha-meselnel-hatodik-katan\/\">https:\/\/kalandoroktarsasaga.hu\/ha-meselnel-hatodik-katan\/<\/a><\/p>\n\n\n\n<p><strong>Id\u0151pont<\/strong>: 2017.04.22<\/p>\n\n\n\n<p><strong>Helysz\u00edn<\/strong>: Zugl\u00f3i Ifj\u00fas\u00e1gi Centrum, melynek b\u00e9rl\u00e9s\u00e9ben ism\u00e9t seg\u00edts\u00e9get kaptunk az <a href=\"http:\/\/larp.ostromjatek.hu\/jatekleirasok\/\">Ostromj\u00e1t\u00e9k Hagyom\u00e1ny\u0151rz\u0151 Egyes\u00fclet<\/a>t\u0151l.<\/p>\n\n\n\n<p><strong>C\u00edm: <\/strong>1145 Budapest, Uzsoki utca 57. Tet\u0151t\u00e9r (bej\u00e1rat a Kassai t\u00e9r fel\u0151l)<\/p>\n\n\n\n<p align=\"center\"><iframe src=\"https:\/\/www.google.com\/maps\/embed?pb=!1m14!1m8!1m3!1d10777.32063363106!2d19.0972447!3d47.5224349!3m2!1i1024!2i768!4f13.1!3m3!1m2!1s0x4741db9d587a07cd%3A0x360bf4dc9ae28bdb!2zWnVnbMOzaSBJZmrDunPDoWdpIENlbnRydW0!5e0!3m2!1shu!2shu!4v1691315503480!5m2!1shu!2shu\" width=\"600\" height=\"450\" style=\"border:0;\" allowfullscreen=\"\" loading=\"lazy\" referrerpolicy=\"no-referrer-when-downgrade\"><\/iframe><\/p>\n\n\n\n<p><strong>A rendezv\u00e9nyre a j\u00e1t\u00e9kosi jelentkez\u00e9s&nbsp;<mark style=\"background-color:rgba(0, 0, 0, 0);color:#dd1313\" class=\"has-inline-color\">2017. \u00e1prilis 2-\u00e1n, vas\u00e1rnap este 20:00-kor indul<\/mark>.<\/strong><\/p>\n\n\n\n<p>A jelentkez\u00e9s regisztr\u00e1ci\u00f3hoz k\u00f6t\u00f6tt, amelyet el\u0151re is elv\u00e9gezhettek, hogy ne vas\u00e1rnap este kelljen vele kapkodni.<\/p>\n\n\n\n<p><strong>Program<\/strong><\/p>\n\n\n\n<p>8:00-8:45&nbsp;<strong>Nyit\u00e1s \u00e9s gy\u00fclekez\u0151<br><\/strong>9:00-13:30&nbsp;<strong>D\u00e9lel\u0151tti mes\u00e9k<br><\/strong>13:30-14:30&nbsp;<strong>Eb\u00e9dsz\u00fcnet<br><\/strong>14:30-19:00&nbsp;<strong>D\u00e9lut\u00e1ni mes\u00e9k<br><\/strong>19:30-20:00&nbsp;<strong>Rendezv\u00e9nyz\u00e1r\u00f3, tombola<\/strong><\/p>\n\n\n\n<p><strong>Eg\u00e9sz napos mese<\/strong><\/p>\n\n\n\n<figure class=\"wp-block-table\"><table><thead><tr><td><strong>Id\u0151pont<\/strong><\/td><td><strong>Mese<\/strong><\/td><\/tr><\/thead><tbody><tr><td>2017. 04. 22.<br>09:00 &#8211; 19:00<\/td><td>Ghule<br><strong>Mes\u00e9l\u0151:<\/strong>&nbsp;Doc&nbsp;<strong>Rendszer:<\/strong>&nbsp;D&amp;D; 5e&nbsp;<strong>Szabad helyek:<\/strong>&nbsp;0<\/td><\/tr><\/tbody><\/table><\/figure>\n\n\n\n<p><strong>D\u00e9lel\u0151tti mes\u00e9k<\/strong><\/p>\n\n\n\n<figure class=\"wp-block-table\"><table><thead><tr><td><strong>Id\u0151pont<\/strong><\/td><td><strong>Mese<\/strong><\/td><\/tr><\/thead><tbody><tr><td>2017. 04. 22.<br>09:00 &#8211; 13:30<\/td><td>A D\u00fan-tenger fosztogat\u00f3i<br><strong>Mes\u00e9l\u0151:<\/strong>&nbsp;Glowface&nbsp;<strong>Rendszer:<\/strong>&nbsp;Shadow of the Demon Lord&nbsp;<strong>Szabad helyek:<\/strong>&nbsp;0<\/td><\/tr><tr><td>2017. 04. 22.<br>09:00 &#8211; 13:30<\/td><td>A kapit\u00e1ny\u00e9rt!<br><strong>Mes\u00e9l\u0151:<\/strong>&nbsp;Magyar Zolt\u00e1n&nbsp;<strong>Rendszer:<\/strong>&nbsp;Husz\u00e1rv\u00e1g\u00e1s&nbsp;<strong>Szabad helyek:<\/strong>&nbsp;5<\/td><\/tr><tr><td>2017. 04. 22.<br>09:00 &#8211; 13:30<\/td><td>A medv\u00e9s-pataki rettenet<br><strong>Mes\u00e9l\u0151:<\/strong>&nbsp;Roland&nbsp;<strong>Rendszer:<\/strong>&nbsp;Beyond the Wall and other adventures&nbsp;<strong>Szabad helyek:<\/strong>&nbsp;0<\/td><\/tr><tr><td>2017. 04. 22.<br>09:00 &#8211; 13:30<\/td><td>A Monarchia Igazs\u00e1glig\u00e1ja<br><strong>Mes\u00e9l\u0151:<\/strong>&nbsp;Bulldy&nbsp;<strong>Rendszer:<\/strong>&nbsp;Savage Worlds&nbsp;<strong>Szabad helyek:<\/strong>&nbsp;0<\/td><\/tr><tr><td>2017. 04. 22.<br>09:00 &#8211; 13:30<\/td><td>B&amp;B avagy a szent Gr\u00e1l nyom\u00e1ban<br><strong>Mes\u00e9l\u0151:<\/strong>&nbsp;Mazsin\u00f3&nbsp;<strong>Rendszer:<\/strong>&nbsp;Makoc&nbsp;<strong>Szabad helyek:<\/strong>&nbsp;2<\/td><\/tr><tr><td>2017. 04. 22.<br>09:00 &#8211; 13:30<\/td><td>Behem\u00f3t<br><strong>Mes\u00e9l\u0151:<\/strong>&nbsp;Ravenheart&nbsp;<strong>Rendszer:<\/strong>&nbsp;DCC RPG&nbsp;<strong>Szabad helyek:<\/strong>&nbsp;2<\/td><\/tr><tr><td>2017. 04. 22.<br>09:00 &#8211; 13:30<\/td><td>H\u00e1borod\u00e1s Haferspitzerdorfban<br><strong>Mes\u00e9l\u0151:<\/strong>&nbsp;Alister&nbsp;<strong>Rendszer:<\/strong>&nbsp;Helv\u00e9czia&nbsp;<strong>Szabad helyek:<\/strong>&nbsp;0<\/td><\/tr><tr><td>2017. 04. 22.<br>09:00 &#8211; 13:30<\/td><td>S\u00e9takocsik\u00e1z\u00e1s<br><strong>Mes\u00e9l\u0151:<\/strong>&nbsp;Halathin&nbsp;<strong>Rendszer:<\/strong>&nbsp;Cyberpunk 2020&nbsp;<strong>Szabad helyek:<\/strong>&nbsp;0<\/td><\/tr><\/tbody><\/table><\/figure>\n\n\n\n<p><strong>D\u00e9lut\u00e1ni mes\u00e9k<\/strong><\/p>\n\n\n\n<figure class=\"wp-block-table\"><table><thead><tr><td><strong>Id\u0151pont<\/strong><\/td><td><strong>Mese<\/strong><\/td><\/tr><\/thead><tbody><tr><td>2017. 04. 22.<br>14:30 &#8211; 19:00<\/td><td>A csill\u00e1ml\u00f3 falon t\u00fal<br><strong>Mes\u00e9l\u0151:<\/strong>&nbsp;elGabor&nbsp;<strong>Rendszer:<\/strong>&nbsp;Kard \u00e9s M\u00e1gia&nbsp;<strong>Szabad helyek:<\/strong>&nbsp;0<\/td><\/tr><tr><td>2017. 04. 22.<br>14:30 &#8211; 19:00<\/td><td>A gargoyleok titka<br><strong>Mes\u00e9l\u0151:<\/strong>&nbsp;Arturus&nbsp;<strong>Rendszer:<\/strong>&nbsp;Shadowrun 2e&nbsp;<strong>Szabad helyek:<\/strong>&nbsp;1<\/td><\/tr><tr><td>2017. 04. 22.<br>14:30 &#8211; 19:00<\/td><td>A vak halottak \u00e1tka<br><strong>Mes\u00e9l\u0151:<\/strong>&nbsp;Marvin&nbsp;<strong>Rendszer:<\/strong>&nbsp;InSpectres&nbsp;<strong>Szabad helyek:<\/strong>&nbsp;0<\/td><\/tr><tr><td>2017. 04. 22.<br>14:30 &#8211; 19:00<\/td><td>Az \u00f6reg b\u00e1nya titka<br><strong>Mes\u00e9l\u0151:<\/strong>&nbsp;Freelancer&nbsp;<strong>Rendszer:<\/strong>&nbsp;K\u00e1osz&nbsp;<strong>Szabad helyek:<\/strong>&nbsp;5<\/td><\/tr><tr><td>2017. 04. 22.<br>14:30 &#8211; 19:00<\/td><td>Esk\u00fcv\u0151 a v\u00e9geken<br><strong>Mes\u00e9l\u0151:<\/strong>&nbsp;Zagor&nbsp;<strong>Rendszer:<\/strong>&nbsp;D&amp;D; 4e&nbsp;<strong>Szabad helyek:<\/strong>&nbsp;0<\/td><\/tr><tr><td>2017. 04. 22.<br>14:30 &#8211; 19:00<\/td><td>Fekete tajt\u00e9kok<br><strong>Mes\u00e9l\u0151:<\/strong>&nbsp;lenienn&nbsp;<strong>Rendszer:<\/strong>&nbsp;D6 adventure&nbsp;<strong>Szabad helyek:<\/strong>&nbsp;0<\/td><\/tr><tr><td>2017. 04. 22.<br>14:30 &#8211; 19:00<\/td><td>Kardok \u00e9s boszork\u00e1nys\u00e1g Karlavban<br><strong>Mes\u00e9l\u0151:<\/strong>&nbsp;Narmor&nbsp;<strong>Rendszer:<\/strong>&nbsp;Kazamat\u00e1k \u00e9s Komp\u00e1ni\u00e1k&nbsp;<strong>Szabad helyek:<\/strong>&nbsp;0<\/td><\/tr><tr><td>2017. 04. 22.<br>14:30 &#8211; 19:00<\/td><td>Vonat az \u00e9jszak\u00e1ban<br><strong>Mes\u00e9l\u0151:<\/strong>&nbsp;Premier&nbsp;<strong>Rendszer:<\/strong>&nbsp;D&amp;D;&nbsp;<strong>Szabad helyek:<\/strong>&nbsp;0<\/td><\/tr><\/tbody><\/table><\/figure>\n\n\n\n<p><\/p>\n\n\n\n<p><\/p>\n","protected":false},"excerpt":{"rendered":"<p>K\u00f6vetkez\u0151 tal\u00e1lkoz\u00f3nk a m\u00e1r megszokott fel\u00e1ll\u00e1s&nbsp;szerint tematikus \u00e9s f\u00fcggetlen&nbsp;mes\u00e9kkel, n\u00e9pszer\u0171 \u00e9s \u00ednyenc rendszerekkel is megpr\u00f3b\u00e1lja sz\u00f3rakoztatni a Nagy\u00e9rdem\u0171t. T\u00e9m\u00e1nk ez\u00fattal a&nbsp;Magyar virtus&nbsp;k\u00f3dnevet kapta:&nbsp;a magyar t\u00f6rt\u00e9nelemhez, irodalomhoz vagy (pop)kult\u00far\u00e1hoz valamilyen sz\u00e1lakkal kapcsol\u00f3d\u00f3 mes\u00e9ket pr\u00f3b\u00e1lunk \u00f6sszegy\u0171jteni nektek.&nbsp;A kapcsol\u00f3d\u00e1s jelleg\u00e9t \u00e9s m\u00e9rt\u00e9k\u00e9t a mes\u00e9l\u0151kre&nbsp;b\u00edzzuk. Van egy \u00c1rny\u00e9kmagyarorsz\u00e1gon j\u00e1tsz\u00f3d\u00f3 Shadowrun mes\u00e9d? Esetleg egy, a Budapest \u00e9jszak\u00e1j\u00e1ban j\u00e1tsz\u00f3d\u00f3 Vampire vagy&#8230;<\/p>\n","protected":false},"author":1,"featured_media":0,"parent":506,"menu_order":6,"comment_status":"closed","ping_status":"closed","template":"","meta":{"_kadence_starter_templates_imported_post":false,"_kad_post_transparent":"","_kad_post_title":"","_kad_post_layout":"","_kad_post_sidebar_id":"","_kad_post_content_style":"","_kad_post_vertical_padding":"","_kad_post_feature":"","_kad_post_feature_position":"","_kad_post_header":false,"_kad_post_footer":false,"footnotes":""},"class_list":["post-78","page","type-page","status-publish","hentry"],"yoast_head":"<!-- This site is optimized with the Yoast SEO plugin v26.2 - https:\/\/yoast.com\/wordpress\/plugins\/seo\/ -->\n<title>VI. Magyar virtus - Kalandorok T\u00e1rsas\u00e1ga<\/title>\n<meta name=\"robots\" content=\"index, follow, max-snippet:-1, max-image-preview:large, max-video-preview:-1\" \/>\n<link rel=\"canonical\" href=\"https:\/\/kalandoroktarsasaga.hu\/index.php\/rendezvenyeink\/vi-magyar-virtus\/\" \/>\n<meta property=\"og:locale\" content=\"hu_HU\" \/>\n<meta property=\"og:type\" content=\"article\" \/>\n<meta property=\"og:title\" content=\"VI. Magyar virtus - Kalandorok T\u00e1rsas\u00e1ga\" \/>\n<meta property=\"og:description\" content=\"K\u00f6vetkez\u0151 tal\u00e1lkoz\u00f3nk a m\u00e1r megszokott fel\u00e1ll\u00e1s&nbsp;szerint tematikus \u00e9s f\u00fcggetlen&nbsp;mes\u00e9kkel, n\u00e9pszer\u0171 \u00e9s \u00ednyenc rendszerekkel is megpr\u00f3b\u00e1lja sz\u00f3rakoztatni a Nagy\u00e9rdem\u0171t. T\u00e9m\u00e1nk ez\u00fattal a&nbsp;Magyar virtus&nbsp;k\u00f3dnevet kapta:&nbsp;a magyar t\u00f6rt\u00e9nelemhez, irodalomhoz vagy (pop)kult\u00far\u00e1hoz valamilyen sz\u00e1lakkal kapcsol\u00f3d\u00f3 mes\u00e9ket pr\u00f3b\u00e1lunk \u00f6sszegy\u0171jteni nektek.&nbsp;A kapcsol\u00f3d\u00e1s jelleg\u00e9t \u00e9s m\u00e9rt\u00e9k\u00e9t a mes\u00e9l\u0151kre&nbsp;b\u00edzzuk. Van egy \u00c1rny\u00e9kmagyarorsz\u00e1gon j\u00e1tsz\u00f3d\u00f3 Shadowrun mes\u00e9d? Esetleg egy, a Budapest \u00e9jszak\u00e1j\u00e1ban j\u00e1tsz\u00f3d\u00f3 Vampire vagy...\" \/>\n<meta property=\"og:url\" content=\"https:\/\/kalandoroktarsasaga.hu\/index.php\/rendezvenyeink\/vi-magyar-virtus\/\" \/>\n<meta property=\"og:site_name\" content=\"Kalandorok T\u00e1rsas\u00e1ga\" \/>\n<meta property=\"article:modified_time\" content=\"2023-09-22T16:40:47+00:00\" \/>\n<meta name=\"twitter:card\" content=\"summary_large_image\" \/>\n<meta name=\"twitter:label1\" content=\"Becs\u00fclt olvas\u00e1si id\u0151\" \/>\n\t<meta name=\"twitter:data1\" content=\"3 perc\" \/>\n<script type=\"application\/ld+json\" class=\"yoast-schema-graph\">{\"@context\":\"https:\/\/schema.org\",\"@graph\":[{\"@type\":\"WebPage\",\"@id\":\"https:\/\/kalandoroktarsasaga.hu\/index.php\/rendezvenyeink\/vi-magyar-virtus\/\",\"url\":\"https:\/\/kalandoroktarsasaga.hu\/index.php\/rendezvenyeink\/vi-magyar-virtus\/\",\"name\":\"VI. Magyar virtus - Kalandorok T\u00e1rsas\u00e1ga\",\"isPartOf\":{\"@id\":\"https:\/\/kalandoroktarsasaga.hu\/#website\"},\"datePublished\":\"2023-09-22T13:09:38+00:00\",\"dateModified\":\"2023-09-22T16:40:47+00:00\",\"breadcrumb\":{\"@id\":\"https:\/\/kalandoroktarsasaga.hu\/index.php\/rendezvenyeink\/vi-magyar-virtus\/#breadcrumb\"},\"inLanguage\":\"hu\",\"potentialAction\":[{\"@type\":\"ReadAction\",\"target\":[\"https:\/\/kalandoroktarsasaga.hu\/index.php\/rendezvenyeink\/vi-magyar-virtus\/\"]}]},{\"@type\":\"BreadcrumbList\",\"@id\":\"https:\/\/kalandoroktarsasaga.hu\/index.php\/rendezvenyeink\/vi-magyar-virtus\/#breadcrumb\",\"itemListElement\":[{\"@type\":\"ListItem\",\"position\":1,\"name\":\"Kezd\u0151lap\",\"item\":\"https:\/\/kalandoroktarsasaga.hu\/\"},{\"@type\":\"ListItem\",\"position\":2,\"name\":\"Rendezv\u00e9nyeink\",\"item\":\"https:\/\/kalandoroktarsasaga.hu\/index.php\/rendezvenyeink\/\"},{\"@type\":\"ListItem\",\"position\":3,\"name\":\"VI. Magyar virtus\"}]},{\"@type\":\"WebSite\",\"@id\":\"https:\/\/kalandoroktarsasaga.hu\/#website\",\"url\":\"https:\/\/kalandoroktarsasaga.hu\/\",\"name\":\"Kalandorok T\u00e1rsas\u00e1ga\",\"description\":\"Szerepj\u00e1t\u00e9kos rendezv\u00e9nyeket szervez\u00fcnk - veletek, nektek\",\"publisher\":{\"@id\":\"https:\/\/kalandoroktarsasaga.hu\/#organization\"},\"potentialAction\":[{\"@type\":\"SearchAction\",\"target\":{\"@type\":\"EntryPoint\",\"urlTemplate\":\"https:\/\/kalandoroktarsasaga.hu\/?s={search_term_string}\"},\"query-input\":{\"@type\":\"PropertyValueSpecification\",\"valueRequired\":true,\"valueName\":\"search_term_string\"}}],\"inLanguage\":\"hu\"},{\"@type\":\"Organization\",\"@id\":\"https:\/\/kalandoroktarsasaga.hu\/#organization\",\"name\":\"Kalandorok T\u00e1rsas\u00e1ga\",\"url\":\"https:\/\/kalandoroktarsasaga.hu\/\",\"logo\":{\"@type\":\"ImageObject\",\"inLanguage\":\"hu\",\"@id\":\"https:\/\/kalandoroktarsasaga.hu\/#\/schema\/logo\/image\/\",\"url\":\"https:\/\/kalandoroktarsasaga.hu\/wp-content\/uploads\/2023\/08\/cropped-Logo-1.png\",\"contentUrl\":\"https:\/\/kalandoroktarsasaga.hu\/wp-content\/uploads\/2023\/08\/cropped-Logo-1.png\",\"width\":599,\"height\":832,\"caption\":\"Kalandorok T\u00e1rsas\u00e1ga\"},\"image\":{\"@id\":\"https:\/\/kalandoroktarsasaga.hu\/#\/schema\/logo\/image\/\"}}]}<\/script>\n<!-- \/ Yoast SEO plugin. -->","yoast_head_json":{"title":"VI. Magyar virtus - Kalandorok T\u00e1rsas\u00e1ga","robots":{"index":"index","follow":"follow","max-snippet":"max-snippet:-1","max-image-preview":"max-image-preview:large","max-video-preview":"max-video-preview:-1"},"canonical":"https:\/\/kalandoroktarsasaga.hu\/index.php\/rendezvenyeink\/vi-magyar-virtus\/","og_locale":"hu_HU","og_type":"article","og_title":"VI. Magyar virtus - Kalandorok T\u00e1rsas\u00e1ga","og_description":"K\u00f6vetkez\u0151 tal\u00e1lkoz\u00f3nk a m\u00e1r megszokott fel\u00e1ll\u00e1s&nbsp;szerint tematikus \u00e9s f\u00fcggetlen&nbsp;mes\u00e9kkel, n\u00e9pszer\u0171 \u00e9s \u00ednyenc rendszerekkel is megpr\u00f3b\u00e1lja sz\u00f3rakoztatni a Nagy\u00e9rdem\u0171t. T\u00e9m\u00e1nk ez\u00fattal a&nbsp;Magyar virtus&nbsp;k\u00f3dnevet kapta:&nbsp;a magyar t\u00f6rt\u00e9nelemhez, irodalomhoz vagy (pop)kult\u00far\u00e1hoz valamilyen sz\u00e1lakkal kapcsol\u00f3d\u00f3 mes\u00e9ket pr\u00f3b\u00e1lunk \u00f6sszegy\u0171jteni nektek.&nbsp;A kapcsol\u00f3d\u00e1s jelleg\u00e9t \u00e9s m\u00e9rt\u00e9k\u00e9t a mes\u00e9l\u0151kre&nbsp;b\u00edzzuk. Van egy \u00c1rny\u00e9kmagyarorsz\u00e1gon j\u00e1tsz\u00f3d\u00f3 Shadowrun mes\u00e9d? Esetleg egy, a Budapest \u00e9jszak\u00e1j\u00e1ban j\u00e1tsz\u00f3d\u00f3 Vampire vagy...","og_url":"https:\/\/kalandoroktarsasaga.hu\/index.php\/rendezvenyeink\/vi-magyar-virtus\/","og_site_name":"Kalandorok T\u00e1rsas\u00e1ga","article_modified_time":"2023-09-22T16:40:47+00:00","twitter_card":"summary_large_image","twitter_misc":{"Becs\u00fclt olvas\u00e1si id\u0151":"3 perc"},"schema":{"@context":"https:\/\/schema.org","@graph":[{"@type":"WebPage","@id":"https:\/\/kalandoroktarsasaga.hu\/index.php\/rendezvenyeink\/vi-magyar-virtus\/","url":"https:\/\/kalandoroktarsasaga.hu\/index.php\/rendezvenyeink\/vi-magyar-virtus\/","name":"VI. Magyar virtus - Kalandorok T\u00e1rsas\u00e1ga","isPartOf":{"@id":"https:\/\/kalandoroktarsasaga.hu\/#website"},"datePublished":"2023-09-22T13:09:38+00:00","dateModified":"2023-09-22T16:40:47+00:00","breadcrumb":{"@id":"https:\/\/kalandoroktarsasaga.hu\/index.php\/rendezvenyeink\/vi-magyar-virtus\/#breadcrumb"},"inLanguage":"hu","potentialAction":[{"@type":"ReadAction","target":["https:\/\/kalandoroktarsasaga.hu\/index.php\/rendezvenyeink\/vi-magyar-virtus\/"]}]},{"@type":"BreadcrumbList","@id":"https:\/\/kalandoroktarsasaga.hu\/index.php\/rendezvenyeink\/vi-magyar-virtus\/#breadcrumb","itemListElement":[{"@type":"ListItem","position":1,"name":"Kezd\u0151lap","item":"https:\/\/kalandoroktarsasaga.hu\/"},{"@type":"ListItem","position":2,"name":"Rendezv\u00e9nyeink","item":"https:\/\/kalandoroktarsasaga.hu\/index.php\/rendezvenyeink\/"},{"@type":"ListItem","position":3,"name":"VI. Magyar virtus"}]},{"@type":"WebSite","@id":"https:\/\/kalandoroktarsasaga.hu\/#website","url":"https:\/\/kalandoroktarsasaga.hu\/","name":"Kalandorok T\u00e1rsas\u00e1ga","description":"Szerepj\u00e1t\u00e9kos rendezv\u00e9nyeket szervez\u00fcnk - veletek, nektek","publisher":{"@id":"https:\/\/kalandoroktarsasaga.hu\/#organization"},"potentialAction":[{"@type":"SearchAction","target":{"@type":"EntryPoint","urlTemplate":"https:\/\/kalandoroktarsasaga.hu\/?s={search_term_string}"},"query-input":{"@type":"PropertyValueSpecification","valueRequired":true,"valueName":"search_term_string"}}],"inLanguage":"hu"},{"@type":"Organization","@id":"https:\/\/kalandoroktarsasaga.hu\/#organization","name":"Kalandorok T\u00e1rsas\u00e1ga","url":"https:\/\/kalandoroktarsasaga.hu\/","logo":{"@type":"ImageObject","inLanguage":"hu","@id":"https:\/\/kalandoroktarsasaga.hu\/#\/schema\/logo\/image\/","url":"https:\/\/kalandoroktarsasaga.hu\/wp-content\/uploads\/2023\/08\/cropped-Logo-1.png","contentUrl":"https:\/\/kalandoroktarsasaga.hu\/wp-content\/uploads\/2023\/08\/cropped-Logo-1.png","width":599,"height":832,"caption":"Kalandorok T\u00e1rsas\u00e1ga"},"image":{"@id":"https:\/\/kalandoroktarsasaga.hu\/#\/schema\/logo\/image\/"}}]}},"_links":{"self":[{"href":"https:\/\/kalandoroktarsasaga.hu\/index.php\/wp-json\/wp\/v2\/pages\/78","targetHints":{"allow":["GET"]}}],"collection":[{"href":"https:\/\/kalandoroktarsasaga.hu\/index.php\/wp-json\/wp\/v2\/pages"}],"about":[{"href":"https:\/\/kalandoroktarsasaga.hu\/index.php\/wp-json\/wp\/v2\/types\/page"}],"author":[{"embeddable":true,"href":"https:\/\/kalandoroktarsasaga.hu\/index.php\/wp-json\/wp\/v2\/users\/1"}],"replies":[{"embeddable":true,"href":"https:\/\/kalandoroktarsasaga.hu\/index.php\/wp-json\/wp\/v2\/comments?post=78"}],"version-history":[{"count":2,"href":"https:\/\/kalandoroktarsasaga.hu\/index.php\/wp-json\/wp\/v2\/pages\/78\/revisions"}],"predecessor-version":[{"id":494,"href":"https:\/\/kalandoroktarsasaga.hu\/index.php\/wp-json\/wp\/v2\/pages\/78\/revisions\/494"}],"up":[{"embeddable":true,"href":"https:\/\/kalandoroktarsasaga.hu\/index.php\/wp-json\/wp\/v2\/pages\/506"}],"wp:attachment":[{"href":"https:\/\/kalandoroktarsasaga.hu\/index.php\/wp-json\/wp\/v2\/media?parent=78"}],"curies":[{"name":"wp","href":"https:\/\/api.w.org\/{rel}","templated":true}]}}