{"id":81,"date":"2023-09-22T15:10:35","date_gmt":"2023-09-22T13:10:35","guid":{"rendered":"https:\/\/kalandoroktarsasaga.hu\/?page_id=81"},"modified":"2023-09-22T18:41:44","modified_gmt":"2023-09-22T16:41:44","slug":"vii-legendas-szornyek-es-kivegzesuk","status":"publish","type":"page","link":"https:\/\/kalandoroktarsasaga.hu\/index.php\/rendezvenyeink\/vii-legendas-szornyek-es-kivegzesuk\/","title":{"rendered":"VII. Legend\u00e1s Sz\u00f6rnyek \u00e9s Kiv\u00e9gz\u00e9s\u00fck"},"content":{"rendered":"\n<p>K\u00f6vetkez\u0151 tal\u00e1lkoz\u00f3nk a m\u00e1r megszokott fel\u00e1ll\u00e1s&nbsp;szerint tematikus \u00e9s f\u00fcggetlen&nbsp;mes\u00e9kkel, n\u00e9pszer\u0171 \u00e9s \u00ednyenc rendszerekkel is pr\u00f3b\u00e1lja sz\u00f3rakoztatni a Nagy\u00e9rdem\u0171t.<\/p>\n\n\n\n<p>T\u00e9m\u00e1nk pedig ez\u00fattal a&nbsp;<em>\u2018Legend\u00e1s Sz\u00f6rnyek \u00e9s Kiv\u00e9gz\u00e9s\u00fck\u2019&nbsp;<\/em>k\u00f3dnevet kapta, a k\u00f6zismert film nyom\u00e1n. Mind\u00f6ssze annyi a krit\u00e9rium, hogy a t\u00f6rt\u00e9netben t\u0171nj\u00f6n fel egy bestia \u2013 \u00e9s ker\u00fclj\u00f6n vesz\u00e9lybe, b\u00e1r ez val\u00f3sz\u00edn\u0171leg egy\u00e9rtelm\u0171en adja mag\u00e1t.&nbsp; Felt\u0171nhetnek ny\u00edltan vagy rejtve s\u00e1rk\u00e1nyok, minotauruszok vagy ak\u00e1r Nagy \u00d6regek is; tal\u00e1n kiv\u00e9gz\u00e9sre v\u00e1r\u00f3 ellenfelek lesznek, de az is lehet, hogy sz\u00f6vets\u00e9gesek. &nbsp;Hovatov\u00e1bb, &nbsp;esetleg &nbsp;Te magad alak\u00edthatod majd valamelyik legend\u00e1s sz\u00f6rnyeteget\u2026 ha vil\u00e1gos egy\u00e1ltal\u00e1n, a t\u00f6rt\u00e9netben ki is a val\u00f3di sz\u00f6rnyeteg.<\/p>\n\n\n\n<p>Term\u00e9szetesen nem csak a tematikus blokkba keres\u00fcnk mes\u00e9ket \u2013 szok\u00e1sunkhoz h\u00edven igyeksz\u00fcnk egy\u00e9b, az aktu\u00e1lis tematik\u00e1t\u00f3l el\u00fct\u0151 mes\u00e9knek is teret biztos\u00edtani. Ha van egy\u00e9b, lehet\u0151leg f\u00e9l nap alatt lemes\u00e9lhet\u0151 kalandod, amivel sz\u00edvesen emeln\u00e9d rendezv\u00e9ny\u00fcnk sz\u00ednvonal\u00e1t, jelentkez\u00e9sed h\u00e1l\u00e1san fogadjuk!<\/p>\n\n\n\n<p><strong>Id\u0151pont<\/strong>: 2018.02.24<\/p>\n\n\n\n<p><strong>Helysz\u00edn<\/strong>: Zugl\u00f3i Ifj\u00fas\u00e1gi Centrum, melynek b\u00e9rl\u00e9s\u00e9ben ism\u00e9t seg\u00edts\u00e9get kaptunk az <a href=\"http:\/\/larp.ostromjatek.hu\/jatekleirasok\/\">Ostromj\u00e1t\u00e9k Hagyom\u00e1ny\u0151rz\u0151 Egyes\u00fclet<\/a>t\u0151l.<\/p>\n\n\n\n<p><strong>C\u00edm: <\/strong>1145 Budapest, Uzsoki utca 57. Tet\u0151t\u00e9r (bej\u00e1rat a Kassai t\u00e9r fel\u0151l)<\/p>\n\n\n\n<p align=\"center\"><iframe src=\"https:\/\/www.google.com\/maps\/embed?pb=!1m14!1m8!1m3!1d10777.32063363106!2d19.0972447!3d47.5224349!3m2!1i1024!2i768!4f13.1!3m3!1m2!1s0x4741db9d587a07cd%3A0x360bf4dc9ae28bdb!2zWnVnbMOzaSBJZmrDunPDoWdpIENlbnRydW0!5e0!3m2!1shu!2shu!4v1691315503480!5m2!1shu!2shu\" width=\"600\" height=\"450\" style=\"border:0;\" allowfullscreen=\"\" loading=\"lazy\" referrerpolicy=\"no-referrer-when-downgrade\"><\/iframe><\/p>\n\n\n\n<p><strong>A rendezv\u00e9nyre a j\u00e1t\u00e9kosi jelentkez\u00e9s&nbsp;<mark style=\"background-color:rgba(0, 0, 0, 0);color:#dd1313\" class=\"has-inline-color\">2018.02.11-\u00e9n 20:00-kor indul<\/mark>.<\/strong><\/p>\n\n\n\n<p>Ahogyan azt m\u00e1r az el\u0151z\u0151 rendezv\u00e9nyen is jelezt\u00fck, sajnos k\u00e9nytelenek voltunk emelni az esem\u00e9ny r\u00e9szv\u00e9teli d\u00edj\u00e1n, 1500 Ft-r\u00f3l 2000 Ft-ra. A r\u00e9szv\u00e9teli d\u00edjat term\u00e9szetesen tov\u00e1bbra is teljes eg\u00e9sz\u00e9ben a helysz\u00edn, tombola, k\u00e1v\u00e9sarok, \u00e9s a rendezv\u00e9ny egy\u00e9b k\u00f6lts\u00e9geinek finansz\u00edroz\u00e1s\u00e1ra ford\u00edtjuk.<\/p>\n\n\n\n<p><strong>Program<\/strong><\/p>\n\n\n\n<p>8:00-8:45&nbsp;<strong>Nyit\u00e1s \u00e9s gy\u00fclekez\u0151<br><\/strong>9:00-13:30&nbsp;<strong>D\u00e9lel\u0151tti mes\u00e9k<br><\/strong>13:30-14:30&nbsp;<strong>Eb\u00e9dsz\u00fcnet<br><\/strong>14:30-19:00&nbsp;<strong>D\u00e9lut\u00e1ni mes\u00e9k<br><\/strong>19:30-20:00&nbsp;<strong>Rendezv\u00e9nyz\u00e1r\u00f3, tombola<\/strong><\/p>\n\n\n\n<p><strong>Eg\u00e9sz napos mese<\/strong><\/p>\n\n\n\n<figure class=\"wp-block-table\"><table><thead><tr><td><strong>Id\u0151pont<\/strong><\/td><td><strong>Mese<\/strong><\/td><\/tr><\/thead><tbody><tr><td>2018. 02. 24.<br>09:00 &#8211; 19:00<\/td><td>Smaug Hagyat\u00e9ka<br><strong>Mes\u00e9l\u0151:<\/strong>&nbsp;Dor&nbsp;<strong>Rendszer:<\/strong>&nbsp;D&amp;D; 5e: Adventures In Middle-earth&nbsp;<strong>Szabad helyek:<\/strong>&nbsp;1<\/td><\/tr><\/tbody><\/table><\/figure>\n\n\n\n<p><strong>D\u00e9lel\u0151tti mes\u00e9k<\/strong><\/p>\n\n\n\n<figure class=\"wp-block-table\"><table><thead><tr><td><strong>Id\u0151pont<\/strong><\/td><td><strong>Mese<\/strong><\/td><\/tr><\/thead><tbody><tr><td>2018. 02. 24.<br>09:00 &#8211; 13:30<\/td><td>A felszabad\u00edt\u00f3k<br><strong>Mes\u00e9l\u0151:<\/strong>&nbsp;NeoPadre&nbsp;<strong>Rendszer:<\/strong>&nbsp;D&amp;D; 5&nbsp;<strong>Szabad helyek:<\/strong>&nbsp;0<\/td><\/tr><tr><td>2018. 02. 24.<br>09:00 &#8211; 13:30<\/td><td>Cs\u00e1sz\u00e1ri j\u00e1tszma<br><strong>Mes\u00e9l\u0151:<\/strong>&nbsp;Halathin&nbsp;<strong>Rendszer:<\/strong>&nbsp;Cthulhu 5. kiad\u00e1s&nbsp;<strong>Szabad helyek:<\/strong>&nbsp;0<\/td><\/tr><tr><td>2018. 02. 24.<br>09:00 &#8211; 13:30<\/td><td>El\u00e1tkozott Hortob\u00e1gy<br><strong>Mes\u00e9l\u0151:<\/strong>&nbsp;Alister&nbsp;<strong>Rendszer:<\/strong>&nbsp;Black Noir (Tech Noir hack)&nbsp;<strong>Szabad helyek:<\/strong>&nbsp;0<\/td><\/tr><tr><td>2018. 02. 24.<br>09:00 &#8211; 13:30<\/td><td>Glob\u00e1lis probl\u00e9m\u00e1k \u00e9s megold\u00e1suk<br><strong>Mes\u00e9l\u0151:<\/strong>&nbsp;Kysmacsek&nbsp;<strong>Rendszer:<\/strong>&nbsp;UNI-D12&nbsp;<strong>Szabad helyek:<\/strong>&nbsp;1<\/td><\/tr><tr><td>2018. 02. 24.<br>09:00 &#8211; 13:30<\/td><td>Kisv\u00e1rosi sz\u00f6rnyvad\u00e1szat<br><strong>Mes\u00e9l\u0151:<\/strong>&nbsp;Zagor&nbsp;<strong>Rendszer:<\/strong>&nbsp;Buffy rpg (Unisystem)&nbsp;<strong>Szabad helyek:<\/strong>&nbsp;3<\/td><\/tr><tr><td>2018. 02. 24.<br>09:00 &#8211; 13:30<\/td><td>M\u00e1r megint visszat\u00e9r\u00e9s a Wolfeinstein-kast\u00e9lyba!<br><strong>Mes\u00e9l\u0151:<\/strong>&nbsp;Bulldy&nbsp;<strong>Rendszer:<\/strong>&nbsp;Savage Worlds Deluxe&nbsp;<strong>Szabad helyek:<\/strong>&nbsp;1<\/td><\/tr><tr><td>2018. 02. 24.<br>09:00 &#8211; 13:30<\/td><td>Megh\u00edv\u00e1s Xyntillanba<br><strong>Mes\u00e9l\u0151:<\/strong>&nbsp;elGabor&nbsp;<strong>Rendszer:<\/strong>&nbsp;Kazamat\u00e1k \u00e9s Komp\u00e1ni\u00e1k&nbsp;<strong>Szabad helyek:<\/strong>&nbsp;0<\/td><\/tr><tr><td>2018. 02. 24.<br>09:00 &#8211; 13:30<\/td><td>Sz\u00e1rnyas veszedelem<br><strong>Mes\u00e9l\u0151:<\/strong>&nbsp;Galev&nbsp;<strong>Rendszer:<\/strong>&nbsp;D&amp;D5e; (csak alapk\u00f6nyv, 3.szint\u0171 kaland)&nbsp;<strong>Szabad helyek:<\/strong>&nbsp;1<\/td><\/tr><\/tbody><\/table><\/figure>\n\n\n\n<p><strong>D\u00e9lut\u00e1ni mes\u00e9k<\/strong><\/p>\n\n\n\n<figure class=\"wp-block-table\"><table><thead><tr><td><strong>Id\u0151pont<\/strong><\/td><td><strong>Mese<\/strong><\/td><\/tr><\/thead><tbody><tr><td>2018. 02. 24.<br>14:30 &#8211; 19:00<\/td><td>A brinl\u00f6kd\u0151l-v\u00f6lgyi f\u00e9regvad\u00e1szat<br><strong>Mes\u00e9l\u0151:<\/strong>&nbsp;Premier&nbsp;<strong>Rendszer:<\/strong>&nbsp;Vikings &amp; Valkyries&nbsp;<strong>Szabad helyek:<\/strong>&nbsp;0<\/td><\/tr><tr><td>2018. 02. 24.<br>14:30 &#8211; 19:00<\/td><td>A CHIAPASI TONINA REJT\u00c9LYE<br><strong>Mes\u00e9l\u0151:<\/strong>&nbsp;Rayko&nbsp;<strong>Rendszer:<\/strong>&nbsp;Vampire&nbsp;<strong>Szabad helyek:<\/strong>&nbsp;0<\/td><\/tr><tr><td>2018. 02. 24.<br>14:30 &#8211; 19:00<\/td><td>A min\u00f3taurosz csarnokai<br><strong>Mes\u00e9l\u0151:<\/strong>&nbsp;Kibic&nbsp;<strong>Rendszer:<\/strong>&nbsp;Dungeon Crawl Classics&nbsp;<strong>Szabad helyek:<\/strong>&nbsp;1<\/td><\/tr><tr><td>2018. 02. 24.<br>14:30 &#8211; 19:00<\/td><td>Menek\u00fcl\u00e9s Gundabadb\u00f3l<br><strong>Mes\u00e9l\u0151:<\/strong>&nbsp;Garaboncias&nbsp;<strong>Rendszer:<\/strong>&nbsp;Kard \u00e9s M\u00e1sodteremt\u00e9s&nbsp;<strong>Szabad helyek:<\/strong>&nbsp;1<\/td><\/tr><tr><td>2018. 02. 24.<br>14:30 &#8211; 19:00<\/td><td>Pomog\u00e1csvad\u00e1szok<br><strong>Mes\u00e9l\u0151:<\/strong>&nbsp;Glowface&nbsp;<strong>Rendszer:<\/strong>&nbsp;D&amp;D; 5&nbsp;<strong>Szabad helyek:<\/strong>&nbsp;0<\/td><\/tr><tr><td>2018. 02. 24.<br>14:30 &#8211; 19:00<\/td><td>Pudingok \u00e9s pac\u00e1k<br><strong>Mes\u00e9l\u0151:<\/strong>&nbsp;Marvin&nbsp;<strong>Rendszer:<\/strong>&nbsp;Kard \u00e9s m\u00e1gia&nbsp;<strong>Szabad helyek:<\/strong>&nbsp;1<\/td><\/tr><tr><td>2018. 02. 24.<br>14:30 &#8211; 19:00<\/td><td>Sose k\u00f6lt\u00f6zz P\u00e1h mell\u00e9<br><strong>Mes\u00e9l\u0151:<\/strong>&nbsp;Lenienn&nbsp;<strong>Rendszer:<\/strong>&nbsp;D6 adventure&nbsp;<strong>Szabad helyek:<\/strong>&nbsp;2<\/td><\/tr><tr><td>2018. 02. 24.<br>14:30 &#8211; 19:00<\/td><td>T\u00fczet t\u0171zzel<br><strong>Mes\u00e9l\u0151:<\/strong>&nbsp;Creep&nbsp;<strong>Rendszer:<\/strong>&nbsp;Numen\u00e9ra (els\u0151 kiad\u00e1s)&nbsp;<strong>Szabad helyek:<\/strong>&nbsp;0<\/td><\/tr><\/tbody><\/table><\/figure>\n\n\n\n<p><\/p>\n","protected":false},"excerpt":{"rendered":"<p>K\u00f6vetkez\u0151 tal\u00e1lkoz\u00f3nk a m\u00e1r megszokott fel\u00e1ll\u00e1s&nbsp;szerint tematikus \u00e9s f\u00fcggetlen&nbsp;mes\u00e9kkel, n\u00e9pszer\u0171 \u00e9s \u00ednyenc rendszerekkel is pr\u00f3b\u00e1lja sz\u00f3rakoztatni a Nagy\u00e9rdem\u0171t. T\u00e9m\u00e1nk pedig ez\u00fattal a&nbsp;\u2018Legend\u00e1s Sz\u00f6rnyek \u00e9s Kiv\u00e9gz\u00e9s\u00fck\u2019&nbsp;k\u00f3dnevet kapta, a k\u00f6zismert film nyom\u00e1n. Mind\u00f6ssze annyi a krit\u00e9rium, hogy a t\u00f6rt\u00e9netben t\u0171nj\u00f6n fel egy bestia \u2013 \u00e9s ker\u00fclj\u00f6n vesz\u00e9lybe, b\u00e1r ez val\u00f3sz\u00edn\u0171leg egy\u00e9rtelm\u0171en adja mag\u00e1t.&nbsp; Felt\u0171nhetnek ny\u00edltan vagy rejtve&#8230;<\/p>\n","protected":false},"author":1,"featured_media":0,"parent":506,"menu_order":7,"comment_status":"closed","ping_status":"closed","template":"","meta":{"_kadence_starter_templates_imported_post":false,"_kad_post_transparent":"","_kad_post_title":"","_kad_post_layout":"","_kad_post_sidebar_id":"","_kad_post_content_style":"","_kad_post_vertical_padding":"","_kad_post_feature":"","_kad_post_feature_position":"","_kad_post_header":false,"_kad_post_footer":false,"footnotes":""},"class_list":["post-81","page","type-page","status-publish","hentry"],"yoast_head":"<!-- This site is optimized with the Yoast SEO plugin v26.2 - https:\/\/yoast.com\/wordpress\/plugins\/seo\/ -->\n<title>VII. Legend\u00e1s Sz\u00f6rnyek \u00e9s Kiv\u00e9gz\u00e9s\u00fck - Kalandorok T\u00e1rsas\u00e1ga<\/title>\n<meta name=\"robots\" content=\"index, follow, max-snippet:-1, max-image-preview:large, max-video-preview:-1\" \/>\n<link rel=\"canonical\" href=\"https:\/\/kalandoroktarsasaga.hu\/index.php\/rendezvenyeink\/vii-legendas-szornyek-es-kivegzesuk\/\" \/>\n<meta property=\"og:locale\" content=\"hu_HU\" \/>\n<meta property=\"og:type\" content=\"article\" \/>\n<meta property=\"og:title\" content=\"VII. Legend\u00e1s Sz\u00f6rnyek \u00e9s Kiv\u00e9gz\u00e9s\u00fck - Kalandorok T\u00e1rsas\u00e1ga\" \/>\n<meta property=\"og:description\" content=\"K\u00f6vetkez\u0151 tal\u00e1lkoz\u00f3nk a m\u00e1r megszokott fel\u00e1ll\u00e1s&nbsp;szerint tematikus \u00e9s f\u00fcggetlen&nbsp;mes\u00e9kkel, n\u00e9pszer\u0171 \u00e9s \u00ednyenc rendszerekkel is pr\u00f3b\u00e1lja sz\u00f3rakoztatni a Nagy\u00e9rdem\u0171t. T\u00e9m\u00e1nk pedig ez\u00fattal a&nbsp;\u2018Legend\u00e1s Sz\u00f6rnyek \u00e9s Kiv\u00e9gz\u00e9s\u00fck\u2019&nbsp;k\u00f3dnevet kapta, a k\u00f6zismert film nyom\u00e1n. Mind\u00f6ssze annyi a krit\u00e9rium, hogy a t\u00f6rt\u00e9netben t\u0171nj\u00f6n fel egy bestia \u2013 \u00e9s ker\u00fclj\u00f6n vesz\u00e9lybe, b\u00e1r ez val\u00f3sz\u00edn\u0171leg egy\u00e9rtelm\u0171en adja mag\u00e1t.&nbsp; Felt\u0171nhetnek ny\u00edltan vagy rejtve...\" \/>\n<meta property=\"og:url\" content=\"https:\/\/kalandoroktarsasaga.hu\/index.php\/rendezvenyeink\/vii-legendas-szornyek-es-kivegzesuk\/\" \/>\n<meta property=\"og:site_name\" content=\"Kalandorok T\u00e1rsas\u00e1ga\" \/>\n<meta property=\"article:modified_time\" content=\"2023-09-22T16:41:44+00:00\" \/>\n<meta name=\"twitter:card\" content=\"summary_large_image\" \/>\n<meta name=\"twitter:label1\" content=\"Becs\u00fclt olvas\u00e1si id\u0151\" \/>\n\t<meta name=\"twitter:data1\" content=\"3 perc\" \/>\n<script type=\"application\/ld+json\" class=\"yoast-schema-graph\">{\"@context\":\"https:\/\/schema.org\",\"@graph\":[{\"@type\":\"WebPage\",\"@id\":\"https:\/\/kalandoroktarsasaga.hu\/index.php\/rendezvenyeink\/vii-legendas-szornyek-es-kivegzesuk\/\",\"url\":\"https:\/\/kalandoroktarsasaga.hu\/index.php\/rendezvenyeink\/vii-legendas-szornyek-es-kivegzesuk\/\",\"name\":\"VII. Legend\u00e1s Sz\u00f6rnyek \u00e9s Kiv\u00e9gz\u00e9s\u00fck - Kalandorok T\u00e1rsas\u00e1ga\",\"isPartOf\":{\"@id\":\"https:\/\/kalandoroktarsasaga.hu\/#website\"},\"datePublished\":\"2023-09-22T13:10:35+00:00\",\"dateModified\":\"2023-09-22T16:41:44+00:00\",\"breadcrumb\":{\"@id\":\"https:\/\/kalandoroktarsasaga.hu\/index.php\/rendezvenyeink\/vii-legendas-szornyek-es-kivegzesuk\/#breadcrumb\"},\"inLanguage\":\"hu\",\"potentialAction\":[{\"@type\":\"ReadAction\",\"target\":[\"https:\/\/kalandoroktarsasaga.hu\/index.php\/rendezvenyeink\/vii-legendas-szornyek-es-kivegzesuk\/\"]}]},{\"@type\":\"BreadcrumbList\",\"@id\":\"https:\/\/kalandoroktarsasaga.hu\/index.php\/rendezvenyeink\/vii-legendas-szornyek-es-kivegzesuk\/#breadcrumb\",\"itemListElement\":[{\"@type\":\"ListItem\",\"position\":1,\"name\":\"Kezd\u0151lap\",\"item\":\"https:\/\/kalandoroktarsasaga.hu\/\"},{\"@type\":\"ListItem\",\"position\":2,\"name\":\"Rendezv\u00e9nyeink\",\"item\":\"https:\/\/kalandoroktarsasaga.hu\/index.php\/rendezvenyeink\/\"},{\"@type\":\"ListItem\",\"position\":3,\"name\":\"VII. Legend\u00e1s Sz\u00f6rnyek \u00e9s Kiv\u00e9gz\u00e9s\u00fck\"}]},{\"@type\":\"WebSite\",\"@id\":\"https:\/\/kalandoroktarsasaga.hu\/#website\",\"url\":\"https:\/\/kalandoroktarsasaga.hu\/\",\"name\":\"Kalandorok T\u00e1rsas\u00e1ga\",\"description\":\"Szerepj\u00e1t\u00e9kos rendezv\u00e9nyeket szervez\u00fcnk - veletek, nektek\",\"publisher\":{\"@id\":\"https:\/\/kalandoroktarsasaga.hu\/#organization\"},\"potentialAction\":[{\"@type\":\"SearchAction\",\"target\":{\"@type\":\"EntryPoint\",\"urlTemplate\":\"https:\/\/kalandoroktarsasaga.hu\/?s={search_term_string}\"},\"query-input\":{\"@type\":\"PropertyValueSpecification\",\"valueRequired\":true,\"valueName\":\"search_term_string\"}}],\"inLanguage\":\"hu\"},{\"@type\":\"Organization\",\"@id\":\"https:\/\/kalandoroktarsasaga.hu\/#organization\",\"name\":\"Kalandorok T\u00e1rsas\u00e1ga\",\"url\":\"https:\/\/kalandoroktarsasaga.hu\/\",\"logo\":{\"@type\":\"ImageObject\",\"inLanguage\":\"hu\",\"@id\":\"https:\/\/kalandoroktarsasaga.hu\/#\/schema\/logo\/image\/\",\"url\":\"https:\/\/kalandoroktarsasaga.hu\/wp-content\/uploads\/2023\/08\/cropped-Logo-1.png\",\"contentUrl\":\"https:\/\/kalandoroktarsasaga.hu\/wp-content\/uploads\/2023\/08\/cropped-Logo-1.png\",\"width\":599,\"height\":832,\"caption\":\"Kalandorok T\u00e1rsas\u00e1ga\"},\"image\":{\"@id\":\"https:\/\/kalandoroktarsasaga.hu\/#\/schema\/logo\/image\/\"}}]}<\/script>\n<!-- \/ Yoast SEO plugin. -->","yoast_head_json":{"title":"VII. Legend\u00e1s Sz\u00f6rnyek \u00e9s Kiv\u00e9gz\u00e9s\u00fck - Kalandorok T\u00e1rsas\u00e1ga","robots":{"index":"index","follow":"follow","max-snippet":"max-snippet:-1","max-image-preview":"max-image-preview:large","max-video-preview":"max-video-preview:-1"},"canonical":"https:\/\/kalandoroktarsasaga.hu\/index.php\/rendezvenyeink\/vii-legendas-szornyek-es-kivegzesuk\/","og_locale":"hu_HU","og_type":"article","og_title":"VII. Legend\u00e1s Sz\u00f6rnyek \u00e9s Kiv\u00e9gz\u00e9s\u00fck - Kalandorok T\u00e1rsas\u00e1ga","og_description":"K\u00f6vetkez\u0151 tal\u00e1lkoz\u00f3nk a m\u00e1r megszokott fel\u00e1ll\u00e1s&nbsp;szerint tematikus \u00e9s f\u00fcggetlen&nbsp;mes\u00e9kkel, n\u00e9pszer\u0171 \u00e9s \u00ednyenc rendszerekkel is pr\u00f3b\u00e1lja sz\u00f3rakoztatni a Nagy\u00e9rdem\u0171t. T\u00e9m\u00e1nk pedig ez\u00fattal a&nbsp;\u2018Legend\u00e1s Sz\u00f6rnyek \u00e9s Kiv\u00e9gz\u00e9s\u00fck\u2019&nbsp;k\u00f3dnevet kapta, a k\u00f6zismert film nyom\u00e1n. Mind\u00f6ssze annyi a krit\u00e9rium, hogy a t\u00f6rt\u00e9netben t\u0171nj\u00f6n fel egy bestia \u2013 \u00e9s ker\u00fclj\u00f6n vesz\u00e9lybe, b\u00e1r ez val\u00f3sz\u00edn\u0171leg egy\u00e9rtelm\u0171en adja mag\u00e1t.&nbsp; Felt\u0171nhetnek ny\u00edltan vagy rejtve...","og_url":"https:\/\/kalandoroktarsasaga.hu\/index.php\/rendezvenyeink\/vii-legendas-szornyek-es-kivegzesuk\/","og_site_name":"Kalandorok T\u00e1rsas\u00e1ga","article_modified_time":"2023-09-22T16:41:44+00:00","twitter_card":"summary_large_image","twitter_misc":{"Becs\u00fclt olvas\u00e1si id\u0151":"3 perc"},"schema":{"@context":"https:\/\/schema.org","@graph":[{"@type":"WebPage","@id":"https:\/\/kalandoroktarsasaga.hu\/index.php\/rendezvenyeink\/vii-legendas-szornyek-es-kivegzesuk\/","url":"https:\/\/kalandoroktarsasaga.hu\/index.php\/rendezvenyeink\/vii-legendas-szornyek-es-kivegzesuk\/","name":"VII. Legend\u00e1s Sz\u00f6rnyek \u00e9s Kiv\u00e9gz\u00e9s\u00fck - Kalandorok T\u00e1rsas\u00e1ga","isPartOf":{"@id":"https:\/\/kalandoroktarsasaga.hu\/#website"},"datePublished":"2023-09-22T13:10:35+00:00","dateModified":"2023-09-22T16:41:44+00:00","breadcrumb":{"@id":"https:\/\/kalandoroktarsasaga.hu\/index.php\/rendezvenyeink\/vii-legendas-szornyek-es-kivegzesuk\/#breadcrumb"},"inLanguage":"hu","potentialAction":[{"@type":"ReadAction","target":["https:\/\/kalandoroktarsasaga.hu\/index.php\/rendezvenyeink\/vii-legendas-szornyek-es-kivegzesuk\/"]}]},{"@type":"BreadcrumbList","@id":"https:\/\/kalandoroktarsasaga.hu\/index.php\/rendezvenyeink\/vii-legendas-szornyek-es-kivegzesuk\/#breadcrumb","itemListElement":[{"@type":"ListItem","position":1,"name":"Kezd\u0151lap","item":"https:\/\/kalandoroktarsasaga.hu\/"},{"@type":"ListItem","position":2,"name":"Rendezv\u00e9nyeink","item":"https:\/\/kalandoroktarsasaga.hu\/index.php\/rendezvenyeink\/"},{"@type":"ListItem","position":3,"name":"VII. Legend\u00e1s Sz\u00f6rnyek \u00e9s Kiv\u00e9gz\u00e9s\u00fck"}]},{"@type":"WebSite","@id":"https:\/\/kalandoroktarsasaga.hu\/#website","url":"https:\/\/kalandoroktarsasaga.hu\/","name":"Kalandorok T\u00e1rsas\u00e1ga","description":"Szerepj\u00e1t\u00e9kos rendezv\u00e9nyeket szervez\u00fcnk - veletek, nektek","publisher":{"@id":"https:\/\/kalandoroktarsasaga.hu\/#organization"},"potentialAction":[{"@type":"SearchAction","target":{"@type":"EntryPoint","urlTemplate":"https:\/\/kalandoroktarsasaga.hu\/?s={search_term_string}"},"query-input":{"@type":"PropertyValueSpecification","valueRequired":true,"valueName":"search_term_string"}}],"inLanguage":"hu"},{"@type":"Organization","@id":"https:\/\/kalandoroktarsasaga.hu\/#organization","name":"Kalandorok T\u00e1rsas\u00e1ga","url":"https:\/\/kalandoroktarsasaga.hu\/","logo":{"@type":"ImageObject","inLanguage":"hu","@id":"https:\/\/kalandoroktarsasaga.hu\/#\/schema\/logo\/image\/","url":"https:\/\/kalandoroktarsasaga.hu\/wp-content\/uploads\/2023\/08\/cropped-Logo-1.png","contentUrl":"https:\/\/kalandoroktarsasaga.hu\/wp-content\/uploads\/2023\/08\/cropped-Logo-1.png","width":599,"height":832,"caption":"Kalandorok T\u00e1rsas\u00e1ga"},"image":{"@id":"https:\/\/kalandoroktarsasaga.hu\/#\/schema\/logo\/image\/"}}]}},"_links":{"self":[{"href":"https:\/\/kalandoroktarsasaga.hu\/index.php\/wp-json\/wp\/v2\/pages\/81","targetHints":{"allow":["GET"]}}],"collection":[{"href":"https:\/\/kalandoroktarsasaga.hu\/index.php\/wp-json\/wp\/v2\/pages"}],"about":[{"href":"https:\/\/kalandoroktarsasaga.hu\/index.php\/wp-json\/wp\/v2\/types\/page"}],"author":[{"embeddable":true,"href":"https:\/\/kalandoroktarsasaga.hu\/index.php\/wp-json\/wp\/v2\/users\/1"}],"replies":[{"embeddable":true,"href":"https:\/\/kalandoroktarsasaga.hu\/index.php\/wp-json\/wp\/v2\/comments?post=81"}],"version-history":[{"count":3,"href":"https:\/\/kalandoroktarsasaga.hu\/index.php\/wp-json\/wp\/v2\/pages\/81\/revisions"}],"predecessor-version":[{"id":497,"href":"https:\/\/kalandoroktarsasaga.hu\/index.php\/wp-json\/wp\/v2\/pages\/81\/revisions\/497"}],"up":[{"embeddable":true,"href":"https:\/\/kalandoroktarsasaga.hu\/index.php\/wp-json\/wp\/v2\/pages\/506"}],"wp:attachment":[{"href":"https:\/\/kalandoroktarsasaga.hu\/index.php\/wp-json\/wp\/v2\/media?parent=81"}],"curies":[{"name":"wp","href":"https:\/\/api.w.org\/{rel}","templated":true}]}}