{"id":88,"date":"2023-09-22T15:10:28","date_gmt":"2023-09-22T13:10:28","guid":{"rendered":"https:\/\/kalandoroktarsasaga.hu\/?page_id=88"},"modified":"2023-09-22T18:41:25","modified_gmt":"2023-09-22T16:41:25","slug":"x-a-halal-utolso-voros-titka","status":"publish","type":"page","link":"https:\/\/kalandoroktarsasaga.hu\/index.php\/rendezvenyeink\/x-a-halal-utolso-voros-titka\/","title":{"rendered":"X. A Hal\u00e1l Utols\u00f3, V\u00f6r\u00f6s Titka"},"content":{"rendered":"\n<p>K\u00f6vetkez\u0151 tal\u00e1lkoz\u00f3nk a m\u00e1r megszokott fel\u00e1ll\u00e1s&nbsp;szerint tematikus \u00e9s f\u00fcggetlen&nbsp;mes\u00e9kkel, n\u00e9pszer\u0171 \u00e9s \u00ednyenc rendszerekkel is pr\u00f3b\u00e1lja sz\u00f3rakoztatni a Nagy\u00e9rdem\u0171t.<\/p>\n\n\n\n<p>T\u00e9m\u00e1nk ez\u00fattal \u201cA Hal\u00e1l Utols\u00f3, V\u00f6r\u00f6s Titka\u201d nevet kapta, amely egy l\u00e1togat\u00f3nk \u00f6nszorgalomb\u00f3l v\u00e9gzett statisztik\u00e1j\u00e1nak eredm\u00e9ny\u00e9b\u0151l sz\u00fcletett: ezek a szavak szerepeltek legt\u00f6bbsz\u00f6r a rendezv\u00e9ny mes\u00e9inek c\u00edm\u00e9ben. C\u00e9lunk meg\u00fcnnepelni ezt a sz\u00e9p, kerek tizes sz\u00e1mot, m\u00e9ghozz\u00e1 kor\u00e1bbi j\u00f3 \u00e9lm\u00e9nyek feleleven\u00edt\u00e9s\u00e9vel, valami okn\u00e1l fogva kihagyott kalandok p\u00f3tl\u00e1si lehet\u0151s\u00e9g\u00e9vel. Tematik\u00e1nk ennek megfelel\u0151en szokatlan: kor\u00e1bbi mes\u00e9k \u00fajrames\u00e9l\u00e9s\u00e9t, \u00e1tdolgozott \u00faj megk\u00f6zel\u00edt\u00e9s\u00e9t, el\u0151zm\u00e9ny\u00e9t vagy folytat\u00e1s\u00e1t, illetve hom\u00e1zsait c\u00e9loztuk meg, azonos vagy ak\u00e1r m\u00e1s mes\u00e9l\u0151k el\u0151ad\u00e1s\u00e1ban!<\/p>\n\n\n\n<p>Term\u00e9szetesen nem csak a tematikus blokkba keres\u00fcnk mes\u00e9ket \u2013 szok\u00e1sunkhoz h\u00edven igyeksz\u00fcnk egy\u00e9b, az aktu\u00e1lis tematik\u00e1t\u00f3l el\u00fct\u0151 mes\u00e9knek is teret biztos\u00edtani. Ha van egy\u00e9b, lehet\u0151leg f\u00e9l nap alatt lemes\u00e9lhet\u0151 kalandod, amivel sz\u00edvesen emeln\u00e9d rendezv\u00e9ny\u00fcnk sz\u00ednvonal\u00e1t, jelentkez\u00e9sed h\u00e1l\u00e1san fogadjuk!<\/p>\n\n\n\n<p><strong>Id\u0151pont<\/strong>: 2020.02.29<\/p>\n\n\n\n<p><strong>Helysz\u00edn<\/strong>: Zugl\u00f3i Ifj\u00fas\u00e1gi Centrum, melynek b\u00e9rl\u00e9s\u00e9ben ism\u00e9t seg\u00edts\u00e9get kaptunk az <a href=\"http:\/\/larp.ostromjatek.hu\/jatekleirasok\/\">Ostromj\u00e1t\u00e9k Hagyom\u00e1ny\u0151rz\u0151 Egyes\u00fclet<\/a>t\u0151l.<\/p>\n\n\n\n<p><strong>C\u00edm: <\/strong>1145 Budapest, Uzsoki utca 57. Tet\u0151t\u00e9r (bej\u00e1rat a Kassai t\u00e9r fel\u0151l)<\/p>\n\n\n\n<p align=\"center\"><iframe src=\"https:\/\/www.google.com\/maps\/embed?pb=!1m14!1m8!1m3!1d10777.32063363106!2d19.0972447!3d47.5224349!3m2!1i1024!2i768!4f13.1!3m3!1m2!1s0x4741db9d587a07cd%3A0x360bf4dc9ae28bdb!2zWnVnbMOzaSBJZmrDunPDoWdpIENlbnRydW0!5e0!3m2!1shu!2shu!4v1691315503480!5m2!1shu!2shu\" width=\"600\" height=\"450\" style=\"border:0;\" allowfullscreen=\"\" loading=\"lazy\" referrerpolicy=\"no-referrer-when-downgrade\"><\/iframe><\/p>\n\n\n\n<p><strong>A rendezv\u00e9nyre a j\u00e1t\u00e9kosi jelentkez\u00e9s&nbsp;<mark style=\"background-color:rgba(0, 0, 0, 0);color:#dd1313\" class=\"has-inline-color\">2020.02.02, 20:00-kor indul<\/mark>!<\/strong><\/p>\n\n\n\n<p>Az esem\u00e9ny r\u00e9szv\u00e9tel d\u00edja 2000 Ft. A r\u00e9szv\u00e9teli d\u00edjat term\u00e9szetesen tov\u00e1bbra is teljes eg\u00e9sz\u00e9ben a helysz\u00edn, tombola, k\u00e1v\u00e9sarok, \u00e9s a rendezv\u00e9ny egy\u00e9b k\u00f6lts\u00e9geinek finansz\u00edroz\u00e1s\u00e1ra ford\u00edtjuk. A mes\u00e9l\u0151k sz\u00e1m\u00e1ra a rendezv\u00e9nyen val\u00f3 r\u00e9szv\u00e9tel szok\u00e1s szerint ingyenes!<\/p>\n\n\n\n<p><strong>Program<\/strong><\/p>\n\n\n\n<p>8:00-8:45&nbsp;<strong>Nyit\u00e1s \u00e9s gy\u00fclekez\u0151<br><\/strong>9:00-13:30&nbsp;<strong>D\u00e9lel\u0151tti mes\u00e9k<br><\/strong>13:30-14:30&nbsp;<strong>Eb\u00e9dsz\u00fcnet<br><\/strong>14:30-19:00&nbsp;<strong>D\u00e9lut\u00e1ni mes\u00e9k<br><\/strong>19:30-20:00&nbsp;<strong>Rendezv\u00e9nyz\u00e1r\u00f3, tombola<\/strong><br>20:00&nbsp;<strong>\u00c1tvonul\u00e1s a Helv\u00e9cia pubba, k\u00f6tetlen besz\u00e9lget\u00e9s \u00e9s s\u00f6r\u00f6z\u00e9s<\/strong><\/p>\n\n\n\n<p><strong>D\u00e9lel\u0151tti mes\u00e9k<\/strong><\/p>\n\n\n\n<figure class=\"wp-block-table\"><table><thead><tr><td><strong>Id\u0151pont<\/strong><\/td><td><strong>Mese<\/strong><\/td><\/tr><\/thead><tbody><tr><td>2020. 02. 29.<br>09:00 &#8211; 13:30<\/td><td>A B\u00e9k\u00e1k Bossz\u00faja 3: V\u00e9gs\u0151 Visszasz\u00e1ml\u00e1l\u00e1s<br><strong>Mes\u00e9l\u0151:<\/strong>&nbsp;elGabor&nbsp;<strong>Rendszer:<\/strong>&nbsp;Kard \u00e9s M\u00e1gia&nbsp;<strong>Szabad helyek:<\/strong>&nbsp;0<\/td><\/tr><tr><td>2020. 02. 29.<br>09:00 &#8211; 13:30<\/td><td>A brinl\u00f6kd\u0151l-v\u00f6lgyi f\u00e9regvad\u00e1szat<br><strong>Mes\u00e9l\u0151:<\/strong>&nbsp;Premier&nbsp;<strong>Rendszer:<\/strong>&nbsp;Vikings &amp; Valkyries&nbsp;<strong>Szabad helyek:<\/strong>&nbsp;0<\/td><\/tr><tr><td>2020. 02. 29.<br>09:00 &#8211; 13:30<\/td><td>A csillagtalan tenger haj\u00f3sai<br><strong>Mes\u00e9l\u0151:<\/strong>&nbsp;Ravenheart&nbsp;<strong>Rendszer:<\/strong>&nbsp;Dungeon Crawl Classics RPG&nbsp;<strong>Szabad helyek:<\/strong>&nbsp;0<\/td><\/tr><tr><td>2020. 02. 29.<br>09:00 &#8211; 13:30<\/td><td>A hal\u00e1l 600 arca<br><strong>Mes\u00e9l\u0151:<\/strong>&nbsp;Lenienn&nbsp;<strong>Rendszer:<\/strong>&nbsp;apocalypse world&nbsp;<strong>Szabad helyek:<\/strong>&nbsp;1<\/td><\/tr><tr><td>2020. 02. 29.<br>09:00 &#8211; 13:30<\/td><td>A Perg\u0151 Diszn\u00f3 hadm\u0171velet<br><strong>Mes\u00e9l\u0151:<\/strong>&nbsp;Marvin&nbsp;<strong>Rendszer:<\/strong>&nbsp;Into the Jungle&nbsp;<strong>Szabad helyek:<\/strong>&nbsp;0<\/td><\/tr><tr><td>2020. 02. 29.<br>09:00 &#8211; 13:30<\/td><td>A titokzatos z\u00e1rda esete<br><strong>Mes\u00e9l\u0151:<\/strong>&nbsp;Ratface&nbsp;<strong>Rendszer:<\/strong>&nbsp;Helv\u00e9czia&nbsp;<strong>Szabad helyek:<\/strong>&nbsp;0<\/td><\/tr><tr><td>2020. 02. 29.<br>09:00 &#8211; 13:30<\/td><td>Glaedmoor zsiv\u00e1nyai<br><strong>Mes\u00e9l\u0151:<\/strong>&nbsp;Glowface&nbsp;<strong>Rendszer:<\/strong>&nbsp;D&amp;D; 5e&nbsp;<strong>Szabad helyek:<\/strong>&nbsp;0<\/td><\/tr><tr><td>2020. 02. 29.<br>09:00 &#8211; 13:30<\/td><td>Siralomv\u00e1r zsiv\u00e1nyai &#8211; egy &#8222;Elbukott Birodalom&#8221; t\u00f6rt\u00e9net<br><strong>Mes\u00e9l\u0151:<\/strong>&nbsp;Chomy&nbsp;<strong>Rendszer:<\/strong>&nbsp;AD&amp;D; 2nd&nbsp;<strong>Szabad helyek:<\/strong>&nbsp;0<\/td><\/tr><\/tbody><\/table><\/figure>\n\n\n\n<p><strong>D\u00e9lut\u00e1ni mes\u00e9k<\/strong><\/p>\n\n\n\n<figure class=\"wp-block-table\"><table><thead><tr><td><strong>Id\u0151pont<\/strong><\/td><td><strong>Mese<\/strong><\/td><\/tr><\/thead><tbody><tr><td>2020. 02. 29.<br>14:30 &#8211; 19:00<\/td><td>A Hal\u00e1l Utols\u00f3, X. V\u00f6r\u00f6s Titka<br><strong>Mes\u00e9l\u0151:<\/strong>&nbsp;Urban&nbsp;<strong>Rendszer:<\/strong>&nbsp;Story Game Mixtape vol. 2.&nbsp;<strong>Szabad helyek:<\/strong>&nbsp;0<\/td><\/tr><tr><td>2020. 02. 29.<br>14:30 &#8211; 19:00<\/td><td>A Pirkadat le\u00e1nya<br><strong>Mes\u00e9l\u0151:<\/strong>&nbsp;Talbot&nbsp;<strong>Rendszer:<\/strong>&nbsp;AD&amp;D; 2nd&nbsp;<strong>Szabad helyek:<\/strong>&nbsp;0<\/td><\/tr><tr><td>2020. 02. 29.<br>14:30 &#8211; 19:00<\/td><td>Az \u00e9kszer\u00e9sz, aki csillagporral kereskedett<br><strong>Mes\u00e9l\u0151:<\/strong>&nbsp;Kibic&nbsp;<strong>Rendszer:<\/strong>&nbsp;Sharp Swords &amp; Sinister Spells&nbsp;<strong>Szabad helyek:<\/strong>&nbsp;1<\/td><\/tr><tr><td>2020. 02. 29.<br>14:30 &#8211; 19:00<\/td><td>M\u00e9csbogarak ideje<br><strong>Mes\u00e9l\u0151:<\/strong>&nbsp;Garabonci\u00e1s&nbsp;<strong>Rendszer:<\/strong>&nbsp;Kard \u00e9s M\u00e1sodteremt\u00e9s&nbsp;<strong>Szabad helyek:<\/strong>&nbsp;0<\/td><\/tr><tr><td>2020. 02. 29.<br>14:30 &#8211; 19:00<\/td><td>Solares kisasszony k\u00fcl\u00f6n\u00f6s k\u00e1lv\u00e1ri\u00e1ja<br><strong>Mes\u00e9l\u0151:<\/strong>&nbsp;Narmor&nbsp;<strong>Rendszer:<\/strong>&nbsp;Helv\u00e9czia&nbsp;<strong>Szabad helyek:<\/strong>&nbsp;0<\/td><\/tr><tr><td>2020. 02. 29.<br>14:30 &#8211; 19:00<\/td><td>Utols\u00f3 es\u00e9ly<br><strong>Mes\u00e9l\u0151:<\/strong>&nbsp;Doc&nbsp;<strong>Rendszer:<\/strong>&nbsp;D&amp;D; 5e&nbsp;<strong>Szabad helyek:<\/strong>&nbsp;0<\/td><\/tr><tr><td>2020. 02. 29.<br>14:30 &#8211; 19:00<\/td><td>Xyntillan kast\u00e9lya<br><strong>Mes\u00e9l\u0151:<\/strong>&nbsp;Gothpunk&nbsp;<strong>Rendszer:<\/strong>&nbsp;OSE&nbsp;<strong>Szabad helyek:<\/strong>&nbsp;0<\/td><\/tr><tr><td>2020. 02. 29.<br>14:30 &#8211; 19:00<\/td><td>Yuhr z\u00f6ld f\u00e9nye<br><strong>Mes\u00e9l\u0151:<\/strong>&nbsp;Dor&nbsp;<strong>Rendszer:<\/strong>&nbsp;D&amp;D; 5e&nbsp;<strong>Szabad helyek:<\/strong>&nbsp;0<\/td><\/tr><\/tbody><\/table><\/figure>\n","protected":false},"excerpt":{"rendered":"<p>K\u00f6vetkez\u0151 tal\u00e1lkoz\u00f3nk a m\u00e1r megszokott fel\u00e1ll\u00e1s&nbsp;szerint tematikus \u00e9s f\u00fcggetlen&nbsp;mes\u00e9kkel, n\u00e9pszer\u0171 \u00e9s \u00ednyenc rendszerekkel is pr\u00f3b\u00e1lja sz\u00f3rakoztatni a Nagy\u00e9rdem\u0171t. T\u00e9m\u00e1nk ez\u00fattal \u201cA Hal\u00e1l Utols\u00f3, V\u00f6r\u00f6s Titka\u201d nevet kapta, amely egy l\u00e1togat\u00f3nk \u00f6nszorgalomb\u00f3l v\u00e9gzett statisztik\u00e1j\u00e1nak eredm\u00e9ny\u00e9b\u0151l sz\u00fcletett: ezek a szavak szerepeltek legt\u00f6bbsz\u00f6r a rendezv\u00e9ny mes\u00e9inek c\u00edm\u00e9ben. C\u00e9lunk meg\u00fcnnepelni ezt a sz\u00e9p, kerek tizes sz\u00e1mot, m\u00e9ghozz\u00e1 kor\u00e1bbi j\u00f3&#8230;<\/p>\n","protected":false},"author":1,"featured_media":0,"parent":506,"menu_order":10,"comment_status":"closed","ping_status":"closed","template":"","meta":{"_kadence_starter_templates_imported_post":false,"_kad_post_transparent":"","_kad_post_title":"","_kad_post_layout":"","_kad_post_sidebar_id":"","_kad_post_content_style":"","_kad_post_vertical_padding":"","_kad_post_feature":"","_kad_post_feature_position":"","_kad_post_header":false,"_kad_post_footer":false,"footnotes":""},"class_list":["post-88","page","type-page","status-publish","hentry"],"yoast_head":"<!-- This site is optimized with the Yoast SEO plugin v26.2 - https:\/\/yoast.com\/wordpress\/plugins\/seo\/ -->\n<title>X. A Hal\u00e1l Utols\u00f3, V\u00f6r\u00f6s Titka - Kalandorok T\u00e1rsas\u00e1ga<\/title>\n<meta name=\"robots\" content=\"index, follow, max-snippet:-1, max-image-preview:large, max-video-preview:-1\" \/>\n<link rel=\"canonical\" href=\"https:\/\/kalandoroktarsasaga.hu\/index.php\/rendezvenyeink\/x-a-halal-utolso-voros-titka\/\" \/>\n<meta property=\"og:locale\" content=\"hu_HU\" \/>\n<meta property=\"og:type\" content=\"article\" \/>\n<meta property=\"og:title\" content=\"X. A Hal\u00e1l Utols\u00f3, V\u00f6r\u00f6s Titka - Kalandorok T\u00e1rsas\u00e1ga\" \/>\n<meta property=\"og:description\" content=\"K\u00f6vetkez\u0151 tal\u00e1lkoz\u00f3nk a m\u00e1r megszokott fel\u00e1ll\u00e1s&nbsp;szerint tematikus \u00e9s f\u00fcggetlen&nbsp;mes\u00e9kkel, n\u00e9pszer\u0171 \u00e9s \u00ednyenc rendszerekkel is pr\u00f3b\u00e1lja sz\u00f3rakoztatni a Nagy\u00e9rdem\u0171t. T\u00e9m\u00e1nk ez\u00fattal \u201cA Hal\u00e1l Utols\u00f3, V\u00f6r\u00f6s Titka\u201d nevet kapta, amely egy l\u00e1togat\u00f3nk \u00f6nszorgalomb\u00f3l v\u00e9gzett statisztik\u00e1j\u00e1nak eredm\u00e9ny\u00e9b\u0151l sz\u00fcletett: ezek a szavak szerepeltek legt\u00f6bbsz\u00f6r a rendezv\u00e9ny mes\u00e9inek c\u00edm\u00e9ben. C\u00e9lunk meg\u00fcnnepelni ezt a sz\u00e9p, kerek tizes sz\u00e1mot, m\u00e9ghozz\u00e1 kor\u00e1bbi j\u00f3...\" \/>\n<meta property=\"og:url\" content=\"https:\/\/kalandoroktarsasaga.hu\/index.php\/rendezvenyeink\/x-a-halal-utolso-voros-titka\/\" \/>\n<meta property=\"og:site_name\" content=\"Kalandorok T\u00e1rsas\u00e1ga\" \/>\n<meta property=\"article:modified_time\" content=\"2023-09-22T16:41:25+00:00\" \/>\n<meta name=\"twitter:card\" content=\"summary_large_image\" \/>\n<meta name=\"twitter:label1\" content=\"Becs\u00fclt olvas\u00e1si id\u0151\" \/>\n\t<meta name=\"twitter:data1\" content=\"3 perc\" \/>\n<script type=\"application\/ld+json\" class=\"yoast-schema-graph\">{\"@context\":\"https:\/\/schema.org\",\"@graph\":[{\"@type\":\"WebPage\",\"@id\":\"https:\/\/kalandoroktarsasaga.hu\/index.php\/rendezvenyeink\/x-a-halal-utolso-voros-titka\/\",\"url\":\"https:\/\/kalandoroktarsasaga.hu\/index.php\/rendezvenyeink\/x-a-halal-utolso-voros-titka\/\",\"name\":\"X. A Hal\u00e1l Utols\u00f3, V\u00f6r\u00f6s Titka - Kalandorok T\u00e1rsas\u00e1ga\",\"isPartOf\":{\"@id\":\"https:\/\/kalandoroktarsasaga.hu\/#website\"},\"datePublished\":\"2023-09-22T13:10:28+00:00\",\"dateModified\":\"2023-09-22T16:41:25+00:00\",\"breadcrumb\":{\"@id\":\"https:\/\/kalandoroktarsasaga.hu\/index.php\/rendezvenyeink\/x-a-halal-utolso-voros-titka\/#breadcrumb\"},\"inLanguage\":\"hu\",\"potentialAction\":[{\"@type\":\"ReadAction\",\"target\":[\"https:\/\/kalandoroktarsasaga.hu\/index.php\/rendezvenyeink\/x-a-halal-utolso-voros-titka\/\"]}]},{\"@type\":\"BreadcrumbList\",\"@id\":\"https:\/\/kalandoroktarsasaga.hu\/index.php\/rendezvenyeink\/x-a-halal-utolso-voros-titka\/#breadcrumb\",\"itemListElement\":[{\"@type\":\"ListItem\",\"position\":1,\"name\":\"Kezd\u0151lap\",\"item\":\"https:\/\/kalandoroktarsasaga.hu\/\"},{\"@type\":\"ListItem\",\"position\":2,\"name\":\"Rendezv\u00e9nyeink\",\"item\":\"https:\/\/kalandoroktarsasaga.hu\/index.php\/rendezvenyeink\/\"},{\"@type\":\"ListItem\",\"position\":3,\"name\":\"X. A Hal\u00e1l Utols\u00f3, V\u00f6r\u00f6s Titka\"}]},{\"@type\":\"WebSite\",\"@id\":\"https:\/\/kalandoroktarsasaga.hu\/#website\",\"url\":\"https:\/\/kalandoroktarsasaga.hu\/\",\"name\":\"Kalandorok T\u00e1rsas\u00e1ga\",\"description\":\"Szerepj\u00e1t\u00e9kos rendezv\u00e9nyeket szervez\u00fcnk - veletek, nektek\",\"publisher\":{\"@id\":\"https:\/\/kalandoroktarsasaga.hu\/#organization\"},\"potentialAction\":[{\"@type\":\"SearchAction\",\"target\":{\"@type\":\"EntryPoint\",\"urlTemplate\":\"https:\/\/kalandoroktarsasaga.hu\/?s={search_term_string}\"},\"query-input\":{\"@type\":\"PropertyValueSpecification\",\"valueRequired\":true,\"valueName\":\"search_term_string\"}}],\"inLanguage\":\"hu\"},{\"@type\":\"Organization\",\"@id\":\"https:\/\/kalandoroktarsasaga.hu\/#organization\",\"name\":\"Kalandorok T\u00e1rsas\u00e1ga\",\"url\":\"https:\/\/kalandoroktarsasaga.hu\/\",\"logo\":{\"@type\":\"ImageObject\",\"inLanguage\":\"hu\",\"@id\":\"https:\/\/kalandoroktarsasaga.hu\/#\/schema\/logo\/image\/\",\"url\":\"https:\/\/kalandoroktarsasaga.hu\/wp-content\/uploads\/2023\/08\/cropped-Logo-1.png\",\"contentUrl\":\"https:\/\/kalandoroktarsasaga.hu\/wp-content\/uploads\/2023\/08\/cropped-Logo-1.png\",\"width\":599,\"height\":832,\"caption\":\"Kalandorok T\u00e1rsas\u00e1ga\"},\"image\":{\"@id\":\"https:\/\/kalandoroktarsasaga.hu\/#\/schema\/logo\/image\/\"}}]}<\/script>\n<!-- \/ Yoast SEO plugin. -->","yoast_head_json":{"title":"X. A Hal\u00e1l Utols\u00f3, V\u00f6r\u00f6s Titka - Kalandorok T\u00e1rsas\u00e1ga","robots":{"index":"index","follow":"follow","max-snippet":"max-snippet:-1","max-image-preview":"max-image-preview:large","max-video-preview":"max-video-preview:-1"},"canonical":"https:\/\/kalandoroktarsasaga.hu\/index.php\/rendezvenyeink\/x-a-halal-utolso-voros-titka\/","og_locale":"hu_HU","og_type":"article","og_title":"X. A Hal\u00e1l Utols\u00f3, V\u00f6r\u00f6s Titka - Kalandorok T\u00e1rsas\u00e1ga","og_description":"K\u00f6vetkez\u0151 tal\u00e1lkoz\u00f3nk a m\u00e1r megszokott fel\u00e1ll\u00e1s&nbsp;szerint tematikus \u00e9s f\u00fcggetlen&nbsp;mes\u00e9kkel, n\u00e9pszer\u0171 \u00e9s \u00ednyenc rendszerekkel is pr\u00f3b\u00e1lja sz\u00f3rakoztatni a Nagy\u00e9rdem\u0171t. T\u00e9m\u00e1nk ez\u00fattal \u201cA Hal\u00e1l Utols\u00f3, V\u00f6r\u00f6s Titka\u201d nevet kapta, amely egy l\u00e1togat\u00f3nk \u00f6nszorgalomb\u00f3l v\u00e9gzett statisztik\u00e1j\u00e1nak eredm\u00e9ny\u00e9b\u0151l sz\u00fcletett: ezek a szavak szerepeltek legt\u00f6bbsz\u00f6r a rendezv\u00e9ny mes\u00e9inek c\u00edm\u00e9ben. C\u00e9lunk meg\u00fcnnepelni ezt a sz\u00e9p, kerek tizes sz\u00e1mot, m\u00e9ghozz\u00e1 kor\u00e1bbi j\u00f3...","og_url":"https:\/\/kalandoroktarsasaga.hu\/index.php\/rendezvenyeink\/x-a-halal-utolso-voros-titka\/","og_site_name":"Kalandorok T\u00e1rsas\u00e1ga","article_modified_time":"2023-09-22T16:41:25+00:00","twitter_card":"summary_large_image","twitter_misc":{"Becs\u00fclt olvas\u00e1si id\u0151":"3 perc"},"schema":{"@context":"https:\/\/schema.org","@graph":[{"@type":"WebPage","@id":"https:\/\/kalandoroktarsasaga.hu\/index.php\/rendezvenyeink\/x-a-halal-utolso-voros-titka\/","url":"https:\/\/kalandoroktarsasaga.hu\/index.php\/rendezvenyeink\/x-a-halal-utolso-voros-titka\/","name":"X. A Hal\u00e1l Utols\u00f3, V\u00f6r\u00f6s Titka - Kalandorok T\u00e1rsas\u00e1ga","isPartOf":{"@id":"https:\/\/kalandoroktarsasaga.hu\/#website"},"datePublished":"2023-09-22T13:10:28+00:00","dateModified":"2023-09-22T16:41:25+00:00","breadcrumb":{"@id":"https:\/\/kalandoroktarsasaga.hu\/index.php\/rendezvenyeink\/x-a-halal-utolso-voros-titka\/#breadcrumb"},"inLanguage":"hu","potentialAction":[{"@type":"ReadAction","target":["https:\/\/kalandoroktarsasaga.hu\/index.php\/rendezvenyeink\/x-a-halal-utolso-voros-titka\/"]}]},{"@type":"BreadcrumbList","@id":"https:\/\/kalandoroktarsasaga.hu\/index.php\/rendezvenyeink\/x-a-halal-utolso-voros-titka\/#breadcrumb","itemListElement":[{"@type":"ListItem","position":1,"name":"Kezd\u0151lap","item":"https:\/\/kalandoroktarsasaga.hu\/"},{"@type":"ListItem","position":2,"name":"Rendezv\u00e9nyeink","item":"https:\/\/kalandoroktarsasaga.hu\/index.php\/rendezvenyeink\/"},{"@type":"ListItem","position":3,"name":"X. A Hal\u00e1l Utols\u00f3, V\u00f6r\u00f6s Titka"}]},{"@type":"WebSite","@id":"https:\/\/kalandoroktarsasaga.hu\/#website","url":"https:\/\/kalandoroktarsasaga.hu\/","name":"Kalandorok T\u00e1rsas\u00e1ga","description":"Szerepj\u00e1t\u00e9kos rendezv\u00e9nyeket szervez\u00fcnk - veletek, nektek","publisher":{"@id":"https:\/\/kalandoroktarsasaga.hu\/#organization"},"potentialAction":[{"@type":"SearchAction","target":{"@type":"EntryPoint","urlTemplate":"https:\/\/kalandoroktarsasaga.hu\/?s={search_term_string}"},"query-input":{"@type":"PropertyValueSpecification","valueRequired":true,"valueName":"search_term_string"}}],"inLanguage":"hu"},{"@type":"Organization","@id":"https:\/\/kalandoroktarsasaga.hu\/#organization","name":"Kalandorok T\u00e1rsas\u00e1ga","url":"https:\/\/kalandoroktarsasaga.hu\/","logo":{"@type":"ImageObject","inLanguage":"hu","@id":"https:\/\/kalandoroktarsasaga.hu\/#\/schema\/logo\/image\/","url":"https:\/\/kalandoroktarsasaga.hu\/wp-content\/uploads\/2023\/08\/cropped-Logo-1.png","contentUrl":"https:\/\/kalandoroktarsasaga.hu\/wp-content\/uploads\/2023\/08\/cropped-Logo-1.png","width":599,"height":832,"caption":"Kalandorok T\u00e1rsas\u00e1ga"},"image":{"@id":"https:\/\/kalandoroktarsasaga.hu\/#\/schema\/logo\/image\/"}}]}},"_links":{"self":[{"href":"https:\/\/kalandoroktarsasaga.hu\/index.php\/wp-json\/wp\/v2\/pages\/88","targetHints":{"allow":["GET"]}}],"collection":[{"href":"https:\/\/kalandoroktarsasaga.hu\/index.php\/wp-json\/wp\/v2\/pages"}],"about":[{"href":"https:\/\/kalandoroktarsasaga.hu\/index.php\/wp-json\/wp\/v2\/types\/page"}],"author":[{"embeddable":true,"href":"https:\/\/kalandoroktarsasaga.hu\/index.php\/wp-json\/wp\/v2\/users\/1"}],"replies":[{"embeddable":true,"href":"https:\/\/kalandoroktarsasaga.hu\/index.php\/wp-json\/wp\/v2\/comments?post=88"}],"version-history":[{"count":2,"href":"https:\/\/kalandoroktarsasaga.hu\/index.php\/wp-json\/wp\/v2\/pages\/88\/revisions"}],"predecessor-version":[{"id":495,"href":"https:\/\/kalandoroktarsasaga.hu\/index.php\/wp-json\/wp\/v2\/pages\/88\/revisions\/495"}],"up":[{"embeddable":true,"href":"https:\/\/kalandoroktarsasaga.hu\/index.php\/wp-json\/wp\/v2\/pages\/506"}],"wp:attachment":[{"href":"https:\/\/kalandoroktarsasaga.hu\/index.php\/wp-json\/wp\/v2\/media?parent=88"}],"curies":[{"name":"wp","href":"https:\/\/api.w.org\/{rel}","templated":true}]}}